{"id":996,"date":"2018-04-06T17:48:34","date_gmt":"2018-04-06T17:48:34","guid":{"rendered":"http:\/\/cofecon.org.br\/transparencia\/?page_id=996"},"modified":"2026-01-28T12:49:49","modified_gmt":"2026-01-28T12:49:49","slug":"pe","status":"publish","type":"page","link":"https:\/\/cofecon.org.br\/transparencia\/?page_id=996","title":{"rendered":"Corecon &#8211; PE"},"content":{"rendered":"\t\t<div data-elementor-type=\"wp-page\" data-elementor-id=\"996\" class=\"elementor elementor-996\">\n\t\t\t\t\t\t<section class=\"elementor-section elementor-top-section elementor-element elementor-element-4c43a8f6 elementor-section-boxed elementor-section-height-default elementor-section-height-default\" data-id=\"4c43a8f6\" data-element_type=\"section\">\n\t\t\t\t\t\t<div class=\"elementor-container elementor-column-gap-default\">\n\t\t\t\t\t<div class=\"elementor-column elementor-col-100 elementor-top-column elementor-element elementor-element-50e06e61\" data-id=\"50e06e61\" data-element_type=\"column\">\n\t\t\t<div class=\"elementor-widget-wrap elementor-element-populated\">\n\t\t\t\t\t\t<div class=\"elementor-element elementor-element-69a38f50 elementor-widget elementor-widget-text-editor\" data-id=\"69a38f50\" data-element_type=\"widget\" data-widget_type=\"text-editor.default\">\n\t\t\t\t<div class=\"elementor-widget-container\">\n\t\t\t\t\t\t\t\t\t<div align=\"left\"><p><img decoding=\"async\" src=\"http:\/\/cofecon.org.br\/transparencia\/wp-content\/uploads\/2024\/11\/corecon-17.png\" alt=\"\" width=\"348\" height=\"112\" \/><\/p><div><div align=\"left\"><strong>CONSELHO REGIONAL DE ECONOMIA &#8211; 3\u00aa REGI\u00c3O &#8211; PE<\/strong><br \/><strong>Site:<\/strong> ww.coreconpe.gov.br<\/div><div align=\"left\"><strong>E-mail:<\/strong> gerencia@coreconpe.gov.br; coreconpe@coreconpe.gov.br; financeiro@coreconpe.gov.br; atendimento@coreconpe.gov.br; juridico@coreconpe.gov.br; fiscalizacao@coreconpe.gov.br; comunicacao@coreconpe.gov.br<\/div><div align=\"left\"><strong>CNPJ:<\/strong> 01.698.061\/0001-37 <br \/><strong>Endere\u00e7o:<\/strong> Rua do Riachuelo, Ed. C\u00edrculo Cat\u00f3lico, 105 sala 212 &#8211; Boa Vista<br \/>Recife \/ PE CEP 50050-400<br \/><strong>Telefones:<\/strong>(81) 3039-8842 \/ (81) 3221-2473 \/ (81) 99985-8433<br \/><strong>Respons\u00e1vel Direto:<\/strong> Rayssa Kelly Melo das Merc\u00eas \/ Gerente Executiva \/ 81 3221-2473\/(81) 99991-8759<br \/><strong>E-mail:<\/strong> gerencia@coreconpe.gov.br;<br \/><strong>Presidente:<\/strong> Keynis C\u00e2ndido de Souto<br \/><strong>Vice-Presidente:<\/strong> Jos\u00e9 Farias Gomes Filho<\/div><\/div><\/div>\t\t\t\t\t\t\t\t<\/div>\n\t\t\t\t<\/div>\n\t\t\t\t\t<\/div>\n\t\t<\/div>\n\t\t\t\t\t<\/div>\n\t\t<\/section>\n\t\t\t\t<\/div>\n\t\t","protected":false},"excerpt":{"rendered":"<p>CONSELHO REGIONAL DE ECONOMIA &#8211; 3\u00aa REGI\u00c3O &#8211; PESite: ww.coreconpe.gov.brE-mail: gerencia@coreconpe.gov.br; coreconpe@coreconpe.gov.br; financeiro@coreconpe.gov.br; atendimento@coreconpe.gov.br; juridico@coreconpe.gov.br; fiscalizacao@coreconpe.gov.br; comunicacao@coreconpe.gov.brCNPJ: 01.698.061\/0001-37 Endere\u00e7o: Rua do Riachuelo, Ed. C\u00edrculo Cat\u00f3lico, 105 sala 212 &#8211; Boa VistaRecife \/ PE CEP 50050-400Telefones:(81) 3039-8842 \/ (81) 3221-2473 \/ (81) 99985-8433Respons\u00e1vel Direto: Rayssa Kelly Melo das Merc\u00eas \/ Gerente Executiva \/ 81 3221-2473\/(81) 99991-8759E-mail: &hellip; <a href=\"https:\/\/cofecon.org.br\/transparencia\/?page_id=996\" class=\"more-link\">Continue reading <span class=\"screen-reader-text\">Corecon &#8211; PE<\/span><\/a><\/p>\n","protected":false},"author":11,"featured_media":0,"parent":912,"menu_order":0,"comment_status":"closed","ping_status":"closed","template":"","meta":{"footnotes":""},"class_list":["post-996","page","type-page","status-publish","hentry"],"_links":{"self":[{"href":"https:\/\/cofecon.org.br\/transparencia\/index.php?rest_route=\/wp\/v2\/pages\/996"}],"collection":[{"href":"https:\/\/cofecon.org.br\/transparencia\/index.php?rest_route=\/wp\/v2\/pages"}],"about":[{"href":"https:\/\/cofecon.org.br\/transparencia\/index.php?rest_route=\/wp\/v2\/types\/page"}],"author":[{"embeddable":true,"href":"https:\/\/cofecon.org.br\/transparencia\/index.php?rest_route=\/wp\/v2\/users\/11"}],"replies":[{"embeddable":true,"href":"https:\/\/cofecon.org.br\/transparencia\/index.php?rest_route=%2Fwp%2Fv2%2Fcomments&post=996"}],"version-history":[{"count":31,"href":"https:\/\/cofecon.org.br\/transparencia\/index.php?rest_route=\/wp\/v2\/pages\/996\/revisions"}],"predecessor-version":[{"id":10433,"href":"https:\/\/cofecon.org.br\/transparencia\/index.php?rest_route=\/wp\/v2\/pages\/996\/revisions\/10433"}],"up":[{"embeddable":true,"href":"https:\/\/cofecon.org.br\/transparencia\/index.php?rest_route=\/wp\/v2\/pages\/912"}],"wp:attachment":[{"href":"https:\/\/cofecon.org.br\/transparencia\/index.php?rest_route=%2Fwp%2Fv2%2Fmedia&parent=996"}],"curies":[{"name":"wp","href":"https:\/\/api.w.org\/{rel}","templated":true}]}}