{"id":9412,"date":"2025-02-17T18:55:38","date_gmt":"2025-02-17T18:55:38","guid":{"rendered":"https:\/\/cofecon.org.br\/transparencia\/?page_id=9412"},"modified":"2026-04-15T20:55:18","modified_gmt":"2026-04-15T20:55:18","slug":"portarias-2025","status":"publish","type":"page","link":"https:\/\/cofecon.org.br\/transparencia\/?page_id=9412","title":{"rendered":"Portarias-2025"},"content":{"rendered":"\t\t<div data-elementor-type=\"wp-page\" data-elementor-id=\"9412\" class=\"elementor elementor-9412\">\n\t\t\t\t\t\t<section class=\"elementor-section elementor-top-section elementor-element elementor-element-72ecbdd8 elementor-section-boxed elementor-section-height-default elementor-section-height-default\" data-id=\"72ecbdd8\" data-element_type=\"section\">\n\t\t\t\t\t\t<div class=\"elementor-container elementor-column-gap-default\">\n\t\t\t\t\t<div class=\"elementor-column elementor-col-100 elementor-top-column elementor-element elementor-element-5544a532\" data-id=\"5544a532\" data-element_type=\"column\">\n\t\t\t<div class=\"elementor-widget-wrap elementor-element-populated\">\n\t\t\t\t\t\t<div class=\"elementor-element elementor-element-414fcbd0 elementor-widget__width-initial elementor-widget elementor-widget-text-editor\" data-id=\"414fcbd0\" data-element_type=\"widget\" data-widget_type=\"text-editor.default\">\n\t\t\t\t<div class=\"elementor-widget-container\">\n\t\t\t\t\t\t\t\t\t<table border=\"0\" align=\"center\">\n<tbody>\n<tr>\n<th scope=\"row\" align=\"center\" valign=\"middle\" width=\"134\">\n<p dir=\"ltr\" align=\"left\"><strong><span style=\"text-decoration: underline;\"><span style=\"font-size: 10pt;\">Portaria N\u00ba:<\/span><\/span><\/strong><\/p>\n<\/th>\n<th scope=\"row\" align=\"center\" valign=\"middle\" width=\"499\">\n<p align=\"center\"><strong><span style=\"text-decoration: underline;\"><span style=\"font-size: 10pt;\">Assunto:<\/span><\/span><\/strong><\/p>\n<\/th>\n<\/tr>\n<tr>\n<td>\n<p align=\"center\">01<\/p>\n<\/td>\n<td>\n<p align=\"left\"><a href=\"https:\/\/cofecon.org.br\/transparencia\/files\/atos_normativos\/Port\/2025\/Portaria_2001-09.01.2025-AutorizacolaboradorestesourariaCofecon.pdf\"> Autoriza colaboradores a responderem pela Tesouraria do Cofecon.\n<\/a><\/p>\n<\/td>\n<\/tr>\n<tr>\n<td>\n<p align=\"center\">02<\/p>\n<\/td>\n<td>\n<p align=\"left\"><a href=\"https:\/\/cofecon.org.br\/transparencia\/files\/atos_normativos\/Port\/2025\/Portaria_02-09.01.2025_autorizasuprimentodefundos.pdf\">Autoriza Jane Lopes da Silva e Ana Claudia Ramos Pinto a receberem e utilizarem o suprimento de fundos via cart\u00e3o de pagamento do Conselho Federal de Econonomia.\n<\/a><\/p>\n<\/td>\n<\/tr>\n<tr>\n<td>\n<p align=\"center\">03<\/p>\n<\/td>\n<td>\n<p align=\"left\"><a href=\"https:\/\/cofecon.org.br\/transparencia\/files\/atos_normativos\/Port\/2025\/Portaria_03-16.01.2025-SIGILOSO.pdf\">Documento SIGILOSO.<\/a><\/p>\n<a href=\"https:\/\/cofecon.org.br\/transparencia\/files\/atos_normativos\/Port\/2024\/Port-2024(3).pdf\">\u00a0<\/a>\n\n&nbsp;<\/td>\n<\/tr>\n<tr>\n<td>\n<p align=\"center\">04<\/p>\n<\/td>\n<td>\n<p align=\"left\"><a href=\"https:\/\/cofecon.org.br\/transparencia\/files\/atos_normativos\/Port\/2025\/Portaria_04-27.01.2025-Designaagentescontratacao_pregoeirosequipedeapoio.pdf\">Designa Agentes de Contrata\u00e7\u00e3o, Equipe de apoio, Pregoeiros Oficiais respons\u00e1veis pela condu\u00e7\u00e3o de procedimentos de Dispensa Eletr\u00f4nica por meio do Portal de Compras do Governo Federal.<\/a><\/p>\n<a href=\"https:\/\/cofecon.org.br\/transparencia\/files\/atos_normativos\/Port\/2024\/Port-2024(4).pdf\">\u00a0<\/a>\n\n&nbsp;<\/td>\n<\/tr>\n<tr>\n<td>\n<p align=\"center\">05<\/p>\n<\/td>\n<td>\n<p align=\"left\"><a href=\"https:\/\/cofecon.org.br\/transparencia\/files\/atos_normativos\/Port\/2025\/Portaria_05-10.02.2025-ComissoeseGruposdeTrabalho.pdf\"> Designa a composi\u00e7\u00e3o das Comiss\u00f5es Tem\u00e1ticas e dos Grupos de Trabalho do Cofecon &#8211; 2025.<\/a><\/p>\n<\/td>\n<\/tr>\n<tr>\n<td>\n<p align=\"center\">06<\/p>\n<\/td>\n<td>\n<p align=\"left\"><a href=\"https:\/\/cofecon.org.br\/transparencia\/files\/atos_normativos\/Port\/2025\/Port-2025(6).pdf\"> Nomeia o assessor Paulo Roberto Samuel Alves J\u00fanior para exercer, cumulativamente, e em substitui\u00e7\u00e3o tempor\u00e1ria, o cargo em comiss\u00e3o de Procurador-Geral do Cofecon.\n<\/a><\/p>\n<\/td>\n<\/tr>\n<tr>\n<td>\n<p align=\"center\">07<\/p>\n<\/td>\n<td>\n<p align=\"left\"><a href=\"https:\/\/cofecon.org.br\/transparencia\/files\/atos_normativos\/Port\/2025\/Port-2025(7).pdf\"> Ratifica as coordena\u00e7\u00f5es e designa membros das Comiss\u00f5es Tem\u00e1ticas e dos Grupos de Trabalho do Cofecon &#8211; 2025.\n<\/a><\/p>\n<\/td>\n<\/tr>\n<tr>\n<td>\n<p align=\"center\">08<\/p>\n<\/td>\n<td>\n<p align=\"left\"><a href=\"https:\/\/cofecon.org.br\/transparencia\/files\/atos_normativos\/Port\/2025\/Port-2025(8).pdf\"> Nomeia Jo\u00e3o Henrique Viera Costa para exercer, cumulativamente, e em substitui\u00e7\u00e3o tempor\u00e1ria, o cargo em comiss\u00e3o de Coordenador do Cofecon.\n<\/a><\/p>\n<\/td>\n<\/tr>\n<tr>\n<td>\n<p align=\"center\">09<\/p>\n<\/td>\n<td>\n<p align=\"left\"><a href=\"https:\/\/cofecon.org.br\/transparencia\/files\/atos_normativos\/Port\/2025\/Port-2025(9).pdf\"> Constitui a Comiss\u00e3o de Negocia\u00e7\u00e3o Funcional.\n<\/a><\/p>\n<\/td>\n<\/tr>\n<tr>\n<td>\n<p align=\"center\">10<\/p>\n<\/td>\n<td>\n<p align=\"left\"><a href=\"https:\/\/cofecon.org.br\/transparencia\/files\/atos_normativos\/Port\/2025\/Port-2025(10).pdf\"> Atualiza o valor das di\u00e1rias conforme varia\u00e7\u00e3o acumulada do INPC no per\u00edodo de maio de 2024 a abril de 2025.\n<\/a><\/p>\n<\/td>\n<\/tr>\n<tr>\n<td>\n<p align=\"center\">11<\/p>\n<\/td>\n<td>\n<p align=\"left\"><a href=\"https:\/\/cofecon.org.br\/transparencia\/files\/atos_normativos\/Port\/2025\/Port-2025(11).pdf\"> Designa a composi\u00e7\u00e3o da Comiss\u00e3o Eleitoral do\nConselho Federal de Economia &#8211; Cofecon, para o\nexerc\u00edcio de 2025.\n<\/a><\/p>\n<\/td>\n<\/tr>\n<tr>\n<td>\n<p align=\"center\">12<\/p>\n<\/td>\n<td>\n<p align=\"left\"><a href=\"https:\/\/cofecon.org.br\/transparencia\/files\/atos_normativos\/Port\/2025\/Port-2025(12).pdf\"> Nomeia Ana Claudia Ramos Pinto para exercer,\ncumulativamente, e em substitui\u00e7\u00e3o tempor\u00e1ria, o\ncargo em comiss\u00e3o de Superintendente do Cofecon.<\/a><\/p>\n<\/td>\n<\/tr>\n<tr>\n<td>\n<p align=\"center\">13<\/p>\n<\/td>\n<td>\n<p align=\"left\"><a href=\"https:\/\/cofecon.org.br\/transparencia\/files\/atos_normativos\/Port\/2025\/Port-2025(13).pdf\"> Reajusta o Valor-piso da Hora de Trabalho do\nEconomista &#8211; VHTE pelo IPCA (IBGE).\n<\/a><\/p>\n<\/td>\n<\/tr>\n<tr>\n<td>\n<p align=\"center\">14<\/p>\n<\/td>\n<td>\n<p align=\"left\"><a href=\"#\"> Anulada\n<\/a><\/p>\n<\/td>\n<\/tr>\n<tr>\n<td>\n<p align=\"center\">15<\/p>\n<\/td>\n<td>\n<p align=\"left\"><a href=\"#\"> Anulada\n<\/a><\/p>\n<\/td>\n<\/tr>\n<tr>\n<td>\n<p align=\"center\">16<\/p>\n<\/td>\n<td>\n<p align=\"left\"><a href=\"http:\/\/cofecon.org.br\/transparencia\/wp-content\/uploads\/2026\/04\/Portaria-16-11.09.2025-SIGILOSO-141100.000225.2025-26.pdf\"> Sigiloso\n<\/a><\/p>\n<\/td>\n<\/tr>\n<tr>\n<td>\n<p align=\"center\">17<\/p>\n<\/td>\n<td>\n<p align=\"left\"><a href=\"http:\/\/cofecon.org.br\/transparencia\/wp-content\/uploads\/2025\/12\/Portaria-17-SEI_0130435_.pdf\"> Designa membros das Comiss\u00f5es Tem\u00e1ticas e dos Grupos de Trabalho do Cofecon &#8211; 2025\n<\/a><\/p>\n<\/td>\n<\/tr>\n<tr>\n<td>\n<p align=\"center\">18<\/p>\n<\/td>\n<td>\n<p align=\"left\"><a href=\"http:\/\/cofecon.org.br\/transparencia\/wp-content\/uploads\/2025\/12\/Portaria-18-20.08.2025-Cria-Comissao-Avaliadora-DQSE.pdf\"> Designa membros da Comiss\u00e3o Avaliadora do 10\u00ba Desafio Quero Ser Economista &#8211; 2025.\n<\/a><\/p>\n<\/td>\n<\/tr>\n<tr>\n<td>\n<p align=\"center\">19<\/p>\n<\/td>\n<td>\n<p align=\"left\"><a href=\"http:\/\/cofecon.org.br\/transparencia\/wp-content\/uploads\/2026\/04\/Portaria-19-26.11.2025-SIGILOSO-141113.000186.2025-18.pdf\"> Sigiloso\n<\/a><\/p>\n<\/td>\n<\/tr>\n<tr>\n<td>\n<p align=\"center\">20<\/p>\n<\/td>\n<td>\n<p align=\"left\"><a href=\"http:\/\/cofecon.org.br\/transparencia\/wp-content\/uploads\/2026\/04\/Portaria-20-28.11.2025-SIGILOSO-141100.000333.2025-07.pdf\"> Sigiloso\n<\/a><\/p>\n<\/td>\n<\/tr>\n<tr>\n<td>\n<p align=\"center\">21<\/p>\n<\/td>\n<td>\n<p align=\"left\"><a href=\"http:\/\/cofecon.org.br\/transparencia\/wp-content\/uploads\/2025\/12\/Portaria-21-02.12.2025-Cria-Comissao-Avaliadora-Paul-Singer.pdf\"> Designa membros da Comiss\u00e3o Avaliadora do Pr\u00eamio Paul Singer- 2025\n<\/a><\/p>\n<\/td>\n<\/tr>\n<tr>\n<td>\n<p align=\"center\">22<\/p>\n<\/td>\n<td>\n<p align=\"left\"><a href=\"http:\/\/cofecon.org.br\/transparencia\/wp-content\/uploads\/2026\/04\/Portaria-22-04.12.2025-SIGILOSO-141100.000225.2025-26.pdf\"> Sigiloso\n<\/a><\/p>\n<\/td>\n<\/tr>\n<\/tbody>\n<\/table>\t\t\t\t\t\t\t\t<\/div>\n\t\t\t\t<\/div>\n\t\t\t\t\t<\/div>\n\t\t<\/div>\n\t\t\t\t\t<\/div>\n\t\t<\/section>\n\t\t\t\t<\/div>\n\t\t","protected":false},"excerpt":{"rendered":"<p>Portaria N\u00ba: Assunto: 01 Autoriza colaboradores a responderem pela Tesouraria do Cofecon. 02 Autoriza Jane Lopes da Silva e Ana Claudia Ramos Pinto a receberem e utilizarem o suprimento de fundos via cart\u00e3o de pagamento do Conselho Federal de Econonomia. 03 Documento SIGILOSO. \u00a0 &nbsp; 04 Designa Agentes de Contrata\u00e7\u00e3o, Equipe de apoio, Pregoeiros Oficiais &hellip; <a href=\"https:\/\/cofecon.org.br\/transparencia\/?page_id=9412\" class=\"more-link\">Continue reading <span class=\"screen-reader-text\">Portarias-2025<\/span><\/a><\/p>\n","protected":false},"author":11,"featured_media":0,"parent":0,"menu_order":0,"comment_status":"closed","ping_status":"closed","template":"","meta":{"footnotes":""},"class_list":["post-9412","page","type-page","status-publish","hentry"],"_links":{"self":[{"href":"https:\/\/cofecon.org.br\/transparencia\/index.php?rest_route=\/wp\/v2\/pages\/9412"}],"collection":[{"href":"https:\/\/cofecon.org.br\/transparencia\/index.php?rest_route=\/wp\/v2\/pages"}],"about":[{"href":"https:\/\/cofecon.org.br\/transparencia\/index.php?rest_route=\/wp\/v2\/types\/page"}],"author":[{"embeddable":true,"href":"https:\/\/cofecon.org.br\/transparencia\/index.php?rest_route=\/wp\/v2\/users\/11"}],"replies":[{"embeddable":true,"href":"https:\/\/cofecon.org.br\/transparencia\/index.php?rest_route=%2Fwp%2Fv2%2Fcomments&post=9412"}],"version-history":[{"count":53,"href":"https:\/\/cofecon.org.br\/transparencia\/index.php?rest_route=\/wp\/v2\/pages\/9412\/revisions"}],"predecessor-version":[{"id":10726,"href":"https:\/\/cofecon.org.br\/transparencia\/index.php?rest_route=\/wp\/v2\/pages\/9412\/revisions\/10726"}],"wp:attachment":[{"href":"https:\/\/cofecon.org.br\/transparencia\/index.php?rest_route=%2Fwp%2Fv2%2Fmedia&parent=9412"}],"curies":[{"name":"wp","href":"https:\/\/api.w.org\/{rel}","templated":true}]}}