{"id":9393,"date":"2025-02-17T12:36:23","date_gmt":"2025-02-17T12:36:23","guid":{"rendered":"https:\/\/cofecon.org.br\/transparencia\/?page_id=9393"},"modified":"2026-04-15T17:51:27","modified_gmt":"2026-04-15T17:51:27","slug":"deliberacoes-2025","status":"publish","type":"page","link":"https:\/\/cofecon.org.br\/transparencia\/?page_id=9393","title":{"rendered":"Deliberacoes-2025"},"content":{"rendered":"\t\t<div data-elementor-type=\"wp-page\" data-elementor-id=\"9393\" class=\"elementor elementor-9393\">\n\t\t\t\t\t\t<section class=\"elementor-section elementor-top-section elementor-element elementor-element-40d7358 elementor-section-boxed elementor-section-height-default elementor-section-height-default\" data-id=\"40d7358\" data-element_type=\"section\">\n\t\t\t\t\t\t<div class=\"elementor-container elementor-column-gap-default\">\n\t\t\t\t\t<div class=\"elementor-column elementor-col-100 elementor-top-column elementor-element elementor-element-9d58f4c\" data-id=\"9d58f4c\" data-element_type=\"column\">\n\t\t\t<div class=\"elementor-widget-wrap elementor-element-populated\">\n\t\t\t\t\t\t<div class=\"elementor-element elementor-element-88d9083 elementor-widget elementor-widget-html\" data-id=\"88d9083\" data-element_type=\"widget\" data-widget_type=\"html.default\">\n\t\t\t\t<div class=\"elementor-widget-container\">\n\t\t\t\t\t<table border=\"0\" align=\"center\">\r\n<tbody>\r\n<tr>\r\n<th scope=\"row\" align=\"center\" valign=\"middle\" width=\"134\">\r\n<p dir=\"ltr\" align=\"left\"><strong><span style=\"text-decoration: underline;\"><span style=\"font-size: 10pt;\">Delibera\u00e7\u00f5es N\u00ba:<\/span><\/span><\/strong><\/p>\r\n<\/th>\r\n<th scope=\"row\" align=\"center\" valign=\"middle\" width=\"499\">\r\n<p align=\"center\"><strong><span style=\"text-decoration: underline;\"><span style=\"font-size: 10pt;\">Assunto:<\/span><\/span><\/strong><\/p>\r\n<\/th>\r\n<\/tr>\r\n\r\n<tr>\r\n<td>\r\n<p align=\"center\">5100<\/p>\r\n<\/td>\r\n<td><a href=\"https:\/\/cofecon.org.br\/transparencia\/files\/atos_normativos\/Del\/2025\/Del2025-5100.pdf\" target=\"_blank\" rel=\"noopener noreferrer\">Aprova o registro, nos Conselhos Regionais de Economia, dos egressos do Programa de P\u00f3s-Gradua\u00e7\u00e3o Stricto Sensu do Doutorado Profissional em Economia - \u00c1rea de Concentra\u00e7\u00e3o: \u201cEconomia Aplicada\u201d - UFPE.\r\n<\/a><\/td>\r\n<\/tr>\r\n\r\n<tr>\r\n<td>\r\n<p align=\"center\">5101<\/p>\r\n<\/td>\r\n<td><a href=\"https:\/\/cofecon.org.br\/transparencia\/files\/atos_normativos\/Del\/2025\/Del2025-5101.pdf\" target=\"_blank\" rel=\"noopener noreferrer\">Homologa os processos administrativos apreciados na 740\u00aa Sess\u00e3o Plen\u00e1ria Ampliada Ordin\u00e1ria do Conselho Federal de Economia.\r\n<\/a><\/td>\r\n<\/tr>\r\n\r\n<tr>\r\n<td>\r\n<p align=\"center\">5102<\/p>\r\n<\/td>\r\n<td><a href=\"https:\/\/cofecon.org.br\/transparencia\/files\/atos_normativos\/Del\/2025\/Del2025-5102.pdf\" target=\"_blank\" rel=\"noopener noreferrer\">Homologa os processos cont\u00e1beis apreciados na 740\u00aa Sess\u00e3o Plen\u00e1ria Ordin\u00e1ria Ampliada do Conselho Federal de Economia.\r\n\r\n<\/a><\/td>\r\n<\/tr>\r\n\r\n<tr>\r\n<td>\r\n<p align=\"center\">5103<\/p>\r\n<\/td>\r\n<td><a href=\"https:\/\/cofecon.org.br\/transparencia\/files\/atos_normativos\/Del\/2025\/Del2025-5103.pdf\" target=\"_blank\" rel=\"noopener noreferrer\">Aprova o registro, nos Conselhos Regionais de Economia, de egressos do Programa de P\u00f3sGradua\u00e7\u00e3o Stricto Sensu em Economia Universidade Estadual de Maring\u00e1 e regulamenta seu respectivo campo de atua\u00e7\u00e3o profissional, e d\u00e1 outras provid\u00eancias.\r\n\r\n<\/a><\/td>\r\n<\/tr>\r\n\r\n<tr>\r\n<td>\r\n<p align=\"center\">5104<\/p>\r\n<\/td>\r\n<td><a href=\"https:\/\/cofecon.org.br\/transparencia\/files\/atos_normativos\/Del\/2025\/Del2025-5104.pdf\" target=\"_blank\" rel=\"noopener noreferrer\">Aprova o registro, nos Conselhos Regionais de Economia, dos egressos do curso de Bacharelado em Rela\u00e7\u00f5es Internacionais da Escola Superior de Propaganda e Marketing (ESPM). \r\n<\/a><\/td>\r\n<\/tr>\r\n\r\n<tr>\r\n<td>\r\n<p align=\"center\">5105<\/p>\r\n<\/td>\r\n<td><a href=\"https:\/\/cofecon.org.br\/transparencia\/files\/atos_normativos\/Del\/2025\/Del2025-5105.pdf\" target=\"_blank\" rel=\"noopener noreferrer\">Homologa os processos cont\u00e1beis apreciados na 741\u00aa Sess\u00e3o Plen\u00e1ria Ordin\u00e1ria Ampliada do Conselho Federal de Economia.\r\n<\/a><\/td>\r\n<\/tr>\r\n\r\n<tr>\r\n<td>\r\n<p align=\"center\">5106<\/p>\r\n<\/td>\r\n<td><a href=\"https:\/\/cofecon.org.br\/transparencia\/files\/atos_normativos\/Del\/2025\/Del2025-5106.pdf\" target=\"_blank\" rel=\"noopener noreferrer\">Homologa os processos administrativos apreciados na 741\u00aa Sess\u00e3o Plen\u00e1ria Ordin\u00e1ria do Conselho Federal de Economia.\r\n<\/a><\/td>\r\n<\/tr>\r\n\r\n<tr>\r\n<td>\r\n<p align=\"center\">5107<\/p>\r\n<\/td>\r\n<td><a href=\"https:\/\/cofecon.org.br\/transparencia\/files\/atos_normativos\/Del\/2025\/Del2025-5107.pdf\" target=\"_blank\" rel=\"noopener noreferrer\">Aprova o registro, nos Conselhos Regionais de Economia, de egressos dos Programas de P\u00f3s-Gradua\u00e7\u00e3o Stricto Sensu em Economia e regulamenta seus respectivos campos de atua\u00e7\u00e3o profissional, e d\u00e1 outras provid\u00eancias.\r\n<\/a><\/td>\r\n<\/tr>\r\n\r\n<tr>\r\n<td>\r\n<p align=\"center\">5108<\/p>\r\n<\/td>\r\n<td><a href=\"https:\/\/cofecon.org.br\/transparencia\/files\/atos_normativos\/Del\/2025\/Del2025-5108.pdf\" target=\"_blank\" rel=\"noopener noreferrer\">Disp\u00f5e sobre quest\u00f5es trabalhistas e reajuste das Tabelas Salariais do Plano de Cargos e Sal\u00e1rios - PCS e das Tabelas Salariais e das Gratifica\u00e7\u00f5es dos cargos e fun\u00e7\u00f5es de livre provimento do Cofecon.\r\n<\/a><\/td>\r\n<\/tr>\r\n\r\n<tr>\r\n<td>\r\n<p align=\"center\">5109<\/p>\r\n<\/td>\r\n<td><a href=\"https:\/\/cofecon.org.br\/transparencia\/files\/atos_normativos\/Del\/2025\/Del2025-5109.pdf\" target=\"_blank\" rel=\"noopener noreferrer\">Homologa os processos cont\u00e1beis apreciados na 742\u00aa Sess\u00e3o Plen\u00e1ria Ordin\u00e1ria Ampliada do Conselho Federal de Economia.\r\n<\/a><\/td>\r\n<\/tr>\r\n\r\n<tr>\r\n<td>\r\n<p align=\"center\">5110<\/p>\r\n<\/td>\r\n<td><a href=\"https:\/\/cofecon.org.br\/transparencia\/files\/atos_normativos\/Del\/2025\/Del2025-5110.pdf\" target=\"_blank\" rel=\"noopener noreferrer\">Homologa os processos administrativos apreciados na 742\u00aa Sess\u00e3o Plen\u00e1ria Ampliada Ordin\u00e1ria do\r\nConselho Federal de Economia.\r\n<\/a><\/td>\r\n<\/tr>\r\n\r\n<tr>\r\n<td>\r\n<p align=\"center\">5111<\/p>\r\n<\/td>\r\n<td><a href=\"https:\/\/cofecon.org.br\/transparencia\/files\/atos_normativos\/Del\/2025\/Del2025-5111.pdf\" target=\"_blank\" rel=\"noopener noreferrer\">Aprova o registro, nos Conselhos Regionais de Economia, dos egressos dos Cursos conexos ao de Economia.\r\n<\/a><\/td>\r\n<\/tr>\r\n\r\n<tr>\r\n<td>\r\n<p align=\"center\">5112<\/p>\r\n<\/td>\r\n<td><a href=\"https:\/\/cofecon.org.br\/transparencia\/files\/atos_normativos\/Del\/2025\/Del2025-5112.pdf\" target=\"_blank\" rel=\"noopener noreferrer\">Aprova o registro, nos Conselhos Regionais de Economia, de egressos dos Programas de P\u00f3s-Gradua\u00e7\u00e3o Stricto Sensu em Economia e regulamenta seus respectivos campos de atua\u00e7\u00e3o profissional, e d\u00e1 outras provid\u00eancias.\r\n<\/a><\/td>\r\n<\/tr>\r\n\r\n<tr>\r\n<td>\r\n<p align=\"center\">5113<\/p>\r\n<\/td>\r\n<td><a href=\"https:\/\/cofecon.org.br\/transparencia\/files\/atos_normativos\/Del\/2025\/Del2025-5113.pdf\" target=\"_blank\" rel=\"noopener noreferrer\">SIGILOSO.\r\n<\/a><\/td>\r\n<\/tr>\r\n\r\n<tr>\r\n<td>\r\n<p align=\"center\">5114<\/p>\r\n<\/td>\r\n<td><a href=\"https:\/\/cofecon.org.br\/transparencia\/files\/atos_normativos\/Del\/2025\/Del2025-5114.pdf\" target=\"_blank\" rel=\"noopener noreferrer\">Homologa os processos cont\u00e1beis apreciados na 743\u00aa\r\nSess\u00e3o Plen\u00e1ria Extraordin\u00e1ria do Conselho Federal\r\nde Economia.\r\n<\/a><\/td>\r\n<\/tr>\r\n\r\n<tr>\r\n<td>\r\n<p align=\"center\">5115<\/p>\r\n<\/td>\r\n<td><a href=\"https:\/\/cofecon.org.br\/transparencia\/files\/atos_normativos\/Del\/2025\/Del2025-5115.pdf\" target=\"_blank\" rel=\"noopener noreferrer\">Homologa os processos administrativos apreciados\r\nna 743\u00aa Sess\u00e3o Plen\u00e1ria Extraordin\u00e1ria Virtual do\r\nConselho Federal de Economia.\r\n<\/a><\/td>\r\n<\/tr>\r\n\r\n<tr>\r\n<td>\r\n<p align=\"center\">5116<\/p>\r\n<\/td>\r\n<td><a href=\"https:\/\/cofecon.org.br\/transparencia\/files\/atos_normativos\/Del\/2025\/Del2025-5116.pdf\" target=\"_blank\" rel=\"noopener noreferrer\">Aprova o registro, nos Conselhos Regionais de\r\nEconomia, de egressos dos Programas de P\u00f3sGradua\u00e7\u00e3o Stricto Sensu em Economia e\r\nregulamenta seus respectivos campos de atua\u00e7\u00e3o\r\nprofissional, e d\u00e1 outras provid\u00eancias.\r\n\r\n<\/a><\/td>\r\n<\/tr>\r\n\r\n<tr>\r\n<td>\r\n<p align=\"center\">5117<\/p>\r\n<\/td>\r\n<td><a href=\"https:\/\/cofecon.org.br\/transparencia\/files\/atos_normativos\/Del\/2025\/Del2025-5117.pdf\" target=\"_blank\" rel=\"noopener noreferrer\">Aprova o registro, nos Conselhos Regionais de\r\nEconomia, dos egressos dos Cursos conexos ao de\r\nEconomia.\r\n\r\n<\/a><\/td>\r\n<\/tr>\r\n\r\n<tr>\r\n<td>\r\n<p align=\"center\">5118<\/p>\r\n<\/td>\r\n<td><a href=\"https:\/\/cofecon.org.br\/transparencia\/files\/atos_normativos\/Del\/2025\/Del2025-5118.pdf\" target=\"_blank\" rel=\"noopener noreferrer\">Homologa o processo cont\u00e1bil apreciado na 743\u00aa\r\nSess\u00e3o Plen\u00e1ria Extraordin\u00e1ria do Conselho Federal\r\nde Economia.\r\n\r\n\r\n<\/a><\/td>\r\n<\/tr>\r\n\r\n<tr>\r\n<td>\r\n<p align=\"center\">5119<\/p>\r\n<\/td>\r\n<td><a href=\"http:\/\/cofecon.org.br\/transparencia\/wp-content\/uploads\/2026\/04\/Deliberacao-5.119-25.07.2025-Auxilio-Encontro-Mulher-2025.pdf\" target=\"_blank\" rel=\"noopener noreferrer\">Aprova aux\u00edlio financeiro para realiza\u00e7\u00e3o do III \r\nEncontro da Mulher Economista. \r\n\r\n\r\n<\/a><\/td>\r\n<\/tr>\r\n<tr>\r\n<td>\r\n<p align=\"center\">5120<\/p>\r\n<\/td>\r\n<td><a href=\"https:\/\/cofecon.org.br\/transparencia\/files\/atos_normativos\/Del\/2025\/Del2025-5120.pdf\" target=\"_blank\" rel=\"noopener noreferrer\">Homologa os processos cont\u00e1beis apreciados na 744\u00aa\r\nSess\u00e3o Plen\u00e1ria Ordin\u00e1ria do Conselho Federal de\r\nEconomia.\r\n\r\n\r\n\r\n<\/a><\/td>\r\n<\/tr>\r\n\r\n<tr>\r\n<td>\r\n<p align=\"center\">5121<\/p>\r\n<\/td>\r\n<td><a href=\"https:\/\/cofecon.org.br\/transparencia\/files\/atos_normativos\/Del\/2025\/Del2025-5121.pdf\" target=\"_blank\" rel=\"noopener noreferrer\">Homologa os processos administrativos apreciados\r\nna 744\u00aa Sess\u00e3o Plen\u00e1ria Ordin\u00e1ria do Conselho\r\nFederal de Economia.\r\n<\/a><\/td>\r\n<\/tr>\r\n\r\n<tr>\r\n<td>\r\n<p align=\"center\">5122<\/p>\r\n<\/td>\r\n<td><a href=\"https:\/\/cofecon.org.br\/transparencia\/files\/atos_normativos\/Del\/2025\/Del2025-5122.pdf\" target=\"_blank\" rel=\"noopener noreferrer\">SIGILOSO\r\n\r\n\r\n<\/a><\/td>\r\n<\/tr>\r\n\r\n\r\n<tr>\r\n<td>\r\n<p align=\"center\">5123<\/p>\r\n<\/td>\r\n<td><a href=\"https:\/\/cofecon.org.br\/transparencia\/files\/atos_normativos\/Del\/2025\/Del2025-5123.pdf\" target=\"_blank\" rel=\"noopener noreferrer\">Homologa os processos cont\u00e1beis apreciados na 745\u00aa \r\nSess\u00e3o Plen\u00e1ria Ordin\u00e1ria do Conselho Federal de \r\nEconomia.-<\/a><\/td>\r\n<\/tr>\r\n\r\n<tr>\r\n<td>\r\n<p align=\"center\">5124<\/p>\r\n<\/td>\r\n<td><a href=\"https:\/\/cofecon.org.br\/transparencia\/files\/atos_normativos\/Del\/2025\/Del2025-5124.pdf\" target=\"_blank\" rel=\"noopener noreferrer\">Homologa os processos administrativos apreciados \r\nna 745\u00aa Sess\u00e3o Plen\u00e1ria Ordin\u00e1ria do Conselho \r\nFederal de Economia.-<\/a><\/td>\r\n<\/tr>\r\n\r\n<tr>\r\n<td>\r\n<p align=\"center\">5125<\/p>\r\n<\/td>\r\n<td><a href=\"https:\/\/cofecon.org.br\/transparencia\/files\/atos_normativos\/Del\/2025\/Del2025-5125.pdf\" target=\"_blank\" rel=\"noopener noreferrer\">Homologa os resultados do XXXI Pr\u00eamio Brasil de Economia.\r\n<\/a><\/td>\r\n<\/tr>\r\n\r\n<tr>\r\n<td>\r\n<p align=\"center\">5126<\/p>\r\n<\/td>\r\n<td><a href=\"http:\/\/cofecon.org.br\/transparencia\/wp-content\/uploads\/2025\/12\/Deliberacao-5.126-13.10.2025-Homologa-PC-746.pdf\" target=\"_blank\" rel=\"noopener noreferrer\">Homologa PC 746\r\n<\/a><\/td>\r\n<\/tr>\r\n\r\n\r\n<tr>\r\n<td>\r\n<p align=\"center\">5127<\/p>\r\n<\/td>\r\n<td><a href=\"http:\/\/cofecon.org.br\/transparencia\/wp-content\/uploads\/2025\/12\/Deliberacao-5.127-13.10.2025-Homologa-PA-746.pdf\" target=\"_blank\" rel=\"noopener noreferrer\">Homologa PA 746\r\n<\/a><\/td>\r\n<\/tr>\r\n\r\n<tr>\r\n<td>\r\n<p align=\"center\">5128<\/p>\r\n<\/td>\r\n<td><a href=\"http:\/\/cofecon.org.br\/transparencia\/wp-content\/uploads\/2025\/12\/Deliberacao-5.128-15.10.2025-Resultado-Gincana.pdf\" target=\"_blank\" rel=\"noopener noreferrer\">Resultado Gincana\r\n<\/a><\/td>\r\n<\/tr>\r\n<td>\r\n<p align=\"center\">5129<\/p>\r\n<\/td>\r\n<td><a href=\"http:\/\/cofecon.org.br\/transparencia\/wp-content\/uploads\/2025\/12\/Deliberacao-5.129-21.10.2025-Resultado-DQSE.pdf\" target=\"_blank\" rel=\"noopener noreferrer\">Resultado DQSE\r\n<\/a><\/td>\r\n<\/tr>\r\n\r\n\r\n<tr>\r\n<td>\r\n<p align=\"center\">5130<\/p>\r\n<\/td>\r\n<td><a href=\"http:\/\/cofecon.org.br\/transparencia\/wp-content\/uploads\/2025\/11\/Deliberacao-5.130-28.11.2025-Homologa-Dossies-Eleitorais-2025.pdf\" target=\"_blank\" rel=\"noopener noreferrer\">Homologa Dossies Eleitorais 2025\r\n<\/a><\/td>\r\n<\/tr>\r\n\r\n<tr>\r\n<td>\r\n<p align=\"center\">5131<\/p>\r\n<\/td>\r\n<td><a href=\"http:\/\/cofecon.org.br\/transparencia\/wp-content\/uploads\/2025\/12\/Deliberacao-5.131-02.12.2025-Homologa-PC-747.pdf\" target=\"_blank\" rel=\"noopener noreferrer\"> Homologa os processos cont\u00e1beis apreciados na 747\u00aa Sess\u00e3o Plen\u00e1ria Ordin\u00e1ria do Conselho Federal de Economia.\r\n<\/a><\/td>\r\n<\/tr>\r\n\r\n<tr>\r\n<td>\r\n<p align=\"center\">5132<\/p>\r\n<\/td>\r\n<td><a href=\"http:\/\/cofecon.org.br\/transparencia\/wp-content\/uploads\/2025\/12\/Deliberacao-5.132-02.12.2025-Homologa-PA-747.pdf\" target=\"_blank\" rel=\"noopener noreferrer\"> Homologa os processos administrativos apreciados na 747\u00aa Sess\u00e3o Plen\u00e1ria Ordin\u00e1ria do Conselho Federal de Economia\r\n<\/a><\/td>\r\n<\/tr>\r\n\r\n<tr>\r\n<td>\r\n<p align=\"center\">5133<\/p>\r\n<\/td>\r\n<td><a href=\"http:\/\/cofecon.org.br\/transparencia\/wp-content\/uploads\/2026\/01\/Deliberacao-5.133-02.12.2025-Homologa-mestratos-e-Doutorado-747-com-retificacao-1.pdf\" target=\"_blank\" rel=\"noopener noreferrer\"> Aprova o registro, nos Conselhos Regionais de \r\nEconomia, de egressos dos Programas de P\u00f3s\r\nGradua\u00e7\u00e3o Stricto Sensu em Economia e \r\nregulamenta seus respectivos campos de atua\u00e7\u00e3o \r\nprofissional, e d\u00e1 outras provid\u00eancias. \r\n<\/a><\/td>\r\n<\/tr>\r\n\r\n<tr>\r\n<td>\r\n<p align=\"center\">5134<\/p>\r\n<\/td>\r\n<td><a href=\"http:\/\/cofecon.org.br\/transparencia\/wp-content\/uploads\/2026\/04\/Deliberacao-5.134-04.12.2025-SIGILOSO.pdf\" target=\"_blank\" rel=\"noopener noreferrer\"> SIGILOSO \r\n<\/a><\/td>\r\n<\/tr>\r\n\r\n\r\n\r\n<tr>\r\n<td>\r\n<p align=\"center\">5135<\/p>\r\n<\/td>\r\n<td><a href=\"http:\/\/cofecon.org.br\/transparencia\/wp-content\/uploads\/2026\/04\/Deliberacao-5.135-04.12.2025-SIGILOSO.pdf\" target=\"_blank\" rel=\"noopener noreferrer\"> SIGILOSO \r\n<\/a><\/td>\r\n<\/tr>\r\n\r\n<tr>\r\n<td>\r\n<p align=\"center\">5136<\/p>\r\n<\/td>\r\n<td><a href=\"http:\/\/cofecon.org.br\/transparencia\/wp-content\/uploads\/2026\/04\/Deliberacao-5.136-15.12.2025-Resultado-Premio-Paul-Singer.pdf\" target=\"_blank\" rel=\"noopener noreferrer\">Homologa o resultado do 4\u00ba Pr\u00eamio Paul Singer de \r\nBoas Pr\u00e1ticas Acad\u00eamicas-2025.\r\n<\/a><\/td>\r\n<\/tr>\r\n\r\n\r\n<tr>\r\n<td>\r\n<p align=\"center\">5137<\/p>\r\n<\/td>\r\n<td><a href=\"http:\/\/cofecon.org.br\/transparencia\/wp-content\/uploads\/2026\/04\/Deliberacao-5.137-15.12.2025-Homologa-PC-748.pdf\" target=\"_blank\" rel=\"noopener noreferrer\">Homologa os processos cont\u00e1beis apreciados na 748\u00aa \r\nSess\u00e3o Plen\u00e1ria Ordin\u00e1ria Ampliada do Conselho \r\nFederal de Economia. \r\n<\/a><\/td>\r\n<\/tr>\r\n\r\n\r\n\r\n<tr>\r\n<td>\r\n<p align=\"center\">5138<\/p>\r\n<\/td>\r\n<td><a href=\"http:\/\/cofecon.org.br\/transparencia\/wp-content\/uploads\/2026\/04\/Deliberacao-5.138-15.12.2025-Homologa-PA-748.pdf\" target=\"_blank\" rel=\"noopener noreferrer\">Homologa os processos administrativos apreciados \r\nna 748\u00aa Sess\u00e3o Plen\u00e1ria Ordin\u00e1ria do Conselho \r\nFederal de Economia. \r\n<\/a><\/td>\r\n<\/tr>\r\n\r\n\r\n<\/tbody>\r\n<\/table>\t\t\t\t<\/div>\n\t\t\t\t<\/div>\n\t\t\t\t\t<\/div>\n\t\t<\/div>\n\t\t\t\t\t<\/div>\n\t\t<\/section>\n\t\t\t\t<\/div>\n\t\t","protected":false},"excerpt":{"rendered":"<p>Delibera\u00e7\u00f5es N\u00ba: Assunto: 5100 Aprova o registro, nos Conselhos Regionais de Economia, dos egressos do Programa de P\u00f3s-Gradua\u00e7\u00e3o Stricto Sensu do Doutorado Profissional em Economia &#8211; \u00c1rea de Concentra\u00e7\u00e3o: \u201cEconomia Aplicada\u201d &#8211; UFPE. 5101 Homologa os processos administrativos apreciados na 740\u00aa Sess\u00e3o Plen\u00e1ria Ampliada Ordin\u00e1ria do Conselho Federal de Economia. 5102 Homologa os processos cont\u00e1beis &hellip; <a href=\"https:\/\/cofecon.org.br\/transparencia\/?page_id=9393\" class=\"more-link\">Continue reading <span class=\"screen-reader-text\">Deliberacoes-2025<\/span><\/a><\/p>\n","protected":false},"author":11,"featured_media":0,"parent":0,"menu_order":0,"comment_status":"closed","ping_status":"closed","template":"","meta":{"footnotes":""},"class_list":["post-9393","page","type-page","status-publish","hentry"],"_links":{"self":[{"href":"https:\/\/cofecon.org.br\/transparencia\/index.php?rest_route=\/wp\/v2\/pages\/9393"}],"collection":[{"href":"https:\/\/cofecon.org.br\/transparencia\/index.php?rest_route=\/wp\/v2\/pages"}],"about":[{"href":"https:\/\/cofecon.org.br\/transparencia\/index.php?rest_route=\/wp\/v2\/types\/page"}],"author":[{"embeddable":true,"href":"https:\/\/cofecon.org.br\/transparencia\/index.php?rest_route=\/wp\/v2\/users\/11"}],"replies":[{"embeddable":true,"href":"https:\/\/cofecon.org.br\/transparencia\/index.php?rest_route=%2Fwp%2Fv2%2Fcomments&post=9393"}],"version-history":[{"count":87,"href":"https:\/\/cofecon.org.br\/transparencia\/index.php?rest_route=\/wp\/v2\/pages\/9393\/revisions"}],"predecessor-version":[{"id":10698,"href":"https:\/\/cofecon.org.br\/transparencia\/index.php?rest_route=\/wp\/v2\/pages\/9393\/revisions\/10698"}],"wp:attachment":[{"href":"https:\/\/cofecon.org.br\/transparencia\/index.php?rest_route=%2Fwp%2Fv2%2Fmedia&parent=9393"}],"curies":[{"name":"wp","href":"https:\/\/api.w.org\/{rel}","templated":true}]}}