{"id":7166,"date":"2024-01-16T13:28:52","date_gmt":"2024-01-16T13:28:52","guid":{"rendered":"https:\/\/cofecon.org.br\/transparencia\/?page_id=7166"},"modified":"2025-10-15T17:13:04","modified_gmt":"2025-10-15T17:13:04","slug":"resolucoes-2024","status":"publish","type":"page","link":"https:\/\/cofecon.org.br\/transparencia\/?page_id=7166","title":{"rendered":"Resolu\u00e7\u00f5es-2024"},"content":{"rendered":"\t\t<div data-elementor-type=\"wp-page\" data-elementor-id=\"7166\" class=\"elementor elementor-7166\">\n\t\t\t\t\t\t<section class=\"elementor-section elementor-top-section elementor-element elementor-element-912b093 elementor-section-boxed elementor-section-height-default elementor-section-height-default\" data-id=\"912b093\" data-element_type=\"section\">\n\t\t\t\t\t\t<div class=\"elementor-container elementor-column-gap-default\">\n\t\t\t\t\t<div class=\"elementor-column elementor-col-100 elementor-top-column elementor-element elementor-element-0b99d02\" data-id=\"0b99d02\" data-element_type=\"column\">\n\t\t\t<div class=\"elementor-widget-wrap elementor-element-populated\">\n\t\t\t\t\t\t<div class=\"elementor-element elementor-element-302759c elementor-widget elementor-widget-html\" data-id=\"302759c\" data-element_type=\"widget\" data-widget_type=\"html.default\">\n\t\t\t\t<div class=\"elementor-widget-container\">\n\t\t\t\t\t<table border=\"0\" align=\"center\">\n<tbody>\n<tr>\n<th scope=\"row\" align=\"center\" valign=\"middle\" width=\"134\">\n<p dir=\"ltr\" align=\"left\"><strong><span style=\"text-decoration: underline;\"><span style=\"font-size: 10pt;\">Resolu\u00e7\u00e3o N\u00ba:<\/span><\/span><\/strong><\/p>\n<\/th>\n<th scope=\"row\" align=\"center\" valign=\"middle\" width=\"499\">\n<p align=\"center\"><strong><span style=\"text-decoration: underline;\"><span style=\"font-size: 10pt;\">Assunto:<\/span><\/span><\/strong><\/p>\n<\/th>\n\n<tr>\n<td>\n<p align=\"center\">2.148<\/p>\n<\/td>\n<td>\n<p align=\"left\"><a href=\"https:\/\/cofecon.org.br\/transparencia\/files\/atos_normativos\/Res\/2024\/Res2024-2148.pdf\" target=\"_blank\" rel=\"noopener noreferrer\">Institui 2024 como ano tem\u00e1tico \u201cMem\u00f3rias e Futuro da Economia\u201d no \u00e2mbito do Sistema Cofecon\/Corecons.\n<\/a><\/p>\n<\/td>\n<\/tr>\n\n<tr>\n<td>\n<p align=\"center\">2.149<\/p>\n<\/td>\n<td>\n<p align=\"left\"><a href=\"https:\/\/cofecon.org.br\/transparencia\/files\/atos_normativos\/Res\/2024\/Res2024-2149.pdf\" target=\"_blank\" rel=\"noopener noreferrer\">Institui os modelos das carteiras de identidade profissional, da credencial de estudante e da carteira de peritos emitidas no \u00e2mbito do Sistema Cofecon\/Corecons e d\u00e1 outras provid\u00eancias.\n<\/a><\/p>\n<\/td>\n<\/tr>\n\n<tr>\n<td>\n<p align=\"center\">2.150<\/p>\n<\/td>\n<td>\n<p align=\"left\"><a href=\"https:\/\/cofecon.org.br\/transparencia\/files\/atos_normativos\/Res\/2024\/Res2024-2150.pdf\" target=\"_blank\" rel=\"noopener noreferrer\">Designa composi\u00e7\u00e3o da Comiss\u00e3o de Tomada de Contas do Cofecon para o exerc\u00edcio 2024.\n<\/a><\/p>\n<\/td>\n<\/tr>\n\n<tr>\n<td>\n<p align=\"center\">2.151<\/p>\n<\/td>\n<td>\n<p align=\"left\"><a href=\"https:\/\/cofecon.org.br\/transparencia\/files\/atos_normativos\/Res\/2024\/Res2024-2151.pdf\" target=\"_blank\" rel=\"noopener noreferrer\">Altera e inclui dispositivos no Normativo de Procedimentos para Registro de Profissionais junto aos Conselhos Regionais de Economia, aprovado pela Resolu\u00e7\u00e3o n\u00ba 1.945, de 30 de novembro de 2015, e d\u00e1 outras provid\u00eancias.\n\n<\/a><\/p>\n<\/td>\n<\/tr>\n\n<tr>\n<td>\n<p align=\"center\">2.152<\/p>\n<\/td>\n<td>\n<p align=\"left\"><a href=\"https:\/\/cofecon.org.br\/transparencia\/files\/atos_normativos\/Res\/2024\/Res2024-2152.pdf\" target=\"_blank\" rel=\"noopener noreferrer\">Aprova o Regulamento do 9\u00ba Desafio Quero Ser Economista - 2024.\n<\/a><\/p>\n<\/td>\n<\/tr>\n\n<tr>\n<td>\n<p align=\"center\">2.153<\/p>\n<\/td>\n<td>\n<p align=\"left\"><a href=\"https:\/\/cofecon.org.br\/transparencia\/files\/atos_normativos\/Res\/2024\/Res2024-2153.pdf\" target=\"_blank\" rel=\"noopener noreferrer\">Alterar o item 8.2 e os subitens 8.2.1 e 8.2.2 da se\u00e7\u00e3o 5.1.0, que disp\u00f5e sobre os princ\u00edpios gerais da Consolida\u00e7\u00e3o da Legisla\u00e7\u00e3o da Profiss\u00e3o de Economista - CLPE, e d\u00e1 outras provid\u00eancias.\n<\/a><\/p>\n<\/td>\n<\/tr>\n\n<tr>\n<td>\n<p align=\"center\">2.154<\/p>\n<\/td>\n<td>\n<p align=\"left\"><a href=\"https:\/\/cofecon.org.br\/transparencia\/files\/atos_normativos\/Res\/2024\/Res2024-2154.pdf\" target=\"_blank\" rel=\"noopener noreferrer\">Suspende a vig\u00eancia do IX Programa Nacional de Recupera\u00e7\u00e3o de Cr\u00e9ditos no Sistema Cofecon\/Corecons, e d\u00e1 outras provid\u00eancias.\n<\/a><\/p>\n<\/td>\n<\/tr>\n\n<tr>\n<td>\n<p align=\"center\">2.155<\/p>\n<\/td>\n<td>\n<p align=\"left\"><a href=\"https:\/\/cofecon.org.br\/transparencia\/files\/atos_normativos\/Res\/2024\/Res2024-2155.pdf\" target=\"_blank\" rel=\"noopener noreferrer\">Difere o in\u00edcio da vig\u00eancia da Resolu\u00e7\u00e3o n\u00ba 2.154, de 12 de abril de 2024, que suspende a vig\u00eancia do IX Programa Nacional de Recupera\u00e7\u00e3o de Cr\u00e9ditos (IX Recred) no Sistema Cofecon\/Corecon.\n<\/a><\/p>\n<\/td>\n<\/tr>\n\n<tr>\n<td>\n<p align=\"center\">2.156<\/p>\n<\/td>\n<td>\n<p align=\"left\"><a href=\"https:\/\/cofecon.org.br\/transparencia\/files\/atos_normativos\/Res\/2024\/Res2024-2156.pdf\" target=\"_blank\" rel=\"noopener noreferrer\">Disp\u00f5e sobre o Regulamento do XXX Pr\u00eamio Brasil de Economia.\n<\/a><\/p>\n<\/td>\n<\/tr>\n\n<tr>\n<td>\n<p align=\"center\">2.157<\/p>\n<\/td>\n<td>\n<p align=\"left\"><a href=\"https:\/\/cofecon.org.br\/transparencia\/files\/atos_normativos\/Res\/2024\/Res2024-2157.pdf\" target=\"_blank\" rel=\"noopener noreferrer\">Aprova o Regulamento da XIII Gincana Nacional de Economia 2024.\n<\/a><\/p>\n<\/td>\n<\/tr>\n\n<tr>\n<td>\n<p align=\"center\">2.158<\/p>\n<\/td>\n<td>\n<p align=\"left\"><a href=\"https:\/\/cofecon.org.br\/transparencia\/files\/atos_normativos\/Res\/2024\/Res2024-2158.pdf\" target=\"_blank\" rel=\"noopener noreferrer\">Suspende os prazos do 9\u00ba Desafio Quero Ser Economista 2024.\n<\/a><\/p>\n<\/td>\n<\/tr>\n\n<tr>\n<td>\n<p align=\"center\">2.159<\/p>\n<\/td>\n<td>\n<p align=\"left\"><a href=\"https:\/\/cofecon.org.br\/transparencia\/files\/atos_normativos\/Res\/2024\/Res2024-2159.pdf\" target=\"_blank\" rel=\"noopener noreferrer\">Altera calend\u00e1rio da XIII Gincana Nacional de Economia 2024.\n<\/a><\/p>\n<\/td>\n<\/tr>\n\n<tr>\n<td>\n<p align=\"center\">2.160<\/p>\n<\/td>\n<td>\n    <p align=\"left\"><a href=\"https:\/\/cofecon.org.br\/transparencia\/files\/atos_normativos\/Res\/2024\/Res2024-2160.pdf\" target=\"_blank\" rel=\"noopener noreferrer\">Alterar as datas para realiza\u00e7\u00e3o do 9\u00ba Desafio Quero Ser Economista - 2024\n<\/a><\/p>\n<\/td>\n<\/tr>\n\n<tr>\n<td>\n<p align=\"center\">2.161\n<\/p>\n<\/td>\n<td>\n<p align=\"left\"><a href=\"https:\/\/cofecon.org.br\/transparencia\/files\/atos_normativos\/Res\/2024\/Res2024-2161.pdf\" target=\"_blank\" rel=\"noopener noreferrer\">Institui procedimentos e aprova o calend\u00e1rio referente ao processo eleitoral de 2024, e d\u00e1 outras provid\u00eancias.\n<\/a><\/p>\n<\/td>\n<\/tr>\n<tr>\n<td>\n<p align=\"center\">2.162\n<\/p>\n<\/td>\n<td>\n<p align=\"left\"><a href=\"https:\/\/cofecon.org.br\/transparencia\/files\/atos_normativos\/Res\/2024\/Res2024-2162.pdf\" target=\"_blank\" rel=\"noopener noreferrer\">Altera dispositivos do Normativo de Procedimentos para Registro de Profissionais junto aos Conselhos Regionais de Economia, aprovado pela Resolu\u00e7\u00e3o n\u00ba 1.945, de 30 de novembro de 2015, e d\u00e1 outras provid\u00eancias.\n<\/a><\/p>\n<\/td>\n<\/tr>\n\n<tr>\n<td>\n<p align=\"center\">2.163\n<\/p>\n<\/td>\n<td>\n<p align=\"left\"><a href=\"https:\/\/cofecon.org.br\/transparencia\/files\/atos_normativos\/Res\/2024\/Res2024-2163.pdf\" target=\"_blank\" rel=\"noopener noreferrer\">Fixa os valores dos aux\u00edlios financeiros prestados pelo Conselho Federal de Economia aos pr\u00eamios e eventos institucionais do Sistema Cofecon\/Corecon e de terceiros.\n\n<\/a><\/p>\n<\/td>\n<\/tr>\n\n<tr>\n<td>\n<p align=\"center\">2.164\n<\/p>\n<\/td>\n<td>\n<p align=\"left\"><a href=\"https:\/\/cofecon.org.br\/transparencia\/files\/atos_normativos\/Res\/2024\/Res2024-2164.pdf\" target=\"_blank\" rel=\"noopener noreferrer\">Suspende, por prazo indeterminado, a remiss\u00e3o de d\u00e9bitos no \u00e2mbito do Sistema Cofecon\/Corecon.\n\n<\/a><\/p>\n<\/td>\n<\/tr>\n\n<tr>\n<td>\n<p align=\"center\">2.165\n<\/p>\n<\/td>\n<td>\n<p align=\"left\"><a href=\"https:\/\/cofecon.org.br\/transparencia\/files\/atos_normativos\/Res\/2024\/Res2024-2165.pdf\" target=\"_blank\" rel=\"noopener noreferrer\">Disp\u00f5e sobre o 3\u00ba Pr\u00eamio Paul Singer de Boas Pr\u00e1ticas Acad\u00eamicas - 2024.\n\n<\/a><\/p>\n<\/td>\n<\/tr>\n\n<tr>\n<td>\n<p align=\"center\">2.166\n<\/p>\n<\/td>\n<td>\n<p align=\"left\"><a href=\"https:\/\/cofecon.org.br\/transparencia\/files\/atos_normativos\/Res\/2024\/Res2024-2166.pdf\" target=\"_blank\" rel=\"noopener noreferrer\">Altera dispositivos de normativos que tratam de aux\u00edlios financeiros prestados pelo Conselho Federal de Economia aos pr\u00eamios e eventos institucionais do Sistema Cofecon\/Corecon e de terceiros.\n\n<\/a><\/p>\n<\/td>\n<\/tr>\n\n<tr>\n<td>\n<p align=\"center\">2.167\n<\/p>\n<\/td>\n<td>\n<p align=\"left\"><a href=\"https:\/\/cofecon.org.br\/transparencia\/files\/atos_normativos\/Res\/2024\/Res2024-2167.pdf\" target=\"_blank\" rel=\"noopener noreferrer\">Reabre os prazos de inscri\u00e7\u00e3o para o XXX Pr\u00eamio Brasil de Economia - PBE 2024.\n\n<\/a><\/p>\n<\/td>\n<\/tr>\n\n<tr>\n<td>\n<p align=\"center\">2.168\n<\/p>\n<\/td>\n<td>\n<p align=\"left\"><a href=\"https:\/\/cofecon.org.br\/transparencia\/files\/atos_normativos\/Res\/2024\/Res2024-2168.pdf\" target=\"_blank\" rel=\"noopener noreferrer\">Altera dispositivos na Resolu\u00e7\u00e3o n\u00ba 2.119, de 19 de setembro de 2022, que disp\u00f5e sobre a padroniza\u00e7\u00e3o de dados de registro dos profissionais e pessoas jur\u00eddicas inscritas no Sistema Cofecon\/Corecon. \n\n<\/a><\/p>\n<\/td>\n<\/tr>\n\n\n<tr>\n<td>\n<p align=\"center\">2.169\n<\/p>\n<\/td>\n<td>\n<p align=\"left\"><a href=\"https:\/\/cofecon.org.br\/transparencia\/files\/atos_normativos\/Res\/2024\/Res2024-2169.pdf\" target=\"_blank\" rel=\"noopener noreferrer\">Decreta a interven\u00e7\u00e3o no Conselho Regional de Economia da 27\u00aa Regi\u00e3o - Corecon-RR e d\u00e1 outras provid\u00eancias.\n<\/a><\/p>\n<\/td>\n<\/tr>\n\n<tr>\n<td>\n<p align=\"center\">2.170\n<\/p>\n<\/td>\n<td>\n<p align=\"left\"><a href=\"https:\/\/cofecon.org.br\/transparencia\/files\/atos_normativos\/Res\/2024\/Res2024-2170.pdf\" target=\"_blank\" rel=\"noopener noreferrer\">Estabelece os valores exatos das anuidades, das multas e dos pre\u00e7os de servi\u00e7os a serem pagos pelas pessoas f\u00edsicas e jur\u00eddicas aos Conselhos de Economia, para o exerc\u00edcio de 2025, e d\u00e1 outras provid\u00eancias.\n\n<\/a><\/p>\n<\/td>\n<\/tr>\n\n<tr>\n<td>\n<p align=\"center\">2.171\n<\/p>\n<\/td>\n<td>\n<p align=\"left\"><a href=\"https:\/\/cofecon.org.br\/transparencia\/files\/atos_normativos\/Res\/2024\/Res2024-2171.pdf\" target=\"_blank\" rel=\"noopener noreferrer\">Prorroga o prazo para o 3\u00ba Pr\u00eamio Paul Singer de Boas Pr\u00e1ticas Acad\u00eamicas - 2024, previsto na Resolu\u00e7\u00e3o n\u00ba 2.165\/2024.\n<\/a><\/p>\n<\/td>\n<\/tr>\n\n<tr>\n<td>\n<p align=\"center\">2.172\n<\/p>\n<\/td>\n<td>\n<p align=\"left\"><a href=\"https:\/\/cofecon.org.br\/transparencia\/files\/atos_normativos\/Res\/2024\/Res2024-2172.pdf\" target=\"_blank\" rel=\"noopener noreferrer\">Altera dispositivos na Resolu\u00e7\u00e3o n\u00ba 1.880, de 26 de outubro de 2012, que aprova o Normativo de Procedimentos para Registro de Pessoas Jur\u00eddicas junto aos Conselhos Regionais de Economia, e d\u00e1 outras provid\u00eancias.\n<\/a><\/p>\n<\/td>\n<\/tr>\n\n<tr>\n<td>\n<p align=\"center\">2.173\n<\/p>\n<\/td>\n<td>\n<p align=\"left\"><a href=\"https:\/\/cofecon.org.br\/transparencia\/files\/atos_normativos\/Res\/2024\/Res2024-2173.pdf\" target=\"_blank\" rel=\"noopener noreferrer\">Determina a fus\u00e3o do Conselho Regional de\nEconomia da 27\u00aa Regi\u00e3o - Corecon-RR ao Conselho Regional de Economia da 13\u00aa Regi\u00e3o - Corecon-AM e d\u00e1 outras provid\u00eancias.\n<\/a><\/p>\n<\/td>\n<\/tr>\n\n<tr>\n<td>\n<p align=\"center\">2.174\n<\/p>\n<\/td>\n<td>\n<p align=\"left\"><a href=\"https:\/\/cofecon.org.br\/transparencia\/files\/atos_normativos\/Res\/2024\/Res2024-2174.pdf\" target=\"_blank\" rel=\"noopener noreferrer\">Inclui dispositivo no Normativo de Procedimentos para Registro de Pessoas Jur\u00eddicas junto aos Conselhos Regionais de Economia, aprovado pela Resolu\u00e7\u00e3o n\u00ba 1.880, de 26 de outubro de 2012.\n<\/a><\/p>\n<\/td>\n<\/tr>\n\n<tr>\n<td>\n<p align=\"center\">2.175\n<\/p>\n<\/td>\n<td>\n<p align=\"left\"><a href=\"https:\/\/cofecon.org.br\/transparencia\/files\/atos_normativos\/Res\/2024\/Res2024-2175.pdf\" target=\"_blank\" rel=\"noopener noreferrer\">Decreta a interven\u00e7\u00e3o no Conselho Regional de Economia da 23\u00aa Regi\u00e3o - Corecon-AC e d\u00e1 outras provid\u00eancias.\n<\/a><\/p>\n<\/td>\n<\/tr>\n\n<\/tbody>\n<\/table>\t\t\t\t<\/div>\n\t\t\t\t<\/div>\n\t\t\t\t\t<\/div>\n\t\t<\/div>\n\t\t\t\t\t<\/div>\n\t\t<\/section>\n\t\t\t\t<\/div>\n\t\t","protected":false},"excerpt":{"rendered":"<p>Resolu\u00e7\u00e3o N\u00ba: Assunto: 2.148 Institui 2024 como ano tem\u00e1tico \u201cMem\u00f3rias e Futuro da Economia\u201d no \u00e2mbito do Sistema Cofecon\/Corecons. 2.149 Institui os modelos das carteiras de identidade profissional, da credencial de estudante e da carteira de peritos emitidas no \u00e2mbito do Sistema Cofecon\/Corecons e d\u00e1 outras provid\u00eancias. 2.150 Designa composi\u00e7\u00e3o da Comiss\u00e3o de Tomada de &hellip; <a href=\"https:\/\/cofecon.org.br\/transparencia\/?page_id=7166\" class=\"more-link\">Continue reading <span class=\"screen-reader-text\">Resolu\u00e7\u00f5es-2024<\/span><\/a><\/p>\n","protected":false},"author":11,"featured_media":0,"parent":9,"menu_order":0,"comment_status":"closed","ping_status":"closed","template":"","meta":{"footnotes":""},"class_list":["post-7166","page","type-page","status-publish","hentry"],"_links":{"self":[{"href":"https:\/\/cofecon.org.br\/transparencia\/index.php?rest_route=\/wp\/v2\/pages\/7166"}],"collection":[{"href":"https:\/\/cofecon.org.br\/transparencia\/index.php?rest_route=\/wp\/v2\/pages"}],"about":[{"href":"https:\/\/cofecon.org.br\/transparencia\/index.php?rest_route=\/wp\/v2\/types\/page"}],"author":[{"embeddable":true,"href":"https:\/\/cofecon.org.br\/transparencia\/index.php?rest_route=\/wp\/v2\/users\/11"}],"replies":[{"embeddable":true,"href":"https:\/\/cofecon.org.br\/transparencia\/index.php?rest_route=%2Fwp%2Fv2%2Fcomments&post=7166"}],"version-history":[{"count":113,"href":"https:\/\/cofecon.org.br\/transparencia\/index.php?rest_route=\/wp\/v2\/pages\/7166\/revisions"}],"predecessor-version":[{"id":9953,"href":"https:\/\/cofecon.org.br\/transparencia\/index.php?rest_route=\/wp\/v2\/pages\/7166\/revisions\/9953"}],"up":[{"embeddable":true,"href":"https:\/\/cofecon.org.br\/transparencia\/index.php?rest_route=\/wp\/v2\/pages\/9"}],"wp:attachment":[{"href":"https:\/\/cofecon.org.br\/transparencia\/index.php?rest_route=%2Fwp%2Fv2%2Fmedia&parent=7166"}],"curies":[{"name":"wp","href":"https:\/\/api.w.org\/{rel}","templated":true}]}}