{"id":7158,"date":"2024-01-16T13:26:37","date_gmt":"2024-01-16T13:26:37","guid":{"rendered":"https:\/\/cofecon.org.br\/transparencia\/?page_id=7158"},"modified":"2025-10-15T17:10:14","modified_gmt":"2025-10-15T17:10:14","slug":"portarias-2024","status":"publish","type":"page","link":"https:\/\/cofecon.org.br\/transparencia\/?page_id=7158","title":{"rendered":"Portarias-2024"},"content":{"rendered":"\t\t<div data-elementor-type=\"wp-page\" data-elementor-id=\"7158\" class=\"elementor elementor-7158\">\n\t\t\t\t\t\t<section class=\"elementor-section elementor-top-section elementor-element elementor-element-e8816fe elementor-section-boxed elementor-section-height-default elementor-section-height-default\" data-id=\"e8816fe\" data-element_type=\"section\">\n\t\t\t\t\t\t<div class=\"elementor-container elementor-column-gap-default\">\n\t\t\t\t\t<div class=\"elementor-column elementor-col-100 elementor-top-column elementor-element elementor-element-f8f05f9\" data-id=\"f8f05f9\" data-element_type=\"column\">\n\t\t\t<div class=\"elementor-widget-wrap elementor-element-populated\">\n\t\t\t\t\t\t<div class=\"elementor-element elementor-element-cd8119a elementor-widget elementor-widget-html\" data-id=\"cd8119a\" data-element_type=\"widget\" data-widget_type=\"html.default\">\n\t\t\t\t<div class=\"elementor-widget-container\">\n\t\t\t\t\t<table border=\"0\" align=\"center\">\n<tbody>\n<tr>\n<th scope=\"row\" align=\"center\" valign=\"middle\" width=\"134\">\n<p dir=\"ltr\" align=\"left\"><strong><span style=\"text-decoration: underline;\"><span style=\"font-size: 10pt;\">Portaria N\u00ba:<\/span><\/span><\/strong><\/p>\n<\/th>\n<th scope=\"row\" align=\"center\" valign=\"middle\" width=\"499\">\n<p align=\"center\"><strong><span style=\"text-decoration: underline;\"><span style=\"font-size: 10pt;\">Assunto:<\/span><\/span><\/strong><\/p>\n<\/th>\n<\/tr>\n\n<tr>\n<td>\n<p align=\"center\">01<\/p>\n<\/td>\n<td>\n<p align=\"left\"><a href=\"https:\/\/cofecon.org.br\/transparencia\/files\/atos_normativos\/Port\/2024\/Port-2024(1).pdf\">Designa Agentes de Contrata\u00e7\u00e3o, Equipe de apoio, Pregoeiros Oficiais e respons\u00e1veis pela condu\u00e7\u00e3o de procedimentos de Dispensa Eletr\u00f4nica por meio do Portal de Compras do Governo Federal. \n<\/a><\/p>\n<\/td>\n<\/tr>\n<tr>\n<td>\n<p align=\"center\">02<\/p>\n<\/td>\n<td>\n<p align=\"left\"><a href=\"https:\/\/cofecon.org.br\/transparencia\/files\/atos_normativos\/Port\/2024\/Port-2024(2).pdf\">Altera a Portaria n\u00ba 39, de 5 de agosto de 2019, que disp\u00f5e sobre a regulamenta\u00e7\u00e3o da concess\u00e3o, aplica\u00e7\u00e3o e presta\u00e7\u00e3o de contas do suprimento de fundos no \u00e2mbito do Conselho Federal de Economia.\n<\/a><\/p>\n<\/td>\n<\/tr>\n\n<tr>\n<td>\n<p align=\"center\">03<\/p>\n<\/td>\n<td>\n<p align=\"left\"><a href=\"https:\/\/cofecon.org.br\/transparencia\/files\/atos_normativos\/Port\/2024\/Port-2024(3).pdf\">Autoriza colaboradores a responderem pela\nTesouraria do Cofecon.\n \n<\/a><\/p>\n<\/td>\n<\/tr>\n\n<tr>\n<td>\n<p align=\"center\">04<\/p>\n<\/td>\n<td>\n<p align=\"left\"><a href=\"https:\/\/cofecon.org.br\/transparencia\/files\/atos_normativos\/Port\/2024\/Port-2024(4).pdf\">Designa a composi\u00e7\u00e3o das Comiss\u00f5es Tem\u00e1ticas e dos Grupos de Trabalho do Cofecon - 2024.\n \n<\/a><\/p>\n<\/td>\n<\/tr>\n\n<tr>\n<td>\n<p align=\"center\">05<\/p>\n<\/td>\n<td>\n<p align=\"left\"><a href=\"https:\/\/cofecon.org.br\/transparencia\/files\/atos_normativos\/Port\/2024\/Port-2024(5).pdf\">Custeia passagens a\u00e9reas e meia di\u00e1ria para a Econ. Lucilene Morandi.\n \n<\/a><\/p>\n<\/td>\n<\/tr>\n\n<tr>\n<td>\n<p align=\"center\">06<\/p>\n<\/td>\n<td>\n<p align=\"left\"><a href=\"https:\/\/cofecon.org.br\/transparencia\/files\/atos_normativos\/Port\/2024\/Port-2024(6).pdf\">Custeia passagens a\u00e9reas e uma di\u00e1ria para Sergio Wulff Gobetti.\n \n<\/a><\/p>\n<\/td>\n<\/tr>\n\n<tr>\n<td>\n<p align=\"center\">07<\/p>\n<\/td>\n<td>\n<p align=\"left\"><a href=\"https:\/\/cofecon.org.br\/transparencia\/files\/atos_normativos\/Port\/2024\/Port-2024(7).pdf\">Custeia passagens a\u00e9reas para Marcelo Gomes Justo.\n \n<\/a><\/p>\n<\/td>\n<\/tr>\n\n<tr>\n<td>\n<p align=\"center\">08<\/p>\n<\/td>\n<td>\n<p align=\"left\"><a href=\"https:\/\/cofecon.org.br\/transparencia\/files\/atos_normativos\/Port\/2024\/Port-2024(8).pdf\">Exonera, a pedido, Keliane Souza de Jesus do cargo de livre provimento na ocupa\u00e7\u00e3o de Assessor II do Cofecon.\n<\/a><\/p>\n<\/td>\n<\/tr>\n\n<tr>\n<td>\n<p align=\"center\">09<\/p>\n<\/td>\n<td>\n<p align=\"left\"><a href=\"https:\/\/cofecon.org.br\/transparencia\/files\/atos_normativos\/Port\/2024\/Port-2024(9).pdf\">Exonera Luiza Rodrigues Borges do cargo de livre provimento na ocupa\u00e7\u00e3o de Assessor IV do Cofecon.\n<\/a><\/p>\n<\/td>\n<\/tr>\n\n<tr>\n<td>\n<p align=\"center\">10<\/p>\n<\/td>\n<td>\n<p align=\"left\"><a href=\"https:\/\/cofecon.org.br\/transparencia\/files\/atos_normativos\/Port\/2024\/Port-2024(10).pdf\">Nomeia Edna Barroso Machado para exercer o cargo em comiss\u00e3o de Assessor IV.\n<\/a><\/p>\n<\/td>\n<\/tr>\n\n<tr>\n<td>\n<p align=\"center\">11<\/p>\n<\/td>\n<td>\n<p align=\"left\"><a href=\"https:\/\/cofecon.org.br\/transparencia\/files\/atos_normativos\/Port\/2024\/Port-2024(11).pdf\">Nomeia Jane Lopes da Silva para exercer o cargo em comiss\u00e3o de Assessor da Presid\u00eancia e do Plen\u00e1rio.\n<\/a><\/p>\n<\/td>\n<\/tr>\n\n<tr>\n<td>\n<p align=\"center\">12<\/p>\n<\/td>\n<td>\n<p align=\"left\"><a href=\"https:\/\/cofecon.org.br\/transparencia\/files\/atos_normativos\/Port\/2024\/Port-2024(12).pdf\">Nomeia Manoel Jos\u00e9 Castanho para exercer o cargo em comiss\u00e3o de Assessor I.\n<\/a><\/p>\n<\/td>\n<\/tr>\n\n<tr>\n<td>\n<p align=\"center\">13<\/p>\n<\/td>\n<td>\n<p align=\"left\"><a href=\"https:\/\/cofecon.org.br\/transparencia\/files\/atos_normativos\/Port\/2024\/Port-2024(13).pdf\">Ratifica as compet\u00eancias e ajusta a composi\u00e7\u00e3o das Comiss\u00f5es Tem\u00e1ticas e dos Grupos de Trabalho do\nCofecon - 2024.\n<\/a><\/p>\n<\/td>\n<\/tr>\n\n<tr>\n<td>\n<p align=\"center\">14<\/p>\n<\/td>\n<td><a href=\"#\" target=\"_blank\" rel=\"noopener noreferrer\">Documento sigiloso<\/a><\/td>\n<\/tr>\n\n<tr>\n<td>\n<p align=\"center\">15<\/p>\n<\/td>\n<td>\n<p align=\"left\"><a href=\"https:\/\/cofecon.org.br\/transparencia\/files\/atos_normativos\/Port\/2024\/Port-2024(15).pdf\">Exonera, a pedido, Antonio Tolentino do cargo efetivo de Profissional de Atividade Estrat\u00e9gica - PAE, na ocupa\u00e7\u00e3o de Contador do Cofecon.\n<\/a><\/p>\n<\/td>\n<\/tr>\n\n\n<tr>\n<td>\n<p align=\"center\">16<\/p>\n<\/td>\n<td>\n<p align=\"left\"><a href=\"https:\/\/cofecon.org.br\/transparencia\/files\/atos_normativos\/Port\/2024\/Port-2024(16).pdf\">Autoriza colaboradores a responderem pela Tesouraria do Cofecon.\n<\/a><\/p>\n<\/td>\n<\/tr>\n\n\n<tr>\n<td>\n<p align=\"center\">17<\/p>\n<\/td>\n<td>\n<p align=\"left\"><a href=\"https:\/\/cofecon.org.br\/transparencia\/files\/atos_normativos\/Port\/2024\/Port-2024(17).pdf\">Nomeia Manoel Jos\u00e9 Castanho para exercer, cumulativamente, e em substitui\u00e7\u00e3o tempor\u00e1ria, o cargo em comiss\u00e3o de Coordenador de Comunica\u00e7\u00e3o do Cofecon.\n<\/a><\/p>\n<\/td>\n<\/tr>\n\n<tr>\n<td>\n<p align=\"center\">18<\/p>\n<\/td>\n<td>\n<p align=\"left\"><a href=\"https:\/\/cofecon.org.br\/transparencia\/files\/atos_normativos\/Port\/2024\/Port-2024(18).pdf\">Altera a composi\u00e7\u00e3o da Comiss\u00e3o Eleitoral do Conselho Federal de Economia - Cofecon, inclui membro na Comiss\u00e3o de Normas e Legisla\u00e7\u00e3o e na Subcomiss\u00e3o de Per\u00edcia Econ\u00f4mico-Financeira, Media\u00e7\u00e3o, Arbitragem.\n<\/a><\/p>\n<\/td>\n<\/tr>\n\n<tr>\n<td>\n<p align=\"center\">19<\/p>\n<\/td>\n<td>\n<p align=\"left\"><a href=\"https:\/\/cofecon.org.br\/transparencia\/files\/atos_normativos\/Port\/2024\/Port-2024(19).pdf\">Nomeia Conselheiros Ferais para os Grupos de Trabalho do SINCE 2024.\n<\/a><\/p>\n<\/td>\n<\/tr>\n\n\n<tr>\n<td>\n<p align=\"center\">20<\/p>\n<\/td>\n<td>\n<p align=\"left\"><a href=\"https:\/\/cofecon.org.br\/transparencia\/files\/atos_normativos\/Port\/2024\/Port-2024(20).pdf\">Reajusta o valor das di\u00e1rias conforme varia\u00e7\u00e3o acumulada do INPC no per\u00edodo de maio de 2023 a abril de 2024 o INPC\/IBGE.\n<\/a><\/p>\n<\/td>\n<\/tr>\n\n<tr>\n<td>\n<p align=\"center\">21<\/p>\n<\/td>\n<td>\n<p align=\"left\"><a href=\"https:\/\/cofecon.org.br\/transparencia\/files\/atos_normativos\/Port\/2024\/Port-2024(21).pdf\">Nomeia Danielle Costa Barbosa Girotto para exercer, cumulativamente, e em substitui\u00e7\u00e3o tempor\u00e1ria, o cargo em comiss\u00e3o de Coordenador do Cofecon.\n<\/a><\/p>\n<\/td>\n<\/tr>\n\n<tr>\n<td>\n<p align=\"center\">22<\/p>\n<\/td>\n<td>\n<p align=\"left\"><a href=\"https:\/\/cofecon.org.br\/transparencia\/files\/atos_normativos\/Port\/2024\/Port-2024(22).pdf\">Nomeia Ana Claudia Ramos Pinto para exercer, cumulativamente, e em substitui\u00e7\u00e3o tempor\u00e1ria, o cargo em comiss\u00e3o de Superintendente do Cofecon.\n<\/a><\/p>\n<\/td>\n<\/tr>\n\n<tr>\n<td>\n<p align=\"center\">23<\/p>\n<\/td>\n<td>\n<p align=\"left\"><a href=\"https:\/\/cofecon.org.br\/transparencia\/files\/atos_normativos\/Port\/2024\/Port-2024(23).pdf\">Reajusta o Valor-piso da Hora de Trabalho do Economista - VHTE pelo IPCA (IBGE). \n<\/a><\/p>\n<\/td>\n<\/tr>\n\n<tr>\n<td>\n<p align=\"center\">24<\/p>\n<\/td>\n<td>\n<p align=\"left\"><a href=\"https:\/\/cofecon.org.br\/transparencia\/files\/atos_normativos\/Port\/2024\/Port-2024(24).pdf\">Designa Danielle Costa Barbosa Girotto para exercer a fun\u00e7\u00e3o gratificada de Administra\u00e7\u00e3o de Pessoal no Conselho Federal de Economia.\n<\/a><\/p>\n<\/td>\n<\/tr>\n\n<tr>\n<td>\n<p align=\"center\">25<\/p>\n<\/td>\n<td>\n<p align=\"left\"><a href=\"https:\/\/cofecon.org.br\/transparencia\/files\/atos_normativos\/Port\/2024\/Port-2024(25).pdf\">Nomeia o assessor Paulo Roberto Samuel Alves J\u00fanior para exercer, cumulativamente, e em substitui\u00e7\u00e3o tempor\u00e1ria, o cargo em comiss\u00e3o de Procurador-Geral do Cofecon.\n<\/a><\/p>\n<\/td>\n<\/tr>\n\n<tr>\n<td>\n<p align=\"center\">26<\/p>\n<\/td>\n<td>\n<p align=\"left\"><a href=\"https:\/\/cofecon.org.br\/transparencia\/files\/atos_normativos\/Port\/2024\/Port-2024(26).pdf\">Autoriza empregados a praticar atos referentes ao Departamento de Pessoal e d\u00e1 outras provid\u00eancias.\n<\/a><\/p>\n<\/td>\n<\/tr>\n\n<tr>\n<td>\n<p align=\"center\">27<\/p>\n<\/td>\n<td>\n<p align=\"left\"><a href=\"https:\/\/cofecon.org.br\/transparencia\/files\/atos_normativos\/Port\/2024\/Port-2024(27).pdf\">Cria Comiss\u00f5es Organizadora e Avaliadora do 9\u00ba Desafio Quero Ser Economista 2024.\n<\/a><\/p>\n<\/td>\n<\/tr>\n\n<tr>\n<td>\n<p align=\"center\">28<\/p>\n<\/td>\n<td>\n<p align=\"left\"><a href=\"https:\/\/cofecon.org.br\/transparencia\/files\/atos_normativos\/Port\/2024\/Port-2024(28).pdf\">Altera Comiss\u00e3o Eleitoral\n<\/a><\/p>\n<\/td>\n<\/tr>\n\n\n<tr>\n<td>\n<p align=\"center\">29<\/p>\n<\/td>\n<td>\n<p align=\"left\"><a href=\"https:\/\/cofecon.org.br\/transparencia\/files\/atos_normativos\/Port\/2024\/Port-2024(29).pdf\">Nomeia e altera composi\u00e7\u00e3o da Comiss\u00e3o Eleitoral.\n<\/a><\/p>\n<\/td>\n<\/tr>\n\n<tr>\n<td>\n<p align=\"center\">30<\/p>\n<\/td>\n<td>\n<p align=\"left\"><a href=\"https:\/\/cofecon.org.br\/transparencia\/files\/atos_normativos\/Port\/2024\/Port-2024(30).pdf\">Constitui Grupo de Trabalho de Parcerias Estrat\u00e9gicas e Capta\u00e7\u00e3o de Recursos (GT-PECR).\n<\/a><\/p>\n<\/td>\n<\/tr>\n\n<tr>\n<td>\n<p align=\"center\">31<\/p>\n<\/td>\n<td>\n<p align=\"left\">SIGILOSO<a href=\"\">\n<\/a><\/p>\n<\/td>\n<\/tr>\n\n<tr>\n<td>\n<p align=\"center\">32<\/p>\n<\/td>\n<td>\n<p align=\"left\"><a href=\"https:\/\/cofecon.org.br\/transparencia\/files\/atos_normativos\/Port\/2024\/Port-2024(32).pdf\">Custeia passagem a\u00e9rea para Denise Lobato Gentil.\n<\/a><\/p>\n<\/td>\n<\/tr>\n\n<tr>\n<td>\n<p align=\"center\">33<\/p>\n<\/td>\n<td>\n<p align=\"left\"><a href=\"https:\/\/cofecon.org.br\/transparencia\/files\/atos_normativos\/Port\/2024\/Port-2024(33).pdf\">Nomeia empregados para acompanhar e fiscalizar contratos administrativos.\n<\/a><\/p>\n<\/td>\n<\/tr>\n\n<\/tbody>\n<\/table>\t\t\t\t<\/div>\n\t\t\t\t<\/div>\n\t\t\t\t\t<\/div>\n\t\t<\/div>\n\t\t\t\t\t<\/div>\n\t\t<\/section>\n\t\t\t\t<\/div>\n\t\t","protected":false},"excerpt":{"rendered":"<p>Portaria N\u00ba: Assunto: 01 Designa Agentes de Contrata\u00e7\u00e3o, Equipe de apoio, Pregoeiros Oficiais e respons\u00e1veis pela condu\u00e7\u00e3o de procedimentos de Dispensa Eletr\u00f4nica por meio do Portal de Compras do Governo Federal. 02 Altera a Portaria n\u00ba 39, de 5 de agosto de 2019, que disp\u00f5e sobre a regulamenta\u00e7\u00e3o da concess\u00e3o, aplica\u00e7\u00e3o e presta\u00e7\u00e3o de contas &hellip; <a href=\"https:\/\/cofecon.org.br\/transparencia\/?page_id=7158\" class=\"more-link\">Continue reading <span class=\"screen-reader-text\">Portarias-2024<\/span><\/a><\/p>\n","protected":false},"author":11,"featured_media":0,"parent":9,"menu_order":0,"comment_status":"closed","ping_status":"closed","template":"","meta":{"footnotes":""},"class_list":["post-7158","page","type-page","status-publish","hentry"],"_links":{"self":[{"href":"https:\/\/cofecon.org.br\/transparencia\/index.php?rest_route=\/wp\/v2\/pages\/7158"}],"collection":[{"href":"https:\/\/cofecon.org.br\/transparencia\/index.php?rest_route=\/wp\/v2\/pages"}],"about":[{"href":"https:\/\/cofecon.org.br\/transparencia\/index.php?rest_route=\/wp\/v2\/types\/page"}],"author":[{"embeddable":true,"href":"https:\/\/cofecon.org.br\/transparencia\/index.php?rest_route=\/wp\/v2\/users\/11"}],"replies":[{"embeddable":true,"href":"https:\/\/cofecon.org.br\/transparencia\/index.php?rest_route=%2Fwp%2Fv2%2Fcomments&post=7158"}],"version-history":[{"count":86,"href":"https:\/\/cofecon.org.br\/transparencia\/index.php?rest_route=\/wp\/v2\/pages\/7158\/revisions"}],"predecessor-version":[{"id":9949,"href":"https:\/\/cofecon.org.br\/transparencia\/index.php?rest_route=\/wp\/v2\/pages\/7158\/revisions\/9949"}],"up":[{"embeddable":true,"href":"https:\/\/cofecon.org.br\/transparencia\/index.php?rest_route=\/wp\/v2\/pages\/9"}],"wp:attachment":[{"href":"https:\/\/cofecon.org.br\/transparencia\/index.php?rest_route=%2Fwp%2Fv2%2Fmedia&parent=7158"}],"curies":[{"name":"wp","href":"https:\/\/api.w.org\/{rel}","templated":true}]}}