{"id":5559,"date":"2023-01-03T13:07:04","date_gmt":"2023-01-03T13:07:04","guid":{"rendered":"https:\/\/cofecon.org.br\/transparencia\/?page_id=5559"},"modified":"2025-10-15T17:24:31","modified_gmt":"2025-10-15T17:24:31","slug":"resolucoes-2023","status":"publish","type":"page","link":"https:\/\/cofecon.org.br\/transparencia\/?page_id=5559","title":{"rendered":"Resolu\u00e7\u00f5es-2023"},"content":{"rendered":"\t\t<div data-elementor-type=\"wp-page\" data-elementor-id=\"5559\" class=\"elementor elementor-5559\">\n\t\t\t\t\t\t<section class=\"elementor-section elementor-top-section elementor-element elementor-element-531ac6d elementor-section-boxed elementor-section-height-default elementor-section-height-default\" data-id=\"531ac6d\" data-element_type=\"section\">\n\t\t\t\t\t\t<div class=\"elementor-container elementor-column-gap-default\">\n\t\t\t\t\t<div class=\"elementor-column elementor-col-100 elementor-top-column elementor-element elementor-element-1479804\" data-id=\"1479804\" data-element_type=\"column\">\n\t\t\t<div class=\"elementor-widget-wrap elementor-element-populated\">\n\t\t\t\t\t\t<div class=\"elementor-element elementor-element-d752654 elementor-widget elementor-widget-text-editor\" data-id=\"d752654\" data-element_type=\"widget\" data-widget_type=\"text-editor.default\">\n\t\t\t\t<div class=\"elementor-widget-container\">\n\t\t\t\t\t\t\t\t\t<div>\n<table border=\"0\" align=\"center\">\n<tbody>\n<tr>\n<th scope=\"row\" align=\"center\" valign=\"middle\" width=\"134\">\n<p dir=\"ltr\" align=\"left\"><strong><span style=\"text-decoration: underline;\"><span style=\"font-size: 10pt;\">Resolu\u00e7\u00f5es N\u00ba:<\/span><\/span><\/strong><\/p>\n<\/th>\n<th scope=\"row\" align=\"center\" valign=\"middle\" width=\"499\">\n<p align=\"center\"><strong><span style=\"text-decoration: underline;\"><span style=\"font-size: 10pt;\">Assunto:<\/span><\/span><\/strong><\/p>\n<\/th>\n<\/tr>\n<tr>\n<td>\n<p align=\"center\">2.122<\/p>\n<\/td>\n<td>\n<p align=\"left\"><a href=\"https:\/\/cofecon.org.br\/transparencia\/files\/atos_normativos\/Res\/2023\/Res2023-2122.pdf\" target=\"_blank\" rel=\"noopener noreferrer\">Designa composi\u00e7\u00e3o da Comiss\u00e3o de Licita\u00e7\u00e3o do Cofecon.<\/a><\/p>\n<\/td>\n<\/tr>\n<tr>\n<td>\n<p align=\"center\">2.123<\/p>\n<\/td>\n<td>\n<p align=\"left\"><a href=\"https:\/\/cofecon.org.br\/transparencia\/files\/atos_normativos\/Res\/2023\/Res2023-2123.pdf\" target=\"_blank\" rel=\"noopener noreferrer\">Designa composi\u00e7\u00e3o da Comiss\u00e3o de Tomada de Contas do Cofecon para o exerc\u00edcio 2023.<\/a><\/p>\n<\/td>\n<\/tr>\n<tr>\n<td>\n<p align=\"center\">2.124<\/p>\n<\/td>\n<td>\n<p align=\"left\"><a href=\"https:\/\/cofecon.org.br\/transparencia\/files\/atos_normativos\/Res\/2023\/Res2023-2124.pdf\" target=\"_blank\" rel=\"noopener noreferrer\">Aprova o Regulamento do 8\u00ba Desafio Quero Ser Economista 2023.<\/a><\/p>\n<\/td>\n<\/tr>\n<tr>\n<td>\n<p align=\"center\">2.125<\/p>\n<\/td>\n<td>\n<p align=\"left\"><a href=\"https:\/\/cofecon.org.br\/transparencia\/files\/atos_normativos\/Res\/2023\/Res2023-2125.pdf\" target=\"_blank\" rel=\"noopener noreferrer\">Disp\u00f5e sobre o IX Programa Nacional de Recupera\u00e7\u00e3o de Cr\u00e9ditos no Sistema Cofecon\/Corecons.<\/a><\/p>\n<\/td>\n<\/tr>\n<tr>\n<td>\n<p align=\"center\">2.126<\/p>\n<\/td>\n<td>\n<p align=\"left\"><a href=\"https:\/\/cofecon.org.br\/transparencia\/files\/atos_normativos\/Res\/2023\/Res2023-2126.pdf\" target=\"_blank\" rel=\"noopener noreferrer\">Disp\u00f5e sobre o Regulamento do XXIX Pr\u00eamio Brasil de Economia.<\/a><\/p>\n<\/td>\n<\/tr>\n<tr>\n<td>\n<p align=\"center\">2.127<\/p>\n<\/td>\n<td>\n<p align=\"left\"><a href=\"https:\/\/cofecon.org.br\/transparencia\/files\/atos_normativos\/Res\/2023\/Res2023-2127.pdf\" target=\"_blank\" rel=\"noopener noreferrer\">Disp\u00f5e sobre o 2\u00ba Pr\u00eamio Paul Singer de Boas Pr\u00e1ticas Acad\u00eamicas &#8211; 2023. <\/a><\/p>\n<\/td>\n<\/tr>\n<tr>\n<td>\n<p align=\"center\">2.128<\/p>\n<\/td>\n<td>\n<p align=\"left\"><a href=\"https:\/\/cofecon.org.br\/transparencia\/files\/atos_normativos\/Res\/2023\/Res2023-2128.pdf\" target=\"_blank\" rel=\"noopener noreferrer\">Institui procedimentos e aprova o calend\u00e1rio\nreferente ao processo eleitoral de 2023, e d\u00e1 outras\nprovid\u00eancias.\n<\/a><\/p>\n<\/td>\n<\/tr>\n<tr>\n<td>\n<p align=\"center\">2.129<\/p>\n<\/td>\n<td>\n<p align=\"left\"><a href=\"https:\/\/cofecon.org.br\/transparencia\/files\/atos_normativos\/Res\/2023\/Res2023-2129.pdf\" target=\"_blank\" rel=\"noopener noreferrer\">Aprova o Regulamento da XII Gincana Nacional de\nEconomia 2023.\n<\/a><\/p>\n<\/td>\n<\/tr>\n<tr>\n<td>\n<p align=\"center\">2.130<\/p>\n<\/td>\n<td>\n<p align=\"left\"><a href=\"https:\/\/cofecon.org.br\/transparencia\/files\/atos_normativos\/Res\/2023\/Res2023-2130.pdf\" target=\"_blank\" rel=\"noopener noreferrer\">Inclui os subitens 3.13.8, 3.13.9 e 3.13.10 da subse\u00e7\u00e3o 2.3.1, que trata das atividades desempenhadas pelo economista, da Consolida\u00e7\u00e3o da Legisla\u00e7\u00e3o da Profiss\u00e3o de Economista &#8211; CLPE.<\/a><\/p>\n<\/td>\n<\/tr>\n<tr>\n<td>\n<p align=\"center\">2.131<\/p>\n<\/td>\n<td>\n<p align=\"left\"><a href=\"https:\/\/cofecon.org.br\/transparencia\/files\/atos_normativos\/Res\/2023\/Res2023-2131.pdf\" target=\"_blank\" rel=\"noopener noreferrer\">Anula etapas do 8\u00ba Desafio Quero Ser Economista 2023 e reinicia a competi\u00e7\u00e3o.\n<\/a><\/p>\n<\/td>\n<\/tr>\n<tr>\n<td>\n<p align=\"center\">2.132<\/p>\n<\/td>\n<td>\n<p align=\"left\"><a href=\"https:\/\/cofecon.org.br\/transparencia\/files\/atos_normativos\/Res\/2023\/Res2023-2132.pdf\" target=\"_blank\" rel=\"noopener noreferrer\">Altera dispositivos da Resolu\u00e7\u00e3o n\u00ba 2.113, de 4 de julho de 2022, que disp\u00f5e sobre o registro profissional junto aos Corecons dos egressos de programas de mestrado e doutorado em Economia.<\/a><\/p>\n<\/td>\n<\/tr>\n<tr>\n<td>\n<p align=\"center\">2.133<\/p>\n<\/td>\n<td>\n<p align=\"left\"><a href=\"https:\/\/cofecon.org.br\/transparencia\/files\/atos_normativos\/Res\/2023\/Res2023-2133.pdf\" target=\"_blank\" rel=\"noopener noreferrer\">Altera dispositivos da Resolu\u00e7\u00e3o n\u00ba 1.892, de 13 de abril de 2013, que normatiza a concess\u00e3o de pr\u00eamios, homenagens e comendas, e atualiza as refer\u00eancias \u00e0 Lei n\u00ba 8.666, de 1993 para a Lei n\u00ba 14.133, de 2021, e d\u00e1 outras provid\u00eancias.<\/a><\/p>\n<\/td>\n<\/tr>\n<tr>\n<td>\n<p align=\"center\">2.134<\/p>\n<\/td>\n<td>\n<p align=\"left\"><a href=\"https:\/\/cofecon.org.br\/transparencia\/files\/atos_normativos\/Res\/2023\/Res2023-2134.pdf\" target=\"_blank\" rel=\"noopener noreferrer\">Altera dispositivo da Consolida\u00e7\u00e3o da Legisla\u00e7\u00e3o da Profiss\u00e3o de Economista &#8211; CLPE e da Resolu\u00e7\u00e3o n\u00ba 1.951, de 11 de abril de 2016, que disp\u00f5e sobre o Cadastro Nacional de Peritos de Economia e Finan\u00e7as (CNPEF) do Cofecon.<\/a><\/p>\n<\/td>\n<\/tr>\n<tr>\n<td>\n<p align=\"center\">2.135<\/p>\n<\/td>\n<td>\n<p align=\"left\"><a href=\"https:\/\/cofecon.org.br\/transparencia\/files\/atos_normativos\/Res\/2023\/Res2023-2135.pdf\" target=\"_blank\" rel=\"noopener noreferrer\">Disp\u00f5e sobre o funcionamento do Processo Administrativo Eletr\u00f4nico no \u00e2mbito do Sistema Cofecon\/Corecons.<\/a><\/p>\n<\/td>\n<\/tr>\n<tr>\n<td>\n<p align=\"center\">2.136<\/p>\n<\/td>\n<td>\n<p align=\"left\"><a href=\"https:\/\/cofecon.org.br\/transparencia\/files\/atos_normativos\/Res\/2023\/Res2023-2136.pdf\" target=\"_blank\" rel=\"noopener noreferrer\">Institui o Sistema Eletr\u00f4nico de Informa\u00e7\u00f5es &#8211; SEI como sistema oficial para gest\u00e3o de documentos e processos administrativos no \u00e2mbito do Sistema Cofecon\/Corecons.<\/a><\/p>\n<\/td>\n<\/tr>\n<tr>\n<td>\n<p align=\"center\">2.137<\/p>\n<\/td>\n<td>\n<p align=\"left\"><a href=\"https:\/\/cofecon.org.br\/transparencia\/files\/atos_normativos\/Res\/2023\/Res2023-2137.pdf\" target=\"_blank\" rel=\"noopener noreferrer\">Institui o Reconhecimento de Projetos de Boas Pr\u00e1ticas do Sistema Cofecon\/Corecons 2023.<\/a><\/p>\n<\/td>\n<\/tr>\n<tr>\n<td>\n<p align=\"center\">2.138<\/p>\n<\/td>\n<td>\n<p align=\"left\"><a href=\"https:\/\/cofecon.org.br\/transparencia\/files\/atos_normativos\/Res\/2023\/Res2023-2138.pdf\" target=\"_blank\" rel=\"noopener noreferrer\">Prorroga os prazos de inscri\u00e7\u00e3o para o XXIX Pr\u00eamio Brasil de Economia &#8211; PBE 2023 e para o 2\u00ba Pr\u00eamio Paul Singer de Boas Pr\u00e1ticas Acad\u00eamicas &#8211; 2023, previstos, respectivamente, nos anexos da Resolu\u00e7\u00e3o n\u00ba 2.126\/2023, e n\u00ba 2.127\/2023.<\/a><\/p>\n<\/td>\n<\/tr>\n<tr>\n<td>\n<p align=\"center\">2.139<\/p>\n<\/td>\n<td>\n<p align=\"left\"><a href=\"#\" target=\"_blank\" rel=\"noopener noreferrer\">Resolu\u00e7\u00e3o Anulada<\/a><\/p>\n<\/td>\n<\/tr>\n<tr>\n<td>\n<p align=\"center\">2.140<\/p>\n<\/td>\n<td>\n<p align=\"left\"><a href=\"https:\/\/cofecon.org.br\/transparencia\/files\/atos_normativos\/Res\/2023\/Res2023-2140.pdf\" target=\"_blank\" rel=\"noopener noreferrer\">Estabelece os valores exatos das anuidades, das multas e dos pre\u00e7os de servi\u00e7os a serem pagos pelas pessoas f\u00edsicas e jur\u00eddicas aos Conselhos de Economia, para o exerc\u00edcio de 2024, e d\u00e1 outras provid\u00eancias<\/a><\/p>\n<\/td>\n<\/tr>\n<tr>\n<td>\n<p align=\"center\">2.141<\/p>\n<\/td>\n<td>\n<p align=\"left\"><a href=\"https:\/\/cofecon.org.br\/transparencia\/files\/atos_normativos\/Res\/2023\/Res2023-2141.pdf\" target=\"_blank\" rel=\"noopener noreferrer\">Altera dispositivos do Normativo de Procedimentos\npara Registro de Profissionais junto aos Conselhos\nRegionais de Economia, aprovado pela Resolu\u00e7\u00e3o n\u00ba\n1.945, de 30 de novembro de 2015, e d\u00e1 outras\nprovid\u00eancias.\n<\/a><\/p>\n<\/td>\n<\/tr>\n<tr>\n<td>\n<p align=\"center\">2.142<\/p>\n<\/td>\n<td>\n<p align=\"left\"><a href=\"https:\/\/cofecon.org.br\/transparencia\/files\/atos_normativos\/Res\/2023\/Res2023-2142.pdf\" target=\"_blank\" rel=\"noopener noreferrer\">Aprova o Modelo de Regulamento Geral do Corecon Acad\u00eamico no \u00e2mbito do Sistema Cofecon\/Corecons.\n<\/a><\/p>\n<\/td>\n<\/tr>\n<tr>\n<td>\n<p align=\"center\">2.143<\/p>\n<\/td>\n<td>\n<p align=\"left\"><a href=\"https:\/\/cofecon.org.br\/transparencia\/files\/atos_normativos\/Res\/2023\/Res2023-2143.pdf\" target=\"_blank\" rel=\"noopener noreferrer\">Inclui o item 4 na subse\u00e7\u00e3o 2.3.1, que trata das atividades desempenhadas pelo economista, da Consolida\u00e7\u00e3o da Legisla\u00e7\u00e3o da Profiss\u00e3o de Economista (CLPE).\n<\/a><\/p>\n<\/td>\n<\/tr>\n<tr>\n<td>\n<p align=\"center\">2.144<\/p>\n<\/td>\n<td>\n<p align=\"left\"><a href=\"https:\/\/cofecon.org.br\/transparencia\/files\/atos_normativos\/Res\/2023\/Res2023-2144.pdf\" target=\"_blank\" rel=\"noopener noreferrer\">Altera dispositivos do Modelo de Regulamento Geral do Corecon Acad\u00eamico, aprovado pela Resolu\u00e7\u00e3o n\u00ba 2.142, de 24 de outubro de 2023.\n<\/a><\/p>\n<\/td>\n<\/tr>\n<tr>\n<td>\n<p align=\"center\">2.145<\/p>\n<\/td>\n<td>\n<p align=\"left\"><a href=\"https:\/\/cofecon.org.br\/transparencia\/files\/atos_normativos\/Res\/2023\/Res2023-2145.pdf\" target=\"_blank\" rel=\"noopener noreferrer\">Alterar o Regimento Interno do Conselho Federal de Economia, aprovado pela Resolu\u00e7\u00e3o n\u00ba 1.832, de 30 de julho de 2010, e o Modelo de Regimento Interno dos Conselhos Regionais de Economia, aprovado pela Resolu\u00e7\u00e3o n\u00ba 1.837, de 4 de setembro de 2010.\n<\/a><\/p>\n<\/td>\n<\/tr>\n<tr>\n<td>\n<p align=\"center\">2.146<\/p>\n<\/td>\n<td>\n<p align=\"left\"><a href=\"https:\/\/cofecon.org.br\/transparencia\/files\/atos_normativos\/Res\/2023\/Res2023-2146.pdf\" target=\"_blank\" rel=\"noopener noreferrer\">Prorroga o prazo de vig\u00eancia do IX Programa Nacional de Recupera\u00e7\u00e3o de Cr\u00e9ditos no Sistema Cofecon\/Corecons, e d\u00e1 outras provid\u00eancias.\n<\/a><\/p>\n<\/td>\n<\/tr>\n<tr>\n<td>\n<p align=\"center\">2.147<\/p>\n<\/td>\n<td>\n<p align=\"left\"><a href=\"https:\/\/cofecon.org.br\/transparencia\/files\/atos_normativos\/Res\/2023\/Res2023-2147.pdf\" target=\"_blank\" rel=\"noopener noreferrer\">Inclui e altera dispositivos na Resolu\u00e7\u00e3o n\u00ba 2.119, de 19 de setembro de 2022, que disp\u00f5e sobre a padroniza\u00e7\u00e3o de dados de registro dos profissionais e pessoas jur\u00eddicas inscritas no Sistema Cofecon\/Corecon.\n<\/a><\/p>\n<\/td>\n<\/tr>\n<\/tbody>\n<\/table>\n<\/div>\t\t\t\t\t\t\t\t<\/div>\n\t\t\t\t<\/div>\n\t\t\t\t\t<\/div>\n\t\t<\/div>\n\t\t\t\t\t<\/div>\n\t\t<\/section>\n\t\t\t\t<\/div>\n\t\t","protected":false},"excerpt":{"rendered":"<p>Resolu\u00e7\u00f5es N\u00ba: Assunto: 2.122 Designa composi\u00e7\u00e3o da Comiss\u00e3o de Licita\u00e7\u00e3o do Cofecon. 2.123 Designa composi\u00e7\u00e3o da Comiss\u00e3o de Tomada de Contas do Cofecon para o exerc\u00edcio 2023. 2.124 Aprova o Regulamento do 8\u00ba Desafio Quero Ser Economista 2023. 2.125 Disp\u00f5e sobre o IX Programa Nacional de Recupera\u00e7\u00e3o de Cr\u00e9ditos no Sistema Cofecon\/Corecons. 2.126 Disp\u00f5e sobre &hellip; <a href=\"https:\/\/cofecon.org.br\/transparencia\/?page_id=5559\" class=\"more-link\">Continue reading <span class=\"screen-reader-text\">Resolu\u00e7\u00f5es-2023<\/span><\/a><\/p>\n","protected":false},"author":11,"featured_media":0,"parent":9,"menu_order":0,"comment_status":"closed","ping_status":"closed","template":"","meta":{"footnotes":""},"class_list":["post-5559","page","type-page","status-publish","hentry"],"_links":{"self":[{"href":"https:\/\/cofecon.org.br\/transparencia\/index.php?rest_route=\/wp\/v2\/pages\/5559"}],"collection":[{"href":"https:\/\/cofecon.org.br\/transparencia\/index.php?rest_route=\/wp\/v2\/pages"}],"about":[{"href":"https:\/\/cofecon.org.br\/transparencia\/index.php?rest_route=\/wp\/v2\/types\/page"}],"author":[{"embeddable":true,"href":"https:\/\/cofecon.org.br\/transparencia\/index.php?rest_route=\/wp\/v2\/users\/11"}],"replies":[{"embeddable":true,"href":"https:\/\/cofecon.org.br\/transparencia\/index.php?rest_route=%2Fwp%2Fv2%2Fcomments&post=5559"}],"version-history":[{"count":70,"href":"https:\/\/cofecon.org.br\/transparencia\/index.php?rest_route=\/wp\/v2\/pages\/5559\/revisions"}],"predecessor-version":[{"id":9986,"href":"https:\/\/cofecon.org.br\/transparencia\/index.php?rest_route=\/wp\/v2\/pages\/5559\/revisions\/9986"}],"up":[{"embeddable":true,"href":"https:\/\/cofecon.org.br\/transparencia\/index.php?rest_route=\/wp\/v2\/pages\/9"}],"wp:attachment":[{"href":"https:\/\/cofecon.org.br\/transparencia\/index.php?rest_route=%2Fwp%2Fv2%2Fmedia&parent=5559"}],"curies":[{"name":"wp","href":"https:\/\/api.w.org\/{rel}","templated":true}]}}