{"id":253,"date":"2017-04-03T18:34:55","date_gmt":"2017-04-03T18:34:55","guid":{"rendered":"http:\/\/cofecon.org.br\/transparencia\/?page_id=253"},"modified":"2025-10-15T17:15:20","modified_gmt":"2025-10-15T17:15:20","slug":"resolucoes-2007","status":"publish","type":"page","link":"https:\/\/cofecon.org.br\/transparencia\/?page_id=253","title":{"rendered":"Resolucoes-2007"},"content":{"rendered":"\t\t<div data-elementor-type=\"wp-page\" data-elementor-id=\"253\" class=\"elementor elementor-253\">\n\t\t\t\t\t\t<section class=\"elementor-section elementor-top-section elementor-element elementor-element-696a8783 elementor-section-boxed elementor-section-height-default elementor-section-height-default\" data-id=\"696a8783\" data-element_type=\"section\">\n\t\t\t\t\t\t<div class=\"elementor-container elementor-column-gap-default\">\n\t\t\t\t\t<div class=\"elementor-column elementor-col-100 elementor-top-column elementor-element elementor-element-20b552a6\" data-id=\"20b552a6\" data-element_type=\"column\">\n\t\t\t<div class=\"elementor-widget-wrap elementor-element-populated\">\n\t\t\t\t\t\t<div class=\"elementor-element elementor-element-50a3ae35 elementor-widget elementor-widget-text-editor\" data-id=\"50a3ae35\" data-element_type=\"widget\" data-widget_type=\"text-editor.default\">\n\t\t\t\t<div class=\"elementor-widget-container\">\n\t\t\t\t\t\t\t\t\t<div align=\"center\">\n<table border=\"0\" align=\"center\">\n<tbody>\n<tr>\n<td>\n<p align=\"center\">\u00a0<strong><span style=\"text-decoration: underline;\"><span style=\"font-size: 10pt;\">Resolu\u00e7\u00f5es n\u00ba:<\/span><\/span><\/strong><\/p>\n<\/td>\n<td>\n<p align=\"center\"><strong><span style=\"font-size: 10pt;\"><span style=\"text-decoration: underline;\">Assunto:<\/span><\/span><\/strong><\/p>\n<\/td>\n<\/tr>\n<tr>\n<td>\n<p align=\"center\">\u00a0\u00a01.774<\/p>\n<\/td>\n<td>\n<p align=\"justify\">\u00a0<a href=\"https:\/\/cofecon.org.br\/transparencia\/files\/atos_normativos\/Res\/2007\/Res-2007.pdf\" target=\"_blank\" rel=\"noopener\">Prorroga prazo anuidades para CORECON\u2019S<\/a><\/p>\n<\/td>\n<\/tr>\n<tr>\n<td>\n<p align=\"center\">\u00a0\u00a01.775<\/p>\n<\/td>\n<td>\n<p align=\"justify\">\u00a0<a href=\"https:\/\/cofecon.org.br\/transparencia\/files\/atos_normativos\/Res\/2007\/Res-2007%20(1).pdf\" target=\"_blank\" rel=\"noopener\">Prorroga prazo anuidades para o CORECON-PR<\/a><\/p>\n<\/td>\n<\/tr>\n<tr>\n<td>\n<p align=\"center\">\u00a0\u00a01.776<\/p>\n<\/td>\n<td>\n<p align=\"justify\">\u00a0<a href=\"https:\/\/cofecon.org.br\/transparencia\/files\/atos_normativos\/Res\/2007\/Res-2007%20(2).pdf\" target=\"_blank\" rel=\"noopener\">Prorroga prazo anuidades para o CORECON-AL <\/a><\/p>\n<\/td>\n<\/tr>\n<tr>\n<td>\n<p align=\"center\">\u00a0\u00a01.777<\/p>\n<\/td>\n<td>\n<p align=\"justify\">\u00a0<a href=\"https:\/\/cofecon.org.br\/transparencia\/files\/atos_normativos\/Res\/2007\/Res-2007%20(3).pdf\" target=\"_blank\" rel=\"noopener\">Altera dispositivos da Consolida\u00e7\u00e3o<\/a><\/p>\n<\/td>\n<\/tr>\n<tr>\n<td>\n<p align=\"center\">\u00a0\u00a01.778<\/p>\n<\/td>\n<td>\n<p align=\"justify\">\u00a0<a href=\"https:\/\/cofecon.org.br\/transparencia\/files\/atos_normativos\/Res\/2007\/Res-2007%20(4).pdf\" target=\"_blank\" rel=\"noopener\">Altera dispositivos da Consolida\u00e7\u00e3o<\/a><\/p>\n<\/td>\n<\/tr>\n<tr>\n<td>\n<p align=\"center\">\u00a0\u00a01.779<\/p>\n<\/td>\n<td>\n<p align=\"justify\">\u00a0<a href=\"https:\/\/cofecon.org.br\/transparencia\/files\/atos_normativos\/Res\/2007\/Res-2007%20(5).pdf\" target=\"_blank\" rel=\"noopener\">Regulamento do XIV PBE<\/a><\/p>\n<\/td>\n<\/tr>\n<tr>\n<td>\n<p align=\"center\">\u00a0\u00a01.780<\/p>\n<\/td>\n<td>\n<p align=\"justify\">\u00a0<a href=\"https:\/\/cofecon.org.br\/transparencia\/files\/atos_normativos\/Res\/2007\/Res-2007%20(6).pdf\" target=\"_blank\" rel=\"noopener\">Aprova Calend\u00e1rio e modelo de c\u00e9dula das elei\u00e7\u00f5es 2007<\/a><\/p>\n<\/td>\n<\/tr>\n<tr>\n<td>\n<p align=\"center\">\u00a0\u00a01.781<\/p>\n<\/td>\n<td>\n<p align=\"justify\">\u00a0<a href=\"https:\/\/cofecon.org.br\/transparencia\/files\/atos_normativos\/Res\/2007\/Res-2007%20(7).pdf\" target=\"_blank\" rel=\"noopener\">Altera o Cap. 5.2<\/a><\/p>\n<\/td>\n<\/tr>\n<tr>\n<td>\n<p align=\"center\">\u00a0\u00a01.782<\/p>\n<\/td>\n<td>\n<p align=\"justify\">\u00a0<a href=\"https:\/\/cofecon.org.br\/transparencia\/files\/atos_normativos\/Res\/2007\/Res-2007%20(8).pdf\" target=\"_blank\" rel=\"noopener\">Institui a Comiss\u00e3o Eleitoral COFECON<\/a><\/p>\n<\/td>\n<\/tr>\n<tr>\n<td>\n<p align=\"center\">\u00a0\u00a01.783<\/p>\n<\/td>\n<td>\n<p align=\"justify\">\u00a0<a href=\"https:\/\/cofecon.org.br\/transparencia\/files\/atos_normativos\/Res\/2007\/Res-2007%20(9).pdf\" target=\"_blank\" rel=\"noopener\">Prorroga prazos para inscri\u00e7\u00e3o no XIV PBE<\/a><\/p>\n<\/td>\n<\/tr>\n<tr>\n<td>\n<p align=\"center\">\u00a0\u00a01.784<\/p>\n<\/td>\n<td>\n<p align=\"justify\">\u00a0<a href=\"https:\/\/cofecon.org.br\/transparencia\/files\/atos_normativos\/Res\/2007\/Res-2007%20(10).pdf\" target=\"_blank\" rel=\"noopener\">Altera os Cap\u00edtulos da Consolida\u00e7\u00e3o<\/a><\/p>\n<\/td>\n<\/tr>\n<tr>\n<td>\n<p align=\"center\">\u00a0\u00a01.785<\/p>\n<\/td>\n<td>\n<p align=\"justify\">\u00a0<a href=\"https:\/\/cofecon.org.br\/transparencia\/files\/atos_normativos\/Res\/2007\/Res-2007%20(11).pdf\" target=\"_blank\" rel=\"noopener\">Disp\u00f5e sobre a composi\u00e7\u00e3o do Plen\u00e1rio do COFECON<\/a><\/p>\n<\/td>\n<\/tr>\n<tr>\n<td>\n<p align=\"center\">\u00a0\u00a01.786<\/p>\n<\/td>\n<td>\n<p align=\"justify\">\u00a0<a href=\"https:\/\/cofecon.org.br\/transparencia\/files\/atos_normativos\/Res\/2007\/Res-2007%20(12).pdf\" target=\"_blank\" rel=\"noopener\">Revoga a Resolu\u00e7\u00e3o 1.778-07<\/a><\/p>\n<\/td>\n<\/tr>\n<tr>\n<td>\n<p align=\"center\">\u00a0\u00a01.787<\/p>\n<\/td>\n<td>\n<p align=\"justify\">\u00a0<a href=\"https:\/\/cofecon.org.br\/transparencia\/files\/atos_normativos\/Res\/2007\/Res-2007%20(13).pdf\" target=\"_blank\" rel=\"noopener\">Implanta o Cap. 5.1.1<\/a><\/p>\n<\/td>\n<\/tr>\n<tr>\n<td>\n<p align=\"center\">\u00a0\u00a01.788<\/p>\n<\/td>\n<td>\n<p align=\"justify\">\u00a0<a href=\"https:\/\/cofecon.org.br\/transparencia\/files\/atos_normativos\/Res\/2007\/Res-2007%20(14).pdf\" target=\"_blank\" rel=\"noopener\">Implanta o Cap. 5.1.2<\/a><\/p>\n<\/td>\n<\/tr>\n<tr>\n<td>\n<p align=\"center\">\u00a0\u00a01.789<\/p>\n<\/td>\n<td>\n<p align=\"justify\">\u00a0<a href=\"https:\/\/cofecon.org.br\/transparencia\/files\/atos_normativos\/Res\/2007\/Res-2007%20(15).pdf\" target=\"_blank\" rel=\"noopener\">Atualiza cap\u00edtulos da Consolida\u00e7\u00e3o<\/a><\/p>\n<\/td>\n<\/tr>\n<tr>\n<td>\n<p align=\"center\">\u00a0\u00a01.790<\/p>\n<\/td>\n<td>\n<p align=\"justify\">\u00a0<a href=\"https:\/\/cofecon.org.br\/transparencia\/files\/atos_normativos\/Res\/2007\/Res-2007%20(16).pdf\" target=\"_blank\" rel=\"noopener\">Altera Cap\u00edtulos da Consolida\u00e7\u00e3o<\/a><\/p>\n<\/td>\n<\/tr>\n<tr>\n<td>\n<p align=\"center\">\u00a0\u00a01.791<\/p>\n<\/td>\n<td>\n<p align=\"justify\">\u00a0<a href=\"https:\/\/cofecon.org.br\/transparencia\/files\/atos_normativos\/Res\/2007\/Res-2007%20(17).pdf\" target=\"_blank\" rel=\"noopener\">Altera Cap\u00edtulos da Consolida\u00e7\u00e3o<\/a><\/p>\n<\/td>\n<\/tr>\n<tr>\n<td>\n<p align=\"center\">\u00a0\u00a01.792<\/p>\n<\/td>\n<td>\n<p align=\"justify\">\u00a0<a href=\"https:\/\/cofecon.org.br\/transparencia\/files\/atos_normativos\/Res\/2007\/Res-2007%20(18).pdf\" target=\"_blank\" rel=\"noopener\">Assembl\u00e9ia Geral de Delegados Eleitores<\/a><\/p>\n<\/td>\n<\/tr>\n<\/tbody>\n<\/table>\n<\/div>\t\t\t\t\t\t\t\t<\/div>\n\t\t\t\t<\/div>\n\t\t\t\t\t<\/div>\n\t\t<\/div>\n\t\t\t\t\t<\/div>\n\t\t<\/section>\n\t\t\t\t<\/div>\n\t\t","protected":false},"excerpt":{"rendered":"<p>\u00a0Resolu\u00e7\u00f5es n\u00ba: Assunto: \u00a0\u00a01.774 \u00a0Prorroga prazo anuidades para CORECON\u2019S \u00a0\u00a01.775 \u00a0Prorroga prazo anuidades para o CORECON-PR \u00a0\u00a01.776 \u00a0Prorroga prazo anuidades para o CORECON-AL \u00a0\u00a01.777 \u00a0Altera dispositivos da Consolida\u00e7\u00e3o \u00a0\u00a01.778 \u00a0Altera dispositivos da Consolida\u00e7\u00e3o \u00a0\u00a01.779 \u00a0Regulamento do XIV PBE \u00a0\u00a01.780 \u00a0Aprova Calend\u00e1rio e modelo de c\u00e9dula das elei\u00e7\u00f5es 2007 \u00a0\u00a01.781 \u00a0Altera o Cap. 5.2 \u00a0\u00a01.782 \u00a0Institui &hellip; <a href=\"https:\/\/cofecon.org.br\/transparencia\/?page_id=253\" class=\"more-link\">Continue reading <span class=\"screen-reader-text\">Resolucoes-2007<\/span><\/a><\/p>\n","protected":false},"author":11,"featured_media":0,"parent":9,"menu_order":0,"comment_status":"closed","ping_status":"closed","template":"","meta":{"footnotes":""},"class_list":["post-253","page","type-page","status-publish","hentry"],"_links":{"self":[{"href":"https:\/\/cofecon.org.br\/transparencia\/index.php?rest_route=\/wp\/v2\/pages\/253"}],"collection":[{"href":"https:\/\/cofecon.org.br\/transparencia\/index.php?rest_route=\/wp\/v2\/pages"}],"about":[{"href":"https:\/\/cofecon.org.br\/transparencia\/index.php?rest_route=\/wp\/v2\/types\/page"}],"author":[{"embeddable":true,"href":"https:\/\/cofecon.org.br\/transparencia\/index.php?rest_route=\/wp\/v2\/users\/11"}],"replies":[{"embeddable":true,"href":"https:\/\/cofecon.org.br\/transparencia\/index.php?rest_route=%2Fwp%2Fv2%2Fcomments&post=253"}],"version-history":[{"count":8,"href":"https:\/\/cofecon.org.br\/transparencia\/index.php?rest_route=\/wp\/v2\/pages\/253\/revisions"}],"predecessor-version":[{"id":9965,"href":"https:\/\/cofecon.org.br\/transparencia\/index.php?rest_route=\/wp\/v2\/pages\/253\/revisions\/9965"}],"up":[{"embeddable":true,"href":"https:\/\/cofecon.org.br\/transparencia\/index.php?rest_route=\/wp\/v2\/pages\/9"}],"wp:attachment":[{"href":"https:\/\/cofecon.org.br\/transparencia\/index.php?rest_route=%2Fwp%2Fv2%2Fmedia&parent=253"}],"curies":[{"name":"wp","href":"https:\/\/api.w.org\/{rel}","templated":true}]}}