{"id":2288,"date":"2022-02-02T12:50:44","date_gmt":"2022-02-02T12:50:44","guid":{"rendered":"https:\/\/cofecon.org.br\/transparencia\/?page_id=2288"},"modified":"2025-10-16T15:42:03","modified_gmt":"2025-10-16T15:42:03","slug":"contrato","status":"publish","type":"page","link":"https:\/\/cofecon.org.br\/transparencia\/?page_id=2288","title":{"rendered":"Contratos"},"content":{"rendered":"\t\t<div data-elementor-type=\"wp-page\" data-elementor-id=\"2288\" class=\"elementor elementor-2288\">\n\t\t\t\t\t\t<section class=\"elementor-section elementor-top-section elementor-element elementor-element-7cc96df elementor-section-full_width elementor-section-height-default elementor-section-height-default\" data-id=\"7cc96df\" data-element_type=\"section\">\n\t\t\t\t\t\t<div class=\"elementor-container elementor-column-gap-default\">\n\t\t\t\t\t<div class=\"elementor-column elementor-col-100 elementor-top-column elementor-element elementor-element-89cdfe6\" data-id=\"89cdfe6\" data-element_type=\"column\">\n\t\t\t<div class=\"elementor-widget-wrap elementor-element-populated\">\n\t\t\t\t\t\t<div class=\"elementor-element elementor-element-35798b9 elementor-widget elementor-widget-heading\" data-id=\"35798b9\" data-element_type=\"widget\" data-widget_type=\"heading.default\">\n\t\t\t\t<div class=\"elementor-widget-container\">\n\t\t\t\t\t<h1 class=\"elementor-heading-title elementor-size-default\">Contratos<\/h1>\t\t\t\t<\/div>\n\t\t\t\t<\/div>\n\t\t\t\t<div class=\"elementor-element elementor-element-8ff9582 elementor-tabs-view-horizontal elementor-widget elementor-widget-tabs\" data-id=\"8ff9582\" data-element_type=\"widget\" data-widget_type=\"tabs.default\">\n\t\t\t\t<div class=\"elementor-widget-container\">\n\t\t\t\t\t\t\t<div class=\"elementor-tabs\">\n\t\t\t<div class=\"elementor-tabs-wrapper\" role=\"tablist\" >\n\t\t\t\t\t\t\t\t\t<div id=\"elementor-tab-title-1501\" class=\"elementor-tab-title elementor-tab-desktop-title\" aria-selected=\"true\" data-tab=\"1\" role=\"tab\" tabindex=\"0\" aria-controls=\"elementor-tab-content-1501\" aria-expanded=\"false\">2023<\/div>\n\t\t\t\t\t\t\t\t\t<div id=\"elementor-tab-title-1502\" class=\"elementor-tab-title elementor-tab-desktop-title\" aria-selected=\"false\" data-tab=\"2\" role=\"tab\" tabindex=\"-1\" aria-controls=\"elementor-tab-content-1502\" aria-expanded=\"false\">2022<\/div>\n\t\t\t\t\t\t\t\t\t<div id=\"elementor-tab-title-1503\" class=\"elementor-tab-title elementor-tab-desktop-title\" aria-selected=\"false\" data-tab=\"3\" role=\"tab\" tabindex=\"-1\" aria-controls=\"elementor-tab-content-1503\" aria-expanded=\"false\">2021<\/div>\n\t\t\t\t\t\t\t\t\t<div id=\"elementor-tab-title-1504\" class=\"elementor-tab-title elementor-tab-desktop-title\" aria-selected=\"false\" data-tab=\"4\" role=\"tab\" tabindex=\"-1\" aria-controls=\"elementor-tab-content-1504\" aria-expanded=\"false\">2020<\/div>\n\t\t\t\t\t\t\t\t\t<div id=\"elementor-tab-title-1505\" class=\"elementor-tab-title elementor-tab-desktop-title\" aria-selected=\"false\" data-tab=\"5\" role=\"tab\" tabindex=\"-1\" aria-controls=\"elementor-tab-content-1505\" aria-expanded=\"false\">2019<\/div>\n\t\t\t\t\t\t\t\t\t<div id=\"elementor-tab-title-1506\" class=\"elementor-tab-title elementor-tab-desktop-title\" aria-selected=\"false\" data-tab=\"6\" role=\"tab\" tabindex=\"-1\" aria-controls=\"elementor-tab-content-1506\" aria-expanded=\"false\">2018<\/div>\n\t\t\t\t\t\t\t\t\t<div id=\"elementor-tab-title-1507\" class=\"elementor-tab-title elementor-tab-desktop-title\" aria-selected=\"false\" data-tab=\"7\" role=\"tab\" tabindex=\"-1\" aria-controls=\"elementor-tab-content-1507\" aria-expanded=\"false\">2017<\/div>\n\t\t\t\t\t\t\t\t\t<div id=\"elementor-tab-title-1508\" class=\"elementor-tab-title elementor-tab-desktop-title\" aria-selected=\"false\" data-tab=\"8\" role=\"tab\" tabindex=\"-1\" aria-controls=\"elementor-tab-content-1508\" aria-expanded=\"false\">2016<\/div>\n\t\t\t\t\t\t\t<\/div>\n\t\t\t<div class=\"elementor-tabs-content-wrapper\" role=\"tablist\" aria-orientation=\"vertical\">\n\t\t\t\t\t\t\t\t\t<div class=\"elementor-tab-title elementor-tab-mobile-title\" aria-selected=\"true\" data-tab=\"1\" role=\"tab\" tabindex=\"0\" aria-controls=\"elementor-tab-content-1501\" aria-expanded=\"false\">2023<\/div>\n\t\t\t\t\t<div id=\"elementor-tab-content-1501\" class=\"elementor-tab-content elementor-clearfix\" data-tab=\"1\" role=\"tabpanel\" aria-labelledby=\"elementor-tab-title-1501\" tabindex=\"0\" hidden=\"false\"><p><strong style=\"font-size: 18pt; text-decoration-line: underline;\">Contrato n\u00ba 1\/2023 (Processo n\u00ba 20.174\/2023)<\/strong><\/p><p><span style=\"font-size: 12pt;\"><strong>Contratada:<\/strong> Gr\u00e1fica e Editoria Formul\u00e1rios Cont\u00ednuos e Etiquetas F&amp;F Ltda-ME (11.114.463\/0001-09)<\/span><br \/><span style=\"font-size: 12pt;\"><strong>Objeto:<\/strong> Presta\u00e7\u00e3o de servi\u00e7os gr\u00e1ficos.<br \/><strong>Modalidade:<\/strong> Preg\u00e3o 6\/2022<\/span><br \/><span style=\"font-size: 12pt;\"><strong>Valor global anual estimado:<\/strong> R$ 108.070,00<\/span><br \/><span style=\"font-size: 12pt;\"><strong>Vig\u00eancia:<\/strong> 17\/2\/2023 a 16\/2\/2024<\/span><\/p><p><span style=\"text-decoration: underline;\"><span style=\"font-size: 12pt;\"><strong>Anexo:<\/strong><\/span><\/span><\/p><ol><li style=\"list-style-type: none;\"><ol><li style=\"list-style-type: none;\"><ol><li><span style=\"font-size: 16px;\">Ata de Registro de Pre\u00e7os n\u00b0 1\/2023 &#8211; (<a href=\"https:\/\/cofecon.org\/transparencia\/files\/licitacoes\/contratos\/2023\/01-FEF\/07-ARP_1.2023-F&amp;F.pdf\">PDF<\/a>) \/ (<a href=\"https:\/\/cofecon.org\/transparencia\/files\/licitacoes\/contratos\/2023\/01-FEF\/01-G1-ARP_1.2023-FeF.docx\">Word<\/a>)<\/span><\/li><li><a href=\"https:\/\/cofecon.org\/transparencia\/files\/licitacoes\/contratos\/2023\/01-FEF\/07-EARP_1.2023-F&amp;F.pdf\"><span style=\"font-size: 12pt;\">Extrato da Ata<\/span><\/a><\/li><li><span style=\"font-size: 12pt;\">Contrato n\u00b0 1\/2023 &#8211; (<a href=\"https:\/\/cofecon.org\/transparencia\/files\/licitacoes\/contratos\/2023\/01-FEF\/08-C_1.2023-F&amp;F.pdf\">PDF<\/a>) \/ (<a href=\"https:\/\/cofecon.org\/transparencia\/files\/licitacoes\/contratos\/2023\/01-FEF\/02-G1-C.1.2023-FeF.docx\">Word<\/a>)<\/span><\/li><li><a href=\"https:\/\/cofecon.org\/transparencia\/files\/licitacoes\/contratos\/2023\/01-FEF\/08-EC_1.2023-F&amp;F.pdf\"><span style=\"font-size: 12pt;\">Extrato do Contrato n\u00b0 1\/2023<\/span><\/a><\/li><\/ol><\/li><\/ol><\/li><\/ol><p><strong style=\"font-size: 18pt; text-decoration-line: underline;\">\u00a0<\/strong><\/p><p><strong style=\"font-size: 18pt; text-decoration-line: underline;\">Contrato n\u00ba 2\/2023 (Processo n\u00ba 20.174\/2022<\/strong><strong style=\"font-size: 18pt; text-decoration-line: underline;\">)<\/strong><\/p><p><span style=\"font-size: 12pt;\"><strong>Contratada:<\/strong> Forte Gr\u00e1fica e Editora LTDA-ME (03.157.626\/0001-02)<\/span><br \/><span style=\"font-size: 12pt;\"><strong>Objeto:<\/strong> Presta\u00e7\u00e3o de servi\u00e7os gr\u00e1ficos.<br \/><strong>Modalidade:<\/strong> Preg\u00e3o 6\/2022<\/span><br \/><span style=\"font-size: 12pt;\"><strong>Valor global anual estimado:<\/strong> R$ 181.650,00<\/span><br \/><span style=\"font-size: 12pt;\"><strong>Vig\u00eancia:<\/strong> 17\/2\/2023 a 16\/2\/2024<\/span><\/p><p><span style=\"text-decoration: underline;\"><span style=\"font-size: 12pt;\"><strong>Anexo:<\/strong><\/span><\/span><\/p><ol><li style=\"list-style-type: none;\"><ol><li style=\"list-style-type: none;\"><ol><li><span style=\"font-size: 16px;\">Ata de Registro de Pre\u00e7os n\u00b0 2\/2023 &#8211; (<a href=\"https:\/\/cofecon.org\/transparencia\/files\/licitacoes\/contratos\/2023\/02-FORTE\/11-ARP_2.2023-FORTE.pdf\">PDF<\/a>) \/ (<a href=\"https:\/\/cofecon.org\/transparencia\/files\/licitacoes\/contratos\/2023\/02-FORTE\/02-G2-ARP_2.2023-Forte_Grafica.docx\">Word<\/a>)<\/span><\/li><li><a href=\"https:\/\/cofecon.org\/transparencia\/files\/licitacoes\/contratos\/2023\/02-FORTE\/11-EARP_2.2023-FORTE.pdf\"><span style=\"font-size: 12pt;\">Extrato da Ata<\/span><\/a><\/li><li><span style=\"font-size: 12pt;\">Contrato n\u00b0 2\/2023 &#8211; (<a href=\"https:\/\/cofecon.org\/transparencia\/files\/licitacoes\/contratos\/2023\/02-FORTE\/12-C_2.2023-FORTE.pdf\">PDF<\/a>) \/ (<a href=\"https:\/\/cofecon.org\/transparencia\/files\/licitacoes\/contratos\/2023\/02-FORTE\/03-G2-Contrato_2.2023-Forte_Grafica.docx\">Word<\/a>)<\/span><\/li><li><a href=\"https:\/\/cofecon.org\/transparencia\/files\/licitacoes\/contratos\/2023\/02-FORTE\/12-EC_2.2023-FORTE.pdf\"><span style=\"font-size: 12pt;\">Extrato do Contrato n\u00b0 2\/2023<\/span><\/a><\/li><\/ol><\/li><\/ol><\/li><\/ol><p><strong style=\"font-size: 18pt; text-decoration-line: underline;\"><br \/>Contrato n\u00ba 3\/2023 (Processo n\u00ba 20.247\/2022)<\/strong><\/p><p><span style=\"font-size: 12pt;\"><strong>Contratada:<\/strong> Networld Telecomunica\u00e7\u00f5es do Brasil Ltda (00545482\/0001-65)<\/span><br \/><span style=\"font-size: 12pt;\"><strong>Objeto:<\/strong> Presta\u00e7\u00e3o de servi\u00e7os de telefonia e internet fixa.<br \/><strong>Modalidade:<\/strong> Preg\u00e3o 10\/2022<\/span><br \/><span style=\"font-size: 12pt;\"><strong>Valor global anual estimado:<\/strong> R$ 10.991,00<\/span><br \/><span style=\"font-size: 12pt;\"><strong>Vig\u00eancia:<\/strong> 1\u00aa\/3\/2023 a 28\/2\/2024<\/span><\/p><p><span style=\"text-decoration: underline;\"><span style=\"font-size: 12pt;\"><strong>Anexo:<\/strong><\/span><\/span><\/p><ol><li style=\"list-style-type: none;\"><ol><li style=\"list-style-type: none;\"><ol><li><span style=\"font-size: 12pt;\">Contrato n\u00b0 3\/2023 &#8211; (<a href=\"https:\/\/cofecon.org\/transparencia\/files\/licitacoes\/contratos\/2023\/03-NWI\/10-C_3.2023-NWI.pdf\">PDF<\/a>) \/ (<a href=\"https:\/\/cofecon.org\/transparencia\/files\/licitacoes\/contratos\/2023\/03-NWI\/02-C_3.2023-NWI.docx\">Word<\/a>)<\/span><\/li><li><a href=\"https:\/\/cofecon.org\/transparencia\/files\/licitacoes\/contratos\/2023\/03-NWI\/10-EC_3.2023-NWI.pdf\"><span style=\"font-size: 12pt;\">Extrato do Contrato n\u00b0 3\/2023<\/span><\/a><\/li><\/ol><\/li><\/ol><\/li><\/ol><p><strong style=\"font-size: 18pt; text-decoration-line: underline;\">\u00a0<\/strong><\/p><p><strong style=\"font-size: 18pt; text-decoration-line: underline;\">Contrato n\u00ba 4\/2023 (Processo n\u00ba 20.455\/2023)<\/strong><\/p><p><span style=\"font-size: 12pt;\"><strong>Contratada:<\/strong> <span dir=\"ltr\">\u00a0SecurityLabs Servicos de Desenvolvimento e Licenciamento de Programas Ltda (11046431\/0001-14)<\/span><\/span><br \/><span style=\"font-size: 12pt;\"><strong>Objeto:<\/strong> <span dir=\"ltr\">Presta\u00e7\u00e3o de servi\u00e7os de auditoria de processo eleitoral eletr\u00f4nico do Sistema Cofecon\/Corecons.<\/span><br \/><strong>Modalidade:<\/strong> <span dir=\"ltr\">Dispensa de Licita\u00e7\u00e3o n\u00ba 13\/2023<\/span><\/span><br \/><span style=\"font-size: 12pt;\"><strong>Valor global anual estimado:<\/strong> <span dir=\"ltr\">R$ 18.215,00<\/span><\/span><br \/><span style=\"font-size: 12pt;\"><strong>Vig\u00eancia:<\/strong> <span dir=\"ltr\">19\/06\/2023 a 31\/12\/2023\u00a0<\/span><\/span><\/p><p><span style=\"text-decoration: underline;\"><span style=\"font-size: 12pt;\"><strong>Anexo:<\/strong><\/span><\/span><\/p><ol><li style=\"list-style-type: none;\"><br \/><ol><li style=\"list-style-type: none;\"><br \/><ol><li><span style=\"font-size: 12pt;\">Contrato n\u00b0 4\/2023 &#8211; (<a href=\"https:\/\/cofecon.org\/transparencia\/files\/licitacoes\/contratos\/2023\/SecurityLabs\/SECURITYLABS.pdf\">PDF<\/a>) \/ (<a href=\"https:\/\/cofecon.org\/transparencia\/files\/licitacoes\/contratos\/2023\/SecurityLabs\/SECURITYLABS.docx\">Word<\/a>)<\/span><\/li><li><a style=\"font-size: 12px;\" href=\"https:\/\/cofecon.org\/transparencia\/files\/licitacoes\/contratos\/2023\/SecurityLabs\/EC4SECURITYLABS.pdf\"><span style=\"font-size: 12pt;\">Extrato do Contrato n\u00b0 4\/2023<\/span><\/a><\/li><\/ol><\/li><\/ol><\/li><\/ol><div><p style=\"font-family: Roboto, sans-serif; font-size: 12px; font-style: normal; font-weight: 400;\"><span style=\"font-size: 18pt; font-weight: bold; text-decoration-line: underline;\">\u00a0<\/span><\/p><p style=\"font-family: Roboto, sans-serif; font-size: 12px; font-style: normal; font-weight: 400;\"><span style=\"font-size: 18pt; font-weight: bold; text-decoration-line: underline;\">Contrato n\u00ba 5\/2023 (Processo n\u00ba 20.454\/2023)<\/span><\/p><p style=\"font-family: Roboto, sans-serif; font-size: 12px; font-style: normal; font-weight: 400;\"><span style=\"font-family: Roboto, sans-serif; font-size: 12pt; font-style: normal; font-weight: 400;\"><span style=\"font-size: 16px; font-weight: bold;\">Contratada:<\/span><\/span><span style=\"font-size: 16px;\">Valid Solu\u00e7\u00f5es S.A.\u00a0 (33113309\/0001-47)<br \/><\/span><span style=\"font-size: 16px; font-weight: bold;\">Objeto:<\/span><span style=\"font-size: 12pt;\">\u00a0S<\/span><span dir=\"ltr\" style=\"font-size: 16px;\">ervi\u00e7os de fornecimento de documento de seguran\u00e7a e emiss\u00e3o de Carteira de Identidade Profissional &#8211; CIP.<br \/><\/span><span style=\"font-size: 16px; font-weight: bold;\">Modalidade:<\/span><span dir=\"ltr\" style=\"font-size: 16px;\">Dispensa de Licita\u00e7\u00e3o n\u00ba 26\/2023<br \/><\/span><span style=\"font-size: 16px; font-weight: bold;\">Valor unit\u00e1rio:<\/span><span dir=\"ltr\" style=\"font-size: 16px;\">R$ 55,67<br \/><\/span><span style=\"font-size: 16px; font-weight: bold;\">Vig\u00eancia:<\/span><span style=\"font-size: 12pt;\">\u00a029<\/span><span dir=\"ltr\" style=\"font-size: 16px;\">\/07\/2023 a 180 dias\u00a0<\/span><\/p><p style=\"font-family: Roboto, sans-serif; font-size: 12px; font-style: normal; font-weight: 400;\"><span style=\"font-size: 12px; text-decoration-line: underline;\"><span style=\"font-size: 12pt;\"><span style=\"font-size: 16px; font-weight: bold;\">Anexo:<\/span><\/span><\/span><\/p><ol style=\"font-family: Roboto, sans-serif; font-size: 12px; font-style: normal; font-weight: 400;\"><li style=\"font-size: 12px; list-style-type: none;\"><ol style=\"font-size: 12px;\"><li style=\"font-size: 12px; list-style-type: none;\"><ol style=\"font-size: 12px;\"><li style=\"font-size: 12px;\"><span style=\"font-size: 12pt;\">Contrato n\u00b0 5\/2023 &#8211; (<a style=\"font-size: 16px;\" href=\"https:\/\/cofecon.org\/transparencia\/files\/licitacoes\/contratos\/2023\/05-VALID\/Contrato_5.2023-VALID.pdf\">PDF<\/a>) \/ (<a style=\"font-size: 16px;\" href=\"https:\/\/cofecon.org\/transparencia\/files\/licitacoes\/contratos\/2023\/05-VALID\/Contrato_5.2023-VALID.docx\">Word<\/a>)<\/span><\/li><li style=\"font-size: 12px;\"><span style=\"font-size: 12pt;\"><a style=\"font-size: 16px;\" href=\"https:\/\/cofecon.org\/transparencia\/files\/licitacoes\/contratos\/2023\/05-VALID\/EC_5.2023-VALID.pdf\">Extrato do Contrato n\u00b0 5\/2023<\/a><\/span><\/li><\/ol><\/li><\/ol><\/li><\/ol><p style=\"font-family: Roboto, sans-serif; font-size: 12px; font-style: normal; font-weight: 400;\"><span style=\"font-family: Roboto, sans-serif; font-style: normal; font-size: 18pt; font-weight: bold; text-decoration-line: underline;\">\u00a0<\/span><\/p><p style=\"font-family: Roboto, sans-serif; font-size: 12px; font-style: normal; font-weight: 400;\"><span style=\"font-family: Roboto, sans-serif; font-size: 18pt; font-style: normal; font-weight: bold; text-decoration-line: underline;\">Contrato n\u00ba\u00a0<\/span><span style=\"font-size: 24px;\"><span style=\"font-weight: bold;\"><u>6\/2023 (Processo n\u00ba 20.567\/2023)<\/u><\/span><\/span><\/p><p style=\"font-family: Roboto, sans-serif; font-size: 12px; font-style: normal; font-weight: 400;\"><span style=\"font-family: Roboto, sans-serif; font-size: 12pt; font-style: normal; font-weight: 400;\"><span style=\"font-size: 16px; font-weight: bold;\">Contratada:<\/span><\/span><span style=\"font-size: 16px;\">LGW Loca\u00e7\u00e3o de Copiadoras (07286708\/0001-08)<\/span><br \/><span style=\"font-size: 16px; font-weight: bold;\">Objeto:<\/span><span dir=\"ltr\" style=\"font-size: 12px;\"><span style=\"font-size: 16px;\">Presta\u00e7\u00e3o de servi\u00e7os de loca\u00e7\u00e3o de impressoras e scanner.<\/span><br \/><\/span><span style=\"font-size: 16px; font-weight: bold;\">Modalidade:<\/span><span dir=\"ltr\" style=\"font-size: 16px;\">Dispensa de Licita\u00e7\u00e3o n\u00ba 28\/2023<br \/><\/span><span style=\"font-size: 16px;\"><span style=\"font-weight: bold;\">Valor global anual estimado:<\/span><\/span><span dir=\"ltr\" style=\"font-size: 16px;\">R$ 5.160,00<br \/><\/span><span style=\"font-size: 16px; font-weight: bold;\">Vig\u00eancia:<\/span><span dir=\"ltr\" style=\"font-size: 12px;\"><span style=\"font-size: 16px;\">22\/8\/2023 a 21\/07\/2028\u00a0<\/span><\/span><\/p><p style=\"font-family: Roboto, sans-serif; font-size: 12px; font-style: normal; font-weight: 400;\"><span style=\"font-size: 12px; text-decoration-line: underline;\"><span style=\"font-size: 12pt;\"><span style=\"font-size: 16px; font-weight: bold;\">Anexo:<\/span><\/span><\/span><\/p><ol style=\"font-family: Roboto, sans-serif; font-size: 12px; font-style: normal; font-weight: 400;\"><li style=\"font-size: 12px; list-style-type: none;\"><ol style=\"font-size: 12px;\"><li style=\"font-size: 12px; list-style-type: none;\"><ol style=\"font-size: 12px;\"><li style=\"font-size: 12px;\"><span style=\"font-size: 12pt;\">Contrato n\u00b0 6\/2023 &#8211; (<a style=\"font-size: 16px;\" href=\"https:\/\/cofecon.org\/transparencia\/files\/licitacoes\/contratos\/2023\/06-LGW\/Contrato_6.2023-LGW.pdf\">PDF<\/a>) \/ (<a style=\"font-size: 16px;\" href=\"https:\/\/cofecon.org\/transparencia\/files\/licitacoes\/contratos\/2023\/06-LGW\/Contrato_6.2023-LGW.docx\">Word<\/a>)<\/span><\/li><li style=\"font-size: 12px;\"><span style=\"font-size: 12pt;\"><a style=\"font-size: 16px;\" href=\"https:\/\/cofecon.org\/transparencia\/files\/licitacoes\/contratos\/2023\/06-LGW\/EC_6.2023-LGW.pdf\">Extrato do Contrato n\u00b0 6\/2023<\/a><\/span><\/li><\/ol><\/li><\/ol><\/li><\/ol><p style=\"font-family: Roboto, sans-serif; font-size: 12px; font-style: normal; font-weight: 400;\"><span style=\"font-family: Roboto, sans-serif; font-style: normal; font-size: 18pt; font-weight: bold; text-decoration-line: underline;\">\u00a0<\/span><\/p><p style=\"font-family: Roboto, sans-serif; font-size: 12px; font-style: normal; font-weight: 400;\"><span style=\"font-family: Roboto, sans-serif; font-size: 18pt; font-style: normal; font-weight: bold; text-decoration-line: underline;\">Contrato n\u00ba\u00a0<\/span><span style=\"font-size: 24px;\"><span style=\"font-weight: bold;\"><u>7\/2023 (Processo n\u00ba 20.565\/2023<\/u><\/span><\/span><span style=\"font-weight: 400; text-decoration-line: underline; font-family: Roboto, sans-serif; font-size: 24px; font-style: normal;\">)<\/span><\/p><p style=\"font-family: Roboto, sans-serif; font-size: 12px; font-style: normal; font-weight: 400;\"><span style=\"font-family: Roboto, sans-serif; font-size: 12pt; font-style: normal; font-weight: 400;\"><span style=\"font-size: 16px; font-weight: bold;\">Contratada:<\/span><\/span><span style=\"font-size: 16px;\">Stort Vigano Assessoria e Per\u00edcias Ltda (04463395\/0001-10)<\/span><br \/><span style=\"font-size: 16px; font-weight: bold;\">Objeto:<\/span><span dir=\"ltr\" style=\"font-size: 12px;\"><span style=\"font-size: 16px;\">Presta\u00e7\u00e3o de servi\u00e7os de fornecimento de laudo documentosc\u00f3pico em amostra concedida pela empresa licitante em primeiro lugar no Preg\u00e3o n\u00ba 1\/2023.<\/span><br \/><\/span><span style=\"font-size: 16px; font-weight: bold;\">Modalidade:<\/span><span dir=\"ltr\" style=\"font-size: 16px;\">Dispensa de Licita\u00e7\u00e3o n\u00ba 27\/2023<br \/><\/span><span style=\"font-size: 16px;\"><span style=\"font-weight: bold;\">Valor global anual estimado:<\/span><\/span><span dir=\"ltr\" style=\"font-size: 16px;\">R$ 11.000,00<br \/><\/span><span style=\"font-size: 16px; font-weight: bold;\">Vig\u00eancia:<\/span><span dir=\"ltr\" style=\"font-size: 12px;\"><span style=\"font-size: 16px;\">9\/8\/2023 at\u00e9 a conclus\u00e3o do objeto\u00a0<\/span><\/span><\/p><p style=\"font-family: Roboto, sans-serif; font-size: 12px; font-style: normal; font-weight: 400;\"><span style=\"font-size: 12px; text-decoration-line: underline;\"><span style=\"font-size: 12pt;\"><span style=\"font-size: 16px; font-weight: bold;\">Anexo:<\/span><\/span><\/span><\/p><ol style=\"font-family: Roboto, sans-serif; font-size: 12px; font-style: normal; font-weight: 400;\"><li style=\"font-size: 12px; list-style-type: none;\"><ol style=\"font-size: 12px;\"><li style=\"font-size: 12px; list-style-type: none;\"><ol style=\"font-size: 12px;\"><li style=\"font-size: 12px;\"><span style=\"font-size: 12pt;\">Contrato n\u00b0 7\/2023 &#8211; (<a style=\"font-size: 16px;\" href=\"https:\/\/cofecon.org\/transparencia\/files\/licitacoes\/contratos\/2023\/07-STORT_VIGANO\/Contrato_7.2023-STORT.pdf\">PDF<\/a>) \/ (<a style=\"font-size: 16px;\" href=\"https:\/\/cofecon.org\/transparencia\/files\/licitacoes\/contratos\/2023\/07-STORT_VIGANO\/Contrato_7.2023-STORT.docx\">Word<\/a>)<\/span><\/li><li style=\"font-size: 12px;\"><span style=\"font-size: 12pt;\"><a style=\"font-size: 16px;\" href=\"https:\/\/cofecon.org\/transparencia\/files\/licitacoes\/contratos\/2023\/07-STORT_VIGANO\/EC_7.2023-STORT.pdf\">Extrato do Contrato n\u00b0 7\/2023<\/a><\/span><\/li><\/ol><\/li><\/ol><\/li><\/ol><p><span style=\"font-family: Roboto, sans-serif; font-size: 18pt; font-style: normal; font-weight: bold; text-decoration-line: underline;\">\u00a0<\/span><\/p><p style=\"font-family: Roboto, sans-serif; font-size: 12px; font-style: normal; font-weight: 400;\"><span style=\"font-family: Roboto, sans-serif; font-size: 18pt; font-style: normal; font-weight: bold; text-decoration-line: underline;\">Contrato n\u00ba\u00a0<\/span><span style=\"font-size: 24px;\"><span style=\"font-weight: bold;\"><u>8\/2023 (Processo n\u00ba 110000940.000031\/2023-99<\/u><\/span><\/span><span style=\"font-weight: 400; font-family: Roboto, sans-serif; font-size: 24px; font-style: normal; text-decoration-line: underline;\">)<\/span><\/p><p style=\"font-family: Roboto, sans-serif; font-size: 12px; font-style: normal; font-weight: 400;\"><span style=\"font-family: Roboto, sans-serif; font-size: 12pt; font-style: normal; font-weight: 400;\"><span style=\"font-size: 16px; font-weight: bold;\">Contratada:<\/span><\/span><span style=\"font-size: 16px;\">Servi\u00e7o Federal de Procedimento de Dados \u2013 SERPRO (33683111\/0001-07)<\/span><br \/><span style=\"font-size: 16px; font-weight: bold;\">Objeto:<\/span><span dir=\"ltr\" style=\"font-size: 12px;\"><span style=\"font-size: 16px;\">Presta\u00e7\u00e3o de servi\u00e7os especializados de consulta CPF\/CNPJ.<\/span><br \/><\/span><span style=\"font-size: 16px; font-weight: bold;\">Modalidade:<\/span><span dir=\"ltr\" style=\"font-size: 16px;\">Dispensa de Licita\u00e7\u00e3o n\u00ba 39\/2023<br \/><\/span><span style=\"font-size: 16px;\"><span style=\"font-weight: bold;\">Valor global anual estimado:<\/span><\/span><span dir=\"ltr\" style=\"font-size: 16px;\">R$ 9.045,78<br \/><\/span><span style=\"font-size: 16px; font-weight: bold;\">Vig\u00eancia:<\/span><span dir=\"ltr\" style=\"font-size: 12px;\"><span style=\"font-size: 16px;\">20\/11\/2023 a 19\/11\/2024\u00a0<\/span><\/span><\/p><p style=\"font-family: Roboto, sans-serif; font-size: 12px; font-style: normal; font-weight: 400;\"><span style=\"font-size: 12px; text-decoration-line: underline;\"><span style=\"font-size: 12pt;\"><span style=\"font-size: 16px; font-weight: bold;\">Anexo:<\/span><\/span><\/span><\/p><ol style=\"font-family: Roboto, sans-serif; font-size: 12px; font-style: normal; font-weight: 400;\"><li style=\"font-size: 12px; list-style-type: none;\"><ol style=\"font-size: 12px;\"><li style=\"font-size: 12px; list-style-type: none;\"><ol style=\"font-size: 12px;\"><li style=\"font-size: 12px;\"><span style=\"font-size: 12pt;\">Contrato n\u00b0 8\/2023 &#8211; (<a style=\"font-size: 16px;\" href=\"https:\/\/cofecon.org\/transparencia\/files\/licitacoes\/contratos\/2023\/08-SERPRO\/Contrato_8.2023-SERPRO.pdf\">PDF<\/a>) \/ (<a style=\"font-size: 16px;\" href=\"https:\/\/cofecon.org\/transparencia\/files\/licitacoes\/contratos\/2023\/08-SERPRO\/Contrato_8.2023-SERPRO.docx\">Word<\/a>)<\/span><\/li><li style=\"font-size: 12px;\"><span style=\"font-size: 12pt;\"><a style=\"font-size: 16px;\" href=\"https:\/\/cofecon.org\/transparencia\/files\/licitacoes\/contratos\/2023\/08-SERPRO\/EC_8.2023-SERPRO.pdf\">Extrato do Contrato n\u00b0 8\/2023<\/a><\/span><\/li><\/ol><\/li><\/ol><\/li><\/ol><p><span style=\"font-family: Roboto, sans-serif; font-size: 18pt; font-style: normal; font-weight: bold; text-decoration-line: underline;\">\u00a0<\/span><\/p><p style=\"font-family: Roboto, sans-serif; font-size: 12px; font-style: normal; font-weight: 400;\"><span style=\"font-family: Roboto, sans-serif; font-size: 18pt; font-style: normal; font-weight: bold; text-decoration-line: underline;\">Contrato n\u00ba\u00a0<\/span><span style=\"font-size: 24px;\"><span style=\"font-weight: bold;\"><u>9\/2023 (Processo n\u00ba 110000938.0000036\/2023-61<\/u><\/span><\/span><span style=\"font-weight: 400; font-family: Roboto, sans-serif; font-size: 24px; font-style: normal; text-decoration-line: underline;\">)<\/span><\/p><p style=\"font-family: Roboto, sans-serif; font-size: 12px; font-style: normal; font-weight: 400;\"><span style=\"font-family: Roboto, sans-serif; font-size: 12pt; font-style: normal; font-weight: 400;\"><span style=\"font-size: 16px; font-weight: bold;\">Contratada:<\/span><\/span><span style=\"font-size: 16px;\">Agencia de Integra\u00e7\u00e3o Empresa Escola Ltda &#8211; Agiel (01406617\/0001-74)<\/span><br \/><span style=\"font-size: 16px; font-weight: bold;\">Objeto:<\/span><span dir=\"ltr\" style=\"font-size: 12px;\"><span style=\"font-size: 16px;\">Presta\u00e7\u00e3o de servi\u00e7os intermedia\u00e7\u00e3o de est\u00e1gio.<\/span><br \/><\/span><span style=\"font-size: 16px; font-weight: bold;\">Modalidade:<\/span><span dir=\"ltr\" style=\"font-size: 16px;\">Dispensa de Licita\u00e7\u00e3o n\u00ba 36\/2023<br \/><\/span><span style=\"font-size: 16px;\"><span style=\"font-weight: bold;\">Valor global anual estimado:<\/span><\/span><span dir=\"ltr\" style=\"font-size: 16px;\">R$ 3.240,00<br \/><\/span><span style=\"font-size: 16px; font-weight: bold;\">Vig\u00eancia:<\/span><span style=\"font-size: 16px;\">12\/12\/2023 a 11\/12\/2028<\/span><\/p><p style=\"font-family: Roboto, sans-serif; font-size: 12px; font-style: normal; font-weight: 400;\"><span style=\"font-size: 12px; text-decoration-line: underline;\"><span style=\"font-size: 12pt;\"><span style=\"font-size: 16px; font-weight: bold;\">Anexo:<\/span><\/span><\/span><\/p><ol style=\"font-family: Roboto, sans-serif; font-size: 12px; font-style: normal; font-weight: 400;\"><li style=\"font-size: 12px; list-style-type: none;\"><ol style=\"font-size: 12px;\"><li style=\"font-size: 12px; list-style-type: none;\"><ol style=\"font-size: 12px;\"><li style=\"font-size: 12px;\"><span style=\"font-size: 12pt;\">Contrato n\u00b0 9\/2023 &#8211; (<a style=\"font-size: 16px;\" href=\"https:\/\/cofecon.org\/transparencia\/files\/licitacoes\/contratos\/2023\/09-AGIEL\/Contrato_9.2023-AGIEL.pdf\">PDF<\/a>) \/ (<a style=\"font-size: 16px;\" href=\"https:\/\/cofecon.org\/transparencia\/files\/licitacoes\/contratos\/2023\/09-AGIEL\/Contrato_9.2023-AGIEL.docx\">Word<\/a>)<\/span><\/li><li style=\"font-size: 12px;\"><span style=\"font-size: 12pt;\"><a style=\"font-size: 16px;\" href=\"https:\/\/cofecon.org\/transparencia\/files\/licitacoes\/contratos\/2023\/09-AGIEL\/EC_9.2023-AGIEL.pdf\">Extrato do Contrato n\u00b0 9\/2023<\/a><\/span><\/li><\/ol><\/li><\/ol><\/li><\/ol><p><span style=\"font-family: Roboto, sans-serif; font-size: 18pt; font-style: normal; font-weight: bold; text-decoration-line: underline;\">\u00a0<\/span><\/p><p><span style=\"font-family: Roboto, sans-serif; font-size: 18pt; font-style: normal; font-weight: bold; text-decoration-line: underline;\">Contrato n\u00ba\u00a0<\/span><span style=\"font-size: 24px;\"><b><u>10\/2023 (Processo n\u00ba 110000938.000045\/2023-51<\/u><\/b><\/span><b style=\"font-family: Roboto, sans-serif; font-size: 24px; font-style: normal; font-weight: 400; text-decoration-line: underline;\">)<\/b><\/p><p><span style=\"font-family: Roboto, sans-serif; font-size: 12pt; font-style: normal; font-weight: 400;\"><span style=\"font-size: 16px; font-weight: bold;\">Contratada:<\/span><\/span><span style=\"font-size: 16px;\">Clipping Brasil Publicacoes LTDA\u00a0 (35.756.641\/0001-55)<\/span><br \/><span style=\"font-size: 16px; font-weight: bold;\">Objeto:<\/span><span dir=\"ltr\"><span style=\"font-size: 16px;\">Presta\u00e7\u00e3o de servi\u00e7os de leitura de di\u00e1rios oficiais e de justi\u00e7a.<\/span><br \/><\/span><span style=\"font-size: 16px; font-weight: bold;\">Modalidade:<\/span><span dir=\"ltr\" style=\"font-size: 16px;\">Dispensa de Licita\u00e7\u00e3o n\u00ba 36\/2023<br \/><\/span><span style=\"font-size: 16px;\"><b>Valor global anual estimado:<\/b><\/span><span dir=\"ltr\" style=\"font-size: 16px;\">R$ 936,00<br \/><\/span><span style=\"font-size: 16px; font-weight: bold;\">Vig\u00eancia:<\/span><span style=\"font-size: 16px;\">28\/12\/2023 a 27\/12\/2028<\/span><\/p><p style=\"font-family: Roboto, sans-serif; font-size: 12px; font-style: normal; font-weight: 400;\"><span style=\"font-size: 12px; text-decoration-line: underline;\"><span style=\"font-size: 12pt;\"><span style=\"font-size: 16px; font-weight: bold;\">Anexo:<\/span><\/span><\/span><\/p><ol style=\"font-family: Roboto, sans-serif; font-size: 12px; font-style: normal; font-weight: 400;\"><li style=\"font-size: 12px; list-style-type: none;\"><ol style=\"font-size: 12px;\"><li style=\"font-size: 12px; list-style-type: none;\"><ol style=\"font-size: 12px;\"><li style=\"font-size: 12px;\"><span style=\"font-size: 12pt;\">Contrato n\u00b0 10\/2023 &#8211; (<a href=\"https:\/\/cofecon.org\/transparencia\/files\/licitacoes\/contratos\/2023\/10-CLIPPING\/Contrato_10.2023-CLIPPING.pdf\">PDF<\/a>) \/ (<a href=\"https:\/\/cofecon.org\/transparencia\/files\/licitacoes\/contratos\/2023\/10-CLIPPING\/Contrato_10.2023-CLIPPING.docx\">Word<\/a>)<\/span><\/li><li style=\"font-size: 12px;\"><span style=\"font-size: 12pt;\"><a href=\"https:\/\/cofecon.org\/transparencia\/files\/licitacoes\/contratos\/2023\/10-CLIPPING\/EC_10.2023-CLIPPING.pdf\">Extrato do Contrato n\u00b0 10\/2023<\/a><br \/><br \/><\/span><\/li><\/ol><\/li><\/ol><\/li><\/ol><p><span style=\"font-family: Roboto, sans-serif; font-size: 18pt; font-style: normal; font-weight: bold; text-decoration-line: underline;\"><span data-teams=\"true\"><span class=\"ui-provider a b c d e f g h i j k l m n o p q r s t u v w x y z ab ac ae af ag ah ai aj ak\" dir=\"ltr\"><u>Contrato n\u00ba <\/u>A5435DB5-38BD-4D1B-AD79-2C0B1CACE10F\/2023 (<u>Processo n\u00ba <\/u>110000938.000043\/2023-62<u>)<\/u><\/span><\/span><\/span><\/p><p><span style=\"font-family: Roboto, sans-serif; font-size: 12pt; font-style: normal; font-weight: 400;\"><span style=\"font-size: 16px; font-weight: bold;\">Contratada:<\/span> <span data-teams=\"true\"><span class=\"ui-provider a b c d e f g h i j k l m n o p q r s t u v w x y z ab ac ae af ag ah ai aj ak\" dir=\"ltr\">Gran Coffee Com\u00e9rcio, loca\u00e7\u00e3o e Servi\u00e7os (08736011\/0011-18)<\/span><\/span><\/span><br \/><span style=\"font-size: 16px; font-weight: bold;\">Objeto:<\/span><span style=\"font-size: 12pt;\"><span data-teams=\"true\"><span class=\"ui-provider a b c d e f g h i j k l m n o p q r s t u v w x y z ab ac ae af ag ah ai aj ak\" dir=\"ltr\">Servi\u00e7os de aluguel de m\u00e1quina multibebidas.<\/span><\/span><\/span><span dir=\"ltr\"><br \/><\/span><span style=\"font-size: 16px; font-weight: bold;\">Modalidade:<\/span><span style=\"font-size: 12pt;\"><span data-teams=\"true\"><span class=\"ui-provider a b c d e f g h i j k l m n o p q r s t u v w x y z ab ac ae af ag ah ai aj ak\" dir=\"ltr\">Dispensa de licita\u00e7\u00e3o n\u00ba 24\/2023.<\/span><\/span><\/span><span dir=\"ltr\" style=\"font-size: 16px;\"><br \/><\/span><span style=\"font-size: 16px;\"><b>Valor global anual estimado:<\/b><\/span><span style=\"font-size: 12pt;\"><span data-teams=\"true\"><span class=\"ui-provider a b c d e f g h i j k l m n o p q r s t u v w x y z ab ac ae af ag ah ai aj ak\" dir=\"ltr\">R$ 4.002,36<\/span><\/span><\/span><span dir=\"ltr\" style=\"font-size: 16px;\"><br \/><\/span><span style=\"font-size: 16px; font-weight: bold;\">Vig\u00eancia:<\/span><span style=\"font-size: 12pt;\"><span data-teams=\"true\"><span class=\"ui-provider a b c d e f g h i j k l m n o p q r s t u v w x y z ab ac ae af ag ah ai aj ak\" dir=\"ltr\">01\/08\/2024 a 31\/07\/2025<\/span><\/span><\/span><\/p><p style=\"font-family: Roboto, sans-serif; font-size: 12px; font-style: normal; font-weight: 400;\"><span style=\"font-size: 12px; text-decoration-line: underline;\"><span style=\"font-size: 12pt;\"><span style=\"font-size: 16px; font-weight: bold;\">Anexo:<\/span><\/span><\/span><\/p><ol style=\"font-family: Roboto, sans-serif; font-size: 12px; font-style: normal; font-weight: 400;\"><li style=\"font-size: 12px; list-style-type: none;\"><ol style=\"font-size: 12px;\"><li style=\"font-size: 12px; list-style-type: none;\"><ol style=\"font-size: 12px;\"><li style=\"font-size: 12px;\"><span style=\"font-size: 12pt;\">Contrato &#8211; (<a href=\"https:\/\/cofecon.org\/transparencia\/files\/licitacoes\/contratos\/2023\/GRANCOFFEE\/01-Contrato-ASSINADO.pdf\">PDF<\/a>)\u00a0<\/span><\/li><li style=\"font-size: 12px;\"><span style=\"font-size: 12pt;\"><a href=\"https:\/\/cofecon.org\/transparencia\/files\/licitacoes\/contratos\/2023\/GRANCOFFEE\/02-ECA5435DB5-38BD-4D1B-AD79-2C0B1CACE10F-GRANCOFFEE.pdf\">Extrato do Contrato<\/a><\/span><\/li><li><span style=\"font-size: 12pt;\"><a href=\"https:\/\/cofecon.org\/transparencia\/files\/licitacoes\/contratos\/2023\/GRANCOFFEE\/11-1\u00b0_Aditivo_-_CONSELHO_FEDERAL_DE_ECONOMIA.pdf\">1\u00ba termo Aditivo ao Contrato<\/a><br \/><\/span><\/li><\/ol><\/li><\/ol><\/li><\/ol><\/div><\/div>\n\t\t\t\t\t\t\t\t\t<div class=\"elementor-tab-title elementor-tab-mobile-title\" aria-selected=\"false\" data-tab=\"2\" role=\"tab\" tabindex=\"-1\" aria-controls=\"elementor-tab-content-1502\" aria-expanded=\"false\">2022<\/div>\n\t\t\t\t\t<div id=\"elementor-tab-content-1502\" class=\"elementor-tab-content elementor-clearfix\" data-tab=\"2\" role=\"tabpanel\" aria-labelledby=\"elementor-tab-title-1502\" tabindex=\"0\" hidden=\"hidden\"><p><strong style=\"font-size: 18pt; text-decoration-line: underline;\">Contrato n\u00ba 1\/2022 (Processo n\u00ba 20.028\/2022)<\/strong><\/p><p><span style=\"font-size: 12pt;\"><strong>Contratada:<\/strong> ESCRIT\u00d3RIO WARDE ADVOGADOS. (02.500.682\/0001-27)<\/span><br \/><span style=\"font-size: 12pt;\"><strong>Objeto: <\/strong><span lang=\"PT-BR\" xml:lang=\"PT-BR\" data-contrast=\"auto\">Consultoria Jur\u00eddica Trabalhista.<\/span><br \/><strong>Modalidade:<\/strong> <span lang=\"PT-BR\" xml:lang=\"PT-BR\" data-contrast=\"auto\">Inexigibilidade 1\/2022<\/span><\/span><br \/><span style=\"font-size: 12pt;\"><strong>Valor global anual estimado:<\/strong> <span lang=\"PT-BR\" xml:lang=\"PT-BR\" data-contrast=\"auto\">R$ 9.000,00<\/span><\/span><br \/><span style=\"font-size: 12pt;\"><strong>Vig\u00eancia:<\/strong> 03<span lang=\"PT-BR\" xml:lang=\"PT-BR\" data-contrast=\"auto\">\/05\/2022 a 03\/05\/2023<\/span><\/span><\/p><p><span style=\"text-decoration: underline;\"><span style=\"font-size: 12pt;\"><strong>Anexo:<\/strong><\/span><\/span><\/p><ol><li style=\"list-style-type: none;\"><ol><li style=\"list-style-type: none;\"><ol><li><span style=\"font-size: 12pt;\">Contrato n\u00ba 1\/2022 (<a href=\"https:\/\/www.cofecon.org\/transparencia\/files\/licitacoes\/contratos\/2022\/1-WARDE\/Contrato_1.2022-WARDE.docx\">docx<\/a>)<\/span><\/li><\/ol><\/li><\/ol><\/li><\/ol><p><strong style=\"font-size: 18pt; text-decoration-line: underline;\">Contrato n\u00ba 2\/2022 (Processo n\u00ba 20.013\/2022)<\/strong><\/p><p><span style=\"font-size: 12pt;\"><strong>Contratada:<\/strong> <span lang=\"PT-BR\" xml:lang=\"PT-BR\" data-contrast=\"auto\">THE PERFECT LINK ASSESSORIA, CONSULTORIA, AUDITORIA EMPRESARIAL LTDA. (01.912.699\/0001-29)<\/span><\/span><br \/><span style=\"font-size: 12pt;\"><strong>Objeto:<\/strong> <span lang=\"PT-BR\" xml:lang=\"PT-BR\" data-contrast=\"auto\">Auditoria prova de conceito para Preg\u00e3o n\u00ba 1\/2022<\/span>.<br \/><strong>Modalidade:<\/strong> <span lang=\"PT-BR\" xml:lang=\"PT-BR\" data-contrast=\"auto\">Dispensa 6\/2022<\/span><\/span><br \/><span style=\"font-size: 12pt;\"><strong>Valor global anual estimado:<\/strong> <span lang=\"PT-BR\" xml:lang=\"PT-BR\" data-contrast=\"auto\">R$ 1.300,00<\/span><\/span><br \/><span style=\"font-size: 12pt;\"><strong>Vig\u00eancia:<\/strong> <span lang=\"PT-BR\" xml:lang=\"PT-BR\" data-contrast=\"auto\">13\/5\/2022 a 12\/5\/2022<\/span><\/span><\/p><p><span style=\"text-decoration: underline;\"><span style=\"font-size: 12pt;\"><strong>Anexo:<\/strong><\/span><\/span><\/p><ol><li style=\"list-style-type: none;\"><ol><li style=\"list-style-type: none;\"><ol><li><span style=\"font-size: 12pt;\">Contrato n\u00ba 2\/2022 (<a href=\"https:\/\/www.cofecon.org\/transparencia\/files\/licitacoes\/contratos\/2022\/contratos\/Contrato2.2022.docx\">docx<\/a>)<\/span><\/li><li><span style=\"font-size: 12pt;\"><a href=\"https:\/\/www.cofecon.org\/transparencia\/files\/licitacoes\/contratos\/2022\/contratos\/EC2.2022.pdf\">Extrato do Contrato n\u00ba 2\/2022<\/a><\/span><\/li><\/ol><\/li><\/ol><\/li><\/ol><p><strong style=\"font-size: 18pt; text-decoration-line: underline;\">Contrato n\u00ba 3\/2022 (Processo n\u00ba 20.013\/2022)<\/strong><\/p><p><span style=\"font-size: 12pt;\"><strong>Contratada:<\/strong> UAE DESENVOLVIMENTO DE PROGRAMAS DE COMPUTADOR EIRELI. (31.041.421\/0001-94)<\/span><br \/><span style=\"font-size: 12pt;\"><strong>Objeto:<\/strong> Aquisi\u00e7\u00e3o de software da gincana nacional de economia.<br \/><strong>Modalidade:<\/strong> Preg\u00e3o 3\/2022<\/span><br \/><span style=\"font-size: 12pt;\"><strong>Valor global anual estimado:<\/strong> R$ 80.000,00<\/span><br \/><span style=\"font-size: 12pt;\"><strong>Vig\u00eancia:<\/strong> 1\u00ba\/7\/2022 a 31\/12\/2022<\/span><\/p><p><span style=\"text-decoration: underline;\"><span style=\"font-size: 12pt;\"><strong>Anexo:<\/strong><\/span><\/span><\/p><ol><li style=\"list-style-type: none;\"><ol><li style=\"list-style-type: none;\"><ol><li><span style=\"font-size: 12pt;\">Contrato n\u00ba 3\/2022 (<a href=\"https:\/\/cofecon.org.br\/transparencia\/files\/licitacoes\/contratos\/2022\/03-UAE\/23-C_3.2021-UAE.pdf\">pdf<\/a> \/ <a href=\"https:\/\/www.cofecon.org\/transparencia\/files\/licitacoes\/contratos\/2022\/contratos\/20-C3.2022-UAE.docx\">docx<\/a>)<\/span><\/li><li><a href=\"https:\/\/cofecon.org.br\/transparencia\/files\/licitacoes\/contratos\/2022\/03-UAE\/24-EC_3.2022-UEA.pdf\"><span style=\"font-size: 12pt;\">Extrato do Contrato n\u00ba 3\/2022<\/span><\/a><\/li><\/ol><\/li><\/ol><\/li><\/ol><p><span style=\"text-decoration: underline;\"><span style=\"font-size: 18pt;\"><strong>Contrato n\u00ba 4\/2022 (Processo n\u00ba 19.935\/2022)<\/strong><\/span><\/span><\/p><p><span style=\"font-size: 12pt;\"><strong>Contratada:<\/strong> R&amp;F SOLU\u00c7\u00d5ES EM TECNOLOGIA DA INFORMA\u00c7\u00c3O LTDA. (33.359.257\/0001-93)<\/span><br \/><span style=\"font-size: 12pt;\"><strong>Objeto:<\/strong> Solu\u00e7\u00e3o para realiza\u00e7\u00e3o das elei\u00e7\u00f5es eletr\u00f4nicas do Sistema Cofecon\/Corecons.<br \/><strong>Modalidade:<\/strong> Preg\u00e3o 1\/2022<\/span><br \/><span style=\"font-size: 12pt;\"><strong>Valor global anual estimado:<\/strong> R$ 68.000,00<\/span><br \/><span style=\"font-size: 12pt;\"><strong>Vig\u00eancia:<\/strong> 1\u00ba\/7\/2023 a 30\/6\/2024<\/span><\/p><p><span style=\"text-decoration: underline;\"><span style=\"font-size: 12pt;\"><strong>Anexo:<\/strong><\/span><\/span><\/p><ol><li style=\"list-style-type: none;\"><ol><li style=\"list-style-type: none;\"><ol><li><span style=\"font-size: 12pt;\">Contrato n\u00ba 4\/2022 (<a href=\"https:\/\/cofecon.org.br\/transparencia\/files\/licitacoes\/contratos\/2022\/01-ReF-Solucoes\/61-C_4.2021-R&amp;F.pdf\">PDF<\/a>) \/ (<a href=\"https:\/\/cofecon.org\/transparencia\/files\/licitacoes\/contratos\/2022\/pregao4-2022\/Contrato_4.2022-R&amp;F.docx\">Word<\/a>)<\/span><\/li><li><a href=\"https:\/\/cofecon.org.br\/transparencia\/files\/licitacoes\/contratos\/2022\/01-ReF-Solucoes\/62-EC_4.2022-R&amp;F.pdf\"><span style=\"font-size: 12pt;\">Extrato do Contrato n\u00ba 4\/2022<\/span><\/a><\/li><li><span style=\"font-size: 12pt;\">1\u00b0 Termo aditivo ao Contrato n\u00ba 4\/2022 &#8211; (<a href=\"https:\/\/cofecon.org\/transparencia\/files\/licitacoes\/contratos\/2022\/pregao4-2022\/1_Termo_Aditivo_ao_Contrato_N4_2022%20.pdf\">PDF<\/a>) \/ (<a href=\"https:\/\/cofecon.org\/transparencia\/files\/licitacoes\/contratos\/2022\/pregao4-2022\/1_Termo_Aditivo_ao_Contrato_N4_2022%20.docx\">Word<\/a>)<\/span><\/li><li><a href=\"https:\/\/cofecon.org\/transparencia\/files\/licitacoes\/contratos\/2022\/pregao4-2022\/Extrato_do_1_Termo_Aditivo_ao_Contrato_N4_2022 .pdf\" data-wplink-url-error=\"true\"><span style=\"font-size: 12pt;\">Extrato do 1\u00b0 Termo Aditivo ao Contrato n\u00ba 4\/2022<\/span><\/a><\/li><\/ol><\/li><\/ol><\/li><\/ol><p><strong style=\"font-size: 18pt; text-decoration-line: underline;\">Contrato n\u00ba 5\/2022 (Processo n\u00ba 20.060\/2022)<\/strong><\/p><p><span style=\"font-size: 12pt;\"><strong>Contratada:<\/strong> GREEN HOUSE COM\u00c9RCIO DE PRODUTOS DE LIMPEZA LTDA. (21.494.511\/0001-87)<\/span><br \/><span style=\"font-size: 12pt;\"><strong>Objeto:<\/strong> Materiais de copa e limpeza.<br \/><strong>Modalidade:<\/strong> Preg\u00e3o 4\/2022<\/span><br \/><span style=\"font-size: 12pt;\"><strong>Valor global anual estimado:<\/strong> R$ 23.724,80<\/span><br \/><span style=\"font-size: 12pt;\"><strong>Vig\u00eancia:<\/strong> 18\/7\/2022 a 17\/7\/2023<\/span><\/p><p><span style=\"text-decoration: underline;\"><span style=\"font-size: 12pt;\"><strong>Anexo:<\/strong><\/span><\/span><\/p><ol><li style=\"list-style-type: none;\"><ol><li style=\"list-style-type: none;\"><ol><li><span style=\"font-size: 16px;\">Ata de Registro de Pre\u00e7os n\u00b0 1\/2022 &#8211; (<a href=\"https:\/\/cofecon.org.br\/transparencia\/files\/licitacoes\/contratos\/2022\/05-GREEN-HOUSE\/39.1-ARP_1.2022-GREEN-HOUSE-ass.pdf\">PDF<\/a>) \/ (<a href=\"https:\/\/cofecon.org\/transparencia\/files\/licitacoes\/contratos\/2022\/5-GREEN_HOUSE\/ARP_1.2022-G1_e_G2.docx\">Word<\/a>)<\/span><\/li><li><a href=\"https:\/\/cofecon.org.br\/transparencia\/files\/licitacoes\/contratos\/2022\/05-GREEN-HOUSE\/39.2-EARP_1.2022-GREEN-HOUSE.pdf\"><span style=\"font-size: 16px;\">Extrato\u00a0<\/span><span style=\"font-size: 16px;\">Ata de Registro de Pre\u00e7os n\u00b0 1\/2022<\/span><\/a><\/li><li><span style=\"font-size: 12pt;\">Contrato n\u00b0 5\/2022 &#8211; (<a href=\"https:\/\/cofecon.org.br\/transparencia\/files\/licitacoes\/contratos\/2022\/05-GREEN-HOUSE\/39.3-C_5.2022-GREEN-HOUSE-ass.pdf\">PDF<\/a>) \/ (<a href=\"https:\/\/cofecon.org\/transparencia\/files\/licitacoes\/contratos\/2022\/5-GREEN_HOUSE\/Contrato_5.2022-G1_e_G2.docx\">Word<\/a>)<\/span><\/li><li><a href=\"https:\/\/cofecon.org.br\/transparencia\/files\/licitacoes\/contratos\/2022\/05-GREEN-HOUSE\/39.4-EC_5.2022-GREEN-HOUSE.pdf\"><span style=\"font-size: 12pt;\">Extrato do Contrato n\u00b0 5\/2022<\/span><\/a><\/li><li style=\"font-size: 12px;\"><a style=\"font-size: 12px;\" href=\"https:\/\/cofecon.org\/transparencia\/files\/licitacoes\/contratos\/2022\/5-GREEN_HOUSE\/10-1TAC_GREEN_HOUSE.pdf\"><span style=\"font-size: 16px;\">1\u00ba Termo aditivo ao Contrato n\u00ba 5\/22<\/span><\/a><\/li><li style=\"font-size: 12px;\"><a style=\"font-size: 12px;\" href=\"https:\/\/cofecon.org\/transparencia\/files\/licitacoes\/contratos\/2022\/5-GREEN_HOUSE\/11-E1TAC_GREEN_HOUSE.pdf\"><span style=\"font-size: 16px;\">Extrato do 1\u00ba Termo aditivo ao contrato n\u00ba 5\/22<\/span><\/a><\/li><\/ol><\/li><\/ol><\/li><\/ol><p><strong style=\"font-size: 18pt; text-decoration-line: underline;\">Contrato n\u00ba 6\/2022 (Processo n\u00ba 20.060\/2022)<\/strong><\/p><p><span style=\"font-size: 12pt;\"><strong>Contratada:<\/strong> RAFA PAPER DISTRIBUIDORA EIRELI. (30.735.649\/0001-11)<\/span><br \/><span style=\"font-size: 12pt;\"><strong>Objeto:<\/strong> Materiais de Escrit\u00f3rio.<br \/><strong>Modalidade:<\/strong> Preg\u00e3o 4\/2022<\/span><br \/><span style=\"font-size: 12pt;\"><strong>Valor global anual estimado:<\/strong> R$ 11.682,67<\/span><br \/><span style=\"font-size: 12pt;\"><strong>Vig\u00eancia:<\/strong> 18\/7\/2023 a 17\/7\/2024<\/span><\/p><p><span style=\"text-decoration: underline;\"><span style=\"font-size: 12pt;\"><strong>Anexo:<\/strong><\/span><\/span><\/p><ol><li style=\"list-style-type: none;\"><ol><li style=\"list-style-type: none;\"><ol><li><span style=\"font-size: 16px;\">Ata de Registro de Pre\u00e7os n\u00b0 2\/2022 &#8211; (<a href=\"https:\/\/cofecon.org.br\/transparencia\/files\/licitacoes\/contratos\/2022\/06-RAFA-PAPER\/39.5-ARP_2.2022_RAFA-PAPER-ass.pdf\">PDF<\/a>) \/ (<a href=\"https:\/\/cofecon.org\/transparencia\/files\/licitacoes\/contratos\/2022\/6-RAFA\/ARP_2.2022-G3.docx\">Word<\/a>)<\/span><\/li><li><a href=\"https:\/\/cofecon.org.br\/transparencia\/files\/licitacoes\/contratos\/2022\/06-RAFA-PAPER\/39.6-EARP_2.2022_RAFA-PAPER.pdf\"><span style=\"font-size: 16px;\">Extrato\u00a0<\/span><span style=\"font-size: 16px;\">Ata de Registro de Pre\u00e7os n\u00b0 2\/2022<\/span><\/a><\/li><li><span style=\"font-size: 12pt;\">Contrato n\u00b0 6\/2022 &#8211; (<a href=\"https:\/\/cofecon.org.br\/transparencia\/files\/licitacoes\/contratos\/2022\/06-RAFA-PAPER\/39.7-C_6.2022_RAFA-PAPER-ass.pdf\">PDF<\/a>) \/ (<a href=\"https:\/\/cofecon.org\/transparencia\/files\/licitacoes\/contratos\/2022\/6-RAFA\/Contratro_6.2022_G3.docx\">Word<\/a>)<\/span><\/li><li><a href=\"https:\/\/cofecon.org.br\/transparencia\/files\/licitacoes\/contratos\/2022\/06-RAFA-PAPER\/39.8-EC_6.2022_RAFA-PAPER.pdf\"><span style=\"font-size: 12pt;\">Extrato do Contrato n\u00b0 6\/2022<\/span><\/a><\/li><li><span style=\"font-size: 12pt;\">1\u00b0 Termo aditivo ao Contrato n\u00b0 6\/2022 &#8211; (<a href=\"https:\/\/cofecon.org\/transparencia\/files\/licitacoes\/contratos\/2022\/6-RAFA\/14-1TAC_6.2022-RafaPaper.pdf\">PDF<\/a>) \/ (<a href=\"https:\/\/cofecon.org\/transparencia\/files\/licitacoes\/contratos\/2022\/6-RAFA\/14-1TAC_6.2022-RafaPaper.docx\">Word<\/a>)<\/span><\/li><li><a href=\"https:\/\/cofecon.org\/transparencia\/files\/licitacoes\/contratos\/2022\/6-RAFA\/22-E1TAC_6.2022-RafaPaper.pdf\"><span style=\"font-size: 12pt;\">Extrato do 1\u00b0 Termo Aditivo ao Contrato n\u00b0 6\/2022<\/span><\/a><\/li><\/ol><\/li><\/ol><\/li><\/ol><p><strong style=\"font-size: 18pt; text-decoration-line: underline;\">Contrato n\u00ba 7\/2022 <span data-teams=\"true\"><span class=\"ui-provider a b c d e f g h i j k l m n o p q r s t u v w x y z ab ac ae af ag ah ai aj ak\" dir=\"ltr\"><strong>(Processo n\u00ba <\/strong><strong>110000938.000003\/2023-11<\/strong><strong>)<\/strong><\/span><\/span><\/strong><\/p><p><span style=\"font-size: 12pt;\"><strong>Processo SEI n\u00ba 110000938.000003\/2023-11<br \/>Contratada:<\/strong> BRC SOLU\u00c7\u00d5ES EM GEST\u00c3O E TECNOLOGIA DA INFORM\u00c1TICA LTDA. (23.706.503\/0001-82)<\/span><br \/><span style=\"font-size: 12pt;\"><strong>Objeto:<\/strong> Software de Gest\u00e3o Cadastral<br \/><strong>Modalidade:<\/strong> Inexigibilidade 2\/2022<\/span><br \/><span style=\"font-size: 12pt;\"><strong>Valor global anual estimado:<\/strong> <span data-teams=\"true\"><span class=\"ui-provider a b c d e f g h i j k l m n o p q r s t u v w x y z ab ac ae af ag ah ai aj ak\" dir=\"ltr\">R$ 103.499,31<\/span><\/span><\/span><br \/><span style=\"font-size: 12pt;\"><strong>Vig\u00eancia:<\/strong> <span data-teams=\"true\"><span class=\"ui-provider a b c d e f g h i j k l m n o p q r s t u v w x y z ab ac ae af ag ah ai aj ak\" dir=\"ltr\">8\/9\/2024 a 7\/9\/2025<\/span><\/span><\/span><\/p><p><span style=\"text-decoration: underline;\"><span style=\"font-size: 12pt;\"><strong>Anexo:<\/strong><\/span><\/span><\/p><ol><li style=\"list-style-type: none;\"><ol><li style=\"list-style-type: none;\"><ol><li><span style=\"font-size: 12pt;\">Contrato n\u00b0 7\/2022 &#8211; (<a href=\"https:\/\/cofecon.org.br\/transparencia\/files\/licitacoes\/contratos\/2022\/07-BRC\/C_7.2022-SP-BRC.pdf\">PDF<\/a>) \/ (<a href=\"https:\/\/cofecon.org\/transparencia\/files\/licitacoes\/contratos\/2022\/7-BRC\/Contrato_7.2022-BRC.docx\">Word<\/a>)<\/span><\/li><li><a href=\"https:\/\/cofecon.org.br\/transparencia\/files\/licitacoes\/contratos\/2022\/07-BRC\/63-EC_7.2022-SP-BRC.pdf\"><span style=\"font-size: 12pt;\">Extrato do Contrato n\u00b0 7\/2022<\/span><\/a><\/li><li><span style=\"font-size: 16px;\"><a href=\"https:\/\/cofecon.org\/transparencia\/files\/licitacoes\/contratos\/2022\/7-BRC\/SEI_0000151_Termo_Aditivo.pdf\">1\u00ba Termo Aditivo ao Contrato n\u00ba7\/2022<\/a><\/span><\/li><li><span style=\"font-size: 16px;\"><a href=\"https:\/\/cofecon.org\/transparencia\/files\/licitacoes\/contratos\/2022\/7-BRC\/25_E1TAC_7.2022_SP_BRC.pdf\">Extrato do 1\u00ba Termo Aditivo ao Contrato n\u00ba 7\/2022<\/a><\/span><\/li><li><span data-teams=\"true\"><span class=\"ui-provider a b c d e f g h i j k l m n o p q r s t u v w x y z ab ac ae af ag ah ai aj ak\" dir=\"ltr\">2\u00ba <a id=\"menurgh\" class=\"fui-Link ___1q1shib f2hkw1w f3rmtva f1ewtqcl fyind8e f1k6fduh f1w7gpdv fk6fouc fjoy568 figsok6 f1s184ao f1mk8lai fnbmjn9 f1o700av f13mvf36 f1cmlufx f9n3di6 f1ids18y f1tx3yz7 f1deo86v f1eh06m1 f1iescvh fhgqx19 f1olyrje f1p93eir f1nev41a f1h8hb77 f1lqvz6u f10aw75t fsle3fq f17ae5zn\" title=\"https:\/\/cofecon.org\/transparencia\/files\/licitacoes\/contratos\/2022\/7-brc\/sei_0000151_termo_aditivo.pdf\" href=\"https:\/\/cofecon.org\/transparencia\/files\/licitacoes\/contratos\/2019\/14-BRC\/35-SEI_0020937_Termo_Aditivo6TACC14.2019.pdf\" target=\"_blank\" rel=\"noreferrer noopener\" aria-label=\"Link Termo Aditivo ao Contrato n\u00ba7\/2022\">Termo Aditivo ao Contrato n\u00ba7\/2022<\/a><\/span><\/span><\/li><\/ol><\/li><\/ol><\/li><\/ol><p><strong style=\"font-size: 18pt; text-decoration-line: underline;\">Contrato n\u00ba 8\/2022 (Processo n\u00ba 20.130\/2022)<\/strong><\/p><p><span style=\"font-size: 12pt;\"><strong>Contratada:<\/strong> EMPRESA BRASIL DE COMUNICA\u00c7\u00c3O &#8211; EBC (03.168.704\/0001-42)<\/span><br \/><span style=\"font-size: 12pt;\"><strong>Objeto:<\/strong> Publicidade legal<br \/><strong>Modalidade:<\/strong> Inexigibilidade 4\/2022<\/span><br \/><span style=\"font-size: 12pt;\"><strong>Valor global anual estimado:<\/strong> R$ 10.000,00<\/span><br \/><span style=\"font-size: 12pt;\"><strong>Vig\u00eancia:<\/strong> 10\/08\/2022 a 09\/08\/2027<\/span><\/p><p><span style=\"text-decoration: underline;\"><span style=\"font-size: 12pt;\"><strong>Anexo:<\/strong><\/span><\/span><\/p><ol><li style=\"list-style-type: none;\"><ol><li style=\"list-style-type: none;\"><ol><li><span style=\"font-size: 12pt;\">Contrato n\u00b0 8\/2022 &#8211; (<a href=\"https:\/\/cofecon.org.br\/transparencia\/files\/licitacoes\/contratos\/2022\/08-EBC\/14-C-8.2022-EBC.pdf\">PDF<\/a>) \/ (<a href=\"https:\/\/cofecon.org\/transparencia\/files\/licitacoes\/contratos\/2022\/8-EBC\/Contrato_8.2022-EBC.docx\">Word<\/a>)<\/span><\/li><li><a href=\"https:\/\/cofecon.org.br\/transparencia\/files\/licitacoes\/contratos\/2022\/08-EBC\/14-EC-8.2022-EBC.pdf\"><span style=\"font-size: 12pt;\">Extrato do Contrato n\u00b0 8\/2022<\/span><\/a><\/li><\/ol><\/li><\/ol><\/li><\/ol><p><strong style=\"font-size: 18pt; text-decoration-line: underline;\">Contrato n\u00ba 9\/2022 (Processo n\u00ba 20.010\/2022)<\/strong><\/p><p><span style=\"font-size: 12pt;\"><strong>Contratada:<\/strong> MLA CONSERVADORIA LTDA (20.391.187\/0001-09)<\/span><br \/><span style=\"font-size: 12pt;\"><strong>Objeto:<\/strong> Servi\u00e7o de Recep\u00e7\u00e3o.<br \/><strong>Modalidade:<\/strong> Preg\u00e3o 7\/2022<\/span><br \/><span style=\"font-size: 12pt;\"><strong>Valor global anual estimado:<\/strong> R$ 55.400,00.<\/span><br \/><span style=\"font-size: 12pt;\"><strong>Vig\u00eancia:<\/strong> 1\u00ba\/10\/2022 a 30\/9\/2023<\/span><\/p><p><span style=\"text-decoration: underline;\"><span style=\"font-size: 12pt;\"><strong>Anexo:<\/strong><\/span><\/span><\/p><ol><li style=\"list-style-type: none;\"><ol><li style=\"list-style-type: none;\"><ol><li><span style=\"font-size: 12pt;\">Contrato n\u00b0 9\/2022 &#8211; (<a href=\"https:\/\/cofecon.org.br\/transparencia\/files\/licitacoes\/contratos\/2022\/09-MLA\/C_9.2022-MLA.pdf\">PDF<\/a>) \/ (<a href=\"https:\/\/cofecon.org\/transparencia\/files\/licitacoes\/contratos\/2022\/9-MLA\/Contrato_9.2022-Terceririzacao_recepcionista.docx\">Word<\/a>)<\/span><\/li><li><a href=\"https:\/\/cofecon.org.br\/transparencia\/files\/licitacoes\/contratos\/2022\/09-MLA\/62-EC_9.2022-MLA.pdf\"><span style=\"font-size: 12pt;\">Extrato do Contrato n\u00b0 9\/2022<\/span><\/a><\/li><\/ol><\/li><\/ol><\/li><\/ol><p><strong style=\"font-size: 18pt; text-decoration-line: underline;\">Contrato n\u00ba 10\/2022 (Processo n\u00ba 20.014\/2022)<\/strong><\/p><p><span style=\"font-size: 12pt;\"><strong>Contratada:<\/strong> SECURITYLABS SERVI\u00c7OS DE DESENVOLVIMENTO E LICENCIAMENTO DE PROGRAMAS LTDA (11.046.431\/0001-14)<\/span><br \/><span style=\"font-size: 12pt;\"><strong>Objeto:<\/strong> Auditoria elei\u00e7\u00f5es eletr\u00f4nicas.<br \/><strong>Modalidade:<\/strong> Dispensa n\u00ba 18\/2022.<\/span><br \/><span style=\"font-size: 12pt;\"><strong>Valor global anual estimado:<\/strong> R$ 17.500,00<\/span><br \/><span style=\"font-size: 12pt;\"><strong>Vig\u00eancia:<\/strong> 2\/9\/2022 a 1\u00ba\/9\/2023<\/span><\/p><p><span style=\"text-decoration: underline;\"><span style=\"font-size: 12pt;\"><strong>Anexo:<\/strong><\/span><\/span><\/p><ol><li style=\"list-style-type: none;\"><ol><li style=\"list-style-type: none;\"><ol><li><span style=\"font-size: 12pt;\">Contrato n\u00b0 10\/2022 &#8211; (<a href=\"https:\/\/cofecon.org.br\/transparencia\/files\/licitacoes\/contratos\/2022\/10-SECURITYLABS\/C_10.2022_SECURITYLABS.pdf\">PDF<\/a>) \/ (<a href=\"https:\/\/cofecon.org\/transparencia\/files\/licitacoes\/contratos\/2022\/10-SECURITYLABS\/Contrato_10.2022_Auditoria_eleicoes.docx\">Word<\/a>)<\/span><\/li><li><a href=\"https:\/\/cofecon.org.br\/transparencia\/files\/licitacoes\/contratos\/2022\/10-SECURITYLABS\/55-EC_10.2022_SECURITYLABS.pdf\"><span style=\"font-size: 12pt;\">Extrato do Contrato n\u00b0 10\/2022<\/span><\/a><\/li><\/ol><\/li><\/ol><\/li><\/ol><p><strong style=\"font-size: 18pt; text-decoration-line: underline;\">Contrato n\u00ba 11\/2022 (Processo n\u00ba 20.060\/2022)<\/strong><\/p><p><span style=\"font-size: 12pt;\"><strong>Contratada:<\/strong> GHI COM\u00c9RCIO DE PAP\u00c9IS E ARTIGOS LTDA EPP. (34.791.570\/0001-69)<\/span><br \/><span style=\"font-size: 12pt;\"><strong>Objeto:<\/strong> Resma de papel.<br \/><strong>Modalidade:<\/strong> Preg\u00e3o 4\/2022<\/span><br \/><span style=\"font-size: 12pt;\"><strong>Valor global anual estimado:<\/strong> R$ 4.700,00<\/span><br \/><span style=\"font-size: 12pt;\"><strong>Vig\u00eancia:<\/strong> 18\/7\/2022 a 17\/7\/2023<\/span><\/p><p><span style=\"text-decoration: underline;\"><span style=\"font-size: 12pt;\"><strong>Anexo:<\/strong><\/span><\/span><\/p><ol><li style=\"list-style-type: none;\"><ol><li style=\"list-style-type: none;\"><ol><li><span style=\"font-size: 16px;\">Ata de Registro de Pre\u00e7os n\u00b0 3\/2022 &#8211; (<a href=\"https:\/\/cofecon.org.br\/transparencia\/files\/licitacoes\/contratos\/2022\/11-GHI\/39.10-ARP_3.2022_GHI-ass.pdf\">PDF<\/a>) \/ (<a href=\"https:\/\/cofecon.org\/transparencia\/files\/licitacoes\/contratos\/2022\/11-GHI\/ARP_3.2022_Item_101_Resmas.docx\">Word<\/a>)<\/span><\/li><li><a href=\"https:\/\/cofecon.org.br\/transparencia\/files\/licitacoes\/contratos\/2022\/11-GHI\/39.11-48-EARP_3.2022_GHI.pdf\"><span style=\"font-size: 16px;\">Extrato\u00a0<\/span><span style=\"font-size: 16px;\">Ata de Registro de Pre\u00e7os n\u00b0 3\/2022<\/span><\/a><\/li><li><span style=\"font-size: 12pt;\">Contrato n\u00b0 11\/2022 &#8211; (<a href=\"https:\/\/cofecon.org.br\/transparencia\/files\/licitacoes\/contratos\/2022\/11-GHI\/39.12-C_7.2022_GHI-ass.pdf\">PDF<\/a>) \/ (<a href=\"https:\/\/cofecon.org\/transparencia\/files\/licitacoes\/contratos\/2022\/11-GHI\/Contrato_11.2022_Item_101_Resmas.docx\">Word<\/a>)<\/span><\/li><li><a href=\"https:\/\/cofecon.org.br\/transparencia\/files\/licitacoes\/contratos\/2022\/11-GHI\/39.13-EC_7.2022_GHI.pdf\"><span style=\"font-size: 12pt;\">Extrato do Contrato n\u00b0 11\/2022<\/span><\/a><\/li><li><span style=\"font-size: 12pt;\">1\u00b0 Termo Aditivo ao Contrato n\u00b0 11\/2022 &#8211; (<a href=\"https:\/\/cofecon.org\/transparencia\/files\/licitacoes\/contratos\/2022\/11-GHI\/04-1TAC_11.2022-GHI.pdf\">PDF<\/a>) \/ (<a href=\"https:\/\/cofecon.org\/transparencia\/files\/licitacoes\/contratos\/2022\/11-GHI\/04-1TAC_11.2022-GHI.docx\">Word<\/a>)<\/span><\/li><li><a href=\"https:\/\/cofecon.org\/transparencia\/files\/licitacoes\/contratos\/2022\/11-GHI\/23-E1TAC_11.2022-GHI.pdf\"><span style=\"font-size: 12pt;\">Extrato do 1\u00b0 Termo Aditivo ao Contrato n\u00b0 11\/2022<\/span><\/a><\/li><\/ol><\/li><\/ol><\/li><\/ol><p><strong style=\"font-size: 18pt; text-decoration-line: underline;\">Contrato n\u00ba 12\/2022 (Processo n\u00ba 20.228\/2022)<\/strong><\/p><p><span style=\"font-size: 12pt;\"><strong>Contratada:<\/strong> IFOOD BENEF\u00cdCIOS E SERVI\u00c7OS LTDA (33.175.312\/0001-62)<\/span><br \/><span style=\"font-size: 12pt;\"><strong>Objeto:<\/strong> Cart\u00e3o Alimenta\u00e7\u00e3o\/Refei\u00e7\u00e3o.<br \/><strong>Modalidade:<\/strong> Preg\u00e3o 9\/2022<\/span><br \/><span style=\"font-size: 12pt;\"><strong>Valor global anual estimado:<\/strong> R$ 241.504,44<\/span><br \/><span style=\"font-size: 12pt;\"><strong>Vig\u00eancia:<\/strong> 30\/11\/2022 a 29\/11\/2023<\/span><\/p><p><span style=\"text-decoration: underline;\"><span style=\"font-size: 12pt;\"><strong>Anexo:<\/strong><\/span><\/span><\/p><ol><li style=\"list-style-type: none;\"><ol><li style=\"list-style-type: none;\"><ol><li><span style=\"font-size: 12pt;\">Contrato n\u00b0 12\/2022 &#8211; (<a href=\"https:\/\/cofecon.org\/transparencia\/files\/licitacoes\/contratos\/2022\/12-ifood\/C122022-IFOOD.pdf\">PDF<\/a>) \/ (<a href=\"https:\/\/cofecon.org\/transparencia\/files\/licitacoes\/contratos\/2022\/12-ifood\/Contrato_12.2022-Cartao_alimentacao-Ifood.docx\">Word<\/a>)<\/span><\/li><li><a href=\"https:\/\/cofecon.org\/transparencia\/files\/licitacoes\/contratos\/2022\/12-ifood\/EC122022-IFOOD.pdf\"><span style=\"font-size: 12pt;\">Extrato do Contrato n\u00b0 12\/2022<\/span><\/a><\/li><\/ol><\/li><\/ol><\/li><\/ol><p><strong style=\"font-size: 18pt; text-decoration-line: underline;\">Contrato n\u00ba 13\/2022 (Processo n\u00ba 20.205\/2022)<\/strong><\/p><p><span style=\"font-size: 12pt;\"><strong>Contratada:<\/strong> STUDIOS TECNOLOGIA DA INFORMA\u00c7\u00c3O LTDA-ME (08.545.231\/0001-92)<\/span><br \/><span style=\"font-size: 12pt;\"><strong>Objeto:<\/strong> Software gest\u00e3o cont\u00e1bil<br \/><strong>Modalidade:<\/strong> Inexigibilidade 5\/2022<\/span><br \/><span style=\"font-size: 12pt;\"><strong>Valor global anual estimado:<\/strong> R$ 17.800,00<\/span><br \/><span style=\"font-size: 12pt;\"><strong>Vig\u00eancia:<\/strong> 1\u00b0\/1\/2023 a 31\/12\/2023<\/span><\/p><p><span style=\"text-decoration: underline;\"><span style=\"font-size: 12pt;\"><strong>Anexo:<\/strong><\/span><\/span><\/p><ol><li style=\"list-style-type: none;\"><ol><li style=\"list-style-type: none;\"><ol><li><span style=\"font-size: 16px;\">Contrato n\u00b0 13\/2022 &#8211; (<a href=\"https:\/\/cofecon.org\/transparencia\/files\/licitacoes\/contratos\/2022\/13-STUDIOS\/Contrato_13.2022_CONTABIL-CORECON-SP.pdf\">PDF<\/a>) \/ (<a href=\"https:\/\/cofecon.org\/transparencia\/files\/licitacoes\/contratos\/2022\/13-STUDIOS\/Contrato_13.2022_CONTABIL-CORECON-SP.docx\">Word<\/a>)<\/span><\/li><li><a href=\"https:\/\/cofecon.org\/transparencia\/files\/licitacoes\/contratos\/2022\/13-STUDIOS\/EC_13.2022-SP-STUDIOS_TI.pdf\"><span style=\"font-size: 12pt;\">Extrato do Contrato n\u00b0 13\/2022<\/span><\/a><\/li><\/ol><\/li><\/ol><\/li><\/ol><p><strong style=\"font-size: 18pt; text-decoration-line: underline;\">Contrato n\u00ba 14\/2022 (Processo n\u00ba 20.228\/2022)<\/strong><\/p><p><span style=\"font-size: 12pt;\"><strong>Contratada:<\/strong> GOLDEN SOLUCOES E ENTRETENIMENTO EIRELI (26.751.770\/0001-60)<\/span><br \/><span style=\"font-size: 12pt;\"><strong>Objeto:<\/strong> EVENTOS &#8211; GRUPOS 1 E 2.<br \/><strong>Modalidade:<\/strong> Preg\u00e3o 8\/2022<\/span><br \/><span style=\"font-size: 12pt;\"><strong>Valor global anual estimado:<\/strong> R$ 189.996,00<\/span><br \/><span style=\"font-size: 12pt;\"><strong>Vig\u00eancia:<\/strong> 16\/12\/2022 a 15\/12\/2023<\/span><\/p><p><span style=\"text-decoration: underline;\"><span style=\"font-size: 12pt;\"><strong>Anexo:<\/strong><\/span><\/span><\/p><ol><li style=\"list-style-type: none;\"><ol><li style=\"list-style-type: none;\"><ol><li><span style=\"font-size: 16px;\">Ata de Registro de Pre\u00e7os n\u00b0 4\/2022 &#8211; (<a href=\"https:\/\/cofecon.org\/transparencia\/files\/licitacoes\/contratos\/2022\/14-GOLDEN\/27-ARP14.2022-GOLDEN.pdf\">PDF<\/a>) \/ (<a href=\"https:\/\/cofecon.org\/transparencia\/files\/licitacoes\/contratos\/2022\/14-GOLDEN\/ARP_4.2022-G1_e_G2-Golden.docx\">Word<\/a>)<\/span><\/li><li><a href=\"https:\/\/cofecon.org\/transparencia\/files\/licitacoes\/contratos\/2022\/14-GOLDEN\/28-EARP14.2022-GOLDEN.pdf\"><span style=\"font-size: 12pt;\">Extrato da Ata<\/span><\/a><\/li><li><span style=\"font-size: 12pt;\">Contrato n\u00b0 14\/2022 &#8211; (<a href=\"https:\/\/cofecon.org\/transparencia\/files\/licitacoes\/contratos\/2022\/14-GOLDEN\/29-C14.2022-GOLDEN.pdf\">PDF<\/a>) \/ (<a href=\"https:\/\/cofecon.org\/transparencia\/files\/licitacoes\/contratos\/2022\/14-GOLDEN\/Contrato_14.2022-G1_e_G2-Golden.docx\">Word<\/a>)<\/span><\/li><li><a href=\"https:\/\/cofecon.org\/transparencia\/files\/licitacoes\/contratos\/2022\/14-GOLDEN\/30-EC14.2022-GOLDEN.pdf\"><span style=\"font-size: 12pt;\">Extrato do Contrato n\u00b0 14\/2022<\/span><\/a><\/li><\/ol><\/li><\/ol><\/li><\/ol><p><strong style=\"font-size: 18pt; text-decoration-line: underline;\">Contrato n\u00ba 15\/2022 (Processo n\u00ba 20.228\/2022)<\/strong><\/p><p><span style=\"font-size: 12pt;\"><strong>Contratada:<\/strong> JOS\u00c9 LUIZ PINHEIRO DE AZEVEDO &#8211; ME (14.925.328\/0001-23)<\/span><br \/><span style=\"font-size: 12pt;\"><strong>Objeto:<\/strong> EVENTOS &#8211; GRUPOS 3.<br \/><strong>Modalidade:<\/strong> Preg\u00e3o 8\/2022<\/span><br \/><span style=\"font-size: 12pt;\"><strong>Valor global anual estimado:<\/strong> R$ 27.520,00<\/span><br \/><span style=\"font-size: 12pt;\"><strong>Vig\u00eancia:<\/strong> 16\/12\/2022 a 15\/12\/2023<\/span><\/p><p><span style=\"text-decoration: underline;\"><span style=\"font-size: 12pt;\"><strong>Anexo:<\/strong><\/span><\/span><\/p><ol><li style=\"list-style-type: none;\"><ol><li style=\"list-style-type: none;\"><ol><li><span style=\"font-size: 16px;\">Ata de Registro de Pre\u00e7os n\u00b0 5\/2022 &#8211; (<a href=\"https:\/\/cofecon.org\/transparencia\/files\/licitacoes\/contratos\/2022\/15-JOSE\/31-ARP5.2022-JL-EVENTOS.pdf\">PDF<\/a>) \/ (<a href=\"https:\/\/cofecon.org\/transparencia\/files\/licitacoes\/contratos\/2022\/15-JOSE\/ARP_5.2022-G3-JL_EVENTOS.docx\">Word<\/a>)<\/span><\/li><li><a href=\"https:\/\/cofecon.org\/transparencia\/files\/licitacoes\/contratos\/2022\/15-JOSE\/32-EARP5.2022-JL-EVENTOS.pdf\"><span style=\"font-size: 12pt;\">Extrato da Ata<\/span><\/a><\/li><li><span style=\"font-size: 12pt;\">Contrato n\u00b0 15\/2022 &#8211; (<a href=\"https:\/\/cofecon.org\/transparencia\/files\/licitacoes\/contratos\/2022\/15-JOSE\/33-C15.2022-JL-EVENTOS.pdf\">PDF<\/a>) \/ (<a href=\"https:\/\/cofecon.org\/transparencia\/files\/licitacoes\/contratos\/2022\/15-JOSE\/Contrato_15.2022-G3-JL_EVENTOS.docx\">Word<\/a>)<\/span><\/li><li><a href=\"https:\/\/cofecon.org\/transparencia\/files\/licitacoes\/contratos\/2022\/15-JOSE\/34-EC15.2022-JL-EVENTOS.pdf\"><span style=\"font-size: 12pt;\">Extrato do Contrato n\u00b0 15\/2022<\/span><\/a><\/li><\/ol><\/li><\/ol><\/li><\/ol><ol><li style=\"list-style-type: none;\"><ol><li style=\"list-style-type: none;\">\u00a0<\/li><\/ol><\/li><\/ol><\/div>\n\t\t\t\t\t\t\t\t\t<div class=\"elementor-tab-title elementor-tab-mobile-title\" aria-selected=\"false\" data-tab=\"3\" role=\"tab\" tabindex=\"-1\" aria-controls=\"elementor-tab-content-1503\" aria-expanded=\"false\">2021<\/div>\n\t\t\t\t\t<div id=\"elementor-tab-content-1503\" class=\"elementor-tab-content elementor-clearfix\" data-tab=\"3\" role=\"tabpanel\" aria-labelledby=\"elementor-tab-title-1503\" tabindex=\"0\" hidden=\"hidden\"><p><span style=\"text-decoration: underline; font-size: 18pt;\"><strong>Contrato n\u00ba 1\/2021 (<span data-teams=\"true\"><span class=\"ui-provider a b c d e f g h i j k l m n o p q r s t u v w x y z ab ac ae af ag ah ai aj ak\" dir=\"ltr\">Processo n\u00ba 110000938.000006\/2023-54<\/span><\/span>)<\/strong><\/span><\/p><p><span style=\"font-size: 12pt;\"><strong>Contratada:<\/strong> BRC SOLU\u00c7\u00d5ES EM GEST\u00c3O E TECNOLOGIA DA INFORMA\u00c7\u00c3O LTDA (23.706.503\/0001-82)<\/span><br \/><span style=\"font-size: 12pt;\"><strong>Objeto:<\/strong> Loca\u00e7\u00e3o de software de gest\u00e3o cadastral, financeiro e fiscal (GO e RR)<\/span><br \/><span style=\"font-size: 12pt;\"><strong>Modalidade:<\/strong> Preg\u00e3o n\u00ba 9\/2019<\/span><br \/><span style=\"font-size: 12pt;\"><strong>Valor global anual estimado:<\/strong> <span data-teams=\"true\"><span class=\"ui-provider a b c d e f g h i j k l m n o p q r s t u v w x y z ab ac ae af ag ah ai aj ak\" dir=\"ltr\">R$ 53.999,69<\/span><\/span><\/span><br \/><span style=\"font-size: 12pt;\"><strong>Vig\u00eancia:<\/strong> <span data-teams=\"true\"><span class=\"ui-provider a b c d e f g h i j k l m n o p q r s t u v w x y z ab ac ae af ag ah ai aj ak\" dir=\"ltr\">4\/1\/2024 a 3\/1\/2025<\/span><\/span><\/span><\/p><p><span style=\"text-decoration: underline; font-size: 12pt;\"><strong>Anexo:<\/strong><\/span><\/p><ol><li style=\"list-style-type: none;\"><ol><li style=\"list-style-type: none;\"><ol><li><span style=\"font-size: 12pt;\"><a href=\"https:\/\/cofecon.org.br\/transparencia\/files\/licitacoes\/contratos\/2021\/C%201.2021-BRC\/C%2001.2021-BRC.pdf\">Contrato n\u00ba 1\/2021<\/a><\/span><\/li><li><span style=\"font-size: 12pt;\"><a href=\"https:\/\/cofecon.org\/transparencia\/files\/licitacoes\/contratos\/2021\/01-BRC\/11-E2TAC1.2020-BRC.pdf\">Extrato do Contrato n\u00ba 1\/2021<\/a><\/span><\/li><li><a href=\"https:\/\/cofecon.org.br\/transparencia\/files\/licitacoes\/contratos\/2021\/C%201.2021-BRC\/14-1TAC1.2021-BRC.pdf\"><span style=\"font-size: 12pt;\">1\u00ba Termo Aditivo ao Contrato n\u00ba 1\/2021<\/span><\/a><\/li><li><a href=\"https:\/\/cofecon.org\/transparencia\/files\/licitacoes\/contratos\/2020\/01-BRC\/08-E1TAC_1.2020-BRC.pdf\"><span style=\"font-size: 12pt;\">Extrato do 1\u00ba Termo Aditivo ao Contrato n\u00ba 1\/2021<\/span><\/a><\/li><li><a href=\"https:\/\/cofecon.org\/transparencia\/files\/licitacoes\/contratos\/2021\/01-BRC\/04-2TAC_1.2021_GO-RR-BRC_ass.pdf\"><span style=\"font-size: 12pt;\">2\u00ba Termo Aditivo ao Contrato n\u00ba 1\/2021<\/span><\/a><\/li><li><a href=\"https:\/\/cofecon.org\/transparencia\/files\/licitacoes\/contratos\/2020\/13-WG\/04-E2TAC_1.2021_GO-RR-BRC.pdf\"><span style=\"font-size: 12pt;\">Extrato do 2\u00ba Termo Aditivo ao Contrato n\u00ba 1\/2021<\/span><\/a><\/li><li><span data-teams=\"true\"><span class=\"ui-provider a b c d e f g h i j k l m n o p q r s t u v w x y z ab ac ae af ag ah ai aj ak\" dir=\"ltr\"><a id=\"menurhs\" class=\"fui-Link ___1q1shib f2hkw1w f3rmtva f1ewtqcl fyind8e f1k6fduh f1w7gpdv fk6fouc fjoy568 figsok6 f1s184ao f1mk8lai fnbmjn9 f1o700av f13mvf36 f1cmlufx f9n3di6 f1ids18y f1tx3yz7 f1deo86v f1eh06m1 f1iescvh fhgqx19 f1olyrje f1p93eir f1nev41a f1h8hb77 f1lqvz6u f10aw75t fsle3fq f17ae5zn\" title=\"https:\/\/cofecon.org\/transparencia\/files\/licitacoes\/contratos\/2021\/01-brc\/04-2tac_1.2021_go-rr-brc_ass.pdf\" href=\"https:\/\/cofecon.org\/transparencia\/files\/licitacoes\/contratos\/2021\/01-BRC\/01-RETIFICADO2TAC1.2021-BRC.pdf\" target=\"_blank\" rel=\"noreferrer noopener\" aria-label=\"Link 3\u00ba Termo Aditivo ao Contrato n\u00ba 1\/2021\">3\u00ba Termo Aditivo ao Contrato n\u00ba 1\/2021<\/a><\/span><\/span><\/li><li><span data-teams=\"true\"><span class=\"ui-provider a b c d e f g h i j k l m n o p q r s t u v w x y z ab ac ae af ag ah ai aj ak\" dir=\"ltr\">Extrato do 4<a id=\"menuri5\" class=\"fui-Link ___1q1shib f2hkw1w f3rmtva f1ewtqcl fyind8e f1k6fduh f1w7gpdv fk6fouc fjoy568 figsok6 f1s184ao f1mk8lai fnbmjn9 f1o700av f13mvf36 f1cmlufx f9n3di6 f1ids18y f1tx3yz7 f1deo86v f1eh06m1 f1iescvh fhgqx19 f1olyrje f1p93eir f1nev41a f1h8hb77 f1lqvz6u f10aw75t fsle3fq f17ae5zn\" title=\"https:\/\/cofecon.org\/transparencia\/files\/licitacoes\/contratos\/2020\/02-brc\/05-3tac_2.2020-brc.pdf\" href=\"https:\/\/cofecon.org\/transparencia\/files\/licitacoes\/contratos\/2021\/01-BRC\/03-E3TAC1.2021.pdf\" target=\"_blank\" rel=\"noreferrer noopener\" aria-label=\"Link \u00ba Termo Aditivo ao Contrato n\u00ba 1\/202\">\u00ba Termo Aditivo ao Contrato n\u00ba 1\/202<\/a>1<\/span><\/span><\/li><\/ol><\/li><\/ol><\/li><\/ol><p><span style=\"text-decoration: underline;\"><span style=\"font-size: 18pt;\"><strong>Contrato n\u00ba 3\/2021 (Processo n\u00ba 19.602\/2021)<\/strong><\/span><\/span><\/p><p><span style=\"font-size: 12pt;\"><strong>Contratada:<\/strong> DEXION INFORM\u00c1TICA LTDA. (37.074.796\/0001-37)<\/span><br \/><span style=\"font-size: 12pt;\"><strong>Objeto:<\/strong> Software folha de pagamento.<\/span><br \/><span style=\"font-size: 12pt;\"><strong>Modalidade:<\/strong> Dispensa n\u00ba 9\/2021<\/span><br \/><span style=\"font-size: 12pt;\"><strong>Valor global anual estimado:<\/strong> R$ 3.341,16<\/span><br \/><span style=\"font-size: 12pt;\"><strong>Vig\u00eancia:<\/strong> 1\u00ba\/4\/2022 a 31\/3\/2023<\/span><\/p><p><span style=\"text-decoration: underline; font-size: 12pt;\"><strong>Anexos:<\/strong><\/span><\/p><ol><li style=\"list-style-type: none;\"><ol><li style=\"list-style-type: none;\"><ol><li><span style=\"font-size: 12pt;\"><a href=\"https:\/\/cofecon.org.br\/transparencia\/files\/licitacoes\/contratos\/2021\/C%203.2021-DEXION\/01-C%203.2021-DEXION.pdf\">Contrato n\u00ba 3\/2021<\/a><\/span><\/li><li><span style=\"font-size: 12pt;\"><a href=\"https:\/\/cofecon.org.br\/transparencia\/files\/licitacoes\/contratos\/2021\/C%203.2021-DEXION\/02-EC%203.2021-DEXION.pdf\">Extrato do Contrato n\u00ba 3\/2021<\/a><\/span><\/li><li><a href=\"https:\/\/cofecon.org.br\/transparencia\/files\/licitacoes\/contratos\/2021\/C%203.2021-DEXION\/08-1TAC_3.2021_DEXION.pdf\"><span style=\"font-size: 12pt;\">1\u00b0 Termo Aditivo ao Contrato n\u00b0 3\/2021<\/span><\/a><\/li><li><a href=\"https:\/\/cofecon.org.br\/transparencia\/files\/licitacoes\/contratos\/2021\/C%203.2021-DEXION\/09-E1TAC_3.2021_DEXION.pdf\"><span style=\"font-size: 12pt;\">Extrato do 1\u00b0 Termo Aditivo ao Contrato n\u00b0 3\/2021<\/span><\/a><\/li><li><a href=\"https:\/\/cofecon.org\/transparencia\/files\/licitacoes\/contratos\/2021\/03-DEXION\/13-2TAC_3.2021.pdf\"><span style=\"font-size: 12pt;\">2\u00b0 Termo Aditivo ao Contrato n\u00b0 3\/2021<\/span><\/a><\/li><li><a href=\"https:\/\/cofecon.org\/transparencia\/files\/licitacoes\/contratos\/2021\/03-DEXION\/13-E2TAC_3.2021-DEXION.pdf\"><span style=\"font-size: 12pt;\">Extrato do 2\u00b0 Termo Aditivo ao Contrato n\u00b0 3\/2021<\/span><\/a><\/li><\/ol><\/li><\/ol><\/li><\/ol><ol><li style=\"list-style-type: none;\"><ol><li style=\"list-style-type: none;\">\u00a0<\/li><\/ol><\/li><\/ol><p><span style=\"text-decoration: underline;\"><span style=\"font-size: 18pt;\"><strong>Contrato n\u00ba 6\/2021 (Processo n\u00ba 16.644 \/2021)<\/strong><\/span><\/span><\/p><p><span style=\"font-size: 12pt;\"><strong>Contratada:<\/strong> MARIA TEIXEIRA MARTINS NEVES (35.213.714\/0001-62)<\/span><br \/><span style=\"font-size: 12pt;\"><strong>Objeto:<\/strong> Moto entrega em DF<\/span><br \/><span style=\"font-size: 12pt;\"><strong>Modalidade:<\/strong> Dispensa n\u00ba 16\/2021<\/span><br \/><span style=\"font-size: 12pt;\"><strong>Valor global anual estimado:<\/strong> R$ 1.000,00<\/span><br \/><span style=\"font-size: 12pt;\"><strong>Vig\u00eancia:<\/strong> <span dir=\"ltr\" role=\"presentation\"> 7\/6\/2022 a<\/span><br role=\"presentation\" \/><span dir=\"ltr\" role=\"presentation\">6\/6\/2023<\/span><br \/><\/span><\/p><p><span style=\"text-decoration: underline; font-size: 12pt;\"><strong>Anexo:<\/strong><\/span><\/p><ol><li style=\"list-style-type: none;\"><ol><li style=\"list-style-type: none;\"><ol><li><span style=\"font-size: 12pt;\"><a href=\"https:\/\/cofecon.org.br\/transparencia\/files\/licitacoes\/contratos\/2021\/C%206.2021-MOTOENTREGA\/01-C%206.2021-MARIA%20MOTOENTREGA.pdf\">Contrato n\u00ba 6\/2021<\/a><\/span><\/li><li><span style=\"font-size: 12pt;\"><a href=\"https:\/\/cofecon.org.br\/transparencia\/files\/licitacoes\/contratos\/2021\/C%206.2021-MOTOENTREGA\/02-EC%206.2021-MOTOENTREGA.pdf\">Extrato do Contrato n\u00ba 6\/2021<\/a><\/span><\/li><li><a href=\"https:\/\/cofecon.org.br\/transparencia\/files\/licitacoes\/contratos\/2021\/C%206.2021-MOTOENTREGA\/1TAC-6.2019-MOTOENTREGA.pdf\"><span style=\"font-size: 12pt; color: #2b2b2b;\">1\u00b0 Termo Aditivo ao Contrato n\u00b0 6\/2021<\/span><\/a><\/li><li><a href=\"https:\/\/cofecon.org.br\/transparencia\/files\/licitacoes\/contratos\/2021\/C%206.2021-MOTOENTREGA\/E1TAC-6.2021-Motoentrega.pdf\"><span style=\"font-size: 12pt; color: #2b2b2b;\">Extrato ao 1\u00b0 Termo Aditivo ao Contrato n\u00b0 6\/2021<\/span><\/a><\/li><\/ol><\/li><\/ol><\/li><\/ol><p><span style=\"text-decoration: underline;\"><span style=\"font-size: 18pt;\"><strong>Contrato n\u00ba 7\/2021 (Processo n\u00ba 19.645 \/2021)<\/strong><\/span><\/span><\/p><p><span style=\"font-size: 12pt;\"><strong>Contratada:<\/strong> CRUZEIRO SERVI\u00c7OS T\u00c9CNICOS EIRELI (22.575.793\/0001-00)<\/span><br \/><span style=\"font-size: 12pt;\"><strong>Objeto:<\/strong> Dedetiza\u00e7\u00e3o<\/span><br \/><span style=\"font-size: 12pt;\"><strong>Modalidade:<\/strong> Dispensa n\u00ba 17\/2021<\/span><br \/><span style=\"font-size: 12pt;\"><strong>Valor global anual estimado:<\/strong> R$ 1.000,00<\/span><br \/><span style=\"font-size: 12pt;\"><strong>Vig\u00eancia:<\/strong> 21\/6\/2021 a 20\/6\/2022<\/span><\/p><p><span style=\"text-decoration: underline; font-size: 12pt;\"><strong>Anexo:<\/strong><\/span><\/p><ol><li style=\"list-style-type: none;\"><ol><li style=\"list-style-type: none;\"><ol><li><span style=\"font-size: 12pt;\"><a href=\"https:\/\/cofecon.org.br\/transparencia\/files\/licitacoes\/contratos\/2021\/C%207.2021-CRUZEIRO%20DEDETIZACAO\/01-C%207.2021-CRUZEIRO%20DEDETIZACAO.pdf\">Contrato n\u00ba 7\/2021<\/a><\/span><\/li><li><span style=\"font-size: 12pt;\"><a href=\"https:\/\/cofecon.org.br\/transparencia\/files\/licitacoes\/contratos\/2021\/C%207.2021-CRUZEIRO%20DEDETIZACAO\/02-EC%207.2021-CRUZEIRO%20DEDETIZACAO.pdf\">Extrato do Contrato n\u00ba 7\/2021<\/a><\/span><\/li><\/ol><\/li><\/ol><\/li><\/ol><p><span style=\"text-decoration: underline;\"><span style=\"font-size: 18pt;\"><strong>Contrato n\u00ba 10\/2021 (Processo n\u00ba 19.680\/2021)<\/strong><\/span><\/span><\/p><p><span style=\"font-size: 12pt;\"><strong>Contratada:<\/strong> TELEFONICA BRASIL S.A. (02.558.157\/0001-62)<\/span><br \/><span style=\"font-size: 12pt;\"><strong>Objeto:<\/strong> Telefonia M\u00f3vel-M\u00f3vel e M\u00f3vel-Fixo<\/span><br \/><span style=\"font-size: 12pt;\"><strong>Modalidade:<\/strong> Preg\u00e3o n\u00ba 2\/2021<\/span><br \/><span style=\"font-size: 12pt;\"><strong>Valor global anual estimado:<\/strong> R$ 11.988,00<\/span><br \/><span style=\"font-size: 12pt;\"><strong>Vig\u00eancia:<\/strong> 21\/8\/2021 a 23\/8\/2022<\/span><\/p><p><span style=\"text-decoration: underline; font-size: 12pt;\"><strong>Anexo:<\/strong><\/span><\/p><ol><li style=\"list-style-type: none;\"><ol><li style=\"list-style-type: none;\"><ol><li><span style=\"font-size: 12pt;\"><a href=\"https:\/\/cofecon.org.br\/transparencia\/files\/licitacoes\/contratos\/2021\/C10.2021-TELEFONICA\/26-C10.2021-TELEFONICA.pdf\">Contrato n\u00ba 10\/2021<\/a><\/span><\/li><li><span style=\"font-size: 12pt;\"><a href=\"https:\/\/cofecon.org.br\/transparencia\/files\/licitacoes\/contratos\/2021\/C10.2021-TELEFONICA\/27-EC10.2021-TELEFONICA.pdf\">Extrato do Contrato n\u00ba 10\/2021<\/a><\/span><\/li><li><a href=\"https:\/\/cofecon.org.br\/transparencia\/files\/licitacoes\/contratos\/2021\/C10.2021-TELEFONICA\/1TAC_10.2021-TELEFONICA-VIVO.pdf\"><span style=\"font-size: 12pt;\">1\u00b0 Termo Aditivo ao Contrato n\u00b0 10\/2021<\/span><\/a><\/li><li><a href=\"https:\/\/cofecon.org.br\/transparencia\/files\/licitacoes\/contratos\/2021\/C10.2021-TELEFONICA\/68-E1TAC_10.2021-TELEFONICA VIVO.pdf\" data-wplink-url-error=\"true\"><span style=\"font-size: 12pt;\">Extrato do 1\u00ba Termo Aditivo ao Contrato n\u00ba 10\/2021<\/span><\/a><\/li><\/ol><\/li><\/ol><\/li><\/ol><ol><li style=\"list-style-type: none;\">\u00a0<\/li><\/ol><ol><li style=\"list-style-type: none;\">\u00a0<\/li><\/ol><\/div>\n\t\t\t\t\t\t\t\t\t<div class=\"elementor-tab-title elementor-tab-mobile-title\" aria-selected=\"false\" data-tab=\"4\" role=\"tab\" tabindex=\"-1\" aria-controls=\"elementor-tab-content-1504\" aria-expanded=\"false\">2020<\/div>\n\t\t\t\t\t<div id=\"elementor-tab-content-1504\" class=\"elementor-tab-content elementor-clearfix\" data-tab=\"4\" role=\"tabpanel\" aria-labelledby=\"elementor-tab-title-1504\" tabindex=\"0\" hidden=\"hidden\"><p><span style=\"text-decoration: underline;\"><span style=\"font-size: 18pt;\"><strong>Contrato n\u00ba 13\/2020 (Processo n\u00ba 19.305\/2020)<\/strong><\/span><\/span><\/p><p><span style=\"font-size: 12pt;\"><strong>Contratada:<\/strong> WG TERCEIRIZA\u00c7\u00c3O E SERVI\u00c7OS LTDA (17.564.726\/0001-50)<\/span><br \/><span style=\"font-size: 12pt;\"><strong>Objeto:<\/strong> Contrata\u00e7\u00e3o de empresa especializada para presta\u00e7\u00e3o dos servi\u00e7os de limpeza, asseio e conserva\u00e7\u00e3o, para o Conselho Federal de Economia.<\/span><br \/><span style=\"font-size: 12pt;\"><strong>Modalidade:<\/strong> Preg\u00e3o Eletr\u00f4nico n\u00ba 4\/2020<\/span><br \/><span style=\"font-size: 12pt;\"><strong>Valor global anual estimado:<\/strong> R$ 25.286,76<\/span><br \/><span style=\"font-size: 12pt;\"><strong>Vig\u00eancia:<\/strong> 4\/1\/2022 a 3\/1\/2023<\/span><\/p><p><span style=\"text-decoration: underline; font-size: 12pt;\"><strong>Anexo:<\/strong><\/span><\/p><ol><li style=\"list-style-type: none;\"><ol><li style=\"list-style-type: none;\"><ol><li><span style=\"font-size: 12pt;\"><a href=\"https:\/\/cofecon.org.br\/transparencia\/files\/licitacoes\/contratos\/2020\/13-wg\/C132020-WG.pdf\">Contrato n\u00ba 13\/2020<\/a><\/span><\/li><li><span style=\"font-size: 12pt;\"><a href=\"https:\/\/cofecon.org.br\/transparencia\/files\/licitacoes\/contratos\/2020\/13-wg\/EC132020.pdf\">Extrato do Contrato n\u00ba 13\/2020<\/a><\/span><\/li><li><span style=\"font-size: 12pt;\"><a href=\"https:\/\/cofecon.org.br\/transparencia\/files\/licitacoes\/contratos\/2020\/13-wg\/1TAC132020.pdf\">1\u00b0 Termo Aditivo ao Contrato n\u00b0 13\/2020<\/a><\/span><\/li><li><span style=\"font-size: 12pt;\"><a href=\"https:\/\/cofecon.org.br\/transparencia\/files\/licitacoes\/contratos\/2020\/13-wg\/E1TAC132020.pdf\">Extrato do 1\u00b0 Termo Aditivo ao Contrato n\u00b0 13\/2020<\/a><\/span><\/li><li><span style=\"font-size: 12pt;\"><a href=\"https:\/\/cofecon.org.br\/transparencia\/files\/licitacoes\/contratos\/2020\/13-wg\/2TAC132020.pdf\">2\u00b0 Termo Aditivo ao Contrato n\u00b0 13\/2020<\/a><\/span><\/li><li><span style=\"font-size: 12pt;\"><a href=\"https:\/\/cofecon.org.br\/transparencia\/files\/licitacoes\/contratos\/2020\/13-wg\/E2TAC132020.pdf\">Extrato do 2\u00b0 Termo Aditivo ao Contrato n\u00b0 13\/2020<\/a><\/span><\/li><li><span style=\"font-size: 12pt;\"><a href=\"https:\/\/cofecon.org\/transparencia\/files\/licitacoes\/contratos\/2020\/13-WG\/01-3TAC_13.2020-WG_ass.pdf\">3\u00b0 Termo Aditivo ao Contrato n\u00b0 13\/2020<\/a><\/span><\/li><li><span style=\"font-size: 12pt;\"><a href=\"https:\/\/cofecon.org\/transparencia\/files\/licitacoes\/contratos\/2020\/13-WG\/13-4TAC_13.2020-WG_TERCEIRIZACAO.pdf\">4\u00b0 Termo Aditivo ao Contrato n\u00b0 13\/2020<\/a><\/span><\/li><li><span style=\"font-size: 12pt;\"><a href=\"https:\/\/cofecon.org\/transparencia\/files\/licitacoes\/contratos\/2020\/13-WG\/14-E4TAC_13.2020-WG_TERCEIRIZACAO.pdf\">Extrato do 4\u00b0 Termo Aditivo ao Contrato n\u00b0 13\/2020<\/a><\/span><\/li><\/ol><\/li><\/ol><\/li><\/ol><p><span style=\"text-decoration: underline;\"><span style=\"font-size: 18pt;\"><strong>Contrato n\u00ba 10\/2020 (Processo n\u00ba 19.423\/2020)<\/strong><\/span><\/span><\/p><p><span style=\"font-size: 12pt;\"><strong>Contratada:<\/strong> VIAMAR VIAGENS E TURISMO LTDA (24.931.123\/0001-04)<\/span><br \/><span style=\"font-size: 12pt;\"><strong>Objeto:<\/strong> Loca\u00e7\u00e3o de espa\u00e7o para evento e Hospedagem.<\/span><br \/><span style=\"font-size: 12pt;\"><strong>Modalidade:<\/strong> Preg\u00e3o Eletr\u00f4nico n\u00ba 2\/2020<\/span><br \/><span style=\"font-size: 12pt;\"><strong>Valor global anual estimado:<\/strong> R$ 31.440,00<\/span><br \/><span style=\"font-size: 12pt;\"><strong>Vig\u00eancia:<\/strong> 15\/12\/2020 a 14\/12\/2021<\/span><\/p><p><span style=\"text-decoration: underline; font-size: 12pt;\"><strong>Anexo:<\/strong><\/span><\/p><ol><li style=\"list-style-type: none;\"><ol><li style=\"list-style-type: none;\"><ol><li><a href=\"https:\/\/cofecon.org.br\/transparencia\/files\/licitacoes\/contratos\/2020\/10-VIAMAR\/ARP_2.2020_G2-VIAMAR.pdf\" target=\"_blank\" rel=\"noopener\"><span style=\"font-size: 12pt;\">Ata de Registro de Pre\u00e7os n\u00b0 2\/2020<\/span><\/a><\/li><li><a href=\"https:\/\/cofecon.org.br\/transparencia\/files\/licitacoes\/contratos\/2020\/10-VIAMAR\/05-EARP_2.2020-G2-VIAMAR.pdf\" target=\"_blank\" rel=\"noopener\"><span style=\"font-size: 12pt;\">Extrato da Ata de Registro de Pre\u00e7os n\u00b0 2\/2020<\/span><\/a><\/li><li><a href=\"https:\/\/cofecon.org.br\/transparencia\/files\/licitacoes\/contratos\/2020\/10-VIAMAR\/06-C_13.2021_ASS-VIAMAR.pdf\" target=\"_blank\" rel=\"noopener\"><span style=\"font-size: 12pt;\">Contrato n\u00ba 13\/2021<\/span><\/a><\/li><li><a href=\"https:\/\/cofecon.org.br\/transparencia\/files\/licitacoes\/contratos\/2020\/10-VIAMAR\/07-EC_13.2021-VIAMAR.pdf\"><span style=\"font-size: 12pt;\">Extrato do Contrato n\u00ba 13\/2021<\/span><\/a><\/li><\/ol><\/li><\/ol><\/li><\/ol><p><span style=\"text-decoration: underline; font-size: 18pt;\"><strong>Contrato n\u00ba 9\/2020 (Processo n\u00ba 18.874\/2019)<\/strong><\/span><\/p><p><span style=\"font-size: 12pt;\"><strong>Contratada:<\/strong> CENTRAL NACIONAL UNIMED- COOPERATIVA CENTRAL (02.812.468\/0001-06)<\/span><br \/><span style=\"font-size: 12pt;\"><strong>Objeto:<\/strong> Assist\u00eancia \u00e0 Sa\u00fade Suplementar m\u00e9dica hospitalar<\/span><br \/><span style=\"font-size: 12pt;\"><strong>Modalidade:<\/strong> Dispensa<\/span><br \/><span style=\"font-size: 12pt;\"><strong>Valor global anual estimado:<\/strong> R$ 493.000,00<\/span><br \/><span style=\"font-size: 12pt;\"><strong>Vig\u00eancia:<\/strong> 30\/11\/2021 a 29\/11\/2022<\/span><\/p><p><span style=\"text-decoration: underline; font-size: 12pt;\"><strong>Anexo:<\/strong><\/span><\/p><ol><li style=\"list-style-type: none;\"><ol><li style=\"list-style-type: none;\"><ol><li><span style=\"font-size: 12pt;\"><a href=\"https:\/\/cofecon.org.br\/transparencia\/files\/licitacoes\/contratos\/2020\/09-UNIMED\/01-C9.2020-UNIMED.pdf\" target=\"_blank\" rel=\"noopener\">Contrato n\u00ba 9\/2020<\/a><\/span><\/li><li><span style=\"font-size: 12pt;\"><a href=\"https:\/\/cofecon.org.br\/transparencia\/files\/licitacoes\/contratos\/2020\/09-UNIMED\/32-EC9.2020-UNIMED.pdf\" target=\"_blank\" rel=\"noopener\">Extrato do Contrato n\u00ba 9\/2020<\/a><\/span><\/li><li><span style=\"font-size: 12pt;\"><a href=\"https:\/\/cofecon.org.br\/transparencia\/files\/licitacoes\/contratos\/2020\/09-UNIMED\/1TAC9.2020-UNIMED.pdf\" target=\"_blank\" rel=\"noopener\">1\u00ba Termo Aditivo ao Contrato n\u00ba 9\/2020<\/a><\/span><\/li><li><span style=\"font-size: 12pt;\"><a href=\"https:\/\/cofecon.org.br\/transparencia\/files\/licitacoes\/contratos\/2020\/09-UNIMED\/33-E1TAC9.2020-UNIMED.pdf\" target=\"_blank\" rel=\"noopener\">Extrato do 1\u00ba Termo Aditivo ao Contrato n\u00ba 9\/2020<\/a><\/span><\/li><li><span style=\"font-size: 12pt;\"><a href=\"https:\/\/cofecon.org.br\/transparencia\/files\/licitacoes\/contratos\/2020\/09-UNIMED\/2TAC9.2020-UNIMED-ASS.pdf\" target=\"_blank\" rel=\"noopener\">2\u00ba Termo Aditivo ao Contrato n\u00ba 9\/2020<\/a><\/span><\/li><li><span style=\"font-size: 12pt;\"><a href=\"https:\/\/cofecon.org.br\/transparencia\/files\/licitacoes\/contratos\/2020\/09-UNIMED\/03-E2TAC9.2020-UNIMED.pdf\" target=\"_blank\" rel=\"noopener\">Extrato do 2\u00ba Termo Aditivo ao Contrato n\u00ba 9\/2020<\/a><\/span><\/li><li><span style=\"font-size: 12pt;\"><a href=\"https:\/\/cofecon.org\/transparencia\/files\/licitacoes\/contratos\/2020\/09-UNIMED\/09-3TAC_9.2020-UNIMED.pdf\" target=\"_blank\" rel=\"noopener\">3\u00ba Termo Aditivo ao Contrato n\u00ba 9\/2020<\/a><\/span><\/li><li><span style=\"font-size: 12pt;\"><a href=\"https:\/\/cofecon.org\/transparencia\/files\/licitacoes\/contratos\/2020\/09-UNIMED\/09-E3TAC_9.2020-UNIMED.pdf\" target=\"_blank\" rel=\"noopener\">Extrato do 3\u00ba Termo Aditivo ao Contrato n\u00ba 9\/2020<\/a><\/span><\/li><\/ol><\/li><\/ol><\/li><\/ol><ol><li style=\"list-style-type: none;\">\u00a0<\/li><\/ol><p><span style=\"text-decoration: underline;\"><span style=\"font-size: 18pt;\"><strong>Contrato n\u00ba 3\/2020 (Processo n\u00ba 18.778\/2018)<\/strong><\/span><\/span><\/p><p><span style=\"font-size: 12pt;\"><strong>Contratada:<\/strong> STUDIOS TECNOLOGIA DA INFORMA\u00c7\u00c3O LTDA-ME (08.545.231\/0001-92)<\/span><br \/><span style=\"font-size: 12pt;\"><strong>Objeto:<\/strong> Licen\u00e7a de loca\u00e7\u00e3o de software de gest\u00e3o, para controle cont\u00e1bil, financeiro e patrimonial, migra\u00e7\u00e3o de dados, pimplanta\u00e7\u00e3o, treinamento, customiza\u00e7\u00e3o, suporte e manuten\u00e7\u00e3o cont\u00ednua (Corecons RS, DF, TO, AL, AM, MA, PB, AC e RR).<\/span><br \/><span style=\"font-size: 12pt;\"><strong>Modalidade:<\/strong> Preg\u00e3o Eletr\u00f4nico n\u00ba 1\/2019<\/span><br \/><span style=\"font-size: 12pt;\"><strong>Valor global anual estimado:<\/strong> R$ 92.760,00<\/span><br \/><span style=\"font-size: 12pt;\"><strong>Vig\u00eancia:<\/strong> 2\/3\/2022 a 1\u00ba\/3\/2023<\/span><\/p><p><span style=\"text-decoration: underline; font-size: 12pt;\"><strong>Anexo:<\/strong><\/span><\/p><ol><li style=\"list-style-type: none;\"><ol><li style=\"list-style-type: none;\"><ol><li><span style=\"font-size: 12pt;\"><a href=\"https:\/\/cofecon.org.br\/transparencia\/files\/licitacoes\/contratos\/2020\/03-STUDIOSTI\/01-C3.2020-STUDIOSTI.pdf\">Contrato n\u00ba 3\/2020<\/a><\/span><\/li><li><span style=\"font-size: 12pt;\"><a href=\"https:\/\/cofecon.org.br\/transparencia\/files\/licitacoes\/contratos\/2020\/03-STUDIOSTI\/02-EC3.2020-STUDIOSTI.pdf\">Extrato do Contrato n\u00ba 3\/2020<\/a><\/span><\/li><li><span style=\"font-size: 12pt;\"><a href=\"https:\/\/cofecon.org.br\/transparencia\/files\/licitacoes\/contratos\/2020\/03-STUDIOSTI\/11-2TAC_3.3030_STUDIOS_TI.pdf\">2\u00b0 Termo Aditivo ao Contrato n\u00b0 3\/2020<\/a><\/span><\/li><li><span style=\"font-size: 12pt;\"><a href=\"https:\/\/cofecon.org.br\/transparencia\/files\/licitacoes\/contratos\/2020\/03-STUDIOSTI\/12-E2TAC_3.2020_STUDIOS_TI.pdf\">Extrato do 2\u00b0 Termo Aditivo ao Contrato n\u00b0 3\/2020<\/a><\/span><\/li><li><span style=\"font-size: 12pt;\"><a href=\"https:\/\/cofecon.org.br\/transparencia\/files\/licitacoes\/contratos\/2020\/03-STUDIOSTI\/11-2TAC_3.3030_STUDIOS_TI.pdf\">2\u00b0 Termo Aditivo ao Contrato n\u00b0 3\/2020<\/a><\/span><\/li><li><span style=\"font-size: 12pt;\"><a href=\"https:\/\/cofecon.org.br\/transparencia\/files\/licitacoes\/contratos\/2020\/03-STUDIOSTI\/12-E2TAC_3.2020_STUDIOS_TI.pdf\">Extrato do 2\u00b0 Termo Aditivo ao Contrato n\u00b0 3\/2020<\/a><\/span><\/li><li><span style=\"font-size: 12pt;\"><a href=\"https:\/\/cofecon.org\/transparencia\/files\/licitacoes\/contratos\/2020\/03-STUDIO\/06-3TAC_STUDIOS-TI.pdf\">3\u00b0 Termo Aditivo ao Contrato n\u00b0 3\/2020<\/a><\/span><\/li><li><span style=\"font-size: 12pt;\"><a href=\"https:\/\/cofecon.org\/transparencia\/files\/licitacoes\/contratos\/2020\/03-STUDIO\/06-E3TAC_STUDIOS-TI.pdf\">Extrato do 3\u00b0 Termo Aditivo ao Contrato n\u00b0 3\/2020<\/a><\/span><\/li><\/ol><\/li><\/ol><\/li><\/ol><p><span style=\"text-decoration: underline;\"><span style=\"font-size: 18pt;\"><strong>Contrato n\u00ba 2\/2020 (Processo n\u00ba <span data-teams=\"true\"><span class=\"ui-provider a b c d e f g h i j k l m n o p q r s t u v w x y z ab ac ae af ag ah ai aj ak\" dir=\"ltr\">Processo n\u00ba 110000938.000006\/2023-54<\/span><\/span>)<\/strong><\/span><\/span><\/p><p><span style=\"font-size: 12pt;\"><strong>Contratada:<\/strong> BRC SOLU\u00c7\u00d5ES EM GEST\u00c3O E TECNOLOGIA DA INFORMA\u00c7\u00c3O LTDA. (23.706.503\/0001-82)<\/span><br \/><span style=\"font-size: 12pt;\"><strong>Objeto:<\/strong> Licen\u00e7a de loca\u00e7\u00e3o, implementa\u00e7\u00e3o, manuten\u00e7\u00e3o e suporte de software de gest\u00e3o cadastral, financeiro e fiscal (Corecons RJ, MG, RS, SC, DF, BA, AC, AL, AM, CE, ES, MA, MT, MS, PA\/AP, PB, PE, PI, RN, RO, SE e TO).<\/span><br \/><span style=\"font-size: 12pt;\"><strong>Modalidade:<\/strong> Preg\u00e3o Eletr\u00f4nico n\u00ba 9\/2019<\/span><br \/><span style=\"font-size: 12pt;\"><strong>Valor global anual estimado:<\/strong> <span data-teams=\"true\"><span class=\"ui-provider a b c d e f g h i j k l m n o p q r s t u v w x y z ab ac ae af ag ah ai aj ak\" dir=\"ltr\">R$ 719.776,45<\/span><\/span><\/span><br \/><span style=\"font-size: 12pt;\"><strong>Vig\u00eancia:<\/strong> <span data-teams=\"true\"><span class=\"ui-provider a b c d e f g h i j k l m n o p q r s t u v w x y z ab ac ae af ag ah ai aj ak\" dir=\"ltr\">5\/3\/2024 a 4\/3\/2025<\/span><\/span><\/span><\/p><p><span style=\"text-decoration: underline; font-size: 12pt;\"><strong>Anexo:<\/strong><\/span><\/p><ol><li style=\"list-style-type: none;\"><ol><li style=\"list-style-type: none;\"><ol><li><a href=\"https:\/\/cofecon.org.br\/transparencia\/files\/licitacoes\/contratos\/2020\/02-BRCONSELHOS\/C2.2020-BRC.pdf\"><span style=\"font-size: 12pt;\">Contrato n\u00ba 2\/2020<\/span><\/a><\/li><li><span style=\"font-size: 12pt;\"><a href=\"https:\/\/cofecon.org.br\/transparencia\/files\/licitacoes\/contratos\/2020\/02-BRCONSELHOS\/02-EC2.2020-BRCONSELHOS.pdf\">Extrato do Contrato n\u00ba 2\/2020<\/a><\/span><\/li><li><a href=\"https:\/\/cofecon.org.br\/transparencia\/files\/licitacoes\/contratos\/2020\/02-BRCONSELHOS\/1TAC2.2020-BRC.pdf\"><span style=\"font-size: 12pt;\">1\u00ba Termo Aditivo ao Contrato n\u00ba 2\/2020<\/span><\/a><\/li><li><a href=\"https:\/\/cofecon.org.br\/transparencia\/files\/licitacoes\/contratos\/2020\/02-BRCONSELHOS\/21-E1TAC2.2020-BRC.pdf\"><span style=\"font-size: 12pt;\">Extrato do 1\u00ba Termo Aditivo ao Contrato n\u00ba 2\/2020<\/span><\/a><\/li><li><a href=\"https:\/\/cofecon.org.br\/transparencia\/files\/licitacoes\/contratos\/2020\/02-BRCONSELHOS\/12-2TAC2.2020-BRC.pdf\"><span style=\"font-size: 12pt;\">2\u00ba Termo Aditivo ao Contrato n\u00ba 2\/2020<\/span><\/a><\/li><li><a href=\"https:\/\/cofecon.org.br\/transparencia\/files\/licitacoes\/contratos\/2020\/02-BRCONSELHOS\/13-E2TAC2.2020-BRC.pdf\"><span style=\"font-size: 12pt;\">Extrato do 2\u00ba Termo Aditivo ao Contrato n\u00ba 2\/2020<\/span><\/a><\/li><li><a href=\"https:\/\/cofecon.org\/transparencia\/files\/licitacoes\/contratos\/2020\/02-BRC\/05-3TAC_2.2020-BRC.pdf\"><span style=\"font-size: 12pt;\">3\u00ba Termo Aditivo ao Contrato n\u00ba 2\/2020<\/span><\/a><\/li><li><a href=\"https:\/\/cofecon.org.br\/transparencia\/files\/licitacoes\/contratos\/2020\/02-BRCONSELHOS\/13-E2TAC2.2020-BRC.pdf\"><span style=\"font-size: 12pt;\">Extrato do 3\u00ba Termo Aditivo ao Contrato n\u00ba 3\/2020<\/span><\/a><\/li><li><a href=\"https:\/\/cofecon.org\/transparencia\/files\/licitacoes\/contratos\/2020\/02-BRC\/11-E4TAC2.2020-BRC.pdf\"><span style=\"font-size: 12pt;\">4\u00ba Termo Aditivo ao Contrato n\u00ba 2\/2020<\/span><\/a><\/li><li><a href=\"https:\/\/cofecon.org.br\/transparencia\/files\/licitacoes\/contratos\/2020\/02-BRCONSELHOS\/11-E4TAC2.2020-BRC.pdf\"><span style=\"font-size: 12pt;\">Extrato do 4\u00ba Termo Aditivo ao Contrato n\u00ba 3\/2020<\/span><\/a><\/li><\/ol><\/li><\/ol><\/li><\/ol><p><span style=\"text-decoration: underline; font-size: 18pt;\"><strong>Contrato n\u00ba 1\/2020 (Processo n\u00ba <span data-teams=\"true\"><span class=\"ui-provider a b c d e f g h i j k l m n o p q r s t u v w x y z ab ac ae af ag ah ai aj ak\" dir=\"ltr\">Processo n\u00ba 110000938.000006\/2023-54<\/span><\/span>)<\/strong><\/span><\/p><p><span style=\"font-size: 12pt;\"><strong>Contratada:<\/strong> BRC SOLU\u00c7\u00d5ES EM GEST\u00c3O E TECNOLOGIA DA INFORMA\u00c7\u00c3O LTDA. (23.706.503\/0001-82)<\/span><br \/><span style=\"font-size: 12pt;\"><strong>Objeto:<\/strong> Licen\u00e7a de loca\u00e7\u00e3o, implementa\u00e7\u00e3o, manuten\u00e7\u00e3o e suporte de software de gest\u00e3o cadastral, financeiro e fiscal (Corecon-PR).<\/span><br \/><span style=\"font-size: 12pt;\"><strong>Modalidade:<\/strong> Preg\u00e3o Eletr\u00f4nico n\u00ba 9\/2019<\/span><br \/><span style=\"font-size: 12pt;\"><strong>Valor global anual estimado:<\/strong> <span data-teams=\"true\"><span class=\"ui-provider a b c d e f g h i j k l m n o p q r s t u v w x y z ab ac ae af ag ah ai aj ak\" dir=\"ltr\">R$ 44.013,16<\/span><\/span><\/span><br \/><span style=\"font-size: 12pt;\"><strong>Vig\u00eancia:<\/strong> <span data-teams=\"true\"><span class=\"ui-provider a b c d e f g h i j k l m n o p q r s t u v w x y z ab ac ae af ag ah ai aj ak\" dir=\"ltr\">14\/1\/2024 a 13\/1\/2025<\/span><\/span><\/span><\/p><p><span style=\"text-decoration: underline; font-size: 12pt;\"><strong>Anexo:<\/strong><\/span><\/p><ol><li style=\"list-style-type: none;\"><ol><li style=\"list-style-type: none;\"><ol><li><span style=\"font-size: 12pt;\"><a href=\"https:\/\/cofecon.org.br\/transparencia\/files\/licitacoes\/contratos\/2020\/01-BRCONSELHOS\/01-C1.2020-BRCONSELHOS.pdf\">Contrato n\u00ba 1\/2020<\/a><\/span><\/li><li><span style=\"font-size: 12pt;\"><a href=\"https:\/\/cofecon.org.br\/transparencia\/files\/licitacoes\/contratos\/2020\/01-BRCONSELHOS\/02-EC1.2020-BRCONSELHOS.pdf\">Extrato do Contrato n\u00ba 1\/2020<\/a><\/span><\/li><li><span style=\"font-size: 12pt;\"><a href=\"https:\/\/cofecon.org\/transparencia\/files\/licitacoes\/contratos\/2020\/01-BRC\/06-1TAC_1.2020-BRC_PR.pdf\" target=\"_blank\" rel=\"noopener\">1\u00ba Termo Aditivo ao Contrato n\u00ba 1\/2020<\/a><\/span><\/li><li><span style=\"font-size: 12pt;\"><a href=\"https:\/\/cofecon.org\/transparencia\/files\/licitacoes\/contratos\/2020\/01-BRC\/08-E1TAC_1.2020-BRC.pdf\" target=\"_blank\" rel=\"noopener\">Extrato do 1\u00ba Termo Aditivo ao Contrato n\u00ba 1\/2020<\/a><\/span><\/li><li><span style=\"font-size: 12pt;\"><a href=\"https:\/\/cofecon.org.br\/transparencia\/files\/licitacoes\/contratos\/2020\/01-BRCONSELHOS\/10-2TAC1.2020-BRC.pdf\" target=\"_blank\" rel=\"noopener\">2\u00ba Termo Aditivo ao Contrato n\u00ba 1\/2020<\/a><\/span><\/li><li><span style=\"font-size: 12pt;\"><a href=\"https:\/\/cofecon.org.br\/transparencia\/files\/licitacoes\/contratos\/2020\/01-BRCONSELHOS\/11-E2TAC1.2020-BRC.pdf\" target=\"_blank\" rel=\"noopener\">Extrato do 2\u00ba Termo Aditivo ao Contrato n\u00ba 1\/2020<\/a><\/span><\/li><li><span style=\"font-size: 12pt;\"><a href=\"https:\/\/cofecon.org\/transparencia\/files\/licitacoes\/contratos\/2020\/01-BRC\/03-3TAC_1.2020-PR-BRC_ass.pdf\" target=\"_blank\" rel=\"noopener\">3\u00ba Termo Aditivo ao Contrato n\u00ba 1\/2020<\/a><\/span><\/li><li><span style=\"font-size: 12pt;\"><a href=\"https:\/\/cofecon.org\/transparencia\/files\/licitacoes\/contratos\/2020\/01-BRC\/03-E3TAC_1.2020_PR-BRC.pdf\" target=\"_blank\" rel=\"noopener\">Extrato do 3\u00ba Termo Aditivo ao Contrato n\u00ba 1\/2020<\/a><\/span><\/li><li><span style=\"font-size: 12pt;\"><a href=\"https:\/\/cofecon.org\/transparencia\/files\/licitacoes\/contratos\/2020\/01-BRC\/02-RETIFICADO3TAC1.2020-BRC PR.pdf\" target=\"_blank\" rel=\"noopener\" data-wplink-url-error=\"true\">4\u00ba Termo Aditivo ao Contrato n\u00ba 1\/2020<\/a><\/span><\/li><li><span data-teams=\"true\"><span class=\"ui-provider a b c d e f g h i j k l m n o p q r s t u v w x y z ab ac ae af ag ah ai aj ak\" dir=\"ltr\"> Extrato do 4<a id=\"menur6k3\" class=\"fui-Link ___1q1shib f2hkw1w f3rmtva f1ewtqcl fyind8e f1k6fduh f1w7gpdv fk6fouc fjoy568 figsok6 f1s184ao f1mk8lai fnbmjn9 f1o700av f13mvf36 f1cmlufx f9n3di6 f1ids18y f1tx3yz7 f1deo86v f1eh06m1 f1iescvh fhgqx19 f1olyrje f1p93eir f1nev41a f1h8hb77 f1lqvz6u f10aw75t fsle3fq f17ae5zn\" title=\"https:\/\/cofecon.org\/transparencia\/files\/licitacoes\/contratos\/2020\/02-brc\/05-3tac_2.2020-brc.pdf\" href=\"https:\/\/cofecon.org\/transparencia\/files\/licitacoes\/contratos\/2020\/01-BRC\/02-E4TAC 1.2020-PR-BRC.pdf\" target=\"_blank\" rel=\"noreferrer noopener\" aria-label=\"Link \u00ba Termo Aditivo ao Contrato n\u00ba 1\/2020\" data-wplink-url-error=\"true\">\u00ba Termo Aditivo ao Contrato n\u00ba 1\/2020<\/a><\/span><\/span><\/li><\/ol><\/li><\/ol><\/li><\/ol><\/div>\n\t\t\t\t\t\t\t\t\t<div class=\"elementor-tab-title elementor-tab-mobile-title\" aria-selected=\"false\" data-tab=\"5\" role=\"tab\" tabindex=\"-1\" aria-controls=\"elementor-tab-content-1505\" aria-expanded=\"false\">2019<\/div>\n\t\t\t\t\t<div id=\"elementor-tab-content-1505\" class=\"elementor-tab-content elementor-clearfix\" data-tab=\"5\" role=\"tabpanel\" aria-labelledby=\"elementor-tab-title-1505\" tabindex=\"0\" hidden=\"hidden\"><p><span style=\"text-decoration: underline;\"><span style=\"font-size: 18pt;\"><strong>Contrato n\u00ba 19\/2019 (Processo n\u00ba 19.203\/2019)<\/strong><\/span><\/span><\/p><p><span style=\"font-size: 12pt;\"><strong>Contratada:<\/strong> WEBJUR PROCESSAMENTO DE DADOS LTDA\u00a0 (09.400.465\/0001-04)<br \/><strong>Objeto:<\/strong> Leitura de Di\u00e1rio de Justi\u00e7a<br \/><strong>Valor global anual estimado:<\/strong> R$ 1.000,00.<br \/><strong>Vig\u00eancia:<\/strong> 9\/12\/2022 a 8\/12\/2023.<\/span><\/p><p><span style=\"text-decoration: underline; font-size: 12pt;\"><strong>Anexo:<\/strong><\/span><\/p><ol><li style=\"list-style-type: none;\"><ol><li style=\"list-style-type: none;\"><ol><li><a href=\"https:\/\/cofecon.org\/transparencia\/files\/licitacoes\/contratos\/2019\/19-webjur\/01-C_19.2019-Webjur.pdf\"><span style=\"font-size: 12pt;\">Contrato n\u00b0 19\/2019<\/span><\/a><\/li><li><a href=\"https:\/\/cofecon.org\/transparencia\/files\/licitacoes\/contratos\/2019\/19-webjur\/02-EC_19.2019-WebJur.pdf\"><span style=\"font-size: 12pt;\">Extrato do Contrato n\u00b0 19\/2019<\/span><\/a><\/li><li><a href=\"https:\/\/cofecon.org\/transparencia\/files\/licitacoes\/contratos\/2019\/19-webjur\/03-1TAC_19.2019-WEBJUR.pdf\"><span style=\"font-size: 12pt;\">1\u00b0 Termo Aditivo ao Contrato n\u00b0 19\/2019<\/span><\/a><\/li><li><span style=\"font-size: 12pt;\"><a href=\"https:\/\/cofecon.org\/transparencia\/files\/licitacoes\/contratos\/2019\/19-webjur\/04-E1TAC_19.2019-WEBJUR.pdf\">Extrato do 1\u00b0 Termo Aditivo ao Contrato n\u00b0 19\/2019<\/a><\/span><\/li><li><a href=\"https:\/\/cofecon.org\/transparencia\/files\/licitacoes\/contratos\/2019\/19-webjur\/10-3TAC_19.2019-WEBJURass.pdf\"><span style=\"font-size: 12pt;\">3\u00b0 Termo Aditivo ao Contrato n\u00b0 19\/2019<\/span><\/a><\/li><li><span style=\"font-size: 12pt;\"><a href=\"https:\/\/cofecon.org\/transparencia\/files\/licitacoes\/contratos\/2019\/19-webjur\/11-E3TAC_19.2021-WEBJUR.pdf\">Extrato do 3\u00b0 Termo Aditivo ao Contrato n\u00b0 19\/2019<\/a><\/span><\/li><\/ol><\/li><\/ol><\/li><\/ol><p><span style=\"text-decoration: underline;\"><span style=\"font-size: 18pt;\"><strong><br \/>Contrato n\u00ba 17\/2019 (Processo n\u00ba 18.778\/2018)<\/strong><\/span><\/span><\/p><p><span style=\"font-size: 12pt;\"><strong>Contratada:<\/strong> STUDIOS TECNOLOGIA DA INFORMA\u00c7\u00c3O LTDA-ME (08.545.231\/0001-92)<br \/><strong>Objeto:<\/strong> Licen\u00e7a de software cont\u00e1bil<br \/><strong>Valor global anual estimado:<\/strong> R$ 34.208,22.<br \/><strong>Vig\u00eancia:<\/strong> 1\u00ba\/11\/2022 a 31\/10\/2023<\/span><\/p><p><span style=\"text-decoration: underline; font-size: 12pt;\"><strong>Anexo:<\/strong><\/span><\/p><ol><li style=\"list-style-type: none;\"><ol><li style=\"list-style-type: none;\"><ol><li><a href=\"https:\/\/cofecon.org.br\/transparencia\/files\/licitacoes\/contratos\/2019\/17-STUDIO_TI\/3TAC_17.2019-STUDIOS_TI.pdf\"><span style=\"font-size: 12pt;\">3\u00b0 Termo Aditivo ao Contrato n\u00b0 17\/2019<\/span><\/a><\/li><li><a href=\"https:\/\/cofecon.org.br\/transparencia\/files\/licitacoes\/contratos\/2019\/17-STUDIO_TI\/67-E3TAC_17.2019-BA,GO,RO-STUDIOS_TI.pdf\"><span style=\"font-size: 12pt;\">Extrato do 3\u00b0 Termo Aditivo ao Contrato n\u00b0 17\/2019 &#8211; BA, GO e RO<\/span><\/a><\/li><\/ol><\/li><\/ol><\/li><\/ol><p><span style=\"text-decoration: underline;\"><span style=\"font-size: 18pt;\"><strong><br \/>Contrato n\u00ba 16\/2019 (Processo n\u00ba 18.778\/2018)<\/strong><\/span><\/span><\/p><p><span style=\"font-size: 12pt;\"><strong>Contratada:<\/strong> STUDIOS TECNOLOGIA DA INFORMA\u00c7\u00c3O LTDA-ME (08.545.231\/0001-92)<br \/><strong>Objeto:<\/strong> Licen\u00e7a de software cont\u00e1bil<br \/><strong>Valor global anual estimado:<\/strong> R$ 41.324,21.<br \/><strong>Vig\u00eancia:<\/strong> 21\/10\/2022 a 20\/10\/2023<\/span><\/p><p><span style=\"text-decoration: underline; font-size: 12pt;\"><strong>Anexo:<\/strong><\/span><\/p><ol><li style=\"list-style-type: none;\"><ol><li style=\"list-style-type: none;\"><ol><li><a href=\"https:\/\/cofecon.org.br\/transparencia\/files\/licitacoes\/contratos\/2019\/16-STUDIO_TI\/3TAC_16.2019-STUDIOS_TI.pdf\"><span style=\"font-size: 12pt;\">3\u00b0 Termo Aditivo ao Contrato n\u00b0 16\/2019<\/span><\/a><\/li><li><a href=\"https:\/\/cofecon.org.br\/transparencia\/files\/licitacoes\/contratos\/2019\/16-STUDIO_TI\/66-E3TAC_16.2019-PA.AP, MT, SE-STUDIOS_TI.pdf\"><span style=\"font-size: 12pt;\">Extrato do 3\u00b0 Termo Aditivo ao Contrato n\u00b0 16\/2019 &#8211; PA.AP, MT, MS e SE<\/span><\/a><\/li><\/ol><\/li><\/ol><\/li><\/ol><p style=\"font-family: Roboto, sans-serif; font-size: 12px; font-style: normal; font-weight: 400;\"><span style=\"font-size: 12px; text-decoration-line: underline;\"><span style=\"font-size: 18pt;\"><span style=\"font-size: 24px; font-weight: bold;\">Contrato n\u00ba 15\/2019 (Processo n\u00ba 18.778\/2018)<\/span><\/span><\/span><\/p><p style=\"font-family: Roboto, sans-serif; font-size: 12px; font-style: normal; font-weight: 400;\"><span style=\"font-family: Roboto, sans-serif; font-size: 16px; font-style: normal; font-weight: bold;\">Processo SEI n\u00ba <a href=\"http:\/\/sei.cofecon.org\/sei\/controlador.php?acao=procedimento_trabalhar&amp;acao_origem=procedimento_controlar&amp;acao_retorno=procedimento_controlar&amp;id_procedimento=257&amp;infra_sistema=100000100&amp;infra_unidade_atual=110000938&amp;infra_hash=08618944875a641c9379943ef0e8079307baefebc5b1d016cf9588a127fb0efa\">110000938.00000\/2023-43<\/a><\/span><span style=\"font-size: 12pt;\"><span style=\"font-size: 16px; font-weight: bold;\"><br \/>Contratada:<\/span>\u00a0STUDIOS TECNOLOGIA DA INFORMA\u00c7\u00c3O LTDA-ME (08.545.231\/0001-92)<br \/><span style=\"font-size: 16px; font-weight: bold;\">Objeto:<\/span>\u00a0Licen\u00e7a de software cont\u00e1bil (presta\u00e7\u00e3o de servi\u00e7o)<br \/><\/span><span style=\"font-family: Roboto, sans-serif; font-size: 16px; font-style: normal; font-weight: bold;\">Modalidade:<\/span><span style=\"font-family: Roboto, sans-serif; font-size: 16px; font-style: normal; font-weight: 400;\">\u00a0Preg\u00e3o Eletr\u00f4nico n\u00ba 1\/2019<\/span><span style=\"font-size: 12pt;\"><br \/><span style=\"font-size: 16px; font-weight: bold;\">Valor global anual estimado:<\/span>\u00a0R$ 57.166,51<br \/><span style=\"font-size: 16px; font-weight: bold;\">Vig\u00eancia:<\/span>\u00a024\/5\/2023 a 23\/5\/2024<\/span><\/p><p style=\"font-family: Roboto, sans-serif; font-size: 12px; font-style: normal; font-weight: 400;\"><span style=\"font-size: 12pt; text-decoration-line: underline;\"><span style=\"font-size: 16px; font-weight: bold;\">Anexo:<\/span><\/span><\/p><ol style=\"font-family: Roboto, sans-serif; font-size: 12px; font-style: normal; font-weight: 400;\"><li style=\"font-size: 12px; list-style-type: none;\"><ol style=\"font-size: 12px;\"><li style=\"font-size: 12px; list-style-type: none;\"><ol style=\"font-size: 12px;\"><li style=\"font-size: 12px;\"><span style=\"font-size: 12pt;\"><a href=\"https:\/\/cofecon.org\/transparencia\/files\/licitacoes\/contratos\/2019\/15-STUDIO\/01-ARP.pdf\">Ata de Registro de Pre\u00e7os n\u00ba1\/2019<\/a><\/span><\/li><li style=\"font-size: 12px;\"><span style=\"font-size: 12pt;\"><a href=\"https:\/\/cofecon.org\/transparencia\/files\/licitacoes\/contratos\/2019\/15-STUDIO\/2-EARP.pdf\">Extrato da Ata de Registro de Pre\u00e7os n\u00ba 1\/2019<\/a><\/span><\/li><li style=\"font-size: 12px;\"><span style=\"font-size: 12pt;\"><a href=\"https:\/\/cofecon.org\/transparencia\/files\/licitacoes\/contratos\/2019\/15-STUDIO\/03-C15.2019.pdf\">Contrato n\u00ba 15\/2019<\/a><\/span><\/li><li style=\"font-size: 12px;\"><span style=\"font-size: 12pt;\"><a href=\"https:\/\/cofecon.org\/transparencia\/files\/licitacoes\/contratos\/2019\/15-STUDIO\/04-EC15.2019.pdf\">E<span dir=\"ltr\" style=\"font-size: 16px;\">xtrato do Contrato n\u00ba 15\/2019<\/span><\/a><\/span><\/li><li style=\"font-size: 12px;\"><span style=\"font-size: 12pt;\"><span dir=\"ltr\" style=\"font-size: 16px;\"><a href=\"https:\/\/cofecon.org\/transparencia\/files\/licitacoes\/contratos\/2019\/15-STUDIO\/05-1TAC15.2019.pdf\">1\u00ba Termo Aditivo ao Contrato n\u00ba 15\/2019<\/a><\/span><\/span><\/li><li style=\"font-size: 12px;\"><span style=\"font-size: 12pt;\"><span dir=\"ltr\" style=\"font-size: 16px;\"><a href=\"https:\/\/cofecon.org\/transparencia\/files\/licitacoes\/contratos\/2019\/15-STUDIO\/06-E1TAC.pdf\">Extrato do 1\u00ba Termo Aditivo ao Contrato n\u00ba 15\/2019<\/a><\/span><\/span><\/li><li style=\"font-size: 12px;\"><span style=\"font-size: 12pt;\"><span dir=\"ltr\" style=\"font-size: 16px;\"><a href=\"https:\/\/cofecon.org\/transparencia\/files\/licitacoes\/contratos\/2019\/15-STUDIO\/07-2TAC15.2019.pdf\">2\u00ba Termo Aditivo ao Contrato n\u00ba 15\/2019<\/a><\/span><\/span><\/li><li style=\"font-size: 12px;\"><span style=\"font-size: 12pt;\"><span dir=\"ltr\" style=\"font-size: 16px;\"><a href=\"https:\/\/cofecon.org\/transparencia\/files\/licitacoes\/contratos\/2019\/15-STUDIO\/08-E2TAC.pdf\">Extrato do 2\u00ba Termo Aditivo ao Contrato n\u00ba 15\/2019<\/a><\/span><\/span><\/li><li style=\"font-size: 12px;\"><span style=\"font-size: 12pt;\"><span dir=\"ltr\" style=\"font-size: 16px;\"><a href=\"https:\/\/cofecon.org\/transparencia\/files\/licitacoes\/contratos\/2019\/15-STUDIO\/09-3TAC15.2019.pdf\">3\u00ba Termo Aditivo ao Contrato n\u00ba 15\/2019<\/a><\/span><\/span><\/li><li style=\"font-size: 12px;\"><span style=\"font-size: 12pt;\"><span dir=\"ltr\" style=\"font-size: 16px;\"><a href=\"https:\/\/cofecon.org\/transparencia\/files\/licitacoes\/contratos\/2019\/15-STUDIO\/10-E3TAC.pdf\">Extrato do 3\u00ba Termo Aditivo ao Contrato n\u00ba 15\/2019<\/a><\/span><\/span><\/li><li style=\"font-size: 12px;\"><span style=\"font-size: 12pt;\"><a style=\"font-size: 16px;\" href=\"https:\/\/cofecon.org\/transparencia\/files\/licitacoes\/contratos\/2019\/15-STUDIO\/2-EARP.pdf\"><span dir=\"ltr\">4\u00ba Termo Aditivo ao Contrato n\u00ba 15\/2019<\/span><\/a><\/span><\/li><li style=\"font-size: 12px;\"><span style=\"font-size: 12pt;\"><span dir=\"ltr\" style=\"font-size: 16px;\"><a href=\"https:\/\/cofecon.org\/transparencia\/files\/licitacoes\/contratos\/2019\/15-STUDIO\/12-E4TAC.pdf\">Extrato do 4\u00ba Termo Aditivo ao Contrato n\u00ba 15\/2019<\/a><\/span><\/span><\/li><\/ol><\/li><\/ol><\/li><\/ol><p><span style=\"text-decoration: underline;\"><span style=\"font-size: 18pt;\"><strong>Contrato n\u00ba 14\/2019 <span data-teams=\"true\"><span class=\"ui-provider a b c d e f g h i j k l m n o p q r s t u v w x y z ab ac ae af ag ah ai aj ak\" dir=\"ltr\">(Processo n\u00ba 110000938.000006\/2023-54)<\/span><\/span><\/strong><\/span><\/span><\/p><p><span style=\"font-size: 12pt;\"><strong>Contratada:<\/strong> BRC SOLU\u00c7\u00d5ES EM GEST\u00c3O E TECNOLOGIA DA INFORMA\u00c7\u00c3O LTDA. (23.706.503\/0001-82)<\/span><br \/><span style=\"font-size: 12pt;\"><strong>Objeto:<\/strong> Licen\u00e7a de loca\u00e7\u00e3o, implementa\u00e7\u00e3o, manuten\u00e7\u00e3o e suporte de software de gest\u00e3o cadastral, financeiro e fiscal.<\/span><br \/><span style=\"font-size: 12pt;\"><strong>Modalidade:<\/strong> Preg\u00e3o Eletr\u00f4nico n\u00ba 9\/2019<\/span><br \/><span style=\"font-size: 12pt;\"><strong>Valor global anual estimado:<\/strong> R$ 115.856,16<\/span><br \/><span style=\"font-size: 12pt;\"><strong>Vig\u00eancia:<\/strong> 25\/9\/2023 a 24\/9\/2024<\/span><\/p><p><span style=\"text-decoration: underline; font-size: 12pt;\"><strong>Anexo:<\/strong><\/span><\/p><ol><li style=\"list-style-type: none;\"><ol><li style=\"list-style-type: none;\"><ol><li><a href=\"https:\/\/cofecon.org.br\/transparencia\/files\/licitacoes\/contratos\/2019\/BRC\/01-ARP6.2019-BRConselhos.pdf\" target=\"_blank\" rel=\"noopener\"><span style=\"font-size: 12pt;\">Ata de Registro de Pre\u00e7os n\u00b0 6\/2019<\/span><\/a><\/li><li><a href=\"https:\/\/cofecon.org.br\/transparencia\/files\/licitacoes\/contratos\/2019\/BRC\/02-EARP6.2019-BRConselhos.pdf\" target=\"_blank\" rel=\"noopener\"><span style=\"font-size: 12pt;\">Extrato da Ata de Registro de Pre\u00e7os n\u00b0 6\/2019<\/span><\/a><\/li><li><a href=\"https:\/\/cofecon.org.br\/transparencia\/files\/licitacoes\/contratos\/2019\/BRC\/C14.2019-BRConselhos.pdf\" target=\"_blank\" rel=\"noopener\"><span style=\"font-size: 12pt;\">Contrato n\u00ba 14\/2019<\/span><\/a><\/li><li><a href=\"https:\/\/cofecon.org.br\/transparencia\/files\/licitacoes\/contratos\/2019\/BRC\/56-EC14.2019-BRConselhos.pdf\"><span style=\"font-size: 12pt;\">Extrato do Contrato n\u00ba 14\/2019<\/span><\/a><\/li><li><a href=\"https:\/\/cofecon.org.br\/transparencia\/files\/licitacoes\/contratos\/2019\/BRC\/1TAC14.2019-BRC.pdf\"><span style=\"font-size: 12pt;\">1\u00ba Termo Aditivo ao Contrato n\u00ba 14\/2019<\/span><\/a><\/li><li><a href=\"https:\/\/cofecon.org.br\/transparencia\/files\/licitacoes\/contratos\/2019\/BRC\/27-E1TAC14.2019-BRC.pdf\"><span style=\"font-size: 12pt;\">Extrato do 1\u00ba Termo Aditivo ao Contrato n\u00ba 14\/2019<\/span><\/a><\/li><li><span style=\"font-size: 12pt;\"><a href=\"https:\/\/cofecon.org.br\/transparencia\/files\/licitacoes\/contratos\/2019\/BRC\/08-2TAC.14.2019-BRC.pdf\" target=\"_blank\" rel=\"noopener\">2\u00ba Termo Aditivo ao Contrato n\u00ba 14\/2019<\/a><\/span><\/li><li><span style=\"font-size: 12pt;\"><a href=\"https:\/\/cofecon.org.br\/transparencia\/files\/licitacoes\/contratos\/2019\/BRC\/09-E2TAC.14.2019-BRC.pdf\" target=\"_blank\" rel=\"noopener\">Extrato do 2\u00ba Termo Aditivo ao Contrato n\u00ba 14\/2019<\/a><\/span><\/li><li><a href=\"https:\/\/cofecon.org.br\/transparencia\/files\/licitacoes\/contratos\/2019\/BRC\/12-3TAC_14.2019-BRC-ASS.pdf\"><span style=\"font-size: 12pt;\">3\u00b0 Termo Aditivo ao Contrato n\u00b0 14\/2019<\/span><\/a><\/li><li><a href=\"https:\/\/cofecon.org.br\/transparencia\/files\/licitacoes\/contratos\/2019\/BRC\/12-E3TAC_14.2019-BRC.pdf\"><span style=\"font-size: 12pt;\">Extrato do 3\u00b0 Termo Aditivo ao Contrato n\u00b0 14\/2019<\/span><\/a><\/li><li><a href=\"https:\/\/cofecon.org.br\/transparencia\/files\/licitacoes\/contratos\/2019\/BRC\/4TAC_14.2019-Cofecon-BRC.pdf\"><span style=\"font-size: 12pt;\">4\u00b0 Termo Aditivo ao Contrato n\u00b0 14\/2019<\/span><\/a><\/li><li><a href=\"https:\/\/cofecon.org.br\/transparencia\/files\/licitacoes\/contratos\/2019\/BRC\/64-E4TAC_14-2019-Cofecon-BRC.pdf\"><span style=\"font-size: 12pt;\">Extrato do 4\u00b0 Termo Aditivo ao Contrato n\u00b0 14\/2019<\/span><\/a><\/li><li style=\"font-size: 12px;\"><span style=\"font-size: 12pt;\"><span dir=\"ltr\"><a href=\"https:\/\/cofecon.org\/transparencia\/files\/licitacoes\/contratos\/2019\/14-BRC\/21-5TAC 14.2019-Cofecon-BRC ASS.pdf\">5\u00ba\u00a0 Termo Aditivo ao Contrato n\u00ba 14\/2019<\/a><\/span><\/span><\/li><li style=\"font-size: 12px;\"><span style=\"font-size: 12pt;\"><span dir=\"ltr\"><a href=\"https:\/\/cofecon.org\/transparencia\/files\/licitacoes\/contratos\/2019\/14-BRC\/22-E5TAC 14.2019-Cofecon-BRC.pdf\">Extrato do 5\u00ba Termo Aditivo ao Contrato n\u00ba 14\/2019<\/a><\/span><\/span><\/li><li><a href=\"https:\/\/cofecon.org\/transparencia\/files\/licitacoes\/contratos\/2019\/14-BRC\/35-SEI_0020937_Termo_Aditivo6TACC14.2019.pdf\"><span data-teams=\"true\"><span class=\"ui-provider a b c d e f g h i j k l m n o p q r s t u v w x y z ab ac ae af ag ah ai aj ak\" dir=\"ltr\"> 6\u00ba Termo Aditivo ao Contrato n\u00ba 14\/2019<\/span><\/span><\/a><\/li><li><a href=\"https:\/\/cofecon.org\/transparencia\/files\/licitacoes\/contratos\/2019\/14-BRC\/36-ERRATA6TACC14.2019.pdf\"><span data-teams=\"true\"><span class=\"ui-provider a b c d e f g h i j k l m n o p q r s t u v w x y z ab ac ae af ag ah ai aj ak\" dir=\"ltr\"> Errata 6\u00ba Termo Aditivo ao Contrato n\u00ba 14\/2019<\/span><\/span><\/a><\/li><\/ol><\/li><\/ol><\/li><\/ol><p><span style=\"text-decoration: underline; font-size: 18pt;\"><strong><br \/>Contrato n\u00ba 13\/2019 (Processo n\u00ba 18.778\/2018)<\/strong><\/span><\/p><p><span style=\"font-family: Roboto, sans-serif; font-size: 16px; font-style: normal; font-weight: bold;\">Contratada Processo SEI n\u00ba <a href=\"http:\/\/sei.cofecon.org\/sei\/controlador.php?acao=procedimento_trabalhar&amp;acao_origem=procedimento_controlar&amp;acao_retorno=procedimento_controlar&amp;id_procedimento=257&amp;infra_sistema=100000100&amp;infra_unidade_atual=110000938&amp;infra_hash=08618944875a641c9379943ef0e8079307baefebc5b1d016cf9588a127fb0efa\">110000938.000008\/2023-43<\/a><\/span><span style=\"font-size: 12pt;\"><strong><br \/>Contratada:<\/strong> STUDIOS TECNOLOGIA DA INFORMA\u00c7\u00c3O LTDA-ME (08.545.231\/0001-92)<\/span><br \/><span style=\"font-size: 12pt;\"><strong>Objeto:<\/strong> Licen\u00e7a de software cont\u00e1bil (presta\u00e7\u00e3o de servi\u00e7o)<\/span><br \/><span style=\"font-size: 12pt;\"><strong>Modalidade:<\/strong> Preg\u00e3o Eletr\u00f4nico n\u00ba 1\/2019<\/span><br \/><span style=\"font-size: 12pt;\"><strong>Valor global anual estimado:<\/strong> R$ 61.728,80<\/span><br \/><span style=\"font-size: 12pt;\"><strong>Vig\u00eancia:<\/strong>\u00a03\/9\/2023 a 2\/9\/2024<\/span><\/p><p><span style=\"text-decoration: underline; font-size: 12pt;\"><strong>Anexo:<\/strong><\/span><\/p><ol><li style=\"list-style-type: none;\"><ol><li style=\"list-style-type: none;\"><ol><li><span style=\"font-size: 12pt;\"><a href=\"https:\/\/cofecon.org.br\/transparencia\/files\/licitacoes\/contratos\/2019\/05-Studios\/01.ARP%201.2019-STUDIOS.pdf\">Ata de Registro de Pre\u00e7o n\u00ba 1\/2019<\/a><\/span><\/li><li><span style=\"font-size: 12pt;\"><a href=\"https:\/\/cofecon.org.br\/transparencia\/files\/licitacoes\/contratos\/2019\/05-Studios\/02-EARP%201.2019-STUDIOS.pdf\">Extrato da Ata de Registro de Pre\u00e7o n\u00ba 1\/2019<\/a><\/span><\/li><li><span style=\"font-size: 12pt;\"><a href=\"https:\/\/cofecon.org.br\/transparencia\/files\/licitacoes\/contratos\/2019\/05-Studios\/05-C%2013.2018-STUDIOS.pdf\">Contrato n\u00ba 13\/2019<\/a><\/span><\/li><li><span style=\"font-size: 12pt;\"><a href=\"https:\/\/cofecon.org.br\/transparencia\/files\/licitacoes\/contratos\/2019\/05-Studios\/05-C%2013.2018-STUDIOS.pdf\/06-EC_13.2019-STUDIOS.pdf\">Extrato do Contrato n\u00ba 13\/2019<\/a><\/span><\/li><li><a href=\"https:\/\/cofecon.org.br\/transparencia\/files\/licitacoes\/contratos\/2019\/05-Studios\/45-3TAC_13.2019-STUDIOS-TI.pdf\"><span style=\"font-size: 12pt;\">3\u00b0 Termo Aditivo ao Contrato n\u00b0 13\/2019<\/span><\/a><\/li><li><a href=\"https:\/\/cofecon.org.br\/transparencia\/files\/licitacoes\/contratos\/2019\/05-Studios\/46-3TAC_13.2019-MG,PR,ES,PE,PI_STUDIOS-TI.pdf\"><span style=\"font-size: 12pt;\">Extrato ao 3\u00b0 Termo Aditivo ao Contrato n\u00b0 13\/2019<\/span><\/a><\/li><li><a href=\"https:\/\/cofecon.org\/transparencia\/files\/licitacoes\/contratos\/2019\/13-STUDIO\/47-4TAC13.pdf\"><span style=\"font-size: 12pt;\">4\u00b0 Termo Aditivo ao Contrato n\u00b0 13\/2019<\/span><\/a><\/li><li><a href=\"https:\/\/cofecon.org\/transparencia\/files\/licitacoes\/contratos\/2019\/13-STUDIO\/48-E4TAC13.pdf\"><span style=\"font-size: 12pt;\">Extrato ao 4\u00b0 Termo Aditivo ao Contrato n\u00b0 13\/2019<\/span><\/a><\/li><\/ol><\/li><\/ol><\/li><\/ol><ol><li style=\"list-style-type: none;\">\u00a0<\/li><\/ol><p><span style=\"text-decoration: underline;\"><span style=\"font-size: 18pt;\"><strong>Contrato n\u00ba 12\/2019 (Processo n\u00ba 19.075\/2019)<\/strong><\/span><\/span><\/p><p><span style=\"font-size: 12pt;\"><strong>Contratada:<\/strong> LGW INFORM\u00c1TICA LTDA (07.286.708\/0001-08)<\/span><br \/><span style=\"font-size: 12pt;\"><strong>Objeto:<\/strong> Aluguel de 3 impressoras, manuten\u00e7\u00e3o e fornecimento de suprimentos (presta\u00e7\u00e3o de servi\u00e7o)<\/span><br \/><span style=\"font-size: 12pt;\"><strong>Modalidade:<\/strong> Dispensa n\u00ba 33\/2019<\/span><br \/><span style=\"font-size: 12pt;\"><strong>Valor global anual estimado:<\/strong> R$ 4.680,00<\/span><br \/><span style=\"font-size: 12pt;\"><strong>Vig\u00eancia:<\/strong> 26\/8\/2019 a 25\/8\/2020<\/span><\/p><p><span style=\"text-decoration: underline; font-size: 12pt;\"><strong>Anexo:<\/strong><\/span><\/p><ol><li style=\"list-style-type: none;\"><ol><li style=\"list-style-type: none;\"><ol><li><span style=\"font-size: 12pt;\"><a href=\"https:\/\/cofecon.org.br\/transparencia\/files\/licitacoes\/contratos\/2019\/12-LGWImpressora\/01-C%2012.2019-LGW.pdf\">Contrato n\u00ba 12\/2019<\/a><\/span><\/li><li><span style=\"font-size: 12pt;\"><a href=\"https:\/\/cofecon.org.br\/transparencia\/files\/licitacoes\/contratos\/2019\/12-LGWImpressora\/02-EC%2012.2019-LGW.pdf\">Extrato do Contrato n\u00ba 12\/2019<\/a><\/span><\/li><li><a href=\"https:\/\/cofecon.org.br\/transparencia\/files\/licitacoes\/contratos\/2019\/12-LGWImpressora\/03-1TAC_12.2019_ass-LGW.pdf\"><span style=\"font-size: 12pt;\">1\u00b0 Termo Aditivo ao Contrato n\u00b0 12\/2019<\/span><\/a><\/li><li><a href=\"https:\/\/cofecon.org.br\/transparencia\/files\/licitacoes\/contratos\/2019\/12-LGWImpressora\/04-E1TAC_12.2019-LWG.pdf\"><span style=\"font-size: 12pt;\">Extrato do 1\u00b0 Termo Aditivo ao Contrato n\u00b0 12\/2019<\/span><\/a><\/li><li><a href=\"https:\/\/cofecon.org.br\/transparencia\/files\/licitacoes\/contratos\/2019\/12-LGWImpressora\/05-2TAC_12.2019-LGW.pdf\"><span style=\"font-size: 12pt;\">2\u00b0 Termo Aditivo ao Contrato n\u00b0 12\/2019<\/span><\/a><\/li><li><a href=\"https:\/\/cofecon.org.br\/transparencia\/files\/licitacoes\/contratos\/2019\/12-LGWImpressora\/06-E2TAC_12.2019-LGW.pdf\"><span style=\"font-size: 12pt;\">Extrato do 2\u00b0 Termo Aditivo ao Contrato n\u00b0 12\/2019<\/span><\/a><\/li><li><a href=\"https:\/\/cofecon.org.br\/transparencia\/files\/licitacoes\/contratos\/2019\/12-LGWImpressora\/08-E3TAC_12.2019-LGW.pdf\"><span style=\"font-size: 12pt;\">Extrato do 3\u00b0 Termo Aditivo ao Contrato n\u00b0 12\/2019<\/span><\/a><\/li><li><a href=\"https:\/\/cofecon.org.br\/transparencia\/files\/licitacoes\/contratos\/2019\/12-LGWImpressora\/09-4TAC_12.2019-LGW.pdf\"><span style=\"font-size: 12pt;\">4\u00b0 Termo Aditivo ao Contrato n\u00b0 12\/2019<\/span><\/a><\/li><li><a href=\"https:\/\/cofecon.org.br\/transparencia\/files\/licitacoes\/contratos\/2019\/12-LGWImpressora\/10-E4TAC_12.2019-LGW.pdf\"><span style=\"font-size: 12pt;\">Extrato do 4\u00b0 Termo Aditivo ao Contrato n\u00b0 12\/2019<\/span><\/a><\/li><li><a href=\"https:\/\/cofecon.org.br\/transparencia\/files\/licitacoes\/contratos\/2019\/12-LGWImpressora\/11-5TAC_12.2019-LGW-ass.pdf\"><span style=\"font-size: 12pt;\">5\u00b0 Termo Aditivo ao Contrato n\u00b0 12\/2019<\/span><\/a><\/li><li><a href=\"https:\/\/cofecon.org.br\/transparencia\/files\/licitacoes\/contratos\/2019\/12-LGWImpressora\/12-E5TAC_12.2019-LGW.pdf\"><span style=\"font-size: 12pt;\">Extrato do 5\u00b0 Termo Aditivo ao Contrato n\u00b0 12\/2019<\/span><\/a><\/li><\/ol><\/li><\/ol><\/li><\/ol><p><span style=\"text-decoration: underline; font-size: 18pt;\"><strong>Contrato n\u00ba 10\/2019 (Processo n\u00ba 18.992\/2019)<\/strong><\/span><\/p><p><span style=\"font-size: 12pt;\"><strong>Contratada:<\/strong> PRIMA VIDA ODONTOLOGIA DE GRUPO LTDA (08.787.782\/0001-62)<\/span><br \/><span style=\"font-size: 12pt;\"><strong>Objeto:<\/strong> Assist\u00eancia odontol\u00f3gica (presta\u00e7\u00e3o de servi\u00e7o)<\/span><br \/><span style=\"font-size: 12pt;\"><strong>Modalidade:<\/strong> Preg\u00e3o Eletr\u00f4nico n\u00ba 7\/2019<\/span><br \/><span style=\"font-size: 12pt;\"><strong>Valor global anual estimado:<\/strong> R$ 6.000,00<\/span><br \/><span style=\"font-size: 12pt;\"><strong>Vig\u00eancia:<\/strong> 29\/7\/2023 a 28\/7\/2024<\/span><\/p><p><span style=\"text-decoration: underline; font-size: 12pt;\"><strong>Anexo:<\/strong><\/span><\/p><ol><li style=\"list-style-type: none;\"><ol><li style=\"list-style-type: none;\"><ol><li><span style=\"font-size: 12pt;\"><a href=\"https:\/\/cofecon.org.br\/transparencia\/files\/licitacoes\/contratos\/2019\/10-PrimaVida\/01-C%2010.2019-PRIMA%20VIDA.pdf\">Contrato n\u00ba 10\/2019<\/a><\/span><\/li><li><span style=\"font-size: 12pt;\"><a href=\"https:\/\/cofecon.org.br\/transparencia\/files\/licitacoes\/contratos\/2019\/10-PrimaVida\/02-EC-10.2019-PRIMA%20VIDA.pdf\">Extrato do Contrato n\u00ba 10\/2019<\/a><\/span><\/li><li><a href=\"https:\/\/cofecon.org.br\/transparencia\/files\/licitacoes\/contratos\/2019\/10-PrimaVida\/03-1TAC_10.2019_PRIMA-VIDA.pdf\"><span style=\"font-size: 12pt;\">1\u00b0 Termo Aditivo ao Contrato n\u00b0 10\/2019<\/span><\/a><\/li><li><a href=\"https:\/\/cofecon.org.br\/transparencia\/files\/licitacoes\/contratos\/2019\/10-PrimaVida\/04-E1TAC_10.2019_PRIMA-VIDA.pdf\"><span style=\"font-size: 12pt;\">Extrato do 1\u00b0 Termo Aditivo ao Contrato n\u00b0 10\/2019<\/span><\/a><\/li><li><a href=\"https:\/\/cofecon.org.br\/transparencia\/files\/licitacoes\/contratos\/2019\/10-PrimaVida\/05-2TAC_10.2019_PRIMA-VIDA.pdf\"><span style=\"font-size: 12pt;\">2\u00b0\u00a0Termo Aditivo ao Contrato n\u00b0 10\/2019<\/span><\/a><\/li><li><a href=\"https:\/\/cofecon.org.br\/transparencia\/files\/licitacoes\/contratos\/2019\/10-PrimaVida\/06-E2TAC_10.2019_PRIMA-VIDA.pdf\"><span style=\"font-size: 12pt;\">Extrato do 2\u00b0 Termo Aditivo ao Contrato n\u00b0 10\/2019<\/span><\/a><\/li><li><a href=\"https:\/\/cofecon.org.br\/transparencia\/files\/licitacoes\/contratos\/2019\/10-PrimaVida\/09-3TAC_10.2019-PRIMA-VIDA-ass.pdf\"><span style=\"font-size: 12pt;\">3\u00b0 Termo Aditivo ao Contrato n\u00b0 10\/2019<\/span><\/a><\/li><li><a href=\"https:\/\/cofecon.org.br\/transparencia\/files\/licitacoes\/contratos\/2019\/10-PrimaVida\/10-E3TAC_10.2019-PRIMA-VIDA.pdf\"><span style=\"font-size: 12pt;\">Extrato do 3\u00b0 Termo Aditivo ao Contrato n\u00b0 10\/2019<\/span><\/a><\/li><li><span style=\"font-size: 12pt;\">4\u00b0 Termo Aditivo ao Contrato n\u00ba 10\/2019 &#8211; (<a href=\"https:\/\/cofecon.org\/transparencia\/files\/licitacoes\/contratos\/2019\/10-PrimaVida\/05-4TAC_10.2019-PrimaVida.pdf\">PDF<\/a>) \/ (<a href=\"https:\/\/cofecon.org\/transparencia\/files\/licitacoes\/contratos\/2019\/10-PrimaVida\/05-4TAC_10.2019-PrimaVida.docx\">Word<\/a>)<\/span><\/li><li><a href=\"https:\/\/cofecon.org\/transparencia\/files\/licitacoes\/contratos\/2019\/10-PrimaVida\/21-E4TAC_10.2019-PrimaVida.pdf\"><span style=\"font-size: 12pt;\">Extrato do 4\u00b0 Termo Aditivo ao Contrato n\u00ba 10\/2019<\/span><\/a><\/li><\/ol><\/li><\/ol><\/li><\/ol><p><span style=\"text-decoration: underline; font-size: 18pt;\"><strong>Contrato n\u00ba 6\/2019 (Processo n\u00ba 18.972\/2019)<\/strong><\/span><\/p><p><span style=\"font-size: 12pt;\"><strong>Contratada:<\/strong> IMPRENSA NACIONAL (04.196.645\/0001-00)<\/span><br \/><span style=\"font-size: 12pt;\"><strong>Objeto:<\/strong> Publica\u00e7\u00e3o no Di\u00e1rio Oficial da Uni\u00e3o (presta\u00e7\u00e3o de servi\u00e7o).<\/span><br \/><span style=\"font-size: 12pt;\"><strong>Modalidade:<\/strong> Inexigibilidade n\u00ba 1\/2019<\/span><br \/><span style=\"font-size: 12pt;\"><strong>Valor global anual estimado:<\/strong> R$ 80.000,00<\/span><br \/><span style=\"font-size: 12pt;\"><strong>Vig\u00eancia:<\/strong> Indeterminado<\/span><\/p><p><span style=\"text-decoration: underline; font-size: 12pt;\"><strong>Anexo:<\/strong><\/span><\/p><ol><li style=\"list-style-type: none;\"><ol><li style=\"list-style-type: none;\"><ol><li><span style=\"font-size: 12pt;\"><a href=\"https:\/\/cofecon.org.br\/transparencia\/files\/licitacoes\/contratos\/2019\/06-ImprensaNacional\/01-C%206.2019-IMPRENSA%20NACIONAL.pdf\">Contrato n\u00ba 6\/2019<\/a><\/span><\/li><li><span style=\"font-size: 12pt;\"><span style=\"font-size: 12pt;\"><a href=\"https:\/\/cofecon.org.br\/transparencia\/files\/licitacoes\/contratos\/2019\/06-ImprensaNacional\/02-EC%206.2019-IMPRENSA%20NACIONAL.pdf\">Extrato do Contrato n\u00ba 6\/2019<\/a><\/span><\/span><\/li><\/ol><\/li><\/ol><\/li><\/ol><p><span style=\"text-decoration: underline; font-size: 18pt;\"><strong>Contrato n\u00ba 5\/2019 (Processo n\u00ba 18.778\/2018)<\/strong><\/span><\/p><p><span style=\"font-size: 12pt;\"><strong>Contratada:<\/strong> STUDIOS TECNOLOGIA DA INFORMA\u00c7\u00c3O LTDA-ME (08.545.231\/0001-92)<\/span><br \/><span style=\"font-size: 12pt;\"><strong>Objeto:<\/strong> Licen\u00e7a de software cont\u00e1bil (presta\u00e7\u00e3o de servi\u00e7o)<\/span><br \/><span style=\"font-size: 12pt;\"><strong>Modalidade:<\/strong> Preg\u00e3o Eletr\u00f4nico n\u00ba 1\/2019<\/span><br \/><span style=\"font-size: 12pt;\"><strong>Valor global anual estimado:<\/strong> R$ 53.920,00<\/span><br \/><span style=\"font-size: 12pt;\"><strong>Vig\u00eancia:<\/strong> 24\/5\/2023 a 23\/5\/2024<\/span><\/p><p><span style=\"text-decoration: underline; font-size: 12pt;\"><strong>Anexo:<\/strong><\/span><\/p><ol><li style=\"list-style-type: none;\"><ol><li style=\"list-style-type: none;\"><ol><li><span style=\"font-size: 12pt;\"><a href=\"https:\/\/cofecon.org.br\/transparencia\/files\/licitacoes\/contratos\/2019\/05-Studios\/01.ARP%201.2019-STUDIOS.pdf\">Ata de Registro de Pre\u00e7o n\u00ba 1\/2019<\/a><\/span><\/li><li><span style=\"font-size: 12pt;\"><a href=\"https:\/\/cofecon.org.br\/transparencia\/files\/licitacoes\/contratos\/2019\/05-Studios\/02-EARP%201.2019-STUDIOS.pdf\">Extrato da Ata de Registro de Pre\u00e7o n\u00ba 1\/2019<\/a><\/span><\/li><li><span style=\"font-size: 12pt;\"><a href=\"https:\/\/cofecon.org.br\/transparencia\/files\/licitacoes\/contratos\/2019\/05-Studios\/03.C%2052019-STUDIOS.pdf\">Contrato n\u00ba 5\/2019<\/a><\/span><\/li><li><span style=\"font-size: 12pt;\"><a href=\"https:\/\/cofecon.org.br\/transparencia\/files\/licitacoes\/contratos\/2019\/05-Studios\/04-EC%205.2019-STUDIOS.pdf\">Extrato do Contrato n\u00ba 5\/2019<\/a><\/span><\/li><li><a href=\"https:\/\/cofecon.org.br\/transparencia\/files\/licitacoes\/contratos\/2019\/05-Studios\/3TAC-5.2019-STUDIOS_TI.pdf\"><span style=\"font-size: 12pt;\">3\u00b0 Termo Aditivo ao Contrato n\u00b0 5\/2019<\/span><\/a><\/li><li><a href=\"https:\/\/cofecon.org.br\/transparencia\/files\/licitacoes\/contratos\/2019\/05-Studios\/E3TAC-5.2019-STUDIOS_TI.pdf\"><span style=\"font-size: 12pt;\">Extrato ao\u00a03\u00b0 Termo Aditivo ao Contrato n\u00b0 5\/2019<\/span><\/a><\/li><li><a href=\"https:\/\/cofecon.org\/transparencia\/files\/licitacoes\/contratos\/2019\/03-STUDIO\/18-4TAC_STUDIOS TI.pdf\" data-wplink-url-error=\"true\"><span style=\"font-size: 12pt;\">4\u00b0\u00a0<\/span><span style=\"font-size: 12pt;\">Termo Aditivo ao Contrato n\u00b0 5\/2019<\/span><\/a><\/li><li style=\"font-size: 12px;\"><a style=\"font-size: 12px;\" href=\"https:\/\/cofecon.org\/transparencia\/files\/licitacoes\/contratos\/2019\/03-STUDIO\/19_E4TAC_STUDIOS-TI.pdf\"><span style=\"font-size: 12pt;\">4\u00b0 Extrato ao 4\u00ba Termo Aditivo ao Contrato<\/span><span style=\"font-size: 12pt;\">\u00a0n\u00b0 5\/2019<\/span><\/a><\/li><\/ol><\/li><\/ol><\/li><\/ol><p><span style=\"text-decoration: underline;\"><span style=\"font-size: 18pt;\"><strong>Contrato n\u00ba 4\/2019 (Processo n\u00ba 18.816\/2019)<\/strong><\/span><\/span><\/p><p><span style=\"font-size: 12pt;\"><strong>Contratada:<\/strong> DF TURISMO E EVENTOS LTDA (07.832.586\/0001-08)<\/span><br \/><span style=\"font-size: 12pt;\"><strong>Objeto:<\/strong> Pesquisa de pre\u00e7o, reserva, emiss\u00e3o, marca\u00e7\u00e3o, cancelamento, remarca\u00e7\u00e3o, endosso e fornecimento de passagens a\u00e9reas e terrestres, nacionais e internacionais (presta\u00e7\u00e3o de servi\u00e7o)<\/span><br \/><span style=\"font-size: 12pt;\"><strong>Modalidade:<\/strong> Preg\u00e3o Eletr\u00f4nico n\u00ba 2\/2019<\/span><br \/><span style=\"font-size: 12pt;\"><strong>Valor global anual estimado:<\/strong> R$ 500.000,00<\/span><br \/><span style=\"font-size: 12pt;\"><strong>Vig\u00eancia<\/strong>: 11\/3\/2023 a 10\/3\/2024<\/span><\/p><p><span style=\"text-decoration: underline; font-size: 12pt;\"><strong>Anexo:<\/strong><\/span><\/p><ol><li style=\"list-style-type: none;\"><ol><li style=\"list-style-type: none;\"><ol><li><span style=\"font-size: 12pt;\"><a href=\"https:\/\/cofecon.org.br\/transparencia\/files\/licitacoes\/contratos\/2019\/04-DFTurismo\/01-C%204.2019-DF%20TURISMO.pdf\">Contrato n\u00ba 4\/2019<\/a><\/span><\/li><li><span style=\"font-size: 12pt;\"><a href=\"https:\/\/cofecon.org.br\/transparencia\/files\/licitacoes\/contratos\/2019\/04-DFTurismo\/02-EC%204.2019-DF%20TURISMO.pdf\">Extrato do Contrato n\u00ba 4\/2019<\/a><\/span><\/li><li><a href=\"https:\/\/cofecon.org.br\/transparencia\/files\/licitacoes\/contratos\/2019\/04-DFTurismo\/03-1TAC_4.2019_DF-TURISMO.pdf\"><span style=\"font-size: 16px;\">1\u00b0 Termo Aditivo ao Contrato n\u00b0 4\/2019<\/span><\/a><\/li><li><span style=\"font-size: 12pt;\"><a href=\"https:\/\/cofecon.org.br\/transparencia\/files\/licitacoes\/contratos\/2019\/04-DFTurismo\/04-E1TAC_4.2019_DF-TURISMO.pdf\">Extrato do 1\u00b0 Termo Aditivo ao Contrato n\u00ba 4\/2019<\/a><\/span><\/li><li><span style=\"font-size: 12pt;\"><a href=\"https:\/\/cofecon.org.br\/transparencia\/files\/licitacoes\/contratos\/2019\/04-DFTurismo\/05-2TAC_4.2019_DF-TURISMO.pdf\">2\u00b0 Termo Aditivo ao Contrato n\u00b0 4\/2019<\/a><\/span><\/li><li><span style=\"font-size: 12pt;\"><a href=\"https:\/\/cofecon.org.br\/transparencia\/files\/licitacoes\/contratos\/2019\/04-DFTurismo\/06-E2TAC_4.2019_DF-TURISMO.pdf\">Extrato do 2\u00b0 Termo Aditivo ao Contrato n\u00b0 4\/2019<\/a><\/span><\/li><li><span style=\"font-size: 12pt;\"><a href=\"https:\/\/cofecon.org.br\/transparencia\/files\/licitacoes\/contratos\/2019\/04-DFTurismo\/07-3TAC_4.2019_ASS_DF_TURISMO.pdf\">3\u00b0 Termo Aditivo ao Contrato n\u00b0 4\/2019<\/a><\/span><\/li><li><span style=\"font-size: 12pt;\"><a href=\"https:\/\/cofecon.org.br\/transparencia\/files\/licitacoes\/contratos\/2019\/04-DFTurismo\/07-E3TAC_4.2019_DF-TURISMO.pdf\">Extrato do 3\u00b0 Termo Aditivo ao Contrato n\u00b0 4\/2019<\/a><\/span><\/li><li><span style=\"font-size: 12pt;\"><a href=\"https:\/\/cofecon.org\/transparencia\/files\/licitacoes\/contratos\/2019\/04-DFTurismo\/08-4TAC_4.2019_DF_TURISMO.pdf\">4\u00b0 Termo Aditivo ao Contrato n\u00b0 4\/2019<\/a><\/span><\/li><li><span style=\"font-size: 12pt;\"><a href=\"https:\/\/cofecon.org\/transparencia\/files\/licitacoes\/contratos\/2019\/04-DFTurismo\/09-E4TAC_4.2019_DF_TURISMO.pdf\">Extrato do 4\u00b0 Termo Aditivo ao Contrato n\u00b0 4\/2019<\/a>Ex<\/span><\/li><\/ol><\/li><\/ol><\/li><\/ol><\/div>\n\t\t\t\t\t\t\t\t\t<div class=\"elementor-tab-title elementor-tab-mobile-title\" aria-selected=\"false\" data-tab=\"6\" role=\"tab\" tabindex=\"-1\" aria-controls=\"elementor-tab-content-1506\" aria-expanded=\"false\">2018<\/div>\n\t\t\t\t\t<div id=\"elementor-tab-content-1506\" class=\"elementor-tab-content elementor-clearfix\" data-tab=\"6\" role=\"tabpanel\" aria-labelledby=\"elementor-tab-title-1506\" tabindex=\"0\" hidden=\"hidden\"><p><span style=\"text-decoration: underline;\"><span style=\"font-size: 18pt;\"><strong>Contrato n\u00ba 14\/2018 (Processo n\u00ba 18.775\/2018)<\/strong><\/span><\/span><\/p><p><span style=\"font-size: 12pt;\"><strong>Contratada: <\/strong>CENTRO INTEGRADO EMPRESA ESCOLA \u2013 CIEE (61.600.839\/0006-60)<\/span><br \/><span style=\"font-size: 12pt;\"><strong>Objeto:<\/strong> Interface entre estudante e empresa (presta\u00e7\u00e3o de servi\u00e7o)<\/span><br \/><span style=\"font-size: 12pt;\"><strong>Modalidade:<\/strong> Dispensa n\u00ba 26\/2018<\/span><br \/><span style=\"font-size: 12pt;\"><strong>Valor global anual estimado:<\/strong> R$ 34,00 (por estudante)<\/span><br \/><span style=\"font-size: 12pt;\"><strong>Vig\u00eancia:<\/strong> 6\/12\/2019 a 5\/12\/2020<\/span><\/p><p><span style=\"text-decoration: underline; font-size: 12pt;\"><strong>Anexos:<\/strong><\/span><\/p><ol><li style=\"list-style-type: none;\"><ol><li style=\"list-style-type: none;\"><ol><li><span style=\"font-size: 12pt;\"><a href=\"http:\/\/cofecon.org.br\/transparencia\/files\/licitacoes\/contratos\/2018\/14-CIEE\/01-C14.2018-CIEE.pdf\">Contrato n\u00ba 14\/2018<\/a><\/span><\/li><li><span style=\"font-size: 12pt;\"><a href=\"http:\/\/cofecon.org.br\/transparencia\/files\/licitacoes\/contratos\/2018\/14-CIEE\/02-EC14.2018-CIEE.pdf\">Extrato do Contrato n\u00ba 14\/2018<\/a><\/span><\/li><li><span style=\"font-size: 12pt;\"><a href=\"http:\/\/cofecon.org.br\/transparencia\/files\/licitacoes\/contratos\/2018\/14-CIEE\/03-1TAC14.2018-CIEE.pdf\">1\u00ba Termo Aditivo ao Contrato 14\/2018<\/a><\/span><\/li><li><span style=\"font-size: 12pt;\"><a href=\"http:\/\/cofecon.org.br\/transparencia\/files\/licitacoes\/contratos\/2018\/14-CIEE\/04-E1TAC14.2018-CIEE.pdf\">Extrato do 1\u00ba Termo Aditivo ao Contrato 14\/2018<\/a><\/span><\/li><\/ol><\/li><\/ol><\/li><\/ol><p><span style=\"text-decoration: underline; font-size: 18pt;\"><strong>Contrato n\u00ba 12\/2018 (Processo n\u00ba 18.716\/2018)<\/strong><\/span><\/p><p><span style=\"font-size: 12pt;\"><strong>Contratada:<\/strong> SERVI\u00c7O FEDERAL DE PROCESSAMENTO DE DADOS \u2013 SERPRO (33.683.111\/0001-07)<\/span><br \/><span style=\"font-size: 12pt;\"><strong>Objeto:<\/strong> Consulta de CPF\/CNPJ (presta\u00e7\u00e3o de servi\u00e7o)<\/span><br \/><span style=\"font-size: 12pt;\"><strong>Modalidade:<\/strong> Inexigibilidade<\/span><br \/><span style=\"font-size: 12pt;\"><strong>Valor global anual estimado:<\/strong> R$ 8.280,00<\/span><br \/><span style=\"font-size: 12pt;\"><strong>Vig\u00eancia:<\/strong> 60 meses da assinatura \u2013 13\/11\/2018<\/span><\/p><p><span style=\"text-decoration: underline; font-size: 12pt;\"><strong>Anexos:<\/strong><\/span><\/p><ol><li style=\"list-style-type: none;\"><ol><li style=\"list-style-type: none;\"><ol><li><span style=\"font-size: 12pt;\"><a href=\"http:\/\/cofecon.org.br\/transparencia\/files\/licitacoes\/contratos\/2018\/12-Serpro\/01-C12.2018-SERPRO.pdf\">Contrato n\u00ba 12\/2018<\/a><\/span><\/li><li><span style=\"font-size: 12pt;\"><a href=\"http:\/\/cofecon.org.br\/transparencia\/files\/licitacoes\/contratos\/2018\/12-Serpro\/02-EC12.2018-SERPRO.pdf\">Extrato do Contrato n\u00ba 12\/2018<\/a><\/span><\/li><\/ol><\/li><\/ol><\/li><\/ol><\/div>\n\t\t\t\t\t\t\t\t\t<div class=\"elementor-tab-title elementor-tab-mobile-title\" aria-selected=\"false\" data-tab=\"7\" role=\"tab\" tabindex=\"-1\" aria-controls=\"elementor-tab-content-1507\" aria-expanded=\"false\">2017<\/div>\n\t\t\t\t\t<div id=\"elementor-tab-content-1507\" class=\"elementor-tab-content elementor-clearfix\" data-tab=\"7\" role=\"tabpanel\" aria-labelledby=\"elementor-tab-title-1507\" tabindex=\"0\" hidden=\"hidden\"><p><span style=\"text-decoration: underline; font-size: 18pt;\"><strong>Contrato n\u00ba 9\/2017 (Processo n\u00ba 17.725\/2016)<\/strong><\/span><\/p><p><span style=\"font-size: 12pt;\"><strong>Contratada: <\/strong>NETWORLD PROVEDOR E SERVI\u00c7OS DE INTERNET LTDA-EPP (00.545.482\/0001-65)<strong><br \/>Objeto:<\/strong> Internet, telefone e VoIP fixos (presta\u00e7\u00e3o de servi\u00e7o)<\/span><br \/><span style=\"font-size: 12pt;\"><strong>Modalidade:<\/strong> Preg\u00e3o 6\/2016<\/span><br \/><span style=\"font-size: 12pt;\"><strong>Valor global anual estimado:<\/strong> R$ 80.000,00<\/span><br \/><span style=\"font-size: 12pt;\"><strong>Vig\u00eancia:<\/strong> 1\u00ba\/1\/2022 a 31\/12\/2022<\/span><\/p><p><span style=\"text-decoration: underline; font-size: 12pt;\"><strong>Anexo:<\/strong><\/span><\/p><ol><li style=\"list-style-type: none;\"><ol><li style=\"list-style-type: none;\"><ol><li><span style=\"font-size: 12pt;\"><a href=\"http:\/\/cofecon.org.br\/transparencia\/files\/licitacoes\/contratos\/2017\/09.NWI\/01-C9.2017-NWI.pdf\">Contrato n\u00ba 9\/2017<\/a><\/span><\/li><li><span style=\"font-size: 12pt;\"><a href=\"http:\/\/cofecon.org.br\/transparencia\/files\/licitacoes\/contratos\/2017\/09.NWI\/02-EC9.2017-NWI.pdf\">Extrato do Contrato n\u00ba 9\/2017<\/a><\/span><\/li><li><span style=\"font-size: 12pt;\"><a href=\"http:\/\/cofecon.org.br\/transparencia\/files\/licitacoes\/contratos\/2017\/09.NWI\/03-1TAC9.2017-NWI.pdf\">1\u00ba Termo Aditivo ao Contrato n\u00ba 9\/2017<\/a><\/span><\/li><li><span style=\"font-size: 12pt;\"><a href=\"http:\/\/cofecon.org.br\/transparencia\/files\/licitacoes\/contratos\/2017\/09.NWI\/04-E1TAC9.2017-NWI.pdf\">Extrato do 1\u00ba Termo Aditivo ao Contrato n\u00ba 9\/2017<\/a><\/span><\/li><li><span style=\"font-size: 12pt;\"><a href=\"http:\/\/cofecon.org.br\/transparencia\/files\/licitacoes\/contratos\/2017\/09.NWI\/05-2TAC9.2017-NWI.pdf\">2\u00ba Termo Aditivo ao Contrato n\u00ba 9\/2017<\/a><\/span><\/li><li><span style=\"font-size: 12pt;\"><a href=\"http:\/\/cofecon.org.br\/transparencia\/files\/licitacoes\/contratos\/2017\/09.NWI\/06-E2TAC9.2017-NWI.pdf\">Extrato do 2\u00ba Termo Aditivo ao Contrato n\u00ba 9\/2017<\/a><\/span><\/li><li><span style=\"font-size: 12pt;\"><a href=\"http:\/\/cofecon.org.br\/transparencia\/files\/licitacoes\/contratos\/2017\/07-3TAC9.2017-NWI.pdf\">3\u00ba Termo Aditivo ao Contrato n\u00ba 9\/2017<\/a><\/span><\/li><li><span style=\"font-size: 12pt;\"><a href=\"http:\/\/cofecon.org.br\/transparencia\/files\/licitacoes\/contratos\/2017\/09.NWI\/08-E3TAC9.2017-NWI.pdf\">Extrato do 3\u00ba Termo Aditivo ao Contrato n\u00ba 9\/2017<\/a><\/span><\/li><li><span style=\"font-size: 12pt;\"><a href=\"http:\/\/cofecon.org.br\/transparencia\/files\/licitacoes\/contratos\/2017\/09.NWI\/13-4TAC9.2017ASS-NWI.pdf\">4\u00ba Termo Aditivo ao Contrato n\u00ba 9\/2017<\/a><\/span><\/li><li><span style=\"font-size: 12pt;\"><a href=\"http:\/\/cofecon.org.br\/transparencia\/files\/licitacoes\/contratos\/2017\/09.NWI\/14-E4TAC3.2017-NWI.pdf\">Extrato do 4\u00ba Termo Aditivo ao Contrato n\u00ba 9\/2017<\/a><\/span><\/li><li><span style=\"font-size: 12pt;\"><a href=\"https:\/\/cofecon.org\/transparencia\/files\/licitacoes\/contratos\/2017\/09-NWI\/02-4TAC_9.2017-NWI_ass.pdf\">4\u00ba Termo Aditivo ao Contrato n\u00ba 9\/2017 &#8211; Assinado<\/a><\/span><\/li><\/ol><\/li><\/ol><\/li><\/ol><p><span style=\"text-decoration: underline;\"><span style=\"font-size: 18pt;\"><strong>Contrato n\u00ba 6\/2017 (Processo n\u00ba 18.036\/2017)<\/strong><\/span><\/span><\/p><p><span style=\"font-size: 12pt;\"><strong>Contratada: <\/strong>EMPRESA BRASIL DE COMUNICA\u00c7\u00c3O S.A. \u2013 EBC (09.168.704\/0001-42)<strong><br \/>Objeto:<\/strong> Publicidade legal (presta\u00e7\u00e3o de servi\u00e7o)<\/span><br \/><span style=\"font-size: 12pt;\"><strong>Modalidade:<\/strong> Inexigibilidade<\/span><br \/><span style=\"font-size: 12pt;\"><strong>Valor global anual estimado:<\/strong> R$ 10.000,00<\/span><br \/><span style=\"font-size: 12pt;\"><strong>Vig\u00eancia:<\/strong> 6\/8\/2021 a 5\/8\/2022<\/span><\/p><p><span style=\"text-decoration: underline; font-size: 12pt;\"><strong>Anexo:<\/strong><\/span><\/p><ol><li style=\"list-style-type: none;\"><ol><li style=\"list-style-type: none;\"><ol><li><span style=\"font-size: 12pt;\"><a href=\"http:\/\/cofecon.org.br\/transparencia\/files\/licitacoes\/contratos\/2017\/06.EBC\/01-C6.2017-EBC.pdf\">Contrato n\u00ba 6\/2017<\/a><\/span><\/li><li><span style=\"font-size: 12pt;\"><a href=\"http:\/\/cofecon.org.br\/transparencia\/files\/licitacoes\/contratos\/2017\/06.EBC\/02-EC6.2017-EBC.pdf\">Extrato do Contrato n\u00ba 6\/2017<\/a><\/span><\/li><li><span style=\"font-size: 12pt;\"><a href=\"http:\/\/cofecon.org.br\/transparencia\/files\/licitacoes\/contratos\/2017\/06.EBC\/03-1TAC6.2017-EBC.pdf\">1\u00ba Termo Aditivo ao Contrato n\u00ba 6\/2017<\/a><\/span><\/li><li><span style=\"font-size: 12pt;\"><a href=\"http:\/\/cofecon.org.br\/transparencia\/files\/licitacoes\/contratos\/2017\/06.EBC\/04-E1TAC6.2017-EBC.pdf\">Extrato do 1\u00ba Termo Aditivo ao Contrato n\u00ba 6\/2017<\/a><\/span><\/li><li><span style=\"font-size: 12pt;\"><a href=\"http:\/\/cofecon.org.br\/transparencia\/files\/licitacoes\/contratos\/2017\/06.EBC\/05-2TAC6.2017-EBC.pdf\">2\u00ba Termo Aditivo ao Contrato n\u00ba 6\/2017<\/a><\/span><\/li><li><span style=\"font-size: 12pt;\"><a href=\"http:\/\/cofecon.org.br\/transparencia\/files\/licitacoes\/contratos\/2017\/06.EBC\/06-E2TAC6.2017-EBC.pdf\">Extrato do 2\u00ba Termo Aditivo ao Contrato n\u00ba 6\/2017<\/a><\/span><\/li><li><span style=\"font-size: 12pt;\"><a href=\"http:\/\/cofecon.org.br\/transparencia\/files\/licitacoes\/contratos\/2017\/06.EBC\/07-3TAC6.2017-EBC-PEGAR-NOVO.pdf\">3\u00ba Termo Aditivo ao Contrato n\u00ba 6\/2017<\/a><\/span><\/li><li><span style=\"font-size: 12pt;\"><a href=\"http:\/\/cofecon.org.br\/transparencia\/files\/licitacoes\/contratos\/2017\/06.EBC\/08-E3TAC6.2017-EBC.pdf\">Extrato do 3\u00ba Termo Aditivo ao Contrato n\u00ba 6\/2017<\/a><\/span><\/li><li><span style=\"font-size: 12pt;\"><a href=\"http:\/\/cofecon.org.br\/transparencia\/files\/licitacoes\/contratos\/2017\/06.EBC\/09-4TAC6.2017-EBC.pdf\">4\u00ba Termo Aditivo ao Contrato n\u00ba 6\/2017<\/a><\/span><\/li><li><span style=\"font-size: 12pt;\"><a href=\"http:\/\/cofecon.org.br\/transparencia\/files\/licitacoes\/contratos\/2017\/06.EBC\/10-E4TAC6.2017-EBC.pdf\">Extrato do 4\u00ba Termo Aditivo ao Contrato n\u00ba 6\/2017<\/a><\/span><\/li><\/ol><\/li><\/ol><\/li><\/ol><p><span style=\"text-decoration: underline;\"><span style=\"font-size: 18pt;\"><strong>Contrato n\u00ba 5\/2017 (Processo n\u00ba 17.986\/2017)<\/strong><\/span><\/span><\/p><p><span style=\"font-size: 12pt;\"><strong>Contratada: <\/strong>VALID SOLU\u00c7\u00d5ES S.A. (33.113.309\/0001-47)<strong><br \/>Objeto:<\/strong> Confec\u00e7\u00e3o de carteira profissional (presta\u00e7\u00e3o de servi\u00e7o)<\/span><br \/><span style=\"font-size: 12pt;\"><strong>Modalidade<\/strong>: Preg\u00e3o n\u00ba 2\/2017<\/span><br \/><span style=\"font-size: 12pt;\"><strong>Valor global anual estimado:<\/strong> R$ 48,08 (unidade)<\/span><br \/><span style=\"font-size: 12pt;\"><strong>Vig\u00eancia:<\/strong> 30\/7\/2021 a 29\/7\/2022<\/span><\/p><p><span style=\"text-decoration: underline; font-size: 12pt;\"><strong>Anexo:<\/strong><\/span><\/p><ol><li style=\"list-style-type: none;\"><ol><li style=\"list-style-type: none;\"><ol><li><span style=\"font-size: 12pt;\"><a href=\"http:\/\/cofecon.org.br\/transparencia\/files\/licitacoes\/contratos\/2017\/05.Valid\/01-C5.2017-VALID.pdf\">Contrato n\u00ba 5\/2017<\/a><\/span><\/li><li><span style=\"font-size: 12pt;\"><a href=\"http:\/\/cofecon.org.br\/transparencia\/files\/licitacoes\/contratos\/2017\/05.Valid\/02-EC5.2017-VALID.pdf\">Extrato do Contrato n\u00ba 5\/2017<\/a><\/span><\/li><li><span style=\"font-size: 12pt;\"><a href=\"http:\/\/cofecon.org.br\/transparencia\/files\/licitacoes\/contratos\/2017\/05.Valid\/03-1TAC5.2017-VALID.pdf\">1\u00ba Termo Aditivo ao Contrato n\u00ba 5\/2017<\/a><\/span><\/li><li><span style=\"font-size: 12pt;\"><a href=\"http:\/\/cofecon.org.br\/transparencia\/files\/licitacoes\/contratos\/2017\/05.Valid\/04-E1TAC5.2017-VALID.pdf\">Extrato do 1\u00ba Termo Aditivo ao Contrato n\u00ba 5\/2017<\/a><\/span><\/li><li><span style=\"font-size: 12pt;\"><a href=\"http:\/\/cofecon.org.br\/transparencia\/files\/licitacoes\/contratos\/2017\/05.Valid\/05-2TAC5.2017-VALID.pdf\">2\u00ba Termo Aditivo ao Contrato n\u00ba 5\/2017<\/a><\/span><\/li><li><span style=\"font-size: 12pt;\"><a href=\"http:\/\/cofecon.org.br\/transparencia\/files\/licitacoes\/contratos\/2017\/05.Valid\/06-E2TAC5.2017-VALID.pdf\">Extrato do 2\u00ba Termo Aditivo ao Contrato n\u00ba 5\/2017<\/a><\/span><\/li><li><span style=\"font-size: 12pt;\"><a href=\"http:\/\/cofecon.org.br\/transparencia\/files\/licitacoes\/contratos\/2017\/05.Valid\/07-3TAC5.2017-VALID.pdf\">3\u00ba Termo Aditivo ao Contrato n\u00ba 5\/2017<\/a><\/span><\/li><li><span style=\"font-size: 12pt;\"><a href=\"http:\/\/cofecon.org.br\/transparencia\/files\/licitacoes\/contratos\/2017\/05.Valid\/08-E3TAC5.2017-VALID.pdf\">Extrato do 3\u00ba Termo Aditivo ao Contrato n\u00ba 5\/2017<\/a><\/span><\/li><li><span style=\"font-size: 12pt;\"><a href=\"http:\/\/cofecon.org.br\/transparencia\/files\/licitacoes\/contratos\/2017\/05.Valid\/09-4TAC5.2017-VALID.pdf\">4\u00ba Termo Aditivo ao Contrato n\u00ba 5\/2017<\/a><\/span><\/li><li><span style=\"font-size: 12pt;\"><a href=\"http:\/\/cofecon.org.br\/transparencia\/files\/licitacoes\/contratos\/2017\/05.Valid\/10-E4TAC5.2017-VALID.pdf\">Extrato do 4\u00ba Termo Aditivo ao Contrato n\u00ba 5\/2017<\/a><\/span><\/li><li><span style=\"font-size: 12pt;\"><a href=\"http:\/\/cofecon.org.br\/transparencia\/files\/licitacoes\/contratos\/2017\/05.Valid\/15-5TAC-5.2017-VALID.pdf\">5\u00ba Termo Aditivo ao Contrato n\u00ba 5\/2017<\/a><\/span><\/li><li><span style=\"font-size: 12pt;\"><a href=\"http:\/\/cofecon.org.br\/transparencia\/files\/licitacoes\/contratos\/2017\/05.Valid\/15-E5TAC-5.2017-VALID.pdf\">Extrato do 4\u00ba Termo Aditivo ao Contrato n\u00ba 5\/2017<\/a><\/span><\/li><\/ol><\/li><\/ol><\/li><\/ol><\/div>\n\t\t\t\t\t\t\t\t\t<div class=\"elementor-tab-title elementor-tab-mobile-title\" aria-selected=\"false\" data-tab=\"8\" role=\"tab\" tabindex=\"-1\" aria-controls=\"elementor-tab-content-1508\" aria-expanded=\"false\">2016<\/div>\n\t\t\t\t\t<div id=\"elementor-tab-content-1508\" class=\"elementor-tab-content elementor-clearfix\" data-tab=\"8\" role=\"tabpanel\" aria-labelledby=\"elementor-tab-title-1508\" tabindex=\"0\" hidden=\"hidden\"><p><span style=\"text-decoration: underline; font-size: 18pt;\"><strong>Contrato n\u00ba 14\/2016 (Processo n\u00ba 17.371\/2016)<\/strong><\/span><\/p><p><span style=\"font-size: 12pt;\"><strong>Contratada: <\/strong>COEMI NEG\u00d3CIOS IMOBILI\u00c1RIOS EIRELI (01.031.509\/0001-64)<strong><br \/>Objeto:<\/strong> Telefonia m\u00f3vel (presta\u00e7\u00e3o de servi\u00e7o)<\/span><br \/><span style=\"font-size: 12pt;\"><strong>Modalidade:<\/strong> chamamento p\u00fablico<\/span><br \/><span style=\"font-size: 12pt;\"><strong>Valor global anual estimado:<\/strong> 10% do valor do aluguel<\/span><br \/><span style=\"font-size: 12pt;\"><strong>Vig\u00eancia:<\/strong> 18\/8\/2018 a 17\/8\/2019<\/span><\/p><p><span style=\"text-decoration: underline; font-size: 12pt;\"><strong>Anexo:<\/strong><\/span><\/p><ol><li style=\"list-style-type: none;\"><ol><li style=\"list-style-type: none;\"><ol><li><span style=\"font-size: 12pt;\"><a href=\"http:\/\/cofecon.org.br\/transparencia\/files\/licitacoes\/contratos\/2016\/14-Coemi\/01-C14.2016-COEMI.pdf\">Contrato n\u00ba 14\/2016<\/a><\/span><\/li><li><span style=\"font-size: 12pt;\"><a href=\"http:\/\/cofecon.org.br\/transparencia\/files\/licitacoes\/contratos\/2016\/14-Coemi\/02-EC14.2016-COEMI.pdf\">Extrato do Contrato n\u00ba 14\/2016<\/a><\/span><\/li><li><span style=\"font-size: 12pt;\"><a href=\"http:\/\/cofecon.org.br\/transparencia\/files\/licitacoes\/contratos\/2016\/14-Coemi\/03-1TAC14.2016-COEMI.pdf\">1\u00ba Termo Aditivo ao Contrato n\u00ba 14\/2016<\/a><\/span><\/li><li><span style=\"font-size: 12pt;\"><a href=\"http:\/\/cofecon.org.br\/transparencia\/files\/licitacoes\/contratos\/2016\/14-Coemi\/04-E1TAC14.2016-COEMI.pdf\">Extrato do 1\u00ba Termo de Aditivo ao Contrato n\u00ba 14\/2016<\/a><\/span><\/li><li><span style=\"font-size: 12pt;\"><a href=\"http:\/\/cofecon.org.br\/transparencia\/files\/licitacoes\/contratos\/2016\/14-Coemi\/05-2TA14.2016-COEMI.pdf\">2\u00ba Termo Aditivo ao Contrato n\u00ba 14\/2016<\/a><\/span><\/li><li><span style=\"font-size: 12pt;\"><a href=\"http:\/\/cofecon.org.br\/transparencia\/files\/licitacoes\/contratos\/2016\/14-Coemi\/06-E2TA14.2016-COEMI.pdf\">Extrato do 2\u00ba Termo Aditivo ao Contrato n\u00ba 14\/2016<\/a><\/span><\/li><\/ol><\/li><\/ol><\/li><\/ol><p><span style=\"text-decoration: underline;\"><span style=\"font-size: 18pt;\"><strong>Contrato n\u00ba 8999.9515.9282\/2016 (Processo n\u00ba 17.431\/2016)<\/strong><\/span><\/span><\/p><p><span style=\"font-size: 12pt;\"><strong>Contratada: <\/strong>GVT (VIVO S.A) (02.449.992\/0155-10)<strong><br \/>Objeto:<\/strong> Internet ADSL (presta\u00e7\u00e3o de servi\u00e7o)<\/span><br \/><span style=\"font-size: 12pt;\"><strong>Modalidade:<\/strong> Dispensa n\u00ba 36\/2016<\/span><br \/><span style=\"font-size: 12pt;\"><strong>Valor global anual estimado:<\/strong> R$ 2.037,60<\/span><br \/><span style=\"font-size: 12pt;\"><strong>Vig\u00eancia:<\/strong> 27\/2\/2019 a 26\/2\/2020<\/span><\/p><p><span style=\"text-decoration: underline; font-size: 12pt;\"><strong>Anexos:<\/strong><\/span><\/p><ol><li style=\"list-style-type: none;\"><ol><li style=\"list-style-type: none;\"><ol><li><span style=\"font-size: 12pt;\"><a href=\"http:\/\/cofecon.org.br\/transparencia\/files\/licitacoes\/contratos\/2016\/16-GVT\/01-ContratoGVT.pdf\">Contrato n\u00ba 8999.9515.9282\/2016<\/a><\/span><\/li><li><span style=\"font-size: 12pt;\"><a href=\"http:\/\/cofecon.org.br\/transparencia\/files\/licitacoes\/contratos\/2016\/16-GVT\/02-ExtratoContrato-GVT.pdf\">Extrato do Contrato n\u00ba 8999.9515.9282\/2016<\/a><\/span><\/li><\/ol><\/li><\/ol><\/li><\/ol><\/div>\n\t\t\t\t\t\t\t<\/div>\n\t\t<\/div>\n\t\t\t\t\t\t<\/div>\n\t\t\t\t<\/div>\n\t\t\t\t\t<\/div>\n\t\t<\/div>\n\t\t\t\t\t<\/div>\n\t\t<\/section>\n\t\t\t\t<\/div>\n\t\t","protected":false},"excerpt":{"rendered":"<p>Contratos 2023 2022 2021 2020 2019 2018 2017 2016 2023 Contrato n\u00ba 1\/2023 (Processo n\u00ba 20.174\/2023) Contratada: Gr\u00e1fica e Editoria Formul\u00e1rios Cont\u00ednuos e Etiquetas F&amp;F Ltda-ME (11.114.463\/0001-09)Objeto: Presta\u00e7\u00e3o de servi\u00e7os gr\u00e1ficos.Modalidade: Preg\u00e3o 6\/2022Valor global anual estimado: R$ 108.070,00Vig\u00eancia: 17\/2\/2023 a 16\/2\/2024 Anexo: Ata de Registro de Pre\u00e7os n\u00b0 1\/2023 &#8211; (PDF) \/ (Word) Extrato da &hellip; <a href=\"https:\/\/cofecon.org.br\/transparencia\/?page_id=2288\" class=\"more-link\">Continue reading <span class=\"screen-reader-text\">Contratos<\/span><\/a><\/p>\n","protected":false},"author":11,"featured_media":0,"parent":59,"menu_order":0,"comment_status":"closed","ping_status":"closed","template":"elementor_header_footer","meta":{"footnotes":""},"class_list":["post-2288","page","type-page","status-publish","hentry"],"_links":{"self":[{"href":"https:\/\/cofecon.org.br\/transparencia\/index.php?rest_route=\/wp\/v2\/pages\/2288"}],"collection":[{"href":"https:\/\/cofecon.org.br\/transparencia\/index.php?rest_route=\/wp\/v2\/pages"}],"about":[{"href":"https:\/\/cofecon.org.br\/transparencia\/index.php?rest_route=\/wp\/v2\/types\/page"}],"author":[{"embeddable":true,"href":"https:\/\/cofecon.org.br\/transparencia\/index.php?rest_route=\/wp\/v2\/users\/11"}],"replies":[{"embeddable":true,"href":"https:\/\/cofecon.org.br\/transparencia\/index.php?rest_route=%2Fwp%2Fv2%2Fcomments&post=2288"}],"version-history":[{"count":857,"href":"https:\/\/cofecon.org.br\/transparencia\/index.php?rest_route=\/wp\/v2\/pages\/2288\/revisions"}],"predecessor-version":[{"id":10179,"href":"https:\/\/cofecon.org.br\/transparencia\/index.php?rest_route=\/wp\/v2\/pages\/2288\/revisions\/10179"}],"up":[{"embeddable":true,"href":"https:\/\/cofecon.org.br\/transparencia\/index.php?rest_route=\/wp\/v2\/pages\/59"}],"wp:attachment":[{"href":"https:\/\/cofecon.org.br\/transparencia\/index.php?rest_route=%2Fwp%2Fv2%2Fmedia&parent=2288"}],"curies":[{"name":"wp","href":"https:\/\/api.w.org\/{rel}","templated":true}]}}