{"id":225,"date":"2017-04-03T17:48:25","date_gmt":"2017-04-03T17:48:25","guid":{"rendered":"http:\/\/cofecon.org.br\/transparencia\/?page_id=225"},"modified":"2026-04-14T19:29:00","modified_gmt":"2026-04-14T19:29:00","slug":"portarias-2009","status":"publish","type":"page","link":"https:\/\/cofecon.org.br\/transparencia\/?page_id=225","title":{"rendered":"Portarias-2009"},"content":{"rendered":"<div align=\"center\">\n<table border=\"0\" align=\"center\">\n<tbody>\n<tr>\n<th scope=\"row\" align=\"middle\" valign=\"center\" width=\"134\">\n<p dir=\"ltr\" align=\"left\"><strong><span style=\"text-decoration: underline;\"><span style=\"font-size: 10pt;\">Portarias N\u00ba:<\/span><\/span><\/strong><\/p>\n<\/th>\n<th scope=\"row\" align=\"middle\" valign=\"center\" width=\"499\">\n<p align=\"center\"><strong><span style=\"text-decoration: underline;\"><span style=\"font-size: 10pt;\">Assunto:<\/span><\/span><\/strong><\/p>\n<\/th>\n<\/tr>\n<tr>\n<td>\n<p align=\"center\">01<\/p>\n<\/td>\n<td><a href=\"https:\/\/cofecon.org.br\/transparencia\/files\/atos_normativos\/Port\/2009\/Port-2009.pdf\" target=\"_blank\" rel=\"noopener\">Designa Conselheiro Federal Eduardo Lima Bentes para dar<br \/>\nposse os conselheiros do CORECON-AL<\/a><\/td>\n<\/tr>\n<tr>\n<td>\n<p align=\"center\">02<\/p>\n<\/td>\n<td><a href=\"https:\/\/cofecon.org.br\/transparencia\/files\/atos_normativos\/Port\/2009\/Port-2009%20(1).pdf\" target=\"_blank\" rel=\"noopener\">Autoriza responder pela tesouraria<\/a><\/td>\n<\/tr>\n<tr>\n<td>\n<p align=\"center\">03<\/p>\n<\/td>\n<td><a href=\"https:\/\/cofecon.org.br\/transparencia\/files\/atos_normativos\/Port\/2009\/Port-2009%20(2).pdf\" target=\"_blank\" rel=\"noopener\">Designa Jane Lopes da Silva para movimentar suprimento de caixa<\/a><\/td>\n<\/tr>\n<tr>\n<td>\n<p align=\"center\">04<\/p>\n<\/td>\n<td><a href=\"https:\/\/cofecon.org.br\/transparencia\/files\/atos_normativos\/Port\/2009\/Port-2009%20(3).pdf\" target=\"_blank\" rel=\"noopener\">Nomeia Ant\u00f4nio C\u00e9sar Cavacanti J\u00fanior, Assessor Especial<\/a><\/td>\n<\/tr>\n<tr>\n<td>\n<p align=\"center\">05<\/p>\n<\/td>\n<td><a href=\"https:\/\/cofecon.org.br\/transparencia\/files\/atos_normativos\/Port\/2009\/Port-2009%20(4).pdf\" target=\"_blank\" rel=\"noopener\">Nomeia Colaborador para acompanhar e fiscalizar contratos &#8211;<br \/>\nAdriano Barbosa &#8211; Networld Internet<\/a><\/td>\n<\/tr>\n<tr>\n<td>\n<p align=\"center\">06<\/p>\n<\/td>\n<td><a href=\"https:\/\/cofecon.org.br\/transparencia\/files\/atos_normativos\/Port\/2009\/Port-2009%20(5).pdf\" target=\"_blank\" rel=\"noopener\">Exonera Assessor Especial do COFECON<\/a><\/td>\n<\/tr>\n<tr>\n<td>\n<p align=\"center\">07<\/p>\n<\/td>\n<td><a href=\"https:\/\/cofecon.org.br\/transparencia\/files\/atos_normativos\/Port\/2009\/Port-2009%20(6).pdf\" target=\"_blank\" rel=\"noopener\">Exonera o Gerente de Apoio do COFECON<\/a><\/td>\n<\/tr>\n<tr>\n<td>\n<p align=\"center\">08<\/p>\n<\/td>\n<td><a href=\"https:\/\/cofecon.org.br\/transparencia\/files\/atos_normativos\/Port\/2009\/Port-2009%20(7).pdf\" target=\"_blank\" rel=\"noopener\">Nomeia Pregoeiros(as) Oficiais do COFECON e Equipe de apoio<\/a><\/td>\n<\/tr>\n<tr>\n<td>\n<p align=\"center\">09<\/p>\n<\/td>\n<td><a href=\"https:\/\/cofecon.org.br\/transparencia\/files\/atos_normativos\/Port\/2009\/Port-2009%20(8).pdf\" target=\"_blank\" rel=\"noopener\">Custeia Passagens e Di\u00e1rias para o Econ. Geraldo Lopes de Oliveira<\/a><\/td>\n<\/tr>\n<tr>\n<td>\n<p align=\"center\">10<\/p>\n<\/td>\n<td><a href=\"https:\/\/cofecon.org.br\/transparencia\/files\/atos_normativos\/Port\/2009\/Port-2009%20(9).pdf\" target=\"_blank\" rel=\"noopener\">Nomeia Procuradora Chefe<\/a><\/td>\n<\/tr>\n<tr>\n<td>\n<p align=\"center\">11<\/p>\n<\/td>\n<td><a href=\"https:\/\/cofecon.org.br\/transparencia\/files\/atos_normativos\/Port\/2009\/Port-2009%20(10).pdf\" target=\"_blank\" rel=\"noopener\">Designa Coordenador de Gest\u00e3o<\/a><\/td>\n<\/tr>\n<tr>\n<td>\n<p align=\"center\">12<\/p>\n<\/td>\n<td><a href=\"https:\/\/cofecon.org.br\/transparencia\/files\/atos_normativos\/Port\/2009\/Port-2009%20(11).pdf\" target=\"_blank\" rel=\"noopener\">Designa Coordenador de Apoio ao Sistema<\/a><\/td>\n<\/tr>\n<tr>\n<td>\n<p align=\"center\">13<\/p>\n<\/td>\n<td><a href=\"https:\/\/cofecon.org.br\/transparencia\/files\/atos_normativos\/Port\/2009\/Port-2009%20(12).pdf\" target=\"_blank\" rel=\"noopener\">Nomeia Assessor Especial Sergio Storti<\/a><\/td>\n<\/tr>\n<tr>\n<td>\n<p align=\"center\">14<\/p>\n<\/td>\n<td><a href=\"https:\/\/cofecon.org.br\/transparencia\/files\/atos_normativos\/Port\/2009\/Port-2009%20(13).pdf\" target=\"_blank\" rel=\"noopener\">Nomeia Assessor Especial Renato Alves<\/a><\/td>\n<\/tr>\n<tr>\n<td>\n<p align=\"center\">15<\/p>\n<\/td>\n<td><a href=\"https:\/\/cofecon.org.br\/transparencia\/files\/atos_normativos\/Port\/2009\/Port-2009%20(14).pdf\" target=\"_blank\" rel=\"noopener\">Nomeia Assessor Especial Fernando Athaide<\/a><\/td>\n<\/tr>\n<tr>\n<td>\n<p align=\"center\">16<\/p>\n<\/td>\n<td><a href=\"https:\/\/cofecon.org.br\/transparencia\/files\/atos_normativos\/Port\/2009\/Port-2009%20(15).pdf\" target=\"_blank\" rel=\"noopener\">Nomeia Procurador Lucas Moreno Betani<\/a><\/td>\n<\/tr>\n<tr>\n<td>\n<p align=\"center\">17<\/p>\n<\/td>\n<td><a href=\"https:\/\/cofecon.org.br\/transparencia\/files\/atos_normativos\/Port\/2009\/Port-2009%20(16).pdf\" target=\"_blank\" rel=\"noopener\">Cria e designa a Comiss\u00c6o de CTC<\/a><\/td>\n<\/tr>\n<tr>\n<td>\n<p align=\"center\">18<\/p>\n<\/td>\n<td><a href=\"https:\/\/cofecon.org.br\/transparencia\/files\/atos_normativos\/Port\/2009\/Port-2009%20(17).pdf\" target=\"_blank\" rel=\"noopener\">Cria e designa a Comiss\u00e3o de Licita\u00e7\u00e3o do COFECON<\/a><\/td>\n<\/tr>\n<tr>\n<td>\n<p align=\"center\">19<\/p>\n<\/td>\n<td><a href=\"https:\/\/cofecon.org.br\/transparencia\/files\/atos_normativos\/Port\/2009\/Port-2009%20(18).pdf\" target=\"_blank\" rel=\"noopener\">Cria e designa a Comiss\u00e3o de Gest\u00e3o e Planejamento Estrat\u00e9gico<\/a><\/td>\n<\/tr>\n<tr>\n<td>\n<p align=\"center\">20<\/p>\n<\/td>\n<td><a href=\"https:\/\/cofecon.org.br\/transparencia\/files\/atos_normativos\/Port\/2009\/Port-2009%20(19).pdf\" target=\"_blank\" rel=\"noopener\">Aus\u00eancia Presidente<\/a><\/td>\n<\/tr>\n<tr>\n<td>\n<p align=\"center\">21<\/p>\n<\/td>\n<td><a href=\"https:\/\/cofecon.org.br\/transparencia\/files\/atos_normativos\/Port\/2009\/Port-2009%20(20).pdf\" target=\"_blank\" rel=\"noopener\">Custeia passagens e di\u00e1rias -Econ. Valdemir Pires<\/a><\/td>\n<\/tr>\n<tr>\n<td>\n<p align=\"center\">22<\/p>\n<\/td>\n<td><a href=\"https:\/\/cofecon.org.br\/transparencia\/files\/atos_normativos\/Port\/2009\/Port-2009%20(21).pdf\" target=\"_blank\" rel=\"noopener\">Reintegra Val\u00e9ria Moraes de Souza<\/a><\/td>\n<\/tr>\n<tr>\n<td>\n<p align=\"center\">23<\/p>\n<\/td>\n<td><a href=\"https:\/\/cofecon.org.br\/transparencia\/files\/atos_normativos\/Port\/2009\/Port-2009%20(22).pdf\" target=\"_blank\" rel=\"noopener\">Exonera ProcuradorUlisses Villela de Souza<\/a><\/td>\n<\/tr>\n<tr>\n<td>\n<p align=\"center\">24<\/p>\n<\/td>\n<td><a href=\"https:\/\/cofecon.org.br\/transparencia\/files\/atos_normativos\/Port\/2009\/Port-2009%20(23).pdf\" target=\"_blank\" rel=\"noopener\">Custeia passagensEcon. Pedro Afonso Gomes<\/a><\/td>\n<\/tr>\n<tr>\n<td>\n<p align=\"center\">25<\/p>\n<\/td>\n<td><a href=\"https:\/\/cofecon.org.br\/transparencia\/files\/atos_normativos\/Port\/2009\/Port-2009%20(24).pdf\" target=\"_blank\" rel=\"noopener\">Designa Coordenador de Gest\u00e3o a praticas de RH<\/a><\/td>\n<\/tr>\n<tr>\n<td>\n<p align=\"center\">26<\/p>\n<\/td>\n<td><a href=\"https:\/\/cofecon.org.br\/transparencia\/files\/atos_normativos\/Port\/2009\/Port-2009%20(25).pdf\" target=\"_blank\" rel=\"noopener\">Nomeia Patr\u00edcia Castro<\/a><\/td>\n<\/tr>\n<tr>\n<td>\n<p align=\"center\">27<\/p>\n<\/td>\n<td><a href=\"https:\/\/cofecon.org.br\/transparencia\/files\/atos_normativos\/Port\/2009\/Port-2009%20(26).pdf\" target=\"_blank\" rel=\"noopener\">Nomeia F\u00e1bio Henrique<\/a><\/td>\n<\/tr>\n<tr>\n<td>\n<p align=\"center\">28<\/p>\n<\/td>\n<td><a href=\"https:\/\/cofecon.org.br\/transparencia\/files\/atos_normativos\/Port\/2009\/Port-2009%20(27).pdf\" target=\"_blank\" rel=\"noopener\">Custeia passagensEcon. Alessandro Callil<\/a><\/td>\n<\/tr>\n<tr>\n<td>\n<p align=\"center\">29<\/p>\n<\/td>\n<td><a href=\"https:\/\/cofecon.org.br\/transparencia\/files\/atos_normativos\/Port\/2009\/Port-2009%20(28).pdf\" target=\"_blank\" rel=\"noopener\">Custeia passagens e di\u00e1rias Dr. Roberto Macedo<\/a><\/td>\n<\/tr>\n<tr>\n<td>\n<p align=\"center\">30<\/p>\n<\/td>\n<td><a href=\"https:\/\/cofecon.org.br\/transparencia\/files\/atos_normativos\/Port\/2009\/Port-2009%20(29).pdf\" target=\"_blank\" rel=\"noopener\">Custeia passagens e di\u00e1rias Econ. Geraldo Lopes de Oliveira<\/a><\/td>\n<\/tr>\n<tr>\n<td>\n<p align=\"center\">31<\/p>\n<\/td>\n<td><a href=\"https:\/\/cofecon.org.br\/transparencia\/files\/atos_normativos\/Port\/2009\/Port-2009%20(30).pdf\" target=\"_blank\" rel=\"noopener\">Nomeia Colaborador para acompanhar e fiscalizar contratos<\/a><\/td>\n<\/tr>\n<tr>\n<td>\n<p align=\"center\">32<\/p>\n<\/td>\n<td><a href=\"https:\/\/cofecon.org.br\/transparencia\/files\/atos_normativos\/Port\/2009\/Port-2009%20(31).pdf\" target=\"_blank\" rel=\"noopener\">Nomeia Colaborador para acompanhar e fiscalizar contratos<\/a><\/td>\n<\/tr>\n<tr>\n<td>\n<p align=\"center\">33<\/p>\n<\/td>\n<td><a href=\"https:\/\/cofecon.org.br\/transparencia\/files\/atos_normativos\/Port\/2009\/Port-2009%20(32).pdf\" target=\"_blank\" rel=\"noopener\">Nomeia Colaborador para acompanhar e fiscalizar contratos<\/a><\/td>\n<\/tr>\n<tr>\n<td>\n<p align=\"center\">34<\/p>\n<\/td>\n<td><a href=\"https:\/\/cofecon.org.br\/transparencia\/files\/atos_normativos\/Port\/2009\/Port-2009%20(33).pdf\" target=\"_blank\" rel=\"noopener\">Exonera Assistente em TI Adriano Gon\u00e7alves Barbosa<\/a><\/td>\n<\/tr>\n<tr>\n<td>\n<p align=\"center\">35<\/p>\n<\/td>\n<td><a href=\"https:\/\/cofecon.org.br\/transparencia\/files\/atos_normativos\/Port\/2009\/Port-2009%20(34).pdf\" target=\"_blank\" rel=\"noopener\">Enquadramento funcion\u00e1rio no novo PCS do COFECON<\/a><\/td>\n<\/tr>\n<tr>\n<td>\n<p align=\"center\">36<\/p>\n<\/td>\n<td><a href=\"https:\/\/cofecon.org.br\/transparencia\/files\/atos_normativos\/Port\/2009\/Port-2009%20(35).pdf\" target=\"_blank\" rel=\"noopener\">Nomeia colaboradores para acompanhar e<br \/>\nfiscalizar contratos.<\/a><\/td>\n<\/tr>\n<tr>\n<td>\n<p align=\"center\">37<\/p>\n<\/td>\n<td><a href=\"https:\/\/cofecon.org.br\/transparencia\/files\/atos_normativos\/Port\/2009\/Port-2009%20(36).pdf\" target=\"_blank\" rel=\"noopener\">Inclus\u00e3o e exclus\u00e3o de servidores da Comiss\u00e3o de Licita\u00e7\u00e3o do COFECON<\/a><\/td>\n<\/tr>\n<tr>\n<td>\n<p align=\"center\">38<\/p>\n<\/td>\n<td><a href=\"https:\/\/cofecon.org.br\/transparencia\/files\/atos_normativos\/Port\/2009\/Port-2009%20(37).pdf\" target=\"_blank\" rel=\"noopener\">Aus\u00eancia Presidente<\/a><\/td>\n<\/tr>\n<tr>\n<td>\n<p align=\"center\">39<\/p>\n<\/td>\n<td><a href=\"https:\/\/cofecon.org.br\/transparencia\/files\/atos_normativos\/Port\/2009\/Port-2009%20(38).pdf\" target=\"_blank\" rel=\"noopener\">Torna p\u00fablico a implanta\u00e7\u00e3o do PCS e demais normativos de pessoal do COFECON<\/a><\/td>\n<\/tr>\n<tr>\n<td>\n<p align=\"center\">40<\/p>\n<\/td>\n<td><a href=\"https:\/\/cofecon.org.br\/transparencia\/files\/atos_normativos\/Port\/2009\/Port-2009%20(39).pdf\" target=\"_blank\" rel=\"noopener\">Exonera Auxiliar Administrativo &#8211; Recepcionista &#8211; Ruy Rezende<\/a><\/td>\n<\/tr>\n<tr>\n<td>\n<p align=\"center\">41<\/p>\n<\/td>\n<td><a href=\"https:\/\/cofecon.org.br\/transparencia\/files\/atos_normativos\/Port\/2009\/Port-2009%20(40).pdf\" target=\"_blank\" rel=\"noopener\">Exonera PAE &#8211; Analista de Sistemas &#8211; Fabio Henrique<\/a><\/td>\n<\/tr>\n<tr>\n<td>\n<p align=\"center\">42<\/p>\n<\/td>\n<td><a href=\"https:\/\/cofecon.org.br\/transparencia\/files\/atos_normativos\/Port\/2009\/Port-2009%20(41).pdf\" target=\"_blank\" rel=\"noopener\">Nomeia Antonio Cesar Cavalcanti Junior pregoeiro do COFECON<\/a><\/td>\n<\/tr>\n<tr>\n<td>\n<p align=\"center\">43<\/p>\n<\/td>\n<td><a href=\"http:\/\/cofecon.org.br\/transparencia\/wp-content\/uploads\/2026\/03\/2009_43-Nomeia-Morgana-Cardoso.pdf\" target=\"_blank\" rel=\"noopener\">Nomeia Morgana Cardoso<\/a><\/td>\n<\/tr>\n<tr>\n<td>\n<p align=\"center\">44<\/p>\n<\/td>\n<td><a href=\"https:\/\/cofecon.org.br\/transparencia\/files\/atos_normativos\/Port\/2009\/Port-2009%20(43).pdf\" target=\"_blank\" rel=\"noopener\">Exonera PST &#8211; Assistente Administrativo &#8211; Patr\u00edcia de Castro<\/a><\/td>\n<\/tr>\n<tr>\n<td>\n<p align=\"center\">45<\/p>\n<\/td>\n<td><a href=\"https:\/\/cofecon.org.br\/transparencia\/files\/atos_normativos\/Port\/2009\/Port-2009%20(44).pdf\" target=\"_blank\" rel=\"noopener\">Nomeia Rejane Patr\u00edcia<\/a><\/td>\n<\/tr>\n<\/tbody>\n<\/table>\n<\/div>\n","protected":false},"excerpt":{"rendered":"<p>Portarias N\u00ba: Assunto: 01 Designa Conselheiro Federal Eduardo Lima Bentes para dar posse os conselheiros do CORECON-AL 02 Autoriza responder pela tesouraria 03 Designa Jane Lopes da Silva para movimentar suprimento de caixa 04 Nomeia Ant\u00f4nio C\u00e9sar Cavacanti J\u00fanior, Assessor Especial 05 Nomeia Colaborador para acompanhar e fiscalizar contratos &#8211; Adriano Barbosa &#8211; Networld Internet &hellip; <a href=\"https:\/\/cofecon.org.br\/transparencia\/?page_id=225\" class=\"more-link\">Continue reading <span class=\"screen-reader-text\">Portarias-2009<\/span><\/a><\/p>\n","protected":false},"author":11,"featured_media":0,"parent":9,"menu_order":0,"comment_status":"closed","ping_status":"closed","template":"","meta":{"footnotes":""},"class_list":["post-225","page","type-page","status-publish","hentry"],"_links":{"self":[{"href":"https:\/\/cofecon.org.br\/transparencia\/index.php?rest_route=\/wp\/v2\/pages\/225"}],"collection":[{"href":"https:\/\/cofecon.org.br\/transparencia\/index.php?rest_route=\/wp\/v2\/pages"}],"about":[{"href":"https:\/\/cofecon.org.br\/transparencia\/index.php?rest_route=\/wp\/v2\/types\/page"}],"author":[{"embeddable":true,"href":"https:\/\/cofecon.org.br\/transparencia\/index.php?rest_route=\/wp\/v2\/users\/11"}],"replies":[{"embeddable":true,"href":"https:\/\/cofecon.org.br\/transparencia\/index.php?rest_route=%2Fwp%2Fv2%2Fcomments&post=225"}],"version-history":[{"count":6,"href":"https:\/\/cofecon.org.br\/transparencia\/index.php?rest_route=\/wp\/v2\/pages\/225\/revisions"}],"predecessor-version":[{"id":10659,"href":"https:\/\/cofecon.org.br\/transparencia\/index.php?rest_route=\/wp\/v2\/pages\/225\/revisions\/10659"}],"up":[{"embeddable":true,"href":"https:\/\/cofecon.org.br\/transparencia\/index.php?rest_route=\/wp\/v2\/pages\/9"}],"wp:attachment":[{"href":"https:\/\/cofecon.org.br\/transparencia\/index.php?rest_route=%2Fwp%2Fv2%2Fmedia&parent=225"}],"curies":[{"name":"wp","href":"https:\/\/api.w.org\/{rel}","templated":true}]}}