{"id":223,"date":"2017-04-03T17:47:48","date_gmt":"2017-04-03T17:47:48","guid":{"rendered":"http:\/\/cofecon.org.br\/transparencia\/?page_id=223"},"modified":"2025-10-15T20:09:25","modified_gmt":"2025-10-15T20:09:25","slug":"portarias-2010","status":"publish","type":"page","link":"https:\/\/cofecon.org.br\/transparencia\/?page_id=223","title":{"rendered":"Portarias-2010"},"content":{"rendered":"<div align=\"center\">\n<table border=\"0\" align=\"center\">\n<tbody>\n<tr>\n<th scope=\"row\" align=\"center\" valign=\"center\" width=\"134\">\n<p dir=\"ltr\" align=\"left\"><strong><span style=\"text-decoration: underline;\"><span style=\"font-size: 10pt;\">Portarias N\u00ba:<\/span><\/span><\/strong><\/p>\n<\/th>\n<th scope=\"row\" align=\"center\" valign=\"center\" width=\"499\">\n<p align=\"center\"><strong><span style=\"text-decoration: underline;\"><span style=\"font-size: 10pt;\">Assunto:<\/span><\/span><\/strong><\/p>\n<\/th>\n<\/tr>\n<tr>\n<td>\n<p align=\"center\">01<\/p>\n<\/td>\n<td>\n<p align=\"left\"><a href=\"https:\/\/cofecon.org.br\/transparencia\/files\/atos_normativos\/Port\/2010\/Port-2010%20(1).pdf\" target=\"_blank\" rel=\"noopener\">Cria e designa a Comiss\u00e3o de Acompanhamento da Campanha Nacional de Recadastramento<\/a><\/p>\n<\/td>\n<\/tr>\n<tr>\n<td>\n<p align=\"center\">02<\/p>\n<\/td>\n<td>\n<p align=\"left\"><a href=\"https:\/\/cofecon.org.br\/transparencia\/files\/atos_normativos\/Port\/2010\/Port-2010%20(2).pdf\" target=\"_blank\" rel=\"noopener\">Designa Coordenador de Apoio ao Sistema<\/a><\/p>\n<\/td>\n<\/tr>\n<tr>\n<td>\n<p align=\"center\">03<\/p>\n<\/td>\n<td>\n<p align=\"left\"><a href=\"https:\/\/cofecon.org.br\/transparencia\/files\/atos_normativos\/Port\/2010\/Port-2010%20(3).pdf\" target=\"_blank\" rel=\"noopener\">Designa Coordenador de Gest\u00e3o<\/a><\/p>\n<\/td>\n<\/tr>\n<tr>\n<td>\n<p align=\"center\">04<\/p>\n<\/td>\n<td>\n<p align=\"left\"><a href=\"https:\/\/cofecon.org.br\/transparencia\/files\/atos_normativos\/Port\/2010\/Port-2010%20(4).pdf\" target=\"_blank\" rel=\"noopener\">Designa Coordenador de Gest\u00e3o a praticas de RH <\/a><\/p>\n<\/td>\n<\/tr>\n<tr>\n<td>\n<p align=\"center\">05<\/p>\n<\/td>\n<td>\n<p align=\"left\"><a href=\"https:\/\/cofecon.org.br\/transparencia\/files\/atos_normativos\/Port\/2010\/Port-2010%20(5).pdf\" target=\"_blank\" rel=\"noopener\">Nomeia Assessor II- Fernando Athaide<\/a><\/p>\n<\/td>\n<\/tr>\n<tr>\n<td>\n<p align=\"center\">06<\/p>\n<\/td>\n<td>\n<p align=\"left\"><a href=\"https:\/\/cofecon.org.br\/transparencia\/files\/atos_normativos\/Port\/2010\/Port-2010%20(6).pdf\" target=\"_blank\" rel=\"noopener\">Nomeia Assessor I &#8211; Antonio Junior<\/a><\/p>\n<\/td>\n<\/tr>\n<tr>\n<td>\n<p align=\"center\">07<\/p>\n<\/td>\n<td>\n<p align=\"left\"><a href=\"https:\/\/cofecon.org.br\/transparencia\/files\/atos_normativos\/Port\/2010\/Port-2010%20(7).pdf\" target=\"_blank\" rel=\"noopener\">Aprova e empossa conselheiros<\/a><\/p>\n<\/td>\n<\/tr>\n<tr>\n<td>\n<p align=\"center\">08<\/p>\n<\/td>\n<td>\n<p align=\"left\"><a href=\"https:\/\/cofecon.org.br\/transparencia\/files\/atos_normativos\/Port\/2010\/Port-2010%20(8).pdf\" target=\"_blank\" rel=\"noopener\">Autoriza funcion\u00e1rios a responder pela tesouraria do COFECON <\/a><\/p>\n<\/td>\n<\/tr>\n<tr>\n<td>\n<p align=\"center\">09<\/p>\n<\/td>\n<td>\n<p align=\"left\"><a href=\"https:\/\/cofecon.org.br\/transparencia\/files\/atos_normativos\/Port\/2010\/Port-2010%20(9).pdf\" target=\"_blank\" rel=\"noopener\">Devolu\u00e7\u00e3o de Aparelhos de Comunica\u00e7\u00e3o do COFECON <\/a><\/p>\n<\/td>\n<\/tr>\n<tr>\n<td>\n<p align=\"center\">10<\/p>\n<\/td>\n<td>\n<p align=\"left\"><a href=\"https:\/\/cofecon.org.br\/transparencia\/files\/atos_normativos\/Port\/2010\/Port-2010%20(10).pdf\" target=\"_blank\" rel=\"noopener\">Designa Jane Lopes da Silva para movimentar suprimento de caixa <\/a><\/p>\n<\/td>\n<\/tr>\n<tr>\n<td>\n<p align=\"center\">11<\/p>\n<\/td>\n<td><span style=\"text-decoration: underline;\"><span style=\"color: #0000ff;\"><a href=\"https:\/\/cofecon.org.br\/transparencia\/files\/atos_normativos\/Port\/2010\/Port-2010%20(11).pdf\" target=\"_blank\" rel=\"noopener\">Exonera PST &#8211; Patr\u00edcia Antunes<\/a><\/span><\/span><\/td>\n<\/tr>\n<tr>\n<td>\n<p align=\"center\">12<\/p>\n<\/td>\n<td><a href=\"https:\/\/cofecon.org.br\/transparencia\/files\/atos_normativos\/Port\/2010\/Port-2010%20(12).pdf\" target=\"_blank\" rel=\"noopener\">Nomeia funcion\u00e1rios para acompanhar e fiscalizar contratos<\/a><\/td>\n<\/tr>\n<tr>\n<td>\n<p align=\"center\">13<\/p>\n<\/td>\n<td><a href=\"https:\/\/cofecon.org.br\/transparencia\/files\/atos_normativos\/Port\/2010\/Port-2010%20(13).pdf\" target=\"_blank\" rel=\"noopener\">Designa a composi\u00e7\u00e3o da Comiss\u00e3o de Licita\u00e7\u00e3o do COFECON<\/a><\/td>\n<\/tr>\n<tr>\n<td>\n<p align=\"center\">14<\/p>\n<\/td>\n<td><a href=\"https:\/\/cofecon.org.br\/transparencia\/files\/atos_normativos\/Port\/2010\/Port-2010%20(14).pdf\" target=\"_blank\" rel=\"noopener\">Designa a composi\u00e7\u00e3o da CTC<\/a><\/td>\n<\/tr>\n<tr>\n<td>\n<p align=\"center\">15<\/p>\n<\/td>\n<td><a href=\"https:\/\/cofecon.org.br\/transparencia\/files\/atos_normativos\/Port\/2010\/Port-2010%20(15).pdf\" target=\"_blank\" rel=\"noopener\">Nomeia Procurador Chefe<\/a><\/td>\n<\/tr>\n<tr>\n<td>\n<p align=\"center\">16<\/p>\n<\/td>\n<td><a href=\"https:\/\/cofecon.org.br\/transparencia\/files\/atos_normativos\/Port\/2010\/Port-2010%20(16).pdf\" target=\"_blank\" rel=\"noopener\">Exonera Assessor I &#8211; Renato Alves<\/a><\/td>\n<\/tr>\n<tr>\n<td>\n<p align=\"center\">17<\/p>\n<\/td>\n<td><a href=\"https:\/\/cofecon.org.br\/transparencia\/files\/atos_normativos\/Port\/2010\/Port-2010%20(17).pdf\" target=\"_blank\" rel=\"noopener\">Exonera Assessor I &#8211; Sergio Storti<\/a><\/td>\n<\/tr>\n<tr>\n<td>\n<p align=\"center\">18<\/p>\n<\/td>\n<td><a href=\"https:\/\/cofecon.org.br\/transparencia\/files\/atos_normativos\/Port\/2010\/Port-2010%20(18).pdf\" target=\"_blank\" rel=\"noopener\">Aus\u00eancia Presidente<\/a><\/td>\n<\/tr>\n<tr>\n<td>\n<p align=\"center\">19<\/p>\n<\/td>\n<td><a href=\"https:\/\/cofecon.org.br\/transparencia\/files\/atos_normativos\/Port\/2010\/Port-2010%20(19).pdf\" target=\"_blank\" rel=\"noopener\">Designa Pregoeiras e equipe de apoio de processos licitat\u00f3rios do COFECON<\/a><\/td>\n<\/tr>\n<tr>\n<td>\n<p align=\"center\">20<\/p>\n<\/td>\n<td>\n<p align=\"left\"><a href=\"https:\/\/cofecon.org.br\/transparencia\/files\/atos_normativos\/Port\/2010\/Port-2010%20(20).pdf\" target=\"_blank\" rel=\"noopener\">Designa composi\u00e7\u00e3o das Comiss\u00f5es de Trabalho do COFECON<\/a><\/p>\n<\/td>\n<\/tr>\n<tr>\n<td>\n<p align=\"center\">21<\/p>\n<\/td>\n<td><a href=\"https:\/\/cofecon.org.br\/transparencia\/files\/atos_normativos\/Port\/2010\/Port-2010%20(21).pdf\" target=\"_blank\" rel=\"noopener\">Designa a composi\u00e7\u00e3o da Comiss\u00e3o de Licita\u00e7\u00e3o do COFECON<\/a><\/td>\n<\/tr>\n<tr>\n<td>\n<p align=\"center\">22<\/p>\n<\/td>\n<td>\n<p align=\"left\"><a href=\"https:\/\/cofecon.org.br\/transparencia\/files\/atos_normativos\/Port\/2010\/Port-2010%20(22).pdf\" target=\"_blank\" rel=\"noopener\">Nomeia PST &#8211; Alan Silva Bispo<\/a><\/p>\n<\/td>\n<\/tr>\n<tr>\n<td>\n<p align=\"center\">23<\/p>\n<\/td>\n<td><a href=\"https:\/\/cofecon.org.br\/transparencia\/files\/atos_normativos\/Port\/2010\/Port-2010%20(23).pdf\" target=\"_blank\" rel=\"noopener\">Nomeia PAE &#8211; Leonardo Vieira Val\u00e9rio<\/a><\/td>\n<\/tr>\n<tr>\n<td>\n<p align=\"center\">24<\/p>\n<\/td>\n<td>\n<p align=\"left\"><a href=\"https:\/\/cofecon.org.br\/transparencia\/files\/atos_normativos\/Port\/2010\/Port-2010%20(24).pdf\" target=\"_blank\" rel=\"noopener\">Inclus\u00e3o e exclus\u00e3o de servidores da Comiss\u00e3o de Licita\u00e7\u00e3o do COFECON<\/a><\/p>\n<\/td>\n<\/tr>\n<tr>\n<td>\n<p align=\"center\">25<\/p>\n<\/td>\n<td>\n<p align=\"left\"><a href=\"https:\/\/cofecon.org.br\/transparencia\/files\/atos_normativos\/Port\/2010\/Port-2010%20(25).pdf\" target=\"_blank\" rel=\"noopener\">Cria e designa a Comiss\u00e3o de Progress\u00e3o Funcional do COFECON<\/a><\/p>\n<\/td>\n<\/tr>\n<tr>\n<td>\n<p align=\"center\">26<\/p>\n<\/td>\n<td><a href=\"https:\/\/cofecon.org.br\/transparencia\/files\/atos_normativos\/Port\/2010\/Port-2010%20(26).pdf\" target=\"_blank\" rel=\"noopener\">Exonera Assessor I &#8211; Antonio Cesar Cavalcanti Junior<\/a><\/td>\n<\/tr>\n<tr>\n<td>\n<p align=\"center\">27<\/p>\n<\/td>\n<td><a href=\"https:\/\/cofecon.org.br\/transparencia\/files\/atos_normativos\/Port\/2010\/Port-2010%20(27).pdf\" target=\"_blank\" rel=\"noopener\">Custeia passagens e di\u00e1rias ao Dr. Jos\u00e9 Eduardo Cassiolato<\/a><\/td>\n<\/tr>\n<tr>\n<td>\n<p align=\"center\">28<\/p>\n<\/td>\n<td><a href=\"https:\/\/cofecon.org.br\/transparencia\/files\/atos_normativos\/Port\/2010\/Port-2010%20(28).pdf\" target=\"_blank\" rel=\"noopener\">Designa o Conselheiro Carlos Eduardo para comiss\u00e3o da Gincana de Economia <\/a><\/td>\n<\/tr>\n<tr>\n<td>\n<p align=\"center\">29<\/p>\n<\/td>\n<td><a href=\"https:\/\/cofecon.org.br\/transparencia\/files\/atos_normativos\/Port\/2010\/Port-2010%20(29).pdf\" target=\"_blank\" rel=\"noopener\">Custeia passagens e di\u00e1rias <\/a><\/td>\n<\/tr>\n<tr>\n<td>\n<p align=\"center\">30<\/p>\n<\/td>\n<td><a href=\"https:\/\/cofecon.org.br\/transparencia\/files\/atos_normativos\/Port\/2010\/Port-2010%20(30).pdf\" target=\"_blank\" rel=\"noopener\">Designa o Conselheiro Antonio Luiz de Queiroz &#8211; XIX CBE-2011<\/a><\/td>\n<\/tr>\n<tr>\n<td>\n<p align=\"center\">31<\/p>\n<\/td>\n<td><a href=\"https:\/\/cofecon.org.br\/transparencia\/files\/atos_normativos\/Port\/2010\/Port-2010%20(31).pdf\" target=\"_blank\" rel=\"noopener\">Nomeia Assessor Especial<\/a><\/td>\n<\/tr>\n<tr>\n<td>\n<p align=\"center\">32<\/p>\n<\/td>\n<td><a href=\"https:\/\/cofecon.org.br\/transparencia\/files\/atos_normativos\/Port\/2010\/Port-2010%20(32).pdf\" target=\"_blank\" rel=\"noopener\">Custeia passagens e di\u00e1rias<\/a><\/td>\n<\/tr>\n<tr>\n<td>\n<p align=\"center\">33<\/p>\n<\/td>\n<td><a href=\"https:\/\/cofecon.org.br\/transparencia\/files\/atos_normativos\/Port\/2010\/Port-2010%20(33).pdf\" target=\"_blank\" rel=\"noopener\">Custeia passagens e di\u00e1ria<\/a><\/td>\n<\/tr>\n<tr>\n<td>\n<p align=\"center\">34<\/p>\n<\/td>\n<td><a href=\"https:\/\/cofecon.org.br\/transparencia\/files\/atos_normativos\/Port\/2010\/Port-2010%20(34).pdf\" target=\"_blank\" rel=\"noopener\">Custeia passagens e di\u00e1ria<\/a><\/td>\n<\/tr>\n<tr>\n<td>\n<p align=\"center\">35<\/p>\n<\/td>\n<td>\n<p align=\"left\"><a href=\"https:\/\/cofecon.org.br\/transparencia\/files\/atos_normativos\/Port\/2010\/Port-2010%20(35).pdf\" target=\"_blank\" rel=\"noopener\">Custeia passagens e di\u00e1ria<\/a><\/p>\n<\/td>\n<\/tr>\n<tr>\n<td>\n<p align=\"center\">36<\/p>\n<\/td>\n<td><a href=\"https:\/\/cofecon.org.br\/transparencia\/files\/atos_normativos\/Port\/2010\/Port-2010%20(36).pdf\" target=\"_blank\" rel=\"noopener\">Cria e designa a Comiss\u00e3o de Orienta\u00e7\u00e3o e Encaminhamento &#8211; Relat\u00f3rio CTC<\/a><\/td>\n<\/tr>\n<tr>\n<td>\n<p align=\"center\">37<\/p>\n<\/td>\n<td><a href=\"https:\/\/cofecon.org.br\/transparencia\/files\/atos_normativos\/Port\/2010\/Port-2010(37).pdf\" target=\"_blank\" rel=\"noopener\">Custeia passagens e di\u00e1rias<\/a><\/td>\n<\/tr>\n<tr>\n<td>\n<p align=\"center\">38<\/p>\n<\/td>\n<td><a href=\"https:\/\/cofecon.org.br\/transparencia\/files\/atos_normativos\/Port\/2010\/Port-2010(38).pdf\" target=\"_blank\" rel=\"noopener\">Cria e designa Comiss\u00e3o Organizadora das Solenidades<\/a><\/td>\n<\/tr>\n<tr>\n<td>\n<p align=\"center\">39<\/p>\n<\/td>\n<td><a href=\"https:\/\/cofecon.org.br\/transparencia\/files\/atos_normativos\/Port\/2010\/Port-2010(39).pdf\" target=\"_blank\" rel=\"noopener\">Exonera PST &#8211; Isabela Ramos Coelho Pimentel<\/a><\/td>\n<\/tr>\n<tr>\n<td>\n<p align=\"center\">40<\/p>\n<\/td>\n<td><a href=\"https:\/\/cofecon.org.br\/transparencia\/files\/atos_normativos\/Port\/2010\/Port-2010(40).pdf\" target=\"_blank\" rel=\"noopener\">Exonera PST &#8211; Jadson Martins Benedito<\/a><\/td>\n<\/tr>\n<tr>\n<td>\n<p align=\"center\">41<\/p>\n<\/td>\n<td><a href=\"https:\/\/cofecon.org.br\/transparencia\/files\/atos_normativos\/Port\/2010\/Port-2010(41).pdf\" target=\"_blank\" rel=\"noopener\">Nomeia PST &#8211; Clarissa de Brito Ataide<\/a><\/td>\n<\/tr>\n<tr>\n<td>\n<p align=\"center\">42<\/p>\n<\/td>\n<td><a href=\"https:\/\/cofecon.org.br\/transparencia\/files\/atos_normativos\/Port\/2010\/Port-2010(42).pdf\" target=\"_blank\" rel=\"noopener\">Exonera PST &#8211; Val\u00e9ria Moraes de Souza<\/a><\/td>\n<\/tr>\n<tr>\n<td>\n<p align=\"center\">43<\/p>\n<\/td>\n<td><a href=\"https:\/\/cofecon.org.br\/transparencia\/files\/atos_normativos\/Port\/2010\/Port-2010(43).pdf\" target=\"_blank\" rel=\"noopener\">Altera a composi\u00e7\u00e3o da Comiss\u00e3o de licita\u00e7\u00e3o do COFECON\/a&gt;<\/a><\/td>\n<\/tr>\n<tr>\n<td>\n<p align=\"center\">44<\/p>\n<\/td>\n<td><a href=\"https:\/\/cofecon.org.br\/transparencia\/files\/atos_normativos\/Port\/2010\/Port-2010(44).pdf\" target=\"_blank\" rel=\"noopener\">Designa a composi\u00e7\u00e3o da Comiss\u00e3o de Desfazimento de Bens do COFECON<\/a><\/td>\n<\/tr>\n<tr>\n<td>\n<p align=\"center\">45<\/p>\n<\/td>\n<td><a href=\"https:\/\/cofecon.org.br\/transparencia\/files\/atos_normativos\/Port\/2010\/Port-2010(45).pdf\" target=\"_blank\" rel=\"noopener\">Cria a composi\u00e7\u00e3o da Comiss\u00e3o para acompanhar os procedimentos eleitorais nos CORECONs<\/a><\/td>\n<\/tr>\n<tr>\n<td>\n<p align=\"center\">46<\/p>\n<\/td>\n<td><a href=\"https:\/\/cofecon.org.br\/transparencia\/files\/atos_normativos\/Port\/2010\/Port-2010(46).pdf\" target=\"_blank\" rel=\"noopener\">Nomeia PST &#8211; Leonardo Ribeiro de Almeida<\/a><\/td>\n<\/tr>\n<tr>\n<td>\n<p align=\"center\">47<\/p>\n<\/td>\n<td><a href=\"https:\/\/cofecon.org.br\/transparencia\/files\/atos_normativos\/Port\/2010\/Port-2010(47).pdf\" target=\"_blank\" rel=\"noopener\">Nomeia PST &#8211; Felipe Santos Burmann<\/a><\/td>\n<\/tr>\n<tr>\n<td>\n<p align=\"center\">48<\/p>\n<\/td>\n<td><a href=\"https:\/\/cofecon.org.br\/transparencia\/files\/atos_normativos\/Port\/2010\/Port-2010(48).pdf\" target=\"_blank\" rel=\"noopener\">Nomeia funcion\u00e1rio para acompanhar e fiscalizar contratos<\/a><\/td>\n<\/tr>\n<tr>\n<td>\n<p align=\"center\">49<\/p>\n<\/td>\n<td><a href=\"https:\/\/cofecon.org.br\/transparencia\/files\/atos_normativos\/Port\/2010\/Port-2010(49).pdf\" target=\"_blank\" rel=\"noopener\">Designa o Conselheiro Nei Jorge Correia Cardim para acompanhar o processo eleitoral do CORECON-MT<\/a><\/td>\n<\/tr>\n<\/tbody>\n<\/table>\n<\/div>\n","protected":false},"excerpt":{"rendered":"<p>Portarias N\u00ba: Assunto: 01 Cria e designa a Comiss\u00e3o de Acompanhamento da Campanha Nacional de Recadastramento 02 Designa Coordenador de Apoio ao Sistema 03 Designa Coordenador de Gest\u00e3o 04 Designa Coordenador de Gest\u00e3o a praticas de RH 05 Nomeia Assessor II- Fernando Athaide 06 Nomeia Assessor I &#8211; Antonio Junior 07 Aprova e empossa conselheiros &hellip; <a href=\"https:\/\/cofecon.org.br\/transparencia\/?page_id=223\" class=\"more-link\">Continue reading <span class=\"screen-reader-text\">Portarias-2010<\/span><\/a><\/p>\n","protected":false},"author":11,"featured_media":0,"parent":9,"menu_order":0,"comment_status":"closed","ping_status":"closed","template":"","meta":{"footnotes":""},"class_list":["post-223","page","type-page","status-publish","hentry"],"_links":{"self":[{"href":"https:\/\/cofecon.org.br\/transparencia\/index.php?rest_route=\/wp\/v2\/pages\/223"}],"collection":[{"href":"https:\/\/cofecon.org.br\/transparencia\/index.php?rest_route=\/wp\/v2\/pages"}],"about":[{"href":"https:\/\/cofecon.org.br\/transparencia\/index.php?rest_route=\/wp\/v2\/types\/page"}],"author":[{"embeddable":true,"href":"https:\/\/cofecon.org.br\/transparencia\/index.php?rest_route=\/wp\/v2\/users\/11"}],"replies":[{"embeddable":true,"href":"https:\/\/cofecon.org.br\/transparencia\/index.php?rest_route=%2Fwp%2Fv2%2Fcomments&post=223"}],"version-history":[{"count":6,"href":"https:\/\/cofecon.org.br\/transparencia\/index.php?rest_route=\/wp\/v2\/pages\/223\/revisions"}],"predecessor-version":[{"id":10126,"href":"https:\/\/cofecon.org.br\/transparencia\/index.php?rest_route=\/wp\/v2\/pages\/223\/revisions\/10126"}],"up":[{"embeddable":true,"href":"https:\/\/cofecon.org.br\/transparencia\/index.php?rest_route=\/wp\/v2\/pages\/9"}],"wp:attachment":[{"href":"https:\/\/cofecon.org.br\/transparencia\/index.php?rest_route=%2Fwp%2Fv2%2Fmedia&parent=223"}],"curies":[{"name":"wp","href":"https:\/\/api.w.org\/{rel}","templated":true}]}}