{"id":2223,"date":"2022-01-03T12:14:22","date_gmt":"2022-01-03T12:14:22","guid":{"rendered":"https:\/\/cofecon.org.br\/transparencia\/?page_id=2223"},"modified":"2025-10-15T17:27:30","modified_gmt":"2025-10-15T17:27:30","slug":"deliberacoes-2022","status":"publish","type":"page","link":"https:\/\/cofecon.org.br\/transparencia\/?page_id=2223","title":{"rendered":"Delibera\u00e7\u00f5es-2022"},"content":{"rendered":"\t\t<div data-elementor-type=\"wp-page\" data-elementor-id=\"2223\" class=\"elementor elementor-2223\">\n\t\t\t\t\t\t<section class=\"elementor-section elementor-top-section elementor-element elementor-element-2162ec0d elementor-section-boxed elementor-section-height-default elementor-section-height-default\" data-id=\"2162ec0d\" data-element_type=\"section\">\n\t\t\t\t\t\t<div class=\"elementor-container elementor-column-gap-default\">\n\t\t\t\t\t<div class=\"elementor-column elementor-col-100 elementor-top-column elementor-element elementor-element-495a985f\" data-id=\"495a985f\" data-element_type=\"column\">\n\t\t\t<div class=\"elementor-widget-wrap elementor-element-populated\">\n\t\t\t\t\t\t<div class=\"elementor-element elementor-element-1de6220 elementor-widget elementor-widget-text-editor\" data-id=\"1de6220\" data-element_type=\"widget\" data-widget_type=\"text-editor.default\">\n\t\t\t\t<div class=\"elementor-widget-container\">\n\t\t\t\t\t\t\t\t\t<div align=\"center\">\n<table border=\"0\" align=\"center\">\n<tbody>\n<tr>\n<th scope=\"row\" align=\"center\" valign=\"middle\" width=\"134\">\n<p dir=\"ltr\" align=\"left\"><strong><span style=\"text-decoration: underline;\"><span style=\"font-size: 10pt;\">Delibera\u00e7\u00f5es N\u00ba:<\/span><\/span><\/strong><\/p>\n<\/th>\n<th scope=\"row\" align=\"center\" valign=\"middle\" width=\"499\">\n<p align=\"center\"><strong><span style=\"text-decoration: underline;\"><span style=\"font-size: 10pt;\">Assunto:<\/span><\/span><\/strong><\/p>\n<\/th>\n<\/tr>\n<tr>\n<td>\n<p align=\"center\">4.990<\/p>\n<\/td>\n<td><a href=\"https:\/\/cofecon.org.br\/transparencia\/files\/atos_normativos\/Del\/2022\/Del2022-4990.pdf\" target=\"_blank\" rel=\"noopener noreferrer\">Homologa, com recomenda\u00e7\u00e3o, as altera\u00e7\u00f5es no Regimento Interno do Corecon-TO<\/a><\/td>\n<\/tr>\n<tr>\n<td>\n<p align=\"center\">4.991<\/p>\n<\/td>\n<td><a href=\"https:\/\/cofecon.org.br\/transparencia\/files\/atos_normativos\/Del\/2022\/Del2022-4991.pdf\" target=\"_blank\" rel=\"noopener noreferrer\">Homologa os processos administrativos apreciados na 711\u00aa Sess\u00e3o Plen\u00e1ria Ordin\u00e1ria do Conselho Federal de Economia.<\/a><\/td>\n<\/tr>\n<tr>\n<td>\n<p align=\"center\">4.992<\/p>\n<\/td>\n<td><a href=\"https:\/\/cofecon.org.br\/transparencia\/files\/atos_normativos\/Del\/2022\/Del2022-4992.pdf\" target=\"_blank\" rel=\"noopener noreferrer\">Homologa processos cont\u00e1beis apreciados na 712\u00aa Sess\u00e3o Plen\u00e1ria Ordin\u00e1ria do Conselho Federal de Economia.<\/a><\/td>\n<\/tr>\n<tr>\n<td>\n<p align=\"center\">4.993<\/p>\n<\/td>\n<td><a href=\"https:\/\/cofecon.org.br\/transparencia\/files\/atos_normativos\/Del\/2022\/Del2022-4993.pdf\" target=\"_blank\" rel=\"noopener noreferrer\">Homologa os processos administrativos apreciados na 712\u00aa Sess\u00e3o Plen\u00e1ria Ordin\u00e1ria do Conselho Federal de Economia.<\/a><\/td>\n<\/tr>\n<tr>\n<td>\n<p align=\"center\">4.994<\/p>\n<\/td>\n<td><a href=\"https:\/\/cofecon.org.br\/transparencia\/files\/atos_normativos\/Del\/2022\/Del2022-4994.pdf\" target=\"_blank\" rel=\"noopener noreferrer\">Revalida o registro, nos Conselhos Regionais de Economia, dos egressos do curso de gradua\u00e7\u00e3o em Economia Empresarial e Controladoria da FEA\/USP &#8211; Habilita\u00e7\u00e3o em Ci\u00eancias Econ\u00f4micas.<\/a><\/td>\n<\/tr>\n<tr>\n<td>\n<p align=\"center\">4.995<\/p>\n<\/td>\n<td><a href=\"https:\/\/cofecon.org.br\/transparencia\/files\/atos_normativos\/Del\/2022\/Del2022-4995.pdf\" target=\"_blank\" rel=\"noopener noreferrer\">Homologa os processos cont\u00e1beis dos Conselhos Regionais de Economia.<\/a><\/td>\n<\/tr>\n<tr>\n<td>\n<p align=\"center\">4.996<\/p>\n<\/td>\n<td><a href=\"https:\/\/cofecon.org.br\/transparencia\/files\/atos_normativos\/Del\/2022\/Del2022-4996.pdf\" target=\"_blank\" rel=\"noopener noreferrer\">Prorroga a vig\u00eancia e os efeitos da Delibera\u00e7\u00e3o n\u00ba 4.986, de 13 de dezembro de 2021, que disp\u00f5e sobre quest\u00f5es trabalhistas no \u00e2mbito do Cofecon.<\/a><\/td>\n<\/tr>\n<tr>\n<td>\n<p align=\"center\">4.997<\/p>\n<\/td>\n<td><a href=\"https:\/\/cofecon.org.br\/transparencia\/files\/atos_normativos\/Del\/2022\/Del2022-4997.pdf\">Disp\u00f5e sobre quest\u00f5es trabalhistas e reajuste das Tabelas Salariais do Plano de Cargos e Sal\u00e1rios &#8211; PCS e das Tabelas Salariais e das Gratifica\u00e7\u00f5es dos cargos e fun\u00e7\u00e3o de livre provimento do Cofecon.<\/a><\/td>\n<\/tr>\n<tr>\n<td>\n<p align=\"center\">4.998<\/p>\n<\/td>\n<td><a href=\"https:\/\/cofecon.org.br\/transparencia\/files\/atos_normativos\/Del\/2022\/Del2022-4998.pdf\" target=\"_blank\" rel=\"noopener noreferrer\">Homologa processos cont\u00e1beis apreciados na 713\u00aa Sess\u00e3o Plen\u00e1ria Ordin\u00e1ria do Conselho Federal de Economia.<\/a><\/td>\n<\/tr>\n<tr>\n<td>\n<p align=\"center\">4.999<\/p>\n<\/td>\n<td><a href=\"https:\/\/cofecon.org.br\/transparencia\/files\/atos_normativos\/Del\/2022\/Del2022-4999.pdf\" target=\"_blank\" rel=\"noopener noreferrer\">Homologa os processos administrativos apreciados na 713\u00aa Sess\u00e3o Plen\u00e1ria Ordin\u00e1ria do Conselho Federal de Economia.<\/a><\/td>\n<\/tr>\n<tr>\n<td>\n<p align=\"center\">5.000<\/p>\n<\/td>\n<td><a href=\"https:\/\/cofecon.org.br\/transparencia\/files\/atos_normativos\/Del\/2022\/Del2022-5000.pdf\" target=\"_blank\" rel=\"noopener noreferrer\">Reajusta os valores das Tabelas Salariais do Plano de Cargos e Sal\u00e1rios &#8211; PCS e das Tabelas Salariais e das Gratifica\u00e7\u00f5es dos cargos e fun\u00e7\u00e3o de livre provimento do Cofecon.<\/a><\/td>\n<\/tr>\n<tr>\n<td>\n<p align=\"center\">5.001<\/p>\n<\/td>\n<td><a href=\"https:\/\/cofecon.org.br\/transparencia\/files\/atos_normativos\/Del\/2022\/Del2022-5001.pdf\" target=\"_blank\" rel=\"noopener noreferrer\"><span id=\"page3R_mcid4\" class=\"markedContent\"><span dir=\"ltr\" role=\"presentation\">Aprova<\/span> <span dir=\"ltr\" role=\"presentation\">o<\/span> <span dir=\"ltr\" role=\"presentation\">registro,<\/span> <span dir=\"ltr\" role=\"presentation\">nos<\/span> <span dir=\"ltr\" role=\"presentation\">Conselhos<\/span> <span dir=\"ltr\" role=\"presentation\">Regionais<\/span> <span dir=\"ltr\" role=\"presentation\">de<\/span><\/span><span id=\"page3R_mcid5\" class=\"markedContent\"> <span dir=\"ltr\" role=\"presentation\">Economia, dos egressos dos cursos de Bacharelado<\/span><\/span><span id=\"page3R_mcid6\" class=\"markedContent\"> <span dir=\"ltr\" role=\"presentation\">em Rela\u00e7\u00f5es Internacionais do Centro Universit\u00e1rio\u00a0<\/span><\/span><span id=\"page3R_mcid7\" class=\"markedContent\"><span dir=\"ltr\" role=\"presentation\">de Bras\u00edlia (U<\/span><\/span><span id=\"page3R_mcid8\" class=\"markedContent\"><span dir=\"ltr\" role=\"presentation\">ni<\/span><\/span><span id=\"page3R_mcid9\" class=\"markedContent\"><span dir=\"ltr\" role=\"presentation\">CEUB), de<\/span><\/span><span id=\"page3R_mcid10\" class=\"markedContent\"> <span dir=\"ltr\" role=\"presentation\">Bras\u00edlia<\/span><\/span><span id=\"page3R_mcid11\" class=\"markedContent\"><span dir=\"ltr\" role=\"presentation\">&#8211;<\/span><\/span><span id=\"page3R_mcid12\" class=\"markedContent\"><span dir=\"ltr\" role=\"presentation\">DF.<\/span><\/span><\/a><\/td>\n<\/tr>\n<tr>\n<td>\n<p align=\"center\">5.002<\/p>\n<\/td>\n<td><a href=\"https:\/\/cofecon.org.br\/transparencia\/files\/atos_normativos\/Del\/2022\/Del2022-5002.pdf\" target=\"_blank\" rel=\"noopener noreferrer\"><span id=\"page3R_mcid4\" class=\"markedContent\"><span dir=\"ltr\" role=\"presentation\">Altera dispositivos da Delibera\u00e7\u00e3o n\u00ba 4.851, de 11 de abril de 2016, que institui o normativo de pessoal para cargos e fun\u00e7\u00f5es gratificadas de livre provimento do Conselho Federal de Economia, e d\u00e1 outras provid\u00eancias. <\/span><\/span><\/a><\/td>\n<\/tr>\n<tr>\n<td>\n<p align=\"center\">5.003<\/p>\n<\/td>\n<td><a href=\"https:\/\/cofecon.org.br\/transparencia\/files\/atos_normativos\/Del\/2022\/Del2022-5003.pdf\" target=\"_blank\" rel=\"noopener noreferrer\"><span id=\"page3R_mcid4\" class=\"markedContent\"><span dir=\"ltr\" role=\"presentation\">Homologa processos cont\u00e1beis apreciados na 714\u00aa Sess\u00e3o Plen\u00e1ria Ordin\u00e1ria do Conselho Federal de Economia<\/span><\/span><\/a>.<\/td>\n<\/tr>\n<tr>\n<td>\n<p align=\"center\">5.004<\/p>\n<\/td>\n<td><a href=\"https:\/\/cofecon.org.br\/transparencia\/files\/atos_normativos\/Del\/2022\/Del2022-5004.pdf\" target=\"_blank\" rel=\"noopener noreferrer\"><span id=\"page3R_mcid4\" class=\"markedContent\"><span dir=\"ltr\" role=\"presentation\">Homologa os processos administrativos apreciados na 714\u00aa Sess\u00e3o Plen\u00e1ria Ordin\u00e1ria do Conselho Federal de Economia. <\/span><\/span><\/a><\/td>\n<\/tr>\n<tr>\n<td>\n<p align=\"center\">5.005<\/p>\n<\/td>\n<td><a href=\"https:\/\/cofecon.org.br\/transparencia\/files\/atos_normativos\/Del\/2022\/Del2022-5005.pdf\" target=\"_blank\" rel=\"noopener noreferrer\"><span id=\"page3R_mcid4\" class=\"markedContent\"><span dir=\"ltr\" role=\"presentation\">Aprova o registro, nos Conselhos Regionais de Economia, dos egressos dos cursos de Bacharelado em Rela\u00e7\u00f5es Internacionais da Universidade de Bras\u00edlia (UnB), Universidade Cat\u00f3lica de Bras\u00edlia (UCB) e do Centro Universit\u00e1rio do Instituto de Educa\u00e7\u00e3o Superior de Bras\u00edlia (IESB), de Bras\u00edlia-DF.<\/span><\/span><\/a><\/td>\n<\/tr>\n<tr>\n<td>\n<p align=\"center\">5.006<\/p>\n<\/td>\n<td><a href=\"https:\/\/cofecon.org.br\/transparencia\/files\/atos_normativos\/Del\/2022\/Del2022-5006.pdf\" target=\"_blank\" rel=\"noopener noreferrer\"><span id=\"page3R_mcid4\" class=\"markedContent\"><span dir=\"ltr\" role=\"presentation\">Homologa o resultado do 7\u00ba Desafio Quero Ser Economista 2022.<\/span><\/span><\/a><\/td>\n<\/tr>\n<tr>\n<td>\n<p align=\"center\">5.007<\/p>\n<\/td>\n<td><a href=\"https:\/\/cofecon.org.br\/transparencia\/files\/atos_normativos\/Del\/2022\/Del2022-5007.pdf\" target=\"_blank\" rel=\"noopener noreferrer\"><span id=\"page3R_mcid4\" class=\"markedContent\"><span dir=\"ltr\" role=\"presentation\">Homologa processos cont\u00e1beis apreciados na 715\u00aa Sess\u00e3o Plen\u00e1ria Ordin\u00e1ria do Conselho Federal de Economia. <\/span><\/span><\/a><\/td>\n<\/tr>\n<tr>\n<td>\n<p align=\"center\">5.008<\/p>\n<\/td>\n<td><a href=\"https:\/\/cofecon.org.br\/transparencia\/files\/atos_normativos\/Del\/2022\/Del2022-5008.pdf\" target=\"_blank\" rel=\"noopener noreferrer\"><span id=\"page3R_mcid4\" class=\"markedContent\"><span dir=\"ltr\" role=\"presentation\">Autoriza, excepcionalmente, a reabertura do prazo para a inscri\u00e7\u00e3o de chapas para o pleito eleitoral de 2022 no \u00e2mbito do Conselho Regional de Economia da 9\u00aa Regi\u00e3o (Corecon PA\/AP). <\/span><\/span><\/a><\/td>\n<\/tr>\n<tr>\n<td>\n<p align=\"center\">5.009<\/p>\n<\/td>\n<td><a href=\"https:\/\/cofecon.org.br\/transparencia\/files\/atos_normativos\/Del\/2022\/Del2022-5009.pdf\" target=\"_blank\" rel=\"noopener noreferrer\"><span id=\"page3R_mcid4\" class=\"markedContent\"><span dir=\"ltr\" role=\"presentation\">Homologa os processos administrativos apreciados na 715\u00aa Sess\u00e3o Plen\u00e1ria Ordin\u00e1ria do Conselho Federal de Economia. <\/span><\/span><\/a><\/td>\n<\/tr>\n<tr>\n<td>\n<p align=\"center\">5.010<\/p>\n<\/td>\n<td><a href=\"https:\/\/cofecon.org.br\/transparencia\/files\/atos_normativos\/Del\/2022\/Del2022-5010.pdf\" target=\"_blank\" rel=\"noopener noreferrer\"><span id=\"page3R_mcid4\" class=\"markedContent\"><span dir=\"ltr\" role=\"presentation\">Aprova o registro, nos Conselhos Regionais de Economia, dos egressos dos cursos de Bacharelado em Rela\u00e7\u00f5es Internacionais do Centro Universit\u00e1rio Internacional (UNINTER). <\/span><\/span><\/a><\/td>\n<\/tr>\n<tr>\n<td>\n<p align=\"center\">5.011<\/p>\n<\/td>\n<td><a href=\"https:\/\/cofecon.org.br\/transparencia\/files\/atos_normativos\/Del\/2022\/Del2022-5011.pdf\" target=\"_blank\" rel=\"noopener noreferrer\"><span id=\"page3R_mcid4\" class=\"markedContent\"><span dir=\"ltr\" role=\"presentation\">Autoriza, excepcionalmente, a reabertura do prazo para a inscri\u00e7\u00e3o de chapas para o pleito eleitoral de 2022 no \u00e2mbito do Conselho Regional de Economia da 27\u00aa Regi\u00e3o (Corecon-RR).<\/span><\/span><\/a><\/td>\n<\/tr>\n<tr>\n<td>\n<p align=\"center\">5.012<\/p>\n<\/td>\n<td><a href=\"https:\/\/cofecon.org.br\/transparencia\/files\/atos_normativos\/Del\/2022\/Del2022-5012.pdf\" target=\"_blank\" rel=\"noopener noreferrer\"><span id=\"page3R_mcid4\" class=\"markedContent\"><span dir=\"ltr\" role=\"presentation\">Homologa os resultados do XXVIII Pr\u00eamio Brasil de Economia-2022.<\/span><\/span><\/a><\/td>\n<\/tr>\n<tr>\n<td>\n<p align=\"center\">5.013<\/p>\n<\/td>\n<td><a href=\"https:\/\/cofecon.org.br\/transparencia\/files\/atos_normativos\/Del\/2022\/Del2022-5013.pdf\" target=\"_blank\" rel=\"noopener noreferrer\"><span id=\"page3R_mcid4\" class=\"markedContent\"><span dir=\"ltr\" role=\"presentation\">Homologa processos cont\u00e1beis apreciados na 716\u00aa Sess\u00e3o Plen\u00e1ria Ordin\u00e1ria Ampliada do Conselho Federal de Economia.<\/span><\/span><\/a><\/td>\n<\/tr>\n<tr>\n<td>\n<p align=\"center\">5.014<\/p>\n<\/td>\n<td><a href=\"https:\/\/cofecon.org.br\/transparencia\/files\/atos_normativos\/Del\/2022\/Del2022-5014.pdf\" target=\"_blank\" rel=\"noopener noreferrer\"><span id=\"page3R_mcid4\" class=\"markedContent\"><span dir=\"ltr\" role=\"presentation\">Homologa o resultado da XI Gincana Nacional De Economia 2022. <\/span><\/span><\/a><\/td>\n<\/tr>\n<tr>\n<td>\n<p align=\"center\">5.015<\/p>\n<\/td>\n<td><a href=\"https:\/\/cofecon.org.br\/transparencia\/files\/atos_normativos\/Del\/2022\/Del2022-5015.pdf\" target=\"_blank\" rel=\"noopener noreferrer\"><span id=\"page3R_mcid4\" class=\"markedContent\"><span dir=\"ltr\" role=\"presentation\">Homologa os processos administrativos apreciados na 716\u00aa Sess\u00e3o Plen\u00e1ria Ordin\u00e1ria Ampliada do Conselho Federal de Economia.<\/span><\/span><\/a><\/td>\n<\/tr>\n<tr>\n<td>\n<p align=\"center\">5.016<\/p>\n<\/td>\n<td><a href=\"https:\/\/cofecon.org.br\/transparencia\/files\/atos_normativos\/Del\/2022\/Del2022-5016.pdf\" target=\"_blank\" rel=\"noopener noreferrer\"><span id=\"page3R_mcid4\" class=\"markedContent\"><span dir=\"ltr\" role=\"presentation\">Homologa os Dossi\u00eas Eleitorais dos Conselhos Regionais de Economia referentes ao exerc\u00edcio de 2022, considerando as ressalvas constantes dos pareceres da Comiss\u00e3o Eleitoral do Cofecon.\n<\/span><\/span><\/a><\/td>\n<\/tr>\n<tr>\n<td>\n<p align=\"center\">5.017<\/p>\n<\/td>\n<td><a href=\"https:\/\/cofecon.org.br\/transparencia\/files\/atos_normativos\/Del\/2022\/Del2022-5017.pdf\" target=\"_blank\" rel=\"noopener noreferrer\"><span id=\"page3R_mcid4\" class=\"markedContent\"><span dir=\"ltr\" role=\"presentation\">Homologa os resultados do Pr\u00eamio Paul Singer de Boas Pr\u00e1ticas Acad\u00eamicas-2022.\n<\/span><\/span><\/a><\/td>\n<\/tr>\n<tr>\n<td>\n<p align=\"center\">5.018<\/p>\n<\/td>\n<td><a href=\"https:\/\/cofecon.org.br\/transparencia\/files\/atos_normativos\/Del\/2022\/Del2022-5018.pdf\" target=\"_blank\" rel=\"noopener noreferrer\"><span id=\"page3R_mcid4\" class=\"markedContent\"><span dir=\"ltr\" role=\"presentation\">Homologa processos cont\u00e1beis apreciados na 717\u00aa Sess\u00e3o Plen\u00e1ria Ordin\u00e1ria Ampliada do Conselho Federal de Economia.\n<\/span><\/span><\/a><\/td>\n<\/tr>\n<tr>\n<td>\n<p align=\"center\">5.019<\/p>\n<\/td>\n<td><a href=\"https:\/\/cofecon.org.br\/transparencia\/files\/atos_normativos\/Del\/2022\/Del2022-5019.pdf\" target=\"_blank\" rel=\"noopener noreferrer\"><span id=\"page3R_mcid4\" class=\"markedContent\"><span dir=\"ltr\" role=\"presentation\">Homologa os processos administrativos apreciados na 717\u00aa Sess\u00e3o Plen\u00e1ria Ordin\u00e1ria Ampliada do Conselho Federal de Economia.\n<\/span><\/span><\/a><\/td>\n<\/tr>\n<tr>\n<td>\n<p align=\"center\">5.020<\/p>\n<\/td>\n<td><a href=\"https:\/\/cofecon.org.br\/transparencia\/files\/atos_normativos\/Del\/2022\/Del2022-5020.pdf\" target=\"_blank\" rel=\"noopener noreferrer\"><span id=\"page3R_mcid4\" class=\"markedContent\"><span dir=\"ltr\" role=\"presentation\">Homologa processos cont\u00e1beis apreciados na 718\u00aa Sess\u00e3o Plen\u00e1ria Ordin\u00e1ria do Conselho Federal de Economia.\n<\/span><\/span><\/a><\/td>\n<\/tr>\n<tr>\n<td>\n<p align=\"center\">5.021<\/p>\n<\/td>\n<td><a href=\"https:\/\/cofecon.org.br\/transparencia\/files\/atos_normativos\/Del\/2022\/Del2022-5021.pdf\" target=\"_blank\" rel=\"noopener noreferrer\"><span id=\"page3R_mcid4\" class=\"markedContent\"><span dir=\"ltr\" role=\"presentation\">Homologa os processos administrativos apreciados na 718\u00aa Sess\u00e3o Plen\u00e1ria Ordin\u00e1ria do Conselho Federal de Economia.\n<\/span><\/span><\/a><\/td>\n<\/tr>\n<\/tbody>\n<\/table>\n<\/div>\t\t\t\t\t\t\t\t<\/div>\n\t\t\t\t<\/div>\n\t\t\t\t\t<\/div>\n\t\t<\/div>\n\t\t\t\t\t<\/div>\n\t\t<\/section>\n\t\t\t\t<\/div>\n\t\t","protected":false},"excerpt":{"rendered":"<p>Delibera\u00e7\u00f5es N\u00ba: Assunto: 4.990 Homologa, com recomenda\u00e7\u00e3o, as altera\u00e7\u00f5es no Regimento Interno do Corecon-TO 4.991 Homologa os processos administrativos apreciados na 711\u00aa Sess\u00e3o Plen\u00e1ria Ordin\u00e1ria do Conselho Federal de Economia. 4.992 Homologa processos cont\u00e1beis apreciados na 712\u00aa Sess\u00e3o Plen\u00e1ria Ordin\u00e1ria do Conselho Federal de Economia. 4.993 Homologa os processos administrativos apreciados na 712\u00aa Sess\u00e3o Plen\u00e1ria &hellip; <a href=\"https:\/\/cofecon.org.br\/transparencia\/?page_id=2223\" class=\"more-link\">Continue reading <span class=\"screen-reader-text\">Delibera\u00e7\u00f5es-2022<\/span><\/a><\/p>\n","protected":false},"author":11,"featured_media":0,"parent":9,"menu_order":0,"comment_status":"closed","ping_status":"closed","template":"","meta":{"footnotes":""},"class_list":["post-2223","page","type-page","status-publish","hentry"],"_links":{"self":[{"href":"https:\/\/cofecon.org.br\/transparencia\/index.php?rest_route=\/wp\/v2\/pages\/2223"}],"collection":[{"href":"https:\/\/cofecon.org.br\/transparencia\/index.php?rest_route=\/wp\/v2\/pages"}],"about":[{"href":"https:\/\/cofecon.org.br\/transparencia\/index.php?rest_route=\/wp\/v2\/types\/page"}],"author":[{"embeddable":true,"href":"https:\/\/cofecon.org.br\/transparencia\/index.php?rest_route=\/wp\/v2\/users\/11"}],"replies":[{"embeddable":true,"href":"https:\/\/cofecon.org.br\/transparencia\/index.php?rest_route=%2Fwp%2Fv2%2Fcomments&post=2223"}],"version-history":[{"count":102,"href":"https:\/\/cofecon.org.br\/transparencia\/index.php?rest_route=\/wp\/v2\/pages\/2223\/revisions"}],"predecessor-version":[{"id":9989,"href":"https:\/\/cofecon.org.br\/transparencia\/index.php?rest_route=\/wp\/v2\/pages\/2223\/revisions\/9989"}],"up":[{"embeddable":true,"href":"https:\/\/cofecon.org.br\/transparencia\/index.php?rest_route=\/wp\/v2\/pages\/9"}],"wp:attachment":[{"href":"https:\/\/cofecon.org.br\/transparencia\/index.php?rest_route=%2Fwp%2Fv2%2Fmedia&parent=2223"}],"curies":[{"name":"wp","href":"https:\/\/api.w.org\/{rel}","templated":true}]}}