{"id":221,"date":"2017-04-03T17:45:51","date_gmt":"2017-04-03T17:45:51","guid":{"rendered":"http:\/\/cofecon.org.br\/transparencia\/?page_id=221"},"modified":"2025-10-15T18:33:25","modified_gmt":"2025-10-15T18:33:25","slug":"portarias-2011","status":"publish","type":"page","link":"https:\/\/cofecon.org.br\/transparencia\/?page_id=221","title":{"rendered":"Portarias-2011"},"content":{"rendered":"<div align=\"center\">\n<table border=\"0\" align=\"center\">\n<tbody>\n<tr>\n<th scope=\"row\" align=\"center\" valign=\"center\" width=\"134\">\n<p dir=\"ltr\" align=\"left\"><strong><span style=\"text-decoration: underline;\"><span style=\"font-size: 10pt;\">Portarias N\u00ba:<\/span><\/span><\/strong><\/p>\n<\/th>\n<th scope=\"row\" align=\"center\" valign=\"center\" width=\"499\">\n<p align=\"center\"><strong><span style=\"text-decoration: underline;\"><span style=\"font-size: 10pt;\">Assunto:<\/span><\/span><\/strong><\/p>\n<\/th>\n<\/tr>\n<tr>\n<td>\n<p align=\"center\">01<\/p>\n<\/td>\n<td>\n<p align=\"left\"><a href=\"https:\/\/cofecon.org.br\/transparencia\/files\/atos_normativos\/Port\/2011\/Port-2011(1).pdf\" target=\"_blank\" rel=\"noopener\">Nomeia PST &#8211; Jo\u00e3o Henrique Vieira Costa<\/a><\/p>\n<\/td>\n<\/tr>\n<tr>\n<td>\n<p align=\"center\">02<\/p>\n<\/td>\n<td>\n<p align=\"left\"><a href=\"https:\/\/cofecon.org.br\/transparencia\/files\/atos_normativos\/Port\/2011\/Port-2011(2).pdf\" target=\"_blank\" rel=\"noopener\">Exonera PAE &#8211; Evil\u00e1zio Alves J\u00fanior<\/a><\/p>\n<\/td>\n<\/tr>\n<tr>\n<td>\n<p align=\"center\">03<\/p>\n<\/td>\n<td>\n<p align=\"left\"><a href=\"https:\/\/cofecon.org.br\/transparencia\/files\/atos_normativos\/Port\/2011\/Port-2011(3).pdf\" target=\"_blank\" rel=\"noopener\">Custeia passagens a\u00e9reas e di\u00e1rias<\/a><\/p>\n<\/td>\n<\/tr>\n<tr>\n<td>\n<p align=\"center\">04<\/p>\n<\/td>\n<td>\n<p align=\"left\"><a href=\"https:\/\/cofecon.org.br\/transparencia\/files\/atos_normativos\/Port\/2011\/Port-2011(4).pdf\" target=\"_blank\" rel=\"noopener\">Custeia passagens a\u00e9reas e di\u00e1rias<\/a><\/p>\n<\/td>\n<\/tr>\n<tr>\n<td>\n<p align=\"center\">05<\/p>\n<\/td>\n<td>\n<p align=\"left\"><a href=\"https:\/\/cofecon.org.br\/transparencia\/files\/atos_normativos\/Port\/2011\/Port-2011(5).pdf\" target=\"_blank\" rel=\"noopener\">Cria e Designa a Composi\u00e7\u00e3o do grupo de trabalho para contribuir com os setores de inform\u00e1tica COFECON\/CORECONs<\/a><\/p>\n<\/td>\n<\/tr>\n<tr>\n<td>\n<p align=\"center\">06<\/p>\n<\/td>\n<td>\n<p align=\"left\"><a href=\"https:\/\/cofecon.org.br\/transparencia\/files\/atos_normativos\/Port\/2011\/Port-2011(6).pdf\" target=\"_blank\" rel=\"noopener\">Designa as Comiss\u00f5es de Tomada de Contas e Licita\u00e7\u00e3o do COFECON<\/a><\/p>\n<\/td>\n<\/tr>\n<tr>\n<td>\n<p align=\"center\">07<\/p>\n<\/td>\n<td>\n<p align=\"left\"><a href=\"https:\/\/cofecon.org.br\/transparencia\/files\/atos_normativos\/Port\/2011\/Port-2011(7).pdf\" target=\"_blank\" rel=\"noopener\">Designa a Composi\u00e7\u00e3o das Comiss\u00f5es do COFECON<\/a><\/p>\n<\/td>\n<\/tr>\n<tr>\n<td>\n<p align=\"center\">08<\/p>\n<\/td>\n<td>\n<p align=\"left\"><a href=\"https:\/\/cofecon.org.br\/transparencia\/files\/atos_normativos\/Port\/2011\/Port-2011(8).pdf\" target=\"_blank\" rel=\"noopener\">Autoriza o contador Ant\u00f4nio Tolentino responder pela tesouraria do COFECON<\/a><\/p>\n<\/td>\n<\/tr>\n<tr>\n<td>\n<p align=\"center\">09<\/p>\n<\/td>\n<td>\n<p align=\"left\"><a href=\"https:\/\/cofecon.org.br\/transparencia\/files\/atos_normativos\/Port\/2011\/Port-2011(9).pdf\" target=\"_blank\" rel=\"noopener\">Designa o Contador Ant\u00f4nio Tolentino para praticar atos referentes ao Setor de Recursos Humanos do COFECON<\/a><\/p>\n<\/td>\n<\/tr>\n<tr>\n<td>\n<p align=\"center\">10<\/p>\n<\/td>\n<td>\n<p align=\"left\"><a href=\"https:\/\/cofecon.org.br\/transparencia\/files\/atos_normativos\/Port\/2011\/Port-2011(10).pdf\" target=\"_blank\" rel=\"noopener\">Nomeia PST &#8211; Lilian de Souza Barbosa <\/a><\/p>\n<\/td>\n<\/tr>\n<tr>\n<td>\n<p align=\"center\">11<\/p>\n<\/td>\n<td>\n<p align=\"left\"><a href=\"https:\/\/cofecon.org.br\/transparencia\/files\/atos_normativos\/Port\/2011\/Port-2011(11).pdf\" target=\"_blank\" rel=\"noopener\">Cria e designa Subcomiss\u00e3o T\u00e9cnica<\/a><\/p>\n<\/td>\n<\/tr>\n<tr>\n<td>\n<p align=\"center\">12<\/p>\n<\/td>\n<td>\n<p align=\"left\"><a href=\"https:\/\/cofecon.org.br\/transparencia\/files\/atos_normativos\/Port\/2011\/Port-2011(12).pdf\" target=\"_blank\" rel=\"noopener\">Nomeia funcion\u00e1rios para acompanhar e fiscalizar contratos<\/a><\/p>\n<\/td>\n<\/tr>\n<tr>\n<td>\n<p align=\"center\">13<\/p>\n<\/td>\n<td>\n<p align=\"left\"><a href=\"https:\/\/cofecon.org.br\/transparencia\/files\/atos_normativos\/Port\/2011\/Port-2011(13).pdf\" target=\"_blank\" rel=\"noopener\">Nomeia Pregoeira Oficial do COFECON e Equipe de apoio<\/a><\/p>\n<\/td>\n<\/tr>\n<tr>\n<td>\n<p align=\"center\">14<\/p>\n<\/td>\n<td>\n<p align=\"left\"><a href=\"https:\/\/cofecon.org.br\/transparencia\/files\/atos_normativos\/Port\/2011\/Port-2011(14).pdf\" target=\"_blank\" rel=\"noopener\">Designa o Conselheiro Paulo Salvatore Ponzini como membro da Comiss\u00e3o Organizadora do XIX CBE<\/a><\/p>\n<\/td>\n<\/tr>\n<tr>\n<td>\n<p align=\"center\">15<\/p>\n<\/td>\n<td>\n<p align=\"left\"><a href=\"https:\/\/cofecon.org.br\/transparencia\/files\/atos_normativos\/Port\/2011\/Port-2011(15).pdf\" target=\"_blank\" rel=\"noopener\">Nomeia PAE &#8211; Fl\u00e1via Rodrigues Soares<\/a><\/p>\n<\/td>\n<\/tr>\n<tr>\n<td>\n<p align=\"center\">16<\/p>\n<\/td>\n<td>\n<p align=\"left\"><a href=\"https:\/\/cofecon.org.br\/transparencia\/files\/atos_normativos\/Port\/2011\/Port-2011(16).pdf\" target=\"_blank\" rel=\"noopener\">Exonera PAE &#8211; Fl\u00e1vio Aur\u00e9lio Nogueira J\u00fanior Rodrigues<\/a><\/p>\n<\/td>\n<\/tr>\n<tr>\n<td>\n<p align=\"center\">17<\/p>\n<\/td>\n<td>\n<p align=\"left\"><a href=\"https:\/\/cofecon.org.br\/transparencia\/files\/atos_normativos\/Port\/2011\/Port-2011(17).pdf\" target=\"_blank\" rel=\"noopener\">Exonera PAE &#8211; Lucas Moreno Bertani<\/a><\/p>\n<\/td>\n<\/tr>\n<tr>\n<td>\n<p align=\"center\">18<\/p>\n<\/td>\n<td>\n<p align=\"left\"><a href=\"https:\/\/cofecon.org.br\/transparencia\/files\/atos_normativos\/Port\/2011\/Port-2011(18).pdf\" target=\"_blank\" rel=\"noopener\">Nomeia PAE &#8211; Rafael Rey Laureto<\/a><\/p>\n<\/td>\n<\/tr>\n<tr>\n<td>\n<p align=\"center\">19<\/p>\n<\/td>\n<td>\n<p align=\"left\"><a href=\"https:\/\/cofecon.org.br\/transparencia\/files\/atos_normativos\/Port\/2011\/Port-2011(19).pdf\" target=\"_blank\" rel=\"noopener\">Custeia passagem a\u00e9rea e di\u00e1ria<\/a><\/p>\n<\/td>\n<\/tr>\n<tr>\n<td>\n<p align=\"center\">20<\/p>\n<\/td>\n<td>\n<p align=\"left\"><a href=\"https:\/\/cofecon.org.br\/transparencia\/files\/atos_normativos\/Port\/2011\/Port-2011(20).pdf\" target=\"_blank\" rel=\"noopener\">Custeia passagens a\u00e9reas e di\u00e1rias<\/a><\/p>\n<\/td>\n<\/tr>\n<tr>\n<td>\n<p align=\"center\">21<\/p>\n<\/td>\n<td>\n<p align=\"left\"><a href=\"https:\/\/cofecon.org.br\/transparencia\/files\/atos_normativos\/Port\/2011\/Port-2011(21).pdf\" target=\"_blank\" rel=\"noopener\">Custeia passagens a\u00e9reas e di\u00e1rias<\/a><\/p>\n<\/td>\n<\/tr>\n<tr>\n<td>\n<p align=\"center\">22<\/p>\n<\/td>\n<td>\n<p align=\"left\"><a href=\"https:\/\/cofecon.org.br\/transparencia\/files\/atos_normativos\/Port\/2011\/Port-2011(22).pdf\" target=\"_blank\" rel=\"noopener\">Designa gerentes de projetos para executar o Planejamento Estrat\u00e9gico do COFECON<\/a><\/p>\n<\/td>\n<\/tr>\n<tr>\n<td>\n<p align=\"center\">23<\/p>\n<\/td>\n<td>\n<p align=\"left\"><a href=\"https:\/\/cofecon.org.br\/transparencia\/files\/atos_normativos\/Port\/2011\/Port-2011(23).pdf\" target=\"_blank\" rel=\"noopener\">Custeia passagens a\u00e9reas e di\u00e1rias<\/a><\/p>\n<\/td>\n<\/tr>\n<tr>\n<td>\n<p align=\"center\">24<\/p>\n<\/td>\n<td>\n<p align=\"left\"><a href=\"https:\/\/cofecon.org.br\/transparencia\/files\/atos_normativos\/Port\/2011\/Port-2011(24).pdf\" target=\"_blank\" rel=\"noopener\">Designa Alan Silva Bispo para exercer Atividade Especial de Licita\u00e7\u00e3o<\/a><\/p>\n<\/td>\n<\/tr>\n<tr>\n<td>\n<p align=\"center\">25<\/p>\n<\/td>\n<td>\n<p align=\"left\"><a href=\"https:\/\/cofecon.org.br\/transparencia\/files\/atos_normativos\/Port\/2011\/Port-2011(25).pdf\" target=\"_blank\" rel=\"noopener\">Designa Clarissa de Brito Ata\u00edde para exercer Atividade Especial de Licita\u00e7\u00e3o<\/a><\/p>\n<\/td>\n<\/tr>\n<tr>\n<td>\n<p align=\"center\">26<\/p>\n<\/td>\n<td>\n<p align=\"left\"><a href=\"https:\/\/cofecon.org.br\/transparencia\/files\/atos_normativos\/Port\/2011\/Port-2011(26).pdf\" target=\"_blank\" rel=\"noopener\">Custeia passagens a\u00e9reas e di\u00e1rias<\/a><\/p>\n<\/td>\n<\/tr>\n<tr>\n<td>\n<p align=\"center\">27<\/p>\n<\/td>\n<td>\n<p align=\"left\"><a href=\"https:\/\/cofecon.org.br\/transparencia\/files\/atos_normativos\/Port\/2011\/Port-2011(27).pdf\" target=\"_blank\" rel=\"noopener\">Custeia passagens a\u00e9reas e di\u00e1rias<\/a><\/p>\n<\/td>\n<\/tr>\n<tr>\n<td>\n<p align=\"center\">28<\/p>\n<\/td>\n<td>\n<p align=\"left\"><a href=\"https:\/\/cofecon.org.br\/transparencia\/files\/atos_normativos\/Port\/2011\/Port-2011(28).pdf\" target=\"_blank\" rel=\"noopener\">Custeia passagens a\u00e9reas e di\u00e1rias<\/a><\/p>\n<\/td>\n<\/tr>\n<tr>\n<td>\n<p align=\"center\">29<\/p>\n<\/td>\n<td>\n<p align=\"left\"><a href=\"https:\/\/cofecon.org.br\/transparencia\/files\/atos_normativos\/Port\/2011\/Port-2011(29).pdf\" target=\"_blank\" rel=\"noopener\">Cria e designa a composi\u00e7\u00e3o de Grupo de Trabalho<\/a><\/p>\n<\/td>\n<\/tr>\n<tr>\n<td>\n<p align=\"center\">30<\/p>\n<\/td>\n<td>\n<p align=\"left\"><a href=\"https:\/\/cofecon.org.br\/transparencia\/files\/atos_normativos\/Port\/2011\/Port-2011(30).pdf\" target=\"_blank\" rel=\"noopener\">Nomeia o Cons. Federal Carlos Eduardo Soares de Oliveira Jr. para coordenar a Gincana Nacional de Economia<\/a><\/p>\n<\/td>\n<\/tr>\n<tr>\n<td>\n<p align=\"center\">31<\/p>\n<\/td>\n<td>\n<p align=\"left\"><a href=\"https:\/\/cofecon.org.br\/transparencia\/files\/atos_normativos\/Port\/2011\/Port-2011(31).pdf\" target=\"_blank\" rel=\"noopener\">Nomeia o Cons. Federal Roberto Bocaccio Piscitelli para Coordenar a Comiss\u00e3o de An\u00e1lise da Pol\u00edtica Econ\u00f4mica<\/a><\/p>\n<\/td>\n<\/tr>\n<tr>\n<td>\n<p align=\"center\">32<\/p>\n<\/td>\n<td>\n<p align=\"left\"><a href=\"https:\/\/cofecon.org.br\/transparencia\/files\/atos_normativos\/Port\/2011\/Port-2011(32).pdf\" target=\"_blank\" rel=\"noopener\">Exonera PAE &#8211; Leonardo Vieira Val\u00e9rio<\/a><\/p>\n<\/td>\n<\/tr>\n<tr>\n<td>\n<p align=\"center\">33<\/p>\n<\/td>\n<td>\n<p align=\"left\"><a href=\"https:\/\/cofecon.org.br\/transparencia\/files\/atos_normativos\/Port\/2011\/Port-2011(33).pdf\" target=\"_blank\" rel=\"noopener\">Exonera PST &#8211; Leonardo Ribeiro de Almeida<\/a><\/p>\n<\/td>\n<\/tr>\n<tr>\n<td>\n<p align=\"center\">34<\/p>\n<\/td>\n<td>\n<p align=\"left\"><a href=\"https:\/\/cofecon.org.br\/transparencia\/files\/atos_normativos\/Port\/2011\/Port-2011(39).pdf\" target=\"_blank\" rel=\"noopener\">Custeia passagens a\u00e9reas e di\u00e1rias<\/a><\/p>\n<\/td>\n<\/tr>\n<tr>\n<td>\n<p align=\"center\">35<\/p>\n<\/td>\n<td>\n<p align=\"left\"><a href=\"https:\/\/cofecon.org.br\/transparencia\/files\/atos_normativos\/Port\/2011\/Port-2011(39).pdf\" target=\"_blank\" rel=\"noopener\">Custeia passagens a\u00e9reas e di\u00e1rias<\/a><\/p>\n<\/td>\n<\/tr>\n<tr>\n<td>\n<p align=\"center\">36<\/p>\n<\/td>\n<td>\n<p align=\"left\"><a href=\"https:\/\/cofecon.org.br\/transparencia\/files\/atos_normativos\/Port\/2011\/Port-2011(39).pdf\" target=\"_blank\" rel=\"noopener\">Custeia passagens a\u00e9reas e di\u00e1rias<\/a><\/p>\n<\/td>\n<\/tr>\n<tr>\n<td>\n<p align=\"center\">37<\/p>\n<\/td>\n<td>\n<p align=\"left\"><a href=\"https:\/\/cofecon.org.br\/transparencia\/files\/atos_normativos\/Port\/2011\/Port-2011(37).pdf\" target=\"_blank\" rel=\"noopener\">Nomeia PST &#8211; Victor Marcello Gerardini<\/a><\/p>\n<\/td>\n<\/tr>\n<tr>\n<td>\n<p align=\"center\">38<\/p>\n<\/td>\n<td>\n<p align=\"left\"><a href=\"https:\/\/cofecon.org.br\/transparencia\/files\/atos_normativos\/Port\/2011\/Port-2011(38).pdf\" target=\"_blank\" rel=\"noopener\">Nomeia PAE &#8211; Lucas Roberto de Azevedo Ferreira<\/a><\/p>\n<\/td>\n<\/tr>\n<tr>\n<td>\n<p align=\"center\">39<\/p>\n<\/td>\n<td>\n<p align=\"left\"><a href=\"https:\/\/cofecon.org.br\/transparencia\/files\/atos_normativos\/Port\/2011\/Port-2011(39).pdf\" target=\"_blank\" rel=\"noopener\">Custeia passagens a\u00e9reas e di\u00e1rias<\/a><\/p>\n<\/td>\n<\/tr>\n<tr>\n<td>\n<p align=\"center\">40<\/p>\n<\/td>\n<td>\n<p align=\"left\"><a href=\"https:\/\/cofecon.org.br\/transparencia\/files\/atos_normativos\/Port\/2011\/Port-2011(40).pdf\" target=\"_blank\" rel=\"noopener\">Nomeia funcion\u00e1rios para acompanhar e fiscalizar contratos administrativos<\/a><\/p>\n<\/td>\n<\/tr>\n<tr>\n<td>\n<p align=\"center\">41<\/p>\n<\/td>\n<td>\n<p align=\"left\"><a href=\"https:\/\/cofecon.org.br\/transparencia\/files\/atos_normativos\/Port\/2011\/Port-2011(41).pdf\" target=\"_blank\" rel=\"noopener\">Exonera PST &#8211; Clarissa de Brito Ata\u00edde<\/a><\/p>\n<\/td>\n<\/tr>\n<tr>\n<td>\n<p align=\"center\">42<\/p>\n<\/td>\n<td>\n<p align=\"left\"><a href=\"https:\/\/cofecon.org.br\/transparencia\/files\/atos_normativos\/Port\/2011\/Port-2011(42).pdf\" target=\"_blank\" rel=\"noopener\">Nomeia PST &#8211; Ana Claudia Ramos Pinto<\/a><\/p>\n<\/td>\n<\/tr>\n<tr>\n<td>\n<p align=\"center\">43<\/p>\n<\/td>\n<td>\n<p align=\"left\"><a href=\"https:\/\/cofecon.org.br\/transparencia\/files\/atos_normativos\/Port\/2011\/Port-2011(43).pdf\" target=\"_blank\" rel=\"noopener\">Cria e designa o Grupo de Trabalho &#8211; parecer acerca do diagn\u00f3stico do Conselho Regional de Economia da 27\u00aa Regi\u00e3o &#8211; RR<\/a><\/p>\n<\/td>\n<\/tr>\n<tr>\n<td>\n<p align=\"center\">44<\/p>\n<\/td>\n<td>\n<p align=\"left\"><a href=\"https:\/\/cofecon.org.br\/transparencia\/files\/atos_normativos\/Port\/2011\/Port-2011(44).pdf\" target=\"_blank\" rel=\"noopener\">Nomeia PST &#8211; Daniel Nunes de Oliveira<\/a><\/p>\n<\/td>\n<\/tr>\n<tr>\n<td>\n<p align=\"center\">45<\/p>\n<\/td>\n<td>\n<p align=\"left\"><a href=\"https:\/\/cofecon.org.br\/transparencia\/files\/atos_normativos\/Port\/2011\/Port-2011(45).pdf\" target=\"_blank\" rel=\"noopener\">Designa Felipe Santos Burmann para exercer Atividade Especial de Licita\u00e7\u00e3o<\/a><\/p>\n<\/td>\n<\/tr>\n<tr>\n<td>\n<p align=\"center\">46<\/p>\n<\/td>\n<td>\n<p align=\"left\"><a href=\"https:\/\/cofecon.org.br\/transparencia\/files\/atos_normativos\/Port\/2011\/Port-2011(46).pdf\" target=\"_blank\" rel=\"noopener\">Exonera PST &#8211; Celia Regina da Silva<\/a><\/p>\n<\/td>\n<\/tr>\n<tr>\n<td>\n<p align=\"center\">47<\/p>\n<\/td>\n<td>\n<p align=\"left\"><a href=\"https:\/\/cofecon.org.br\/transparencia\/files\/atos_normativos\/Port\/2011\/Port-2011(47).pdf\" target=\"_blank\" rel=\"noopener\">Custeia passagens a\u00e9reas e di\u00e1rias<\/a><\/p>\n<\/td>\n<\/tr>\n<tr>\n<td>\n<p align=\"center\">48<\/p>\n<\/td>\n<td>\n<p align=\"left\"><a href=\"https:\/\/cofecon.org.br\/transparencia\/files\/atos_normativos\/Port\/2011\/Port-2011(48).pdf\" target=\"_blank\" rel=\"noopener\">Custeia passagens a\u00e9reas e di\u00e1rias<\/a><\/p>\n<\/td>\n<\/tr>\n<tr>\n<td>\n<p align=\"center\">49<\/p>\n<\/td>\n<td>\n<p align=\"left\"><a href=\"https:\/\/cofecon.org.br\/transparencia\/files\/atos_normativos\/Port\/2011\/Port-2011(49).pdf\" target=\"_blank\" rel=\"noopener\">Custeia passagens a\u00e9reas e di\u00e1rias<\/a><\/p>\n<\/td>\n<\/tr>\n<tr>\n<td>\n<p align=\"center\">50<\/p>\n<\/td>\n<td>\n<p align=\"left\"><a href=\"https:\/\/cofecon.org.br\/transparencia\/files\/atos_normativos\/Port\/2011\/Port-2011(50).pdf\" target=\"_blank\" rel=\"noopener\">Custeia passagens a\u00e9reas e di\u00e1rias<\/a><\/p>\n<\/td>\n<\/tr>\n<tr>\n<td>\n<p align=\"center\">51<\/p>\n<\/td>\n<td>\n<p align=\"left\"><a href=\"https:\/\/cofecon.org.br\/transparencia\/files\/atos_normativos\/Port\/2011\/Port-2011(51).pdf\" target=\"_blank\" rel=\"noopener\">Cria e designa a composi\u00e7\u00e3o de Grupo de Trabalho visando a racionaliza\u00e7\u00e3o da transmiss\u00e3o de documentos no sistema COFECON\/CORECONs<\/a><\/p>\n<\/td>\n<\/tr>\n<tr>\n<td>\n<p align=\"center\">52<\/p>\n<\/td>\n<td>\n<p align=\"left\"><a href=\"https:\/\/cofecon.org.br\/transparencia\/files\/atos_normativos\/Port\/2011\/Port-2011(52).pdf\" target=\"_blank\" rel=\"noopener\">Exonera PAE &#8211; Rafael Rey Laureto<\/a><\/p>\n<\/td>\n<\/tr>\n<tr>\n<td>\n<p align=\"center\">53<\/p>\n<\/td>\n<td>\n<p align=\"left\"><a href=\"https:\/\/cofecon.org.br\/transparencia\/files\/atos_normativos\/Port\/2011\/Port-2011(53).pdf\" target=\"_blank\" rel=\"noopener\">Nomeia funcion\u00e1rios para acompanhar e fiscalizar contratos administrativos<\/a><\/p>\n<\/td>\n<\/tr>\n<tr>\n<td>\n<p align=\"center\">54<\/p>\n<\/td>\n<td>\n<p align=\"left\"><a href=\"https:\/\/cofecon.org.br\/transparencia\/files\/atos_normativos\/Port\/2011\/Port-2011(54).pdf\" target=\"_blank\" rel=\"noopener\">Nomeia PAE &#8211; Maria Aparecida Carneiro<\/a><\/p>\n<\/td>\n<\/tr>\n<tr>\n<td>\n<p align=\"center\">54-A<\/p>\n<\/td>\n<td>\n<p align=\"left\"><a href=\"https:\/\/cofecon.org.br\/transparencia\/files\/atos_normativos\/Port\/2011\/Port-2011(54-A).pdf\" target=\"_blank\" rel=\"noopener\">Exonera PST &#8211; Alan Silva Bispo<\/a><\/p>\n<\/td>\n<\/tr>\n<tr>\n<td>\n<p align=\"center\">55<\/p>\n<\/td>\n<td>\n<p align=\"left\"><a href=\"https:\/\/cofecon.org.br\/transparencia\/files\/atos_normativos\/Port\/2011\/Port-2011(55).pdf\" target=\"_blank\" rel=\"noopener\">Nomeia PAE &#8211; Sanderson Moreira Fernandes <\/a><\/p>\n<\/td>\n<\/tr>\n<tr>\n<td>\n<p align=\"center\">56<\/p>\n<\/td>\n<td>\n<p align=\"left\"><a href=\"https:\/\/cofecon.org.br\/transparencia\/files\/atos_normativos\/Port\/2011\/Port-2011(56).pdf\" target=\"_blank\" rel=\"noopener\">Designa a composi\u00e7\u00e3o da Comiss\u00e3o de Licita\u00e7\u00e3o do COFECON<\/a><\/p>\n<\/td>\n<\/tr>\n<tr>\n<td>\n<p align=\"center\">57<\/p>\n<\/td>\n<td>\n<p align=\"left\"><a href=\"https:\/\/cofecon.org.br\/transparencia\/files\/atos_normativos\/Port\/2011\/Port-2011(57).pdf\" target=\"_blank\" rel=\"noopener\">Designa pregoeiros e equipe de apoio de processos licitat\u00f3rios do COFECON <\/a><\/p>\n<\/td>\n<\/tr>\n<tr>\n<td>\n<p align=\"center\">58<\/p>\n<\/td>\n<td>\n<p align=\"left\"><a href=\"https:\/\/cofecon.org.br\/transparencia\/files\/atos_normativos\/Port\/2011\/Port-2011(58).pdf\" target=\"_blank\" rel=\"noopener\">Nomeia PST &#8211; Allan Mendes Batista<\/a><\/p>\n<\/td>\n<\/tr>\n<tr>\n<td>\n<p align=\"center\">59<\/p>\n<\/td>\n<td>\n<p align=\"left\"><a href=\"https:\/\/cofecon.org.br\/transparencia\/files\/atos_normativos\/Port\/2011\/Port-2011(59).pdf\" target=\"_blank\" rel=\"noopener\">Designa Lilian Souza Barbosa &#8211; Atividade Especial<\/a><\/p>\n<\/td>\n<\/tr>\n<tr>\n<td>\n<p align=\"center\">60<\/p>\n<\/td>\n<td>\n<p align=\"left\"><a href=\"https:\/\/cofecon.org.br\/transparencia\/files\/atos_normativos\/Port\/2011\/Port-2011(60).pdf\" target=\"_blank\" rel=\"noopener\">Cria e designa a composi\u00e7\u00e3o da Comiss\u00e3o para an\u00e1lise dos dossi\u00eas eleitorais dos CORECONs<\/a><\/p>\n<\/td>\n<\/tr>\n<tr>\n<td>\n<p align=\"center\">61<\/p>\n<\/td>\n<td>\n<p align=\"left\"><a href=\"https:\/\/cofecon.org.br\/transparencia\/files\/atos_normativos\/Port\/2011\/Port-2011(61).pdf\" target=\"_blank\" rel=\"noopener\">Cria e designa a composi\u00e7\u00e3o de Grupo de Trabalho para realizar estudo referente ao registro de tecn\u00f3logos pelos CORECONs<\/a><\/p>\n<\/td>\n<\/tr>\n<\/tbody>\n<\/table>\n<\/div>\n","protected":false},"excerpt":{"rendered":"<p>Portarias N\u00ba: Assunto: 01 Nomeia PST &#8211; Jo\u00e3o Henrique Vieira Costa 02 Exonera PAE &#8211; Evil\u00e1zio Alves J\u00fanior 03 Custeia passagens a\u00e9reas e di\u00e1rias 04 Custeia passagens a\u00e9reas e di\u00e1rias 05 Cria e Designa a Composi\u00e7\u00e3o do grupo de trabalho para contribuir com os setores de inform\u00e1tica COFECON\/CORECONs 06 Designa as Comiss\u00f5es de Tomada de &hellip; <a href=\"https:\/\/cofecon.org.br\/transparencia\/?page_id=221\" class=\"more-link\">Continue reading <span class=\"screen-reader-text\">Portarias-2011<\/span><\/a><\/p>\n","protected":false},"author":11,"featured_media":0,"parent":9,"menu_order":0,"comment_status":"closed","ping_status":"closed","template":"","meta":{"footnotes":""},"class_list":["post-221","page","type-page","status-publish","hentry"],"_links":{"self":[{"href":"https:\/\/cofecon.org.br\/transparencia\/index.php?rest_route=\/wp\/v2\/pages\/221"}],"collection":[{"href":"https:\/\/cofecon.org.br\/transparencia\/index.php?rest_route=\/wp\/v2\/pages"}],"about":[{"href":"https:\/\/cofecon.org.br\/transparencia\/index.php?rest_route=\/wp\/v2\/types\/page"}],"author":[{"embeddable":true,"href":"https:\/\/cofecon.org.br\/transparencia\/index.php?rest_route=\/wp\/v2\/users\/11"}],"replies":[{"embeddable":true,"href":"https:\/\/cofecon.org.br\/transparencia\/index.php?rest_route=%2Fwp%2Fv2%2Fcomments&post=221"}],"version-history":[{"count":4,"href":"https:\/\/cofecon.org.br\/transparencia\/index.php?rest_route=\/wp\/v2\/pages\/221\/revisions"}],"predecessor-version":[{"id":10080,"href":"https:\/\/cofecon.org.br\/transparencia\/index.php?rest_route=\/wp\/v2\/pages\/221\/revisions\/10080"}],"up":[{"embeddable":true,"href":"https:\/\/cofecon.org.br\/transparencia\/index.php?rest_route=\/wp\/v2\/pages\/9"}],"wp:attachment":[{"href":"https:\/\/cofecon.org.br\/transparencia\/index.php?rest_route=%2Fwp%2Fv2%2Fmedia&parent=221"}],"curies":[{"name":"wp","href":"https:\/\/api.w.org\/{rel}","templated":true}]}}