{"id":219,"date":"2017-04-03T17:45:21","date_gmt":"2017-04-03T17:45:21","guid":{"rendered":"http:\/\/cofecon.org.br\/transparencia\/?page_id=219"},"modified":"2025-10-15T18:28:42","modified_gmt":"2025-10-15T18:28:42","slug":"portarias-2012","status":"publish","type":"page","link":"https:\/\/cofecon.org.br\/transparencia\/?page_id=219","title":{"rendered":"Portarias-2012"},"content":{"rendered":"<div align=\"center\">\n<table border=\"0\" align=\"center\">\n<tbody>\n<tr>\n<th scope=\"row\" align=\"center\" valign=\"middle\" width=\"134\">\n<p dir=\"ltr\" align=\"left\"><strong><span style=\"text-decoration: underline;\"><span style=\"font-size: 10pt;\">Portarias N\u00ba:<\/span><\/span><\/strong><\/p>\n<\/th>\n<th scope=\"row\" align=\"center\" valign=\"middle\" width=\"499\">\n<p align=\"center\"><strong><span style=\"text-decoration: underline;\"><span style=\"font-size: 10pt;\">Assunto:<\/span><\/span><\/strong><\/p>\n<\/th>\n<\/tr>\n<tr>\n<td>\n<p align=\"center\">01<\/p>\n<\/td>\n<td>\n<p align=\"left\"><a href=\"https:\/\/cofecon.org.br\/transparencia\/files\/atos_normativos\/Port\/2012\/Port-2012(1).pdf\" target=\"_blank\" rel=\"noopener\">Designa Colaborador a pr\u00e1ticas de RH<\/a><\/p>\n<\/td>\n<\/tr>\n<tr>\n<td>\n<p align=\"center\">02<\/p>\n<\/td>\n<td>\n<p align=\"left\"><a href=\"https:\/\/cofecon.org.br\/transparencia\/files\/atos_normativos\/Port\/2012\/Port-2012(2).pdf\" target=\"_blank\" rel=\"noopener\">Autoriza Colaborador a responder pela Tesouraria<\/a><\/p>\n<\/td>\n<\/tr>\n<tr>\n<td>\n<p align=\"center\">03<\/p>\n<\/td>\n<td>\n<p align=\"left\"><a href=\"https:\/\/cofecon.org.br\/transparencia\/files\/atos_normativos\/Port\/2012\/Port-2012(3).pdf\" target=\"_blank\" rel=\"noopener\">Cria e Designa grupo de trabalho (fus\u00e3o do CORECON-RR ao CORECON-AM)<\/a><\/p>\n<\/td>\n<\/tr>\n<tr>\n<td>\n<p align=\"center\">04<\/p>\n<\/td>\n<td>\n<p align=\"left\"><a href=\"https:\/\/cofecon.org.br\/transparencia\/files\/atos_normativos\/Port\/2012\/Port-2012(4).pdf\" target=\"_blank\" rel=\"noopener\">Nomeia Jo\u00e3o Carlos de Aguiar Nascimento<\/a><\/p>\n<\/td>\n<\/tr>\n<tr>\n<td>\n<p align=\"center\">05<\/p>\n<\/td>\n<td>\n<p align=\"left\"><a href=\"https:\/\/cofecon.org.br\/transparencia\/files\/atos_normativos\/Port\/2012\/Port-2012(5).pdf\" target=\"_blank\" rel=\"noopener\">Exonera Sanderson Moreira Fernandes<\/a><\/p>\n<\/td>\n<\/tr>\n<tr>\n<td>\n<p align=\"center\">06<\/p>\n<\/td>\n<td>\n<p align=\"left\"><a href=\"https:\/\/cofecon.org.br\/transparencia\/files\/atos_normativos\/Port\/2012\/Port-2012(6).pdf\" target=\"_blank\" rel=\"noopener\">Designa Comiss\u00e3o de Licita\u00e7\u00e3o<\/a><\/p>\n<\/td>\n<\/tr>\n<tr>\n<td>\n<p align=\"center\">07<\/p>\n<\/td>\n<td>\n<p align=\"left\"><a href=\"https:\/\/cofecon.org.br\/transparencia\/files\/atos_normativos\/Port\/2012\/Port-2012(7).pdf\" target=\"_blank\" rel=\"noopener\">Designa Comiss\u00e3o de Tomada de Contas<\/a><\/p>\n<\/td>\n<\/tr>\n<tr>\n<td>\n<p align=\"center\">08<\/p>\n<\/td>\n<td>\n<p align=\"left\"><a href=\"https:\/\/cofecon.org.br\/transparencia\/files\/atos_normativos\/Port\/2012\/Port-2012(8).pdf\" target=\"_blank\" rel=\"noopener\">Designa Comiss\u00e3o de Trabalho<\/a><\/p>\n<\/td>\n<\/tr>\n<tr>\n<td>\n<p align=\"center\">09<\/p>\n<\/td>\n<td>\n<p align=\"left\"><a href=\"https:\/\/cofecon.org.br\/transparencia\/files\/atos_normativos\/Port\/2012\/Port-2012(9).pdf\" target=\"_blank\" rel=\"noopener\">Exonera Victor Marcello Gerardini<\/a><\/p>\n<\/td>\n<\/tr>\n<tr>\n<td>\n<p align=\"center\">10<\/p>\n<\/td>\n<td>\n<p align=\"left\"><a href=\"https:\/\/cofecon.org.br\/transparencia\/files\/atos_normativos\/Port\/2012\/Port-2012(10).pdf\" target=\"_blank\" rel=\"noopener\">Designa pregoeiros<\/a><\/p>\n<\/td>\n<\/tr>\n<tr>\n<td>\n<p align=\"center\">11<\/p>\n<\/td>\n<td>\n<p align=\"left\"><a href=\"https:\/\/cofecon.org.br\/transparencia\/files\/atos_normativos\/Port\/2012\/Port-2012(11).pdf\" target=\"_blank\" rel=\"noopener\">Nomeia fiscais de contratos<\/a><\/p>\n<\/td>\n<\/tr>\n<tr>\n<td>\n<p align=\"center\">12<\/p>\n<\/td>\n<td>\n<p align=\"left\"><a href=\"https:\/\/cofecon.org.br\/transparencia\/files\/atos_normativos\/Port\/2012\/Port-2012(12).pdf\" target=\"_blank\" rel=\"noopener\">Nomeia Danyel Willian Santos Te\u00f3filo<\/a><\/p>\n<\/td>\n<\/tr>\n<tr>\n<td>\n<p align=\"center\">13<\/p>\n<\/td>\n<td>\n<p align=\"left\"><a href=\"https:\/\/cofecon.org.br\/transparencia\/files\/atos_normativos\/Port\/2012\/Port-2012(13).pdf\" target=\"_blank\" rel=\"noopener\">Nomeia Susana Souza Oliveira<\/a><\/p>\n<\/td>\n<\/tr>\n<tr>\n<td>\n<p align=\"center\">14<\/p>\n<\/td>\n<td>\n<p align=\"left\"><a href=\"https:\/\/cofecon.org.br\/transparencia\/files\/atos_normativos\/Port\/2012\/Port-2012(14).pdf\" target=\"_blank\" rel=\"noopener\">Autoriza servidores a responderem pela tesouraria<\/a><\/p>\n<\/td>\n<\/tr>\n<tr>\n<td>\n<p align=\"center\">15<\/p>\n<\/td>\n<td>\n<p align=\"left\"><a href=\"https:\/\/cofecon.org.br\/transparencia\/files\/atos_normativos\/Port\/2012\/Port-2012(15).pdf\" target=\"_blank\" rel=\"noopener\">Nomeia os Conselheiros Federais como membros da Comiss\u00e3o Organizadora do XXIII SINCE.<\/a><\/p>\n<\/td>\n<\/tr>\n<tr>\n<td>\n<p align=\"center\">16<\/p>\n<\/td>\n<td>\n<p align=\"left\"><a href=\"https:\/\/cofecon.org.br\/transparencia\/files\/atos_normativos\/Port\/2012\/Port-2012(16).pdf\" target=\"_blank\" rel=\"noopener\">Concede afastamento a Conselheiro Federal<\/a><\/p>\n<\/td>\n<\/tr>\n<tr>\n<td>\n<p align=\"center\">17<\/p>\n<\/td>\n<td>\n<p align=\"left\"><a href=\"https:\/\/cofecon.org.br\/transparencia\/files\/atos_normativos\/Port\/2012\/Port-2012(17).pdf\" target=\"_blank\" rel=\"noopener\">Nomeia Conselheira para Coordenadora do XVIII PBE<\/a><\/p>\n<\/td>\n<\/tr>\n<tr>\n<td>\n<p align=\"center\">18<\/p>\n<\/td>\n<td>\n<p align=\"left\"><a href=\"https:\/\/cofecon.org.br\/transparencia\/files\/atos_normativos\/Port\/2012\/Port-2012(18).pdf\" target=\"_blank\" rel=\"noopener\">Designa Conselheiro para Presid\u00eancia interina do COFECON<\/a><\/p>\n<\/td>\n<\/tr>\n<tr>\n<td>\n<p align=\"center\">19<\/p>\n<\/td>\n<td>\n<p align=\"left\"><a href=\"https:\/\/cofecon.org.br\/transparencia\/files\/atos_normativos\/Port\/2012\/Port-2012(19).pdf\" target=\"_blank\" rel=\"noopener\">Atualiza\u00e7\u00e3o do valor das di\u00e1rias<\/a><\/p>\n<\/td>\n<\/tr>\n<tr>\n<td>\n<p align=\"center\">20<\/p>\n<\/td>\n<td>\n<p align=\"left\"><a href=\"https:\/\/cofecon.org.br\/transparencia\/files\/atos_normativos\/Port\/2012\/Port-2012(20).pdf\" target=\"_blank\" rel=\"noopener\">Grupo de Trabalho sobre irregularidades cont\u00e1beis<\/a><\/p>\n<\/td>\n<\/tr>\n<tr>\n<td>\n<p align=\"center\">21<\/p>\n<\/td>\n<td>\n<p align=\"left\"><a href=\"https:\/\/cofecon.org.br\/transparencia\/files\/atos_normativos\/Port\/2012\/Port-2012(21).pdf\" target=\"_blank\" rel=\"noopener\">Cria e designa Grupo de Trabalho &#8211; sede pr\u00f3pria<\/a><\/p>\n<\/td>\n<\/tr>\n<tr>\n<td>\n<p align=\"center\">22<\/p>\n<\/td>\n<td>\n<p align=\"left\"><a href=\"https:\/\/cofecon.org.br\/transparencia\/files\/atos_normativos\/Port\/2012\/Port-2012(22).pdf\" target=\"_blank\" rel=\"noopener\">Designa Cons. Federal Suplente Paulo Roberto Lucho como substituto do Cons. Federal Efetivo Eduardo Jos\u00e9 Monteiro da Costa<\/a><\/p>\n<\/td>\n<\/tr>\n<tr>\n<td>\n<p align=\"center\">23<\/p>\n<\/td>\n<td>\n<p align=\"left\"><a href=\"https:\/\/cofecon.org.br\/transparencia\/files\/atos_normativos\/Port\/2012\/Port-2012(23).pdf\" target=\"_blank\" rel=\"noopener\">Concede, a pedido, licen\u00e7a ao Economista Virg\u00edlio Pacheco de Ara\u00fajo Neto<\/a><\/p>\n<\/td>\n<\/tr>\n<tr>\n<td>\n<p align=\"center\">24<\/p>\n<\/td>\n<td>\n<p align=\"left\"><a href=\"https:\/\/cofecon.org.br\/transparencia\/files\/atos_normativos\/Port\/2012\/Port-2012(24).pdf\" target=\"_blank\" rel=\"noopener\">Nomeia funcion\u00e1rios para acompanhar e fiscalizar contratos administrativos<\/a><\/p>\n<\/td>\n<\/tr>\n<tr>\n<td>\n<p align=\"center\">25<\/p>\n<\/td>\n<td>\n<p align=\"left\"><a href=\"https:\/\/cofecon.org.br\/transparencia\/files\/atos_normativos\/Port\/2012\/Port-2012(25).pdf\" target=\"_blank\" rel=\"noopener\">Designa composi\u00e7\u00e3o da Comiss\u00e3o de Licita\u00e7\u00e3o do COFECON<\/a><\/p>\n<\/td>\n<\/tr>\n<tr>\n<td>\n<p align=\"center\">26<\/p>\n<\/td>\n<td>\n<p align=\"left\"><a href=\"https:\/\/cofecon.org.br\/transparencia\/files\/atos_normativos\/Port\/2012\/Port-2012(26).pdf\" target=\"_blank\" rel=\"noopener\">Revoga licen\u00e7a Cons. Virg\u00edlio Pacheco de Ara\u00fajo Neto<\/a><\/p>\n<\/td>\n<\/tr>\n<tr>\n<td>\n<p align=\"center\">27<\/p>\n<\/td>\n<td>\n<p align=\"left\"><a href=\"https:\/\/cofecon.org.br\/transparencia\/files\/atos_normativos\/Port\/2012\/Port-2012(27).pdf\" target=\"_blank\" rel=\"noopener\">Cria e designa a composi\u00e7\u00e3o do N\u00facleo de Acompanhamento e Implanta\u00e7\u00e3o do Planejamento Estrat\u00e9gico do COFECON<\/a><\/p>\n<\/td>\n<\/tr>\n<tr>\n<td>\n<p align=\"center\">28<\/p>\n<\/td>\n<td>\n<p align=\"left\"><a href=\"https:\/\/cofecon.org.br\/transparencia\/files\/atos_normativos\/Port\/2012\/Port-2012(28).pdf\" target=\"_blank\" rel=\"noopener\">Cria grupo de trabalho para alterar Procedimento de Registro Profissional<\/a><\/p>\n<\/td>\n<\/tr>\n<tr>\n<td>\n<p align=\"center\">29<\/p>\n<\/td>\n<td>\n<p align=\"left\"><a href=\"https:\/\/cofecon.org.br\/transparencia\/files\/atos_normativos\/Port\/2012\/Port-2012(29).pdf\" target=\"_blank\" rel=\"noopener\">Incluir membros no Grupo de Trabalho &#8211; sede pr\u00f3pria<\/a><\/p>\n<\/td>\n<\/tr>\n<tr>\n<td>\n<p align=\"center\">30<\/p>\n<\/td>\n<td>\n<p align=\"left\"><a href=\"https:\/\/cofecon.org.br\/transparencia\/files\/atos_normativos\/Port\/2012\/Port-2012(30).pdf\" target=\"_blank\" rel=\"noopener\">GT procedimentos de avalia\u00e7\u00e3o horizontal<\/a><\/p>\n<\/td>\n<\/tr>\n<tr>\n<td>\n<p align=\"center\">31<\/p>\n<\/td>\n<td>\n<p align=\"left\"><a href=\"https:\/\/cofecon.org.br\/transparencia\/files\/atos_normativos\/Port\/2012\/Port-2012(31).pdf\" target=\"_blank\" rel=\"noopener\">Cria e designa GT Padroniza\u00e7\u00e3o<\/a><\/p>\n<\/td>\n<\/tr>\n<tr>\n<td>\n<p align=\"center\">32<\/p>\n<\/td>\n<td>\n<p align=\"left\"><a href=\"https:\/\/cofecon.org.br\/transparencia\/files\/atos_normativos\/Port\/2012\/Port-2012(32).pdf\" target=\"_blank\" rel=\"noopener\">Designa Econ. Kanitar Aymor\u00e9 Saboia Cordeiro acompanhar processo eleitoral do CORECON-SC<\/a><\/p>\n<\/td>\n<\/tr>\n<tr>\n<td>\n<p align=\"center\">33<\/p>\n<\/td>\n<td>\n<p align=\"left\"><a href=\"https:\/\/cofecon.org.br\/transparencia\/files\/atos_normativos\/Port\/2012\/Port-2012(33).pdf\" target=\"_blank\" rel=\"noopener\">Designa Econ. Fab\u00edola Andr\u00e9a Leite de Paula acompanhar processo eleitoral do CORECON-PA<\/a><\/p>\n<\/td>\n<\/tr>\n<tr>\n<td>\n<p align=\"center\">34<\/p>\n<\/td>\n<td>\n<p align=\"left\"><a href=\"https:\/\/cofecon.org.br\/transparencia\/files\/atos_normativos\/Port\/2012\/Port-2012(34).pdf\" target=\"_blank\" rel=\"noopener\">Revoga licen\u00e7a Econ. Eduardo Jos\u00e9 Monteiro da Costa<\/a><\/p>\n<\/td>\n<\/tr>\n<tr>\n<td>\n<p align=\"center\">35<\/p>\n<\/td>\n<td>\n<p align=\"left\"><a href=\"https:\/\/cofecon.org.br\/transparencia\/files\/atos_normativos\/Port\/2012\/Port-2012(35).pdf\" target=\"_blank\" rel=\"noopener\">Concede licen\u00e7a ao Economista Paulo Salvatore Ponzini<\/a><\/p>\n<\/td>\n<\/tr>\n<tr>\n<td>\n<p align=\"center\">36<\/p>\n<\/td>\n<td>\n<p align=\"left\"><a href=\"https:\/\/cofecon.org.br\/transparencia\/files\/atos_normativos\/Port\/2012\/Port-2012(36).pdf\" target=\"_blank\" rel=\"noopener\">Determina composi\u00e7\u00e3o da Comiss\u00e3o Eleitoral do COFECON<\/a><\/p>\n<\/td>\n<\/tr>\n<tr>\n<td>\n<p align=\"center\">37<\/p>\n<\/td>\n<td>\n<p align=\"left\"><a href=\"https:\/\/cofecon.org.br\/transparencia\/files\/atos_normativos\/Port\/2012\/Port-2012(37).pdf\" target=\"_blank\" rel=\"noopener\">Designa o Economista Jin Whan Oh como representante do Conselho Federal de Economia<\/a><\/p>\n<\/td>\n<\/tr>\n<tr>\n<td>\n<p align=\"center\">37<\/p>\n<\/td>\n<td>\n<p align=\"left\"><a href=\"https:\/\/cofecon.org.br\/transparencia\/files\/atos_normativos\/Port\/2012\/Port-2012(38).pdf\" target=\"_blank\" rel=\"noopener\">Exonera Flavia Rodrigues Soares<\/a><\/p>\n<\/td>\n<\/tr>\n<\/tbody>\n<\/table>\n<\/div>\n","protected":false},"excerpt":{"rendered":"<p>Portarias N\u00ba: Assunto: 01 Designa Colaborador a pr\u00e1ticas de RH 02 Autoriza Colaborador a responder pela Tesouraria 03 Cria e Designa grupo de trabalho (fus\u00e3o do CORECON-RR ao CORECON-AM) 04 Nomeia Jo\u00e3o Carlos de Aguiar Nascimento 05 Exonera Sanderson Moreira Fernandes 06 Designa Comiss\u00e3o de Licita\u00e7\u00e3o 07 Designa Comiss\u00e3o de Tomada de Contas 08 Designa &hellip; <a href=\"https:\/\/cofecon.org.br\/transparencia\/?page_id=219\" class=\"more-link\">Continue reading <span class=\"screen-reader-text\">Portarias-2012<\/span><\/a><\/p>\n","protected":false},"author":11,"featured_media":0,"parent":9,"menu_order":0,"comment_status":"closed","ping_status":"closed","template":"","meta":{"footnotes":""},"class_list":["post-219","page","type-page","status-publish","hentry"],"_links":{"self":[{"href":"https:\/\/cofecon.org.br\/transparencia\/index.php?rest_route=\/wp\/v2\/pages\/219"}],"collection":[{"href":"https:\/\/cofecon.org.br\/transparencia\/index.php?rest_route=\/wp\/v2\/pages"}],"about":[{"href":"https:\/\/cofecon.org.br\/transparencia\/index.php?rest_route=\/wp\/v2\/types\/page"}],"author":[{"embeddable":true,"href":"https:\/\/cofecon.org.br\/transparencia\/index.php?rest_route=\/wp\/v2\/users\/11"}],"replies":[{"embeddable":true,"href":"https:\/\/cofecon.org.br\/transparencia\/index.php?rest_route=%2Fwp%2Fv2%2Fcomments&post=219"}],"version-history":[{"count":4,"href":"https:\/\/cofecon.org.br\/transparencia\/index.php?rest_route=\/wp\/v2\/pages\/219\/revisions"}],"predecessor-version":[{"id":10073,"href":"https:\/\/cofecon.org.br\/transparencia\/index.php?rest_route=\/wp\/v2\/pages\/219\/revisions\/10073"}],"up":[{"embeddable":true,"href":"https:\/\/cofecon.org.br\/transparencia\/index.php?rest_route=\/wp\/v2\/pages\/9"}],"wp:attachment":[{"href":"https:\/\/cofecon.org.br\/transparencia\/index.php?rest_route=%2Fwp%2Fv2%2Fmedia&parent=219"}],"curies":[{"name":"wp","href":"https:\/\/api.w.org\/{rel}","templated":true}]}}