{"id":215,"date":"2017-04-03T17:44:18","date_gmt":"2017-04-03T17:44:18","guid":{"rendered":"http:\/\/cofecon.org.br\/transparencia\/?page_id=215"},"modified":"2025-10-15T18:19:24","modified_gmt":"2025-10-15T18:19:24","slug":"portarias-2014","status":"publish","type":"page","link":"https:\/\/cofecon.org.br\/transparencia\/?page_id=215","title":{"rendered":"Portarias-2014"},"content":{"rendered":"<div align=\"center\">\n<table border=\"0\" align=\"center\">\n<tbody>\n<tr>\n<th scope=\"row\" align=\"center\" valign=\"middle\" width=\"134\">\n<p dir=\"ltr\" align=\"left\"><strong><span style=\"text-decoration: underline;\"><span style=\"font-size: 10pt;\">Portarias N\u00ba:<\/span><\/span><\/strong><\/p>\n<\/th>\n<th scope=\"row\" align=\"center\" valign=\"middle\" width=\"499\">\n<p align=\"center\"><strong><span style=\"text-decoration: underline;\"><span style=\"font-size: 10pt;\">Assunto:<\/span><\/span><\/strong><\/p>\n<\/th>\n<\/tr>\n<tr>\n<td>\n<p align=\"center\">01<\/p>\n<\/td>\n<td>\n<p align=\"left\"><a href=\"https:\/\/cofecon.org.br\/transparencia\/files\/atos_normativos\/Port\/2014\/Port-2014(1).pdf\" target=\"_blank\" rel=\"noopener\">Designa pregoeiros COFECON<\/a><\/p>\n<\/td>\n<\/tr>\n<tr>\n<td>\n<p align=\"center\">02<\/p>\n<\/td>\n<td>\n<p align=\"left\"><a href=\"https:\/\/cofecon.org.br\/transparencia\/files\/atos_normativos\/Port\/2014\/Port-2014(2).pdf\" target=\"_blank\" rel=\"noopener\">Designa Comiss\u00e3o de Licita\u00e7\u00e3o<\/a><\/p>\n<\/td>\n<\/tr>\n<tr>\n<td>\n<p align=\"center\">03<\/p>\n<\/td>\n<td>\n<p align=\"left\"><a href=\"https:\/\/cofecon.org.br\/transparencia\/files\/atos_normativos\/Port\/2014\/Port-2014(3).pdf\" target=\"_blank\" rel=\"noopener\">Designa CTC<\/a><\/p>\n<\/td>\n<\/tr>\n<tr>\n<td>\n<p align=\"center\">04<\/p>\n<\/td>\n<td>\n<p align=\"left\"><a href=\"https:\/\/cofecon.org.br\/transparencia\/files\/atos_normativos\/Port\/2014\/Port-2014(4).pdf\" target=\"_blank\" rel=\"noopener\">Designa Comiss\u00f5es Tem\u00e1ticas<\/a><\/p>\n<\/td>\n<\/tr>\n<tr>\n<td>\n<p align=\"center\">05<\/p>\n<\/td>\n<td>\n<p align=\"left\"><a href=\"https:\/\/cofecon.org.br\/transparencia\/files\/atos_normativos\/Port\/2014\/Port-2014(5).pdf\" target=\"_blank\" rel=\"noopener\">Designa representante COFECON junto ao COAF<\/a><\/p>\n<\/td>\n<\/tr>\n<tr>\n<td>\n<p align=\"center\">06<\/p>\n<\/td>\n<td>\n<p align=\"left\"><a href=\"https:\/\/cofecon.org.br\/transparencia\/files\/atos_normativos\/Port\/2014\/Port-2014(6).pdf\" target=\"_blank\" rel=\"noopener\">Determina composi\u00e7\u00e3o de Comiss\u00e3o de Desfazimento de Bens<\/a><\/p>\n<\/td>\n<\/tr>\n<tr>\n<td>\n<p align=\"center\">07<\/p>\n<\/td>\n<td>\n<p align=\"left\"><a href=\"https:\/\/cofecon.org.br\/transparencia\/files\/atos_normativos\/Port\/2014\/Port-2014(7).pdf\" target=\"_blank\" rel=\"noopener\">Custeia passagem a\u00e9rea<\/a><\/p>\n<\/td>\n<\/tr>\n<tr>\n<td>\n<p align=\"center\">08<\/p>\n<\/td>\n<td>\n<p align=\"left\"><a href=\"https:\/\/cofecon.org.br\/transparencia\/files\/atos_normativos\/Port\/2014\/Port-2014(8).pdf\" target=\"_blank\" rel=\"noopener\">Atualiza\u00e7\u00e3o de Di\u00e1rias<\/a><\/p>\n<\/td>\n<\/tr>\n<tr>\n<td>\n<p align=\"center\">09<\/p>\n<\/td>\n<td>\n<p align=\"left\"><a href=\"https:\/\/cofecon.org.br\/transparencia\/files\/atos_normativos\/Port\/2014\/Port-2014(9).pdf\" target=\"_blank\" rel=\"noopener\">Designa Equipe de Apoio &#8211; Interven\u00e7\u00e3o MT<\/a><\/p>\n<\/td>\n<\/tr>\n<tr>\n<td>\n<p align=\"center\">10<\/p>\n<\/td>\n<td>\n<p align=\"left\"><a href=\"https:\/\/cofecon.org.br\/transparencia\/files\/atos_normativos\/Port\/2014\/Port-2014(10).pdf\" target=\"_blank\" rel=\"noopener\">Custeia passagem a\u00e9rea<\/a><\/p>\n<\/td>\n<\/tr>\n<tr>\n<td>\n<p align=\"center\">11<\/p>\n<\/td>\n<td>\n<p align=\"left\"><a href=\"https:\/\/cofecon.org.br\/transparencia\/files\/atos_normativos\/Port\/2014\/Port-2014(11).pdf\" target=\"_blank\" rel=\"noopener\">Designa pregoeiro<\/a><\/p>\n<\/td>\n<\/tr>\n<tr>\n<td>\n<p align=\"center\">12<\/p>\n<\/td>\n<td>\n<p align=\"left\"><a href=\"https:\/\/cofecon.org.br\/transparencia\/files\/atos_normativos\/Port\/2014\/Port-2014(12).pdf\" target=\"_blank\" rel=\"noopener\">Exonera Carlos Roberto de Castro<\/a><\/p>\n<\/td>\n<\/tr>\n<tr>\n<td>\n<p align=\"center\">13<\/p>\n<\/td>\n<td>\n<p align=\"left\"><a href=\"https:\/\/cofecon.org.br\/transparencia\/files\/atos_normativos\/Port\/2014\/Port-2014(13).pdf\" target=\"_blank\" rel=\"noopener\">Designa Maria Aparecida Carneiro para o cargo de Assessor I<\/a><\/p>\n<\/td>\n<\/tr>\n<tr>\n<td>\n<p align=\"center\">14<\/p>\n<\/td>\n<td>\n<p align=\"left\"><a href=\"https:\/\/cofecon.org.br\/transparencia\/files\/atos_normativos\/Port\/2014\/Port-2014(14).pdf\" target=\"_blank\" rel=\"noopener\">Interven\u00e7\u00e3o Corecon-MT altera equipe<\/a><\/p>\n<\/td>\n<\/tr>\n<tr>\n<td>\n<p align=\"center\">15<\/p>\n<\/td>\n<td>\n<p align=\"left\"><a href=\"https:\/\/cofecon.org.br\/transparencia\/files\/atos_normativos\/Port\/2014\/Port-2014(15).pdf\" target=\"_blank\" rel=\"noopener\">Designa presidente em exerc\u00edcio<\/a><\/p>\n<\/td>\n<\/tr>\n<tr>\n<td>\n<p align=\"center\">16<\/p>\n<\/td>\n<td>\n<p align=\"left\"><a href=\"https:\/\/cofecon.org.br\/transparencia\/files\/atos_normativos\/Port\/2014\/Port-2014(16).pdf\" target=\"_blank\" rel=\"noopener\">Custeia passagens a\u00e9reas<\/a><\/p>\n<\/td>\n<\/tr>\n<tr>\n<td>\n<p align=\"center\">17<\/p>\n<\/td>\n<td>\n<p align=\"left\"><a href=\"https:\/\/cofecon.org.br\/transparencia\/files\/atos_normativos\/Port\/2014\/Port-2014(17).pdf\" target=\"_blank\" rel=\"noopener\">Nomeia Econ. Pedro Gomes da Silva<\/a><\/p>\n<\/td>\n<\/tr>\n<tr>\n<td>\n<p align=\"center\">18<\/p>\n<\/td>\n<td>\n<p align=\"left\"><a href=\"https:\/\/cofecon.org.br\/transparencia\/files\/atos_normativos\/Port\/2014\/Port-2014(18).pdf\" target=\"_blank\" rel=\"noopener\">Nomeia Jos\u00e9 Carlos de Godoy<\/a><\/p>\n<\/td>\n<\/tr>\n<tr>\n<td>\n<p align=\"center\">19<\/p>\n<\/td>\n<td>\n<p align=\"left\"><a href=\"https:\/\/cofecon.org.br\/transparencia\/files\/atos_normativos\/Port\/2014\/Port-2014(19).pdf\" target=\"_blank\" rel=\"noopener\">Nomeia fiscais de contratos<\/a><\/p>\n<\/td>\n<\/tr>\n<tr>\n<td>\n<p align=\"center\">20<\/p>\n<\/td>\n<td>\n<p align=\"left\"><a href=\"https:\/\/cofecon.org.br\/transparencia\/files\/atos_normativos\/Port\/2014\/Port-2014(20).pdf\" target=\"_blank\" rel=\"noopener\">Nomeia S\u00f3lon Dias da Silva<\/a><\/p>\n<\/td>\n<\/tr>\n<tr>\n<td>\n<p align=\"center\">21<\/p>\n<\/td>\n<td>\n<p align=\"left\"><a href=\"https:\/\/cofecon.org.br\/transparencia\/files\/atos_normativos\/Port\/2014\/Port-2014(21).pdf\" target=\"_blank\" rel=\"noopener\">Atualiza valor de Aux\u00edlio Financeiro<\/a><\/p>\n<\/td>\n<\/tr>\n<tr>\n<td>\n<p align=\"center\">22<\/p>\n<\/td>\n<td>\n<p align=\"left\"><a href=\"https:\/\/cofecon.org.br\/transparencia\/files\/atos_normativos\/Port\/2014\/Port-2014(22).pdf\" target=\"_blank\" rel=\"noopener\">Atividades contabilidade<\/a><\/p>\n<\/td>\n<\/tr>\n<tr>\n<td>\n<p align=\"center\">23<\/p>\n<\/td>\n<td>\n<p align=\"left\"><a href=\"https:\/\/cofecon.org.br\/transparencia\/files\/atos_normativos\/Port\/2014\/Port-2014(23).pdf\" target=\"_blank\" rel=\"noopener\">Regras de Conduta COFECON<\/a><\/p>\n<\/td>\n<\/tr>\n<tr>\n<td>\n<p align=\"center\">24<\/p>\n<\/td>\n<td>\n<p align=\"left\"><a href=\"https:\/\/cofecon.org.br\/transparencia\/files\/atos_normativos\/Port\/2014\/Port-2014(24).pdf\" target=\"_blank\" rel=\"noopener\">Nomea\u00e7\u00e3o Assistente de Servi\u00e7os Gerais<\/a><\/p>\n<\/td>\n<\/tr>\n<tr>\n<td>\n<p align=\"center\">25<\/p>\n<\/td>\n<td>\n<p align=\"left\"><a href=\"https:\/\/cofecon.org.br\/transparencia\/files\/atos_normativos\/Port\/2014\/Port-2014(25).pdf\" target=\"_blank\" rel=\"noopener\">Comiss\u00e3o de Organiza\u00e7\u00e3o<\/a><\/p>\n<\/td>\n<\/tr>\n<tr>\n<td>\n<p align=\"center\">26<\/p>\n<\/td>\n<td>\n<p align=\"left\"><a href=\"https:\/\/cofecon.org.br\/transparencia\/files\/atos_normativos\/Port\/2014\/Port-2014(26).pdf\" target=\"_blank\" rel=\"noopener\">Nomeia servidores para acompanhar e fiscalizar contratos administrativos<\/a><\/p>\n<\/td>\n<\/tr>\n<tr>\n<td>\n<p align=\"center\">27<\/p>\n<\/td>\n<td>\n<p align=\"left\"><a href=\"https:\/\/cofecon.org.br\/transparencia\/files\/atos_normativos\/Port\/2014\/Port-2014(27).pdf\" target=\"_blank\" rel=\"noopener\">Designa Conselheiro &#8211; Elei\u00e7\u00e3o Corecon-PA<\/a><\/p>\n<\/td>\n<\/tr>\n<tr>\n<td>\n<p align=\"center\">28<\/p>\n<\/td>\n<td>\n<p align=\"left\"><a href=\"https:\/\/cofecon.org.br\/transparencia\/files\/atos_normativos\/Port\/2014\/Port-2014(28).pdf\" target=\"_blank\" rel=\"noopener\">Determina composi\u00e7\u00e3o da Comiss\u00e3o Eleitoral do COFECON<\/a><\/p>\n<\/td>\n<\/tr>\n<tr>\n<td>\n<p align=\"center\">29<\/p>\n<\/td>\n<td>\n<p align=\"left\"><a href=\"https:\/\/cofecon.org.br\/transparencia\/files\/atos_normativos\/Port\/2014\/Port-2014(29).pdf\" target=\"_blank\" rel=\"noopener\">Exonera funcion\u00e1rio atividade licita\u00e7\u00e3o<\/a><\/p>\n<\/td>\n<\/tr>\n<tr>\n<td>\n<p align=\"center\">30<\/p>\n<\/td>\n<td>\n<p align=\"left\"><a href=\"https:\/\/cofecon.org.br\/transparencia\/files\/atos_normativos\/Port\/2014\/Port-2014(30).pdf\" target=\"_blank\" rel=\"noopener\">Nomeia funcion\u00e1rio atividade licita\u00e7\u00e3o<\/a><\/p>\n<\/td>\n<\/tr>\n<tr>\n<td>\n<p align=\"center\">31<\/p>\n<\/td>\n<td>\n<p align=\"left\"><a href=\"https:\/\/cofecon.org.br\/transparencia\/files\/atos_normativos\/Port\/2014\/Port-2014(31).pdf\" target=\"_blank\" rel=\"noopener\">Designa Pregoeiro Cofecon<\/a><\/p>\n<\/td>\n<\/tr>\n<tr>\n<td>\n<p align=\"center\">32<\/p>\n<\/td>\n<td>\n<p align=\"left\"><a href=\"https:\/\/cofecon.org.br\/transparencia\/files\/atos_normativos\/Port\/2014\/Port-2014(32).pdf\" target=\"_blank\" rel=\"noopener\">Nomeia fiscais de contratos<\/a><\/p>\n<\/td>\n<\/tr>\n<tr>\n<td>\n<p align=\"center\">33<\/p>\n<\/td>\n<td>\n<p align=\"left\"><a href=\"https:\/\/cofecon.org.br\/transparencia\/files\/atos_normativos\/Port\/2014\/Port-2014(33).pdf\" target=\"_blank\" rel=\"noopener\">Exonera Jo\u00e3o Carlos de Aguiar Nascimento<\/a><\/p>\n<\/td>\n<\/tr>\n<tr>\n<td>\n<p align=\"center\">34<\/p>\n<\/td>\n<td>\n<p align=\"left\"><a href=\"https:\/\/cofecon.org.br\/transparencia\/files\/atos_normativos\/Port\/2014\/Port-2014(34).pdf\" target=\"_blank\" rel=\"noopener\">Plano de Sa\u00fade<\/a><\/p>\n<\/td>\n<\/tr>\n<\/tbody>\n<\/table>\n<\/div>\n","protected":false},"excerpt":{"rendered":"<p>Portarias N\u00ba: Assunto: 01 Designa pregoeiros COFECON 02 Designa Comiss\u00e3o de Licita\u00e7\u00e3o 03 Designa CTC 04 Designa Comiss\u00f5es Tem\u00e1ticas 05 Designa representante COFECON junto ao COAF 06 Determina composi\u00e7\u00e3o de Comiss\u00e3o de Desfazimento de Bens 07 Custeia passagem a\u00e9rea 08 Atualiza\u00e7\u00e3o de Di\u00e1rias 09 Designa Equipe de Apoio &#8211; Interven\u00e7\u00e3o MT 10 Custeia passagem a\u00e9rea &hellip; <a href=\"https:\/\/cofecon.org.br\/transparencia\/?page_id=215\" class=\"more-link\">Continue reading <span class=\"screen-reader-text\">Portarias-2014<\/span><\/a><\/p>\n","protected":false},"author":11,"featured_media":0,"parent":9,"menu_order":0,"comment_status":"closed","ping_status":"closed","template":"","meta":{"footnotes":""},"class_list":["post-215","page","type-page","status-publish","hentry"],"_links":{"self":[{"href":"https:\/\/cofecon.org.br\/transparencia\/index.php?rest_route=\/wp\/v2\/pages\/215"}],"collection":[{"href":"https:\/\/cofecon.org.br\/transparencia\/index.php?rest_route=\/wp\/v2\/pages"}],"about":[{"href":"https:\/\/cofecon.org.br\/transparencia\/index.php?rest_route=\/wp\/v2\/types\/page"}],"author":[{"embeddable":true,"href":"https:\/\/cofecon.org.br\/transparencia\/index.php?rest_route=\/wp\/v2\/users\/11"}],"replies":[{"embeddable":true,"href":"https:\/\/cofecon.org.br\/transparencia\/index.php?rest_route=%2Fwp%2Fv2%2Fcomments&post=215"}],"version-history":[{"count":4,"href":"https:\/\/cofecon.org.br\/transparencia\/index.php?rest_route=\/wp\/v2\/pages\/215\/revisions"}],"predecessor-version":[{"id":10059,"href":"https:\/\/cofecon.org.br\/transparencia\/index.php?rest_route=\/wp\/v2\/pages\/215\/revisions\/10059"}],"up":[{"embeddable":true,"href":"https:\/\/cofecon.org.br\/transparencia\/index.php?rest_route=\/wp\/v2\/pages\/9"}],"wp:attachment":[{"href":"https:\/\/cofecon.org.br\/transparencia\/index.php?rest_route=%2Fwp%2Fv2%2Fmedia&parent=215"}],"curies":[{"name":"wp","href":"https:\/\/api.w.org\/{rel}","templated":true}]}}