{"id":1577,"date":"2020-01-17T18:44:36","date_gmt":"2020-01-17T18:44:36","guid":{"rendered":"https:\/\/cofecon.org.br\/transparencia\/?page_id=1577"},"modified":"2025-10-15T17:44:13","modified_gmt":"2025-10-15T17:44:13","slug":"resolucoes-2020","status":"publish","type":"page","link":"https:\/\/cofecon.org.br\/transparencia\/?page_id=1577","title":{"rendered":"Resolu\u00e7\u00f5es-2020"},"content":{"rendered":"\t\t<div data-elementor-type=\"wp-page\" data-elementor-id=\"1577\" class=\"elementor elementor-1577\">\n\t\t\t\t\t\t<section class=\"elementor-section elementor-top-section elementor-element elementor-element-5943d683 elementor-section-boxed elementor-section-height-default elementor-section-height-default\" data-id=\"5943d683\" data-element_type=\"section\">\n\t\t\t\t\t\t<div class=\"elementor-container elementor-column-gap-default\">\n\t\t\t\t\t<div class=\"elementor-column elementor-col-100 elementor-top-column elementor-element elementor-element-516d16f2\" data-id=\"516d16f2\" data-element_type=\"column\">\n\t\t\t<div class=\"elementor-widget-wrap elementor-element-populated\">\n\t\t\t\t\t\t<div class=\"elementor-element elementor-element-4eef30f5 elementor-widget elementor-widget-text-editor\" data-id=\"4eef30f5\" data-element_type=\"widget\" data-widget_type=\"text-editor.default\">\n\t\t\t\t<div class=\"elementor-widget-container\">\n\t\t\t\t\t\t\t\t\t<div id=\"articlepxfontsize1\">\n<table border=\"0\" align=\"center\">\n<tbody>\n<tr>\n<th scope=\"row\" align=\"center\" valign=\"middle\" width=\"134\">\n<p dir=\"ltr\" align=\"left\"><strong><span style=\"text-decoration: underline;\"><span style=\"font-size: 10pt;\">Resolu\u00e7\u00f5es N\u00ba:<\/span><\/span><\/strong><\/p>\n<\/th>\n<th scope=\"row\" align=\"center\" valign=\"middle\" width=\"499\">\n<p align=\"center\"><strong><span style=\"text-decoration: underline;\"><span style=\"font-size: 10pt;\">Assunto:<\/span><\/span><\/strong><\/p>\n<\/th>\n<\/tr>\n<tr>\n<td>\n<p align=\"center\">2.028<\/p>\n<\/td>\n<td>\n<p align=\"left\"><a href=\"https:\/\/cofecon.org.br\/transparencia\/files\/atos_normativos\/Res\/2020\/Res2020-2028.pdf\" target=\"_blank\" rel=\"noopener noreferrer\">Regulamento da X Gincana Nacional de Economia<\/a><\/p>\n<\/td>\n<\/tr>\n<tr>\n<td>\n<p align=\"center\">2.029<\/p>\n<\/td>\n<td>\n<p align=\"left\"><a href=\"https:\/\/cofecon.org.br\/transparencia\/files\/atos_normativos\/Res\/2020\/Res2020-2029.pdf\" target=\"_blank\" rel=\"noopener noreferrer\">Regulamento do XXVI Pr\u00eamio Brasil de Economia<\/a><\/p>\n<\/td>\n<\/tr>\n<tr>\n<td>\n<p align=\"center\">2.030<\/p>\n<\/td>\n<td>\n<p align=\"left\"><a href=\"https:\/\/cofecon.org.br\/transparencia\/files\/atos_normativos\/Res\/2020\/Res2020-2030.pdf\" target=\"_blank\" rel=\"noopener noreferrer\">Regulamento do V Desafio Quero Ser Economista<\/a><\/p>\n<\/td>\n<\/tr>\n<tr>\n<td>\n<p align=\"center\">2.031<\/p>\n<\/td>\n<td>\n<p align=\"left\"><a href=\"https:\/\/cofecon.org.br\/transparencia\/files\/atos_normativos\/Res\/2020\/Res2020-2031.pdf\" target=\"_blank\" rel=\"noopener noreferrer\">Ano Celso Furtado<\/a><\/p>\n<\/td>\n<\/tr>\n<tr>\n<td>\n<p align=\"center\">2.032<\/p>\n<\/td>\n<td>\n<p align=\"left\"><a href=\"https:\/\/cofecon.org.br\/transparencia\/files\/atos_normativos\/Res\/2020\/Res2020-2032.pdf\" target=\"_blank\" rel=\"noopener noreferrer\">Comiss\u00e3o de Licita\u00e7\u00f5es<\/a><\/p>\n<\/td>\n<\/tr>\n<tr>\n<td>\n<p align=\"center\">2.033<\/p>\n<\/td>\n<td>\n<p align=\"left\"><a href=\"https:\/\/cofecon.org.br\/transparencia\/files\/atos_normativos\/Res\/2020\/Res2020-2033.pdf\" target=\"_blank\" rel=\"noopener noreferrer\">Comiss\u00e3o de Tomada de Contas<\/a><\/p>\n<\/td>\n<\/tr>\n<tr>\n<td>\n<p align=\"center\">2.034<\/p>\n<\/td>\n<td>\n<p align=\"left\"><a href=\"https:\/\/cofecon.org.br\/transparencia\/files\/atos_normativos\/Res\/2020\/Res2020-2034.pdf\" target=\"_blank\" rel=\"noopener noreferrer\">VIII Programa Nacional de Recupera\u00e7\u00e3o de Cr\u00e9ditos &#8211; Recred<\/a><\/p>\n<\/td>\n<\/tr>\n<tr>\n<td>\n<p align=\"center\">2.035<\/p>\n<\/td>\n<td>\n<p align=\"left\"><a href=\"https:\/\/cofecon.org.br\/transparencia\/files\/atos_normativos\/Res\/2020\/Res2020-2035.pdf\" target=\"_blank\" rel=\"noopener noreferrer\">Regulamenta\u00e7\u00e3o de Despesas &#8211; TCU<\/a><\/p>\n<\/td>\n<\/tr>\n<tr>\n<td>\n<p align=\"center\">2.036<\/p>\n<\/td>\n<td>\n<p align=\"left\"><a href=\"https:\/\/cofecon.org.br\/transparencia\/files\/atos_normativos\/Res\/2020\/Res2020-2036.pdf\" target=\"_blank\" rel=\"noopener noreferrer\">Apoio Institucional &#8211; ANGE<\/a><\/p>\n<\/td>\n<\/tr>\n<tr>\n<td>\n<p align=\"center\">2.037<\/p>\n<\/td>\n<td>\n<p align=\"left\"><a href=\"https:\/\/cofecon.org.br\/transparencia\/files\/atos_normativos\/Res\/2020\/Res2020-2037.pdf\" target=\"_blank\" rel=\"noopener noreferrer\">Mulher Economista do Ano<\/a><\/p>\n<\/td>\n<\/tr>\n<tr>\n<td>\n<p align=\"center\">2.038<\/p>\n<\/td>\n<td>\n<p align=\"left\"><a href=\"https:\/\/cofecon.org.br\/transparencia\/files\/atos_normativos\/Res\/2020\/Res2020-2038.pdf\" target=\"_blank\" rel=\"noopener noreferrer\">Mulher Transformadora do Ano<\/a><\/p>\n<\/td>\n<\/tr>\n<tr>\n<td>\n<p align=\"center\">2.039<\/p>\n<\/td>\n<td>\n<p align=\"left\"><a href=\"https:\/\/cofecon.org.br\/transparencia\/files\/atos_normativos\/Res\/2020\/Res2020-2039.pdf\" target=\"_blank\" rel=\"noopener noreferrer\">Estabelece medidas tempor\u00e1rias de preven\u00e7\u00e3o ao cont\u00e1gio pelo novo Coronav\u00edrus (COVID-19) &#8211; <span style=\"color: #ff0000;\">Resolu\u00e7\u00e3o Revogada<\/span><\/a><\/p>\n<\/td>\n<\/tr>\n<tr>\n<td>\n<p align=\"center\">2.040<\/p>\n<\/td>\n<td>\n<p align=\"left\"><a href=\"https:\/\/cofecon.org.br\/transparencia\/files\/atos_normativos\/Res\/2020\/Res2020-2040.pdf\" target=\"_blank\" rel=\"noopener noreferrer\">Altera a Resolu\u00e7\u00e3o n\u00ba 2.039, de 13 de mar\u00e7o de 2020 &#8211; Medidas tempor\u00e1rias de preven\u00e7\u00e3o<\/a><\/p>\n<\/td>\n<\/tr>\n<tr>\n<td>\n<p align=\"center\">2.041<\/p>\n<\/td>\n<td>\n<p align=\"left\"><a href=\"https:\/\/cofecon.org.br\/transparencia\/files\/atos_normativos\/Res\/2020\/Res2020-2041.pdf\" target=\"_blank\" rel=\"noopener noreferrer\">Disp\u00f5e sobre a n\u00e3o incid\u00eancia de juros, multa, corre\u00e7\u00e3o monet\u00e1ria e demais encargos sobre d\u00e9bitos<\/a><\/p>\n<\/td>\n<\/tr>\n<tr>\n<td>\n<p align=\"center\">2.042<\/p>\n<\/td>\n<td>\n<p align=\"left\"><a href=\"https:\/\/cofecon.org.br\/transparencia\/files\/atos_normativos\/Res\/2020\/Res2020-2042.pdf\" target=\"_blank\" rel=\"noopener noreferrer\">Autoriza a realiza\u00e7\u00e3o de Sess\u00f5es Plen\u00e1rias virtuais, por videoconfer\u00eancia, no \u00e2mbito do Sistema Cofecon\/Corecon, durante o estado de emerg\u00eancia de sa\u00fade p\u00fablica decorrente da Covid-19, e define os procedimentos a serem observados. (Alterada pela Resolu\u00e7\u00e3o n\u00ba 2.058, de 1\u00ba de dezembro de 2020)<\/a><\/p>\n<\/td>\n<\/tr>\n<tr>\n<td>\n<p align=\"center\">2.043<\/p>\n<\/td>\n<td>\n<p align=\"left\"><a href=\"https:\/\/cofecon.org.br\/transparencia\/files\/atos_normativos\/Res\/2020\/Res2020-2043.pdf\" target=\"_blank\" rel=\"noopener noreferrer\">Institui medidas excepcionais para o enfrentamento do estado de calamidade p\u00fablica decorrente da Covid-19<\/a><\/p>\n<\/td>\n<\/tr>\n<tr>\n<td>\n<p align=\"center\">2.044<\/p>\n<\/td>\n<td>\n<p align=\"left\"><a href=\"https:\/\/cofecon.org.br\/transparencia\/files\/atos_normativos\/Res\/2020\/Res2020-2044.pdf\" target=\"_blank\" rel=\"noopener noreferrer\">Inclui dispositivo \u00e0 Resolu\u00e7\u00e3o n\u00ba 2.043\/2020 &#8211; Medidas excepcionais para o enfrentamento do estado de calamidade p\u00fablica decorrente da Covid-19<\/a><\/p>\n<\/td>\n<\/tr>\n<tr>\n<td>\n<p align=\"center\">2.045<\/p>\n<\/td>\n<td>\n<p align=\"left\"><a href=\"https:\/\/cofecon.org.br\/transparencia\/files\/atos_normativos\/Res\/2020\/Res2020-2045.pdf\" target=\"_blank\" rel=\"noopener noreferrer\">Altera dispositivos do Anexo da Resolu\u00e7\u00e3o n\u00ba2.027\/2019 que disp\u00f5e sobre o Concurso de Resenhas <\/a><\/p>\n<\/td>\n<\/tr>\n<tr>\n<td>\n<p align=\"center\">2.046<\/p>\n<\/td>\n<td>\n<p align=\"left\"><a href=\"https:\/\/cofecon.org.br\/transparencia\/files\/atos_normativos\/Res\/2020\/Res2020-2046.pdf\" target=\"_blank\" rel=\"noopener noreferrer\">Aprova calend\u00e1rio eleitoral do Sistema Cofecon\/Corecos 2020<\/a><\/p>\n<\/td>\n<\/tr>\n<tr>\n<td>\n<p align=\"center\">2.047<\/p>\n<\/td>\n<td>\n<p align=\"left\"><a href=\"https:\/\/cofecon.org.br\/transparencia\/files\/atos_normativos\/Res\/2020\/Res2020-2047.pdf\" target=\"_blank\" rel=\"noopener noreferrer\">Inclui dispositivo \u00e0 Resolu\u00e7\u00e3o n\u00ba 2.043<\/a><\/p>\n<\/td>\n<\/tr>\n<tr>\n<td>\n<p align=\"center\">2.048<\/p>\n<\/td>\n<td>\n<p align=\"left\"><a href=\"https:\/\/cofecon.org.br\/transparencia\/files\/atos_normativos\/Res\/2020\/Res2020-2048.pdf\" target=\"_blank\" rel=\"noopener noreferrer\">Altera Resolu\u00e7\u00e3o 2.027\/2019 &#8211; Concurso de resenha<\/a><\/p>\n<\/td>\n<\/tr>\n<tr>\n<td>\n<p align=\"center\">2.049<\/p>\n<\/td>\n<td>\n<p align=\"left\"><a href=\"https:\/\/cofecon.org.br\/transparencia\/files\/atos_normativos\/Res\/2020\/Res2020-2049.pdf\" target=\"_blank\" rel=\"noopener noreferrer\">Prorroga para o dia 31 de julho de 2020 o prazo de n\u00e3o incid\u00eancia de encargos morat\u00f3rios sobre os d\u00e9bitos<\/a><\/p>\n<\/td>\n<\/tr>\n<tr>\n<td>\n<p align=\"center\">2.050<\/p>\n<\/td>\n<td>\n<p align=\"left\"><a href=\"https:\/\/cofecon.org.br\/transparencia\/files\/atos_normativos\/Res\/2020\/Res2020-2050.pdf\" target=\"_blank\" rel=\"noopener noreferrer\">Altera a Resolu\u00e7\u00e3o n\u00ba 2.041, de 26 de mar\u00e7o de 2020<\/a><\/p>\n<\/td>\n<\/tr>\n<tr>\n<td>\n<p align=\"center\">2.051<\/p>\n<\/td>\n<td>\n<p align=\"left\"><a href=\"https:\/\/cofecon.org.br\/transparencia\/files\/atos_normativos\/Res\/2020\/Res2020-2051.pdf\" target=\"_blank\" rel=\"noopener noreferrer\">Institui procedimentos excepcionais para o pleito eleitoral de 2020<\/a><\/p>\n<\/td>\n<\/tr>\n<tr>\n<td>\n<p align=\"center\">2.052<\/p>\n<\/td>\n<td>\n<p align=\"left\"><a href=\"https:\/\/cofecon.org.br\/transparencia\/files\/atos_normativos\/Res\/2020\/Res2020-2052.pdf\" target=\"_blank\" rel=\"noopener noreferrer\">Prorroga prazo de isen\u00e7\u00e3o de encargos at\u00e9 agosto de 2020<\/a><\/p>\n<\/td>\n<\/tr>\n<tr>\n<td>\n<p align=\"center\">2.053<\/p>\n<\/td>\n<td>\n<p align=\"left\"><a href=\"https:\/\/cofecon.org.br\/transparencia\/files\/atos_normativos\/Res\/2020\/Res2020-2053.pdf\" target=\"_blank\" rel=\"noopener noreferrer\">Ad Referendum &#8211; Altera dispositivos do Anexo da Resolu\u00e7\u00e3o n\u00ba 2.029\/2020<\/a><\/p>\n<\/td>\n<\/tr>\n<tr>\n<td>\n<p align=\"center\">2.054<\/p>\n<\/td>\n<td>\n<p align=\"left\"><a href=\"https:\/\/cofecon.org.br\/transparencia\/files\/atos_normativos\/Res\/2020\/Res2020-2054.pdf\" target=\"_blank\" rel=\"noopener noreferrer\">Altera dispositivo da Resolu\u00e7\u00e3o n\u00ba 2.043, de 23 de abril de 2020<\/a><\/p>\n<\/td>\n<\/tr>\n<tr>\n<td>\n<p align=\"center\">2.055<\/p>\n<\/td>\n<td>\n<p align=\"left\"><a href=\"https:\/\/cofecon.org.br\/transparencia\/files\/atos_normativos\/Res\/2020\/Res2020-2055.pdf\" target=\"_blank\" rel=\"noopener noreferrer\">Fixa os valores das anuidades, bem como dos emolumentos e multas devidos pelas pessoas f\u00edsicas e jur\u00eddicas aos Conselhos de Economia, para o exerc\u00edcio de 2021 e d\u00e1 outras provid\u00eancias<\/a><\/p>\n<\/td>\n<\/tr>\n<tr>\n<td>\n<p align=\"center\">2.056<\/p>\n<\/td>\n<td>\n<p align=\"left\"><a href=\"https:\/\/cofecon.org.br\/transparencia\/files\/atos_normativos\/Res\/2020\/Res2020-2056.pdf\" target=\"_blank\" rel=\"noopener noreferrer\">Altera e acrescenta dispositivos ao regramento relativo ao procedimento eleitoral no \u00e2mbito do Sistema Cofecon\/Corecons, aprovado pela Resolu\u00e7\u00e3o n\u00ba 1.981, de 23 de outubro de 2017<\/a><\/p>\n<\/td>\n<\/tr>\n<tr>\n<td>\n<p align=\"center\">2.057<\/p>\n<\/td>\n<td>\n<p align=\"left\"><a href=\"https:\/\/cofecon.org.br\/transparencia\/files\/atos_normativos\/Res\/2020\/Res2020-2057.pdf\" target=\"_blank\" rel=\"noopener noreferrer\">Acrescenta dispositivos \u00e0 Resolu\u00e7\u00e3o n\u00ba 2.051, de 3 de\nagosto de 2020, que institui procedimentos excepcionais para o pleito eleitoral de 2020<\/a><\/p>\n<\/td>\n<\/tr>\n<tr>\n<td>\n<p align=\"center\">2.058<\/p>\n<\/td>\n<td>\n<p align=\"left\"><a href=\"https:\/\/cofecon.org.br\/transparencia\/files\/atos_normativos\/Res\/2020\/Res2020-2058.pdf\" target=\"_blank\" rel=\"noopener noreferrer\">Altera dispositivo da Resolu\u00e7\u00e3o n\u00ba 2.043, de 23 de abril de 2020<\/a><\/p>\n<\/td>\n<\/tr>\n<tr>\n<td>\n<p align=\"center\">2.059<\/p>\n<\/td>\n<td>\n<p align=\"left\"><a href=\"https:\/\/cofecon.org.br\/transparencia\/files\/atos_normativos\/Res\/2020\/Res2020-2059.pdf\" target=\"_blank\" rel=\"noopener noreferrer\">Altera dispositivo da Resolu\u00e7\u00e3o n\u00ba 2.051, de 3 de agosto de 2020<\/a><\/p>\n<\/td>\n<\/tr>\n<\/tbody>\n<\/table>\n<\/div>\t\t\t\t\t\t\t\t<\/div>\n\t\t\t\t<\/div>\n\t\t\t\t\t<\/div>\n\t\t<\/div>\n\t\t\t\t\t<\/div>\n\t\t<\/section>\n\t\t\t\t<\/div>\n\t\t","protected":false},"excerpt":{"rendered":"<p>Resolu\u00e7\u00f5es N\u00ba: Assunto: 2.028 Regulamento da X Gincana Nacional de Economia 2.029 Regulamento do XXVI Pr\u00eamio Brasil de Economia 2.030 Regulamento do V Desafio Quero Ser Economista 2.031 Ano Celso Furtado 2.032 Comiss\u00e3o de Licita\u00e7\u00f5es 2.033 Comiss\u00e3o de Tomada de Contas 2.034 VIII Programa Nacional de Recupera\u00e7\u00e3o de Cr\u00e9ditos &#8211; Recred 2.035 Regulamenta\u00e7\u00e3o de Despesas &hellip; <a href=\"https:\/\/cofecon.org.br\/transparencia\/?page_id=1577\" class=\"more-link\">Continue reading <span class=\"screen-reader-text\">Resolu\u00e7\u00f5es-2020<\/span><\/a><\/p>\n","protected":false},"author":11,"featured_media":0,"parent":9,"menu_order":0,"comment_status":"closed","ping_status":"closed","template":"","meta":{"footnotes":""},"class_list":["post-1577","page","type-page","status-publish","hentry"],"_links":{"self":[{"href":"https:\/\/cofecon.org.br\/transparencia\/index.php?rest_route=\/wp\/v2\/pages\/1577"}],"collection":[{"href":"https:\/\/cofecon.org.br\/transparencia\/index.php?rest_route=\/wp\/v2\/pages"}],"about":[{"href":"https:\/\/cofecon.org.br\/transparencia\/index.php?rest_route=\/wp\/v2\/types\/page"}],"author":[{"embeddable":true,"href":"https:\/\/cofecon.org.br\/transparencia\/index.php?rest_route=\/wp\/v2\/users\/11"}],"replies":[{"embeddable":true,"href":"https:\/\/cofecon.org.br\/transparencia\/index.php?rest_route=%2Fwp%2Fv2%2Fcomments&post=1577"}],"version-history":[{"count":40,"href":"https:\/\/cofecon.org.br\/transparencia\/index.php?rest_route=\/wp\/v2\/pages\/1577\/revisions"}],"predecessor-version":[{"id":10013,"href":"https:\/\/cofecon.org.br\/transparencia\/index.php?rest_route=\/wp\/v2\/pages\/1577\/revisions\/10013"}],"up":[{"embeddable":true,"href":"https:\/\/cofecon.org.br\/transparencia\/index.php?rest_route=\/wp\/v2\/pages\/9"}],"wp:attachment":[{"href":"https:\/\/cofecon.org.br\/transparencia\/index.php?rest_route=%2Fwp%2Fv2%2Fmedia&parent=1577"}],"curies":[{"name":"wp","href":"https:\/\/api.w.org\/{rel}","templated":true}]}}