{"id":10367,"date":"2026-01-09T12:28:23","date_gmt":"2026-01-09T12:28:23","guid":{"rendered":"https:\/\/cofecon.org.br\/transparencia\/?page_id=10367"},"modified":"2026-04-27T16:19:23","modified_gmt":"2026-04-27T16:19:23","slug":"portarias-2026","status":"publish","type":"page","link":"https:\/\/cofecon.org.br\/transparencia\/?page_id=10367","title":{"rendered":"Portarias 2026"},"content":{"rendered":"\t\t<div data-elementor-type=\"wp-page\" data-elementor-id=\"10367\" class=\"elementor elementor-10367\">\n\t\t\t\t\t\t<section class=\"elementor-section elementor-top-section elementor-element elementor-element-ea26e28 elementor-section-boxed elementor-section-height-default elementor-section-height-default\" data-id=\"ea26e28\" data-element_type=\"section\">\n\t\t\t\t\t\t<div class=\"elementor-container elementor-column-gap-default\">\n\t\t\t\t\t<div class=\"elementor-column elementor-col-100 elementor-top-column elementor-element elementor-element-6be892c\" data-id=\"6be892c\" data-element_type=\"column\">\n\t\t\t<div class=\"elementor-widget-wrap elementor-element-populated\">\n\t\t\t\t\t\t<div class=\"elementor-element elementor-element-ff55ac0 elementor-widget__width-initial elementor-widget elementor-widget-text-editor\" data-id=\"ff55ac0\" data-element_type=\"widget\" data-widget_type=\"text-editor.default\">\n\t\t\t\t<div class=\"elementor-widget-container\">\n\t\t\t\t\t\t\t\t\t<table border=\"0\" align=\"center\">\n<tbody>\n<tr>\n<th scope=\"row\" align=\"center\" valign=\"middle\" width=\"134\">\n<p dir=\"ltr\" align=\"left\"><strong><span style=\"text-decoration: underline;\"><span style=\"font-size: 10pt;\">Portaria N\u00ba:<\/span><\/span><\/strong><\/p>\n<\/th>\n<th scope=\"row\" align=\"center\" valign=\"middle\" width=\"499\">\n<p align=\"center\"><strong><span style=\"text-decoration: underline;\"><span style=\"font-size: 10pt;\">Assunto:<\/span><\/span><\/strong><\/p>\n<\/th>\n<\/tr>\n<tr>\n<td>\n<p align=\"center\">01<\/p>\n<\/td>\n<td>\n<p align=\"left\"><a href=\"http:\/\/cofecon.org.br\/transparencia\/wp-content\/uploads\/2026\/01\/Portaria-01-05.01.2026-Autoriza-colaboradores-tesouraria-Cofecon.pdf\"> Autoriza colaboradores a responderem pela\nTesouraria do Cofecon.<\/a><\/p>\n&nbsp;<\/td>\n<\/tr>\n<tr>\n<td>\n<p align=\"center\">02<\/p>\n<\/td>\n<td>\n<p align=\"left\"><a href=\"http:\/\/cofecon.org.br\/transparencia\/wp-content\/uploads\/2026\/01\/Portaria-02-05.01.2026-Autoriza-colaboradores-suprimento-Cofecon.pdf\">Autoriza Aline Tales Ferreira, Jane Lopes da Silva\ne Ana Claudia Ramos Pinto a receberem e\nutilizarem o suprimento de fundos via cart\u00e3o de\npagamento do Conselho Federal de Economia.\n<\/a><\/p>\n<\/td>\n<\/tr>\n<tr>\n<td>\n<p align=\"center\">03<\/p>\n<\/td>\n<td>\n<p align=\"left\"><a href=\"http:\/\/cofecon.org.br\/transparencia\/wp-content\/uploads\/2026\/01\/Portaria-03-05.01.2026-Designa-Agente-de-Contratacao-Cofecon.pdf\">Designa Agentes de Contrata\u00e7\u00e3o, Equipe de apoio,\nPregoeiros Oficiais e respons\u00e1veis pela condu\u00e7\u00e3o de\nprocedimentos de Dispensa Eletr\u00f4nica por meio do\nPortal de Compras do Governo Federal.<\/a><\/p>\n<\/td>\n<\/tr>\n<tr>\n<td>\n<p align=\"center\">04<\/p>\n<\/td>\n<td>\n<p align=\"left\"><a href=\"http:\/\/cofecon.org.br\/transparencia\/wp-content\/uploads\/2026\/01\/Portaria-04-05.01.2026-Substituicao-Aline-Tales-Ferreira.pdf\">Nomeia Ana Claudia Ramos Pinto para exercer,\ncumulativamente, e em substitui\u00e7\u00e3o tempor\u00e1ria, o\ncargo em comiss\u00e3o de Superintendente do Cofecon.<\/a><\/p>\n<\/td>\n<\/tr>\n<tr>\n<td>\n<p align=\"center\">05<\/p>\n<\/td>\n<td>\n<p align=\"left\"><a href=\"http:\/\/cofecon.org.br\/transparencia\/wp-content\/uploads\/2026\/02\/Portaria-05-19.01.2026-Processo-Sigiloso-141100.000015-2026-19.pdf\">Processo Sigiloso.<\/a><\/p>\n<\/td>\n<\/tr>\n<tr>\n<td>\n<p align=\"center\">06<\/p>\n<\/td>\n<td>\n<p align=\"left\"><a href=\"http:\/\/cofecon.org.br\/transparencia\/wp-content\/uploads\/2026\/02\/Portaria-06-09.02.2026-Comissoes-Tematicas-e-Grupos-de-Trabalho.pdf\">Designa as coordena\u00e7\u00f5es das Comiss\u00f5es Tem\u00e1ticas e\ndos Grupos de Trabalho do Cofecon &#8211; 2026.<\/a><\/p>\n<\/td>\n<\/tr>\n<tr>\n<td>\n<p align=\"center\">07<\/p>\n<\/td>\n<td>\n<p align=\"left\"><a href=\"http:\/\/cofecon.org.br\/transparencia\/wp-content\/uploads\/2026\/04\/Portaria-07-20.03.2026-Processo-Sigiloso-141100.000015.2026-19.pdf\">Processo Sigiloso.<\/a><\/p>\n<\/td>\n<\/tr>\n<tr>\n<td>\n<p align=\"center\">08<\/p>\n<\/td>\n<td>\n<p align=\"left\"><a href=\"http:\/\/cofecon.org.br\/transparencia\/wp-content\/uploads\/2026\/04\/Portaria-08-13.04.2026-Substituicao-Renata-Reis-Almeida.pdf\">Nomeia Raquel Passos da Silva Ara\u00fajo para exercer,\ncumulativamente, e em substitui\u00e7\u00e3o tempor\u00e1ria, o\ncargo\nem\ncomiss\u00e3o\nde Coordenadora de\nComunica\u00e7\u00e3o e Eventos do Cofecon. <\/a><\/p>\n<\/td>\n<\/tr>\n<tr>\n<td>\n<p align=\"center\">09<\/p>\n<\/td>\n<td>\n<p align=\"left\"><a href=\"http:\/\/cofecon.org.br\/transparencia\/wp-content\/uploads\/2026\/04\/Portaria-09-17.04.2026-Processo-Sigiloso-141100.000225.2025-26.pdf\">Processo Sigiloso.<\/a><\/p>\n<\/td>\n<\/tr>\n<tr>\n<td>\n<p align=\"center\">10<\/p>\n<\/td>\n<td>\n<p align=\"left\"><a href=\"http:\/\/cofecon.org.br\/transparencia\/wp-content\/uploads\/2026\/04\/Portaria-10-27.04.2026-Comissoes-Tematicas-e-Grupos-de-Trabalho.pdf\">Designa as coordena\u00e7\u00f5es das Comiss\u00f5es Tem\u00e1ticas e \ndos Grupos de Trabalho do Cofecon &#8211; 2026. <\/a><\/p>\n<\/td>\n<\/tr>\n<\/tbody>\n<\/table>\t\t\t\t\t\t\t\t<\/div>\n\t\t\t\t<\/div>\n\t\t\t\t\t<\/div>\n\t\t<\/div>\n\t\t\t\t\t<\/div>\n\t\t<\/section>\n\t\t\t\t<\/div>\n\t\t","protected":false},"excerpt":{"rendered":"<p>Portaria N\u00ba: Assunto: 01 Autoriza colaboradores a responderem pela Tesouraria do Cofecon. &nbsp; 02 Autoriza Aline Tales Ferreira, Jane Lopes da Silva e Ana Claudia Ramos Pinto a receberem e utilizarem o suprimento de fundos via cart\u00e3o de pagamento do Conselho Federal de Economia. 03 Designa Agentes de Contrata\u00e7\u00e3o, Equipe de apoio, Pregoeiros Oficiais e &hellip; <a href=\"https:\/\/cofecon.org.br\/transparencia\/?page_id=10367\" class=\"more-link\">Continue reading <span class=\"screen-reader-text\">Portarias 2026<\/span><\/a><\/p>\n","protected":false},"author":16,"featured_media":0,"parent":0,"menu_order":0,"comment_status":"closed","ping_status":"closed","template":"","meta":{"footnotes":""},"class_list":["post-10367","page","type-page","status-publish","hentry"],"_links":{"self":[{"href":"https:\/\/cofecon.org.br\/transparencia\/index.php?rest_route=\/wp\/v2\/pages\/10367"}],"collection":[{"href":"https:\/\/cofecon.org.br\/transparencia\/index.php?rest_route=\/wp\/v2\/pages"}],"about":[{"href":"https:\/\/cofecon.org.br\/transparencia\/index.php?rest_route=\/wp\/v2\/types\/page"}],"author":[{"embeddable":true,"href":"https:\/\/cofecon.org.br\/transparencia\/index.php?rest_route=\/wp\/v2\/users\/16"}],"replies":[{"embeddable":true,"href":"https:\/\/cofecon.org.br\/transparencia\/index.php?rest_route=%2Fwp%2Fv2%2Fcomments&post=10367"}],"version-history":[{"count":36,"href":"https:\/\/cofecon.org.br\/transparencia\/index.php?rest_route=\/wp\/v2\/pages\/10367\/revisions"}],"predecessor-version":[{"id":10732,"href":"https:\/\/cofecon.org.br\/transparencia\/index.php?rest_route=\/wp\/v2\/pages\/10367\/revisions\/10732"}],"wp:attachment":[{"href":"https:\/\/cofecon.org.br\/transparencia\/index.php?rest_route=%2Fwp%2Fv2%2Fmedia&parent=10367"}],"curies":[{"name":"wp","href":"https:\/\/api.w.org\/{rel}","templated":true}]}}